{"id":20,"date":"2023-05-22T12:10:59","date_gmt":"2023-05-22T12:10:59","guid":{"rendered":"https:\/\/effective-art.com\/?page_id=20"},"modified":"2026-01-12T11:33:12","modified_gmt":"2026-01-12T11:33:12","slug":"cv","status":"publish","type":"page","link":"https:\/\/effective-art.com\/?page_id=20","title":{"rendered":"CV"},"content":{"rendered":"\t\t<div data-elementor-type=\"wp-page\" data-elementor-id=\"20\" class=\"elementor elementor-20\">\n\t\t\t\t\t\t<section class=\"elementor-section elementor-top-section elementor-element elementor-element-d38dace elementor-section-boxed elementor-section-height-default elementor-section-height-default\" data-id=\"d38dace\" data-element_type=\"section\" data-e-type=\"section\">\n\t\t\t\t\t\t<div class=\"elementor-container elementor-column-gap-default\">\n\t\t\t\t\t<div class=\"elementor-column elementor-col-33 elementor-top-column elementor-element elementor-element-3a5347d\" data-id=\"3a5347d\" data-element_type=\"column\" data-e-type=\"column\">\n\t\t\t<div class=\"elementor-widget-wrap elementor-element-populated\">\n\t\t\t\t\t\t<div class=\"elementor-element elementor-element-62870ab elementor-widget elementor-widget-image\" data-id=\"62870ab\" data-element_type=\"widget\" data-e-type=\"widget\" data-widget_type=\"image.default\">\n\t\t\t\t<div class=\"elementor-widget-container\">\n\t\t\t\t\t\t\t\t\t\t\t\t\t\t\t<img fetchpriority=\"high\" decoding=\"async\" width=\"300\" height=\"300\" src=\"https:\/\/effective-art.com\/wp-content\/uploads\/2023\/05\/TSEKJKDC_avatar_medium_square.jpg\" class=\"attachment-medium_large size-medium_large wp-image-72\" alt=\"\" srcset=\"https:\/\/effective-art.com\/wp-content\/uploads\/2023\/05\/TSEKJKDC_avatar_medium_square.jpg 300w, https:\/\/effective-art.com\/wp-content\/uploads\/2023\/05\/TSEKJKDC_avatar_medium_square-150x150.jpg 150w\" sizes=\"(max-width: 300px) 100vw, 300px\" style=\"width:100%;height:100%;max-width:300px\" \/>\t\t\t\t\t\t\t\t\t\t\t\t\t\t\t<\/div>\n\t\t\t\t<\/div>\n\t\t\t\t\t<\/div>\n\t\t<\/div>\n\t\t\t\t<div class=\"elementor-column elementor-col-66 elementor-top-column elementor-element elementor-element-e20e74b\" data-id=\"e20e74b\" data-element_type=\"column\" data-e-type=\"column\">\n\t\t\t<div class=\"elementor-widget-wrap elementor-element-populated\">\n\t\t\t\t\t\t<div class=\"elementor-element elementor-element-cd81837 elementor-widget__width-initial elementor-widget elementor-widget-text-editor\" data-id=\"cd81837\" data-element_type=\"widget\" data-e-type=\"widget\" data-widget_type=\"text-editor.default\">\n\t\t\t\t<div class=\"elementor-widget-container\">\n\t\t\t\t\t\t\t\t\t<p>Kindheit &amp; Ausbildung<\/p><p>Aufgewachsen in Frankenberg\/Eder, studierte ich von 1978 bis 1984 Medizin in M\u00fcnchen und L\u00fcbeck und schloss 1985 mit Staatsexamen und Promotion ab. Anschlie\u00dfend studierte ich Malerei und Plastik an der Werkkunstschule L\u00fcbeck.<br \/>1996 war ich Sch\u00fclerin von Shan Zhou und Da Huang Zhou, Chicago (Experimentelle Malerei).<\/p><p>Ausstellungen &amp; Kuratorik<\/p><p>Seit 1989 pr\u00e4sentiere ich meine Werke in Ausstellungen und engagiere mich seit 2002 auch als Kuratorin.<\/p><p>Childhood &amp; Education<\/p><p>Growing up in Frankenberg\/Eder, I studied medicine in Munich and L\u00fcbeck from 1978 to 1984, and in 1985 I completed both the state examination and a PhD. Afterwards, I studied painting and sculpture at the Werkkunstschule L\u00fcbeck.<\/p><p>In 1996, I was a student of Shan Zhou and Da Huang Zhou, Chicago (Experimental Painting).<\/p><p>Exhibitions &amp; Curatorship<\/p><p>Since 1989, I have been showcasing my works in exhibitions and have also been active as a curator since 2002.<\/p><p>\u00a0<\/p><p>\u00a0<\/p>\t\t\t\t\t\t\t\t<\/div>\n\t\t\t\t<\/div>\n\t\t\t\t\t<\/div>\n\t\t<\/div>\n\t\t\t\t\t<\/div>\n\t\t<\/section>\n\t\t\t\t<section class=\"elementor-section elementor-top-section elementor-element elementor-element-59101f0 elementor-section-boxed elementor-section-height-default elementor-section-height-default\" data-id=\"59101f0\" data-element_type=\"section\" data-e-type=\"section\">\n\t\t\t\t\t\t<div class=\"elementor-container elementor-column-gap-default\">\n\t\t\t\t\t<div class=\"elementor-column elementor-col-100 elementor-top-column elementor-element elementor-element-ca70510\" data-id=\"ca70510\" data-element_type=\"column\" data-e-type=\"column\">\n\t\t\t<div class=\"elementor-widget-wrap elementor-element-populated\">\n\t\t\t\t\t\t<div class=\"elementor-element elementor-element-bfcb5d6 elementor-widget elementor-widget-text-editor\" data-id=\"bfcb5d6\" data-element_type=\"widget\" data-e-type=\"widget\" data-widget_type=\"text-editor.default\">\n\t\t\t\t<div class=\"elementor-widget-container\">\n\t\t\t\t\t\t\t\t\t<p>2026<\/p><p>\u00a0<\/p><p>31. Januar &#8211; 15. M\u00e4rz 2026<br \/>&#8222;Tierisch gut&#8220;<br \/>Galerie Kunst und Raum, Brilon<\/p><p>\u00a0<\/p>\t\t\t\t\t\t\t\t<\/div>\n\t\t\t\t<\/div>\n\t\t\t\t\t<\/div>\n\t\t<\/div>\n\t\t\t\t\t<\/div>\n\t\t<\/section>\n\t\t\t\t<section class=\"elementor-section elementor-top-section elementor-element elementor-element-6b08143 elementor-section-boxed elementor-section-height-default elementor-section-height-default\" data-id=\"6b08143\" data-element_type=\"section\" data-e-type=\"section\">\n\t\t\t\t\t\t<div class=\"elementor-container elementor-column-gap-default\">\n\t\t\t\t\t<div class=\"elementor-column elementor-col-100 elementor-top-column elementor-element elementor-element-eefd94a\" data-id=\"eefd94a\" data-element_type=\"column\" data-e-type=\"column\">\n\t\t\t<div class=\"elementor-widget-wrap elementor-element-populated\">\n\t\t\t\t\t\t<div class=\"elementor-element elementor-element-6c55f07 elementor-widget elementor-widget-text-editor\" data-id=\"6c55f07\" data-element_type=\"widget\" data-e-type=\"widget\" data-widget_type=\"text-editor.default\">\n\t\t\t\t<div class=\"elementor-widget-container\">\n\t\t\t\t\t\t\t\t\t<p style=\"text-align: left;\">2025<\/p><p>\u00a0<\/p><p>29. November 2025 &#8211; 8. Januar 2026<\/p><p id=\"magie-und-ritual-13-kunstpreis-wettbewerb-der-bernd-und-gisela-rosenheim-stiftung\">\u201eMagie und Ritual\u201c<\/p><p>13. Kunstpreis der Bernd und Gisela Rosenheim-Stiftung<\/p><p>Haus der Stadtgeschichte \u2013 Museum Offenbach<\/p><p>\u00a0<\/p><p>30. September &#8211; 22. November 2025<br \/>&#8222;Stilleben&#8220;<br \/>Kunstverein Battenberg e.V.<\/p>\t\t\t\t\t\t\t\t<\/div>\n\t\t\t\t<\/div>\n\t\t\t\t\t<\/div>\n\t\t<\/div>\n\t\t\t\t\t<\/div>\n\t\t<\/section>\n\t\t\t\t<section class=\"elementor-section elementor-top-section elementor-element elementor-element-03fbc1c elementor-section-boxed elementor-section-height-default elementor-section-height-default\" data-id=\"03fbc1c\" data-element_type=\"section\" data-e-type=\"section\">\n\t\t\t\t\t\t<div class=\"elementor-container elementor-column-gap-default\">\n\t\t\t\t\t<div class=\"elementor-column elementor-col-100 elementor-top-column elementor-element elementor-element-3513170\" data-id=\"3513170\" data-element_type=\"column\" data-e-type=\"column\">\n\t\t\t<div class=\"elementor-widget-wrap elementor-element-populated\">\n\t\t\t\t\t\t<div class=\"elementor-element elementor-element-d47c4ca elementor-widget elementor-widget-text-editor\" data-id=\"d47c4ca\" data-element_type=\"widget\" data-e-type=\"widget\" data-widget_type=\"text-editor.default\">\n\t\t\t\t<div class=\"elementor-widget-container\">\n\t\t\t\t\t\t\t\t\t<p>14. September &#8211; 17. November 2025<br \/>\u201eSouvenirs\u201c<br \/>KunstForumEifel, Schleiden-Gem\u00fcnd<\/p><p>\u00a0<\/p><p>16. August &#8211; 13. Oktober 2025<br \/>&#8222;Frankenberg im Wandel &#8211; vertraute Orte neu entdecken&#8220;<\/p><p>Ausstellungshaus am Geismarer Tor<\/p><p>Philipp-Soldan-Stadt\u00a0 Frankenberg (Eder)<\/p><p>\u00a0<\/p><p>1. &#8211; 29. Juni 2025<\/p><p>\u201eABART(ig) oder zahm\u201c<\/p><p>Kunstverein W\u00f6rth e.V.<br \/>W\u00f6rth am Rhein<\/p><p>\u00a0<\/p><p>28. Mai &#8211; 19. Juli 2025<br \/>&#8222;ZEICHNUNG PUR&#8220;<br \/>Kunstverein Battenberg e.V.<\/p><p>\u00a0<\/p><p style=\"text-align: left;\">17. April \u2013 5. Juli 2025<\/p><p>Lebens.Mittel<\/p><p>Galerie K\u00fcnstlerbund T\u00fcbingen e.V.<\/p><p>\u00a0<\/p>\t\t\t\t\t\t\t\t<\/div>\n\t\t\t\t<\/div>\n\t\t\t\t\t<\/div>\n\t\t<\/div>\n\t\t\t\t\t<\/div>\n\t\t<\/section>\n\t\t\t\t<section class=\"elementor-section elementor-top-section elementor-element elementor-element-2e4d2f6 elementor-section-boxed elementor-section-height-default elementor-section-height-default\" data-id=\"2e4d2f6\" data-element_type=\"section\" data-e-type=\"section\">\n\t\t\t\t\t\t<div class=\"elementor-container elementor-column-gap-default\">\n\t\t\t\t\t<div class=\"elementor-column elementor-col-100 elementor-top-column elementor-element elementor-element-6166626\" data-id=\"6166626\" data-element_type=\"column\" data-e-type=\"column\">\n\t\t\t<div class=\"elementor-widget-wrap elementor-element-populated\">\n\t\t\t\t\t\t<div class=\"elementor-element elementor-element-6b8342d elementor-widget elementor-widget-text-editor\" data-id=\"6b8342d\" data-element_type=\"widget\" data-e-type=\"widget\" data-widget_type=\"text-editor.default\">\n\t\t\t\t<div class=\"elementor-widget-container\">\n\t\t\t\t\t\t\t\t\t<p>2024\u00a0<\/p><p>\u00a0<\/p><p>6. Oktober \u2013 24. November 2024<\/p><p>\u201eIns Blaue Hinein\u201c<\/p><p>KunstForumEifel<\/p><p>Schleiden-Gem\u00fcnd<\/p><p>\u00a0<\/p><p>7. September \u2013 6. Oktober 2024<\/p><p>\u201eFlausenrausch\u201c<\/p><p>plan.d. produzentengalerie e.V.<\/p><p>D\u00fcsseldorf<\/p><p>\u00a0<\/p><p>28. Juli \u2013 14. September 2024<\/p><p>Lesser-Ury-Kunstpreis 2024<\/p><p>Shortlist-Ausstellung<\/p><p>K\u00fcnstlerGilde e.V. Esslingen<\/p><p>\u00a0<\/p><p>25. Mai \u2013 15. Juni 2024<\/p><p>6. Wei\u00dfenburger Kunstpreis 2024<\/p><p>Publikumspreis: Sabine Reyer<\/p><p>Kunstschranne Wei\u00dfenburg<\/p><p>\u00a0<\/p><p>16. M\u00e4rz \u2013 01. Juni 2024<\/p><p>\u201eDie Bilderwelt der Frankenberger Chronik von Wigand Gerstenberg\u201c<\/p><p>Ausstellungshaus am Geismarer Tor,<\/p><p>Philipp-Soldan-Stadt Frankenberg (Eder)<\/p><p>\u00a0<\/p>\t\t\t\t\t\t\t\t<\/div>\n\t\t\t\t<\/div>\n\t\t\t\t\t<\/div>\n\t\t<\/div>\n\t\t\t\t\t<\/div>\n\t\t<\/section>\n\t\t\t\t<section class=\"elementor-section elementor-top-section elementor-element elementor-element-59ecbf3 elementor-section-boxed elementor-section-height-default elementor-section-height-default\" data-id=\"59ecbf3\" data-element_type=\"section\" data-e-type=\"section\">\n\t\t\t\t\t\t<div class=\"elementor-container elementor-column-gap-default\">\n\t\t\t\t\t<div class=\"elementor-column elementor-col-100 elementor-top-column elementor-element elementor-element-1c4bc24\" data-id=\"1c4bc24\" data-element_type=\"column\" data-e-type=\"column\">\n\t\t\t<div class=\"elementor-widget-wrap elementor-element-populated\">\n\t\t\t\t\t\t<div class=\"elementor-element elementor-element-1315f27 elementor-widget elementor-widget-text-editor\" data-id=\"1315f27\" data-element_type=\"widget\" data-e-type=\"widget\" data-widget_type=\"text-editor.default\">\n\t\t\t\t<div class=\"elementor-widget-container\">\n\t\t\t\t\t\t\t\t\t<p>2023<\/p><p>\u00a0<\/p><p>5. November 2023<\/p><p>\u201cFreiheit, die ich meine\u201c<\/p><p>Harburger Kulturtag<\/p><p>Alles wird sch\u00f6n e.V. \u2013 Kunst und Kultur, Hamburg<\/p><p>\u00a0<\/p><p>7. \u2013 17. September 2023<\/p><p>\u201eFloralia\u201c<\/p><p>Kunstrefugium e.V., M\u00fcnchen<\/p><p>\u00a0<\/p><p>18. Juli \u2013 19. September 2023<\/p><p>TSE TSE K\u00fcnstlergruppe \u2013 Bilder &amp; Objekte<\/p><p>Kunstverein Battenberg e.V.<\/p><p>\u00a0<\/p><p>15. April \u2013 24. Juni 2023<\/p><p>\u201eLiebfrauenkirche . Sinnbild . Zeitenwandel\u201c<\/p><p>Ausstellungshaus am Geismarer Tor,<\/p><p>Philipp-Soldan-Stadt Frankenberg (Eder)<\/p><p>\u00a0<\/p>\t\t\t\t\t\t\t\t<\/div>\n\t\t\t\t<\/div>\n\t\t\t\t\t<\/div>\n\t\t<\/div>\n\t\t\t\t\t<\/div>\n\t\t<\/section>\n\t\t\t\t<section class=\"elementor-section elementor-top-section elementor-element elementor-element-48aeeb6 elementor-section-boxed elementor-section-height-default elementor-section-height-default\" data-id=\"48aeeb6\" data-element_type=\"section\" data-e-type=\"section\">\n\t\t\t\t\t\t<div class=\"elementor-container elementor-column-gap-default\">\n\t\t\t\t\t<div class=\"elementor-column elementor-col-100 elementor-top-column elementor-element elementor-element-62c6d00\" data-id=\"62c6d00\" data-element_type=\"column\" data-e-type=\"column\">\n\t\t\t<div class=\"elementor-widget-wrap elementor-element-populated\">\n\t\t\t\t\t\t<div class=\"elementor-element elementor-element-14dfeac elementor-widget elementor-widget-text-editor\" data-id=\"14dfeac\" data-element_type=\"widget\" data-e-type=\"widget\" data-widget_type=\"text-editor.default\">\n\t\t\t\t<div class=\"elementor-widget-container\">\n\t\t\t\t\t\t\t\t\t<p>2022<\/p><p>\u00a0<\/p><p>\u00a06. \u2013 18. November 2022<\/p><p>\u201eKunstfrieden\u201c<\/p><p>Harburger Kulturtag<\/p><p>Alles wird sch\u00f6n e.V. \u2013 Kunst und Kultur,\u00a0Hamburg<\/p><p>\u00a0<\/p><p>14. Mai \u2013 24. Juli 2022<\/p><p>\u201ePhilipp Soldan Projekt\u201c<\/p><p>Museum im Kloster und Kunstreff e.V., Ausstellungshaus am Geismarer Tor,<\/p><p>Philipp-Soldan-Stadt Frankenberg (Eder)<\/p><p>\u00a0<\/p><p>19. April \u2013 20. September 2022<\/p><p>\u201ePhilipp Soldan Projekt\u201c<\/p><p>Open-air Ausstellung \u201eKultur-Cubes\u201c, Ederuferpark,<\/p><p>Philipp-Soldan-Stadt Frankenberg (Eder)<\/p><p>\u00a0<\/p><p>2. M\u00e4rz \u2013 12. April 2022<\/p><p>\u201emitleib &amp; seele\u201c<\/p><p>Kunstausstellung zur Passionszeit<\/p><p>Lutherische Pfarrkirche St. Marien, Marburg<\/p><p>\u00a0<\/p>\t\t\t\t\t\t\t\t<\/div>\n\t\t\t\t<\/div>\n\t\t\t\t\t<\/div>\n\t\t<\/div>\n\t\t\t\t\t<\/div>\n\t\t<\/section>\n\t\t\t\t<section class=\"elementor-section elementor-top-section elementor-element elementor-element-3beff23 elementor-section-boxed elementor-section-height-default elementor-section-height-default\" data-id=\"3beff23\" data-element_type=\"section\" data-e-type=\"section\">\n\t\t\t\t\t\t<div class=\"elementor-container elementor-column-gap-default\">\n\t\t\t\t\t<div class=\"elementor-column elementor-col-100 elementor-top-column elementor-element elementor-element-f1633f9\" data-id=\"f1633f9\" data-element_type=\"column\" data-e-type=\"column\">\n\t\t\t<div class=\"elementor-widget-wrap elementor-element-populated\">\n\t\t\t\t\t\t<div class=\"elementor-element elementor-element-cceb61b elementor-widget elementor-widget-text-editor\" data-id=\"cceb61b\" data-element_type=\"widget\" data-e-type=\"widget\" data-widget_type=\"text-editor.default\">\n\t\t\t\t<div class=\"elementor-widget-container\">\n\t\t\t\t\t\t\t\t\t<p>2021<\/p><p>\u00a0<\/p><p>\u00a08. Mai \u2013 6. Juni 2021<\/p><p>\u201eKunst im Garten\u201c<\/p><p>Bundesverband Bildender K\u00fcnstlerInnen (BBK)<\/p><p>Nordhessen-Kassel<\/p><p>Botanischer Garten Kassel<\/p><p>\u00a0<\/p><p>7. November 2021<\/p><p>Harburger Kulturtag<\/p><p>Alles wird sch\u00f6n e.V. \u2013 Kunst und Kultur,\u00a0Hamburg<\/p><p>\u00a0<\/p>\t\t\t\t\t\t\t\t<\/div>\n\t\t\t\t<\/div>\n\t\t\t\t\t<\/div>\n\t\t<\/div>\n\t\t\t\t\t<\/div>\n\t\t<\/section>\n\t\t\t\t<section class=\"elementor-section elementor-top-section elementor-element elementor-element-3b6571d elementor-section-boxed elementor-section-height-default elementor-section-height-default\" data-id=\"3b6571d\" data-element_type=\"section\" data-e-type=\"section\">\n\t\t\t\t\t\t<div class=\"elementor-container elementor-column-gap-default\">\n\t\t\t\t\t<div class=\"elementor-column elementor-col-100 elementor-top-column elementor-element elementor-element-3f4c0fa\" data-id=\"3f4c0fa\" data-element_type=\"column\" data-e-type=\"column\">\n\t\t\t<div class=\"elementor-widget-wrap elementor-element-populated\">\n\t\t\t\t\t\t<div class=\"elementor-element elementor-element-30d584f elementor-widget elementor-widget-text-editor\" data-id=\"30d584f\" data-element_type=\"widget\" data-e-type=\"widget\" data-widget_type=\"text-editor.default\">\n\t\t\t\t<div class=\"elementor-widget-container\">\n\t\t\t\t\t\t\t\t\t<p>2020<\/p><p>\u00a0<\/p><p>1. Juli \u2013 10. Oktober 2020<\/p><p>\u201eTSE TSE trifft Bergedorf trifft TSE TSE\u201c<\/p><p>Bergedorfer Museumslandschaft<\/p><p>Schlo\u00df Bergedorf, Hamburg<\/p><p>\u00a0<\/p><p>8. November 2020<\/p><p>\u201eWechsel der Paradigmen\u201c<\/p><p>Harburger Kulturtag<\/p><p>Alles wird sch\u00f6n e.V. \u2013 Kunst und Kultur,\u00a0Hamburg<\/p><p>\u00a0<\/p>\t\t\t\t\t\t\t\t<\/div>\n\t\t\t\t<\/div>\n\t\t\t\t\t<\/div>\n\t\t<\/div>\n\t\t\t\t\t<\/div>\n\t\t<\/section>\n\t\t\t\t<section class=\"elementor-section elementor-top-section elementor-element elementor-element-9fea103 elementor-section-boxed elementor-section-height-default elementor-section-height-default\" data-id=\"9fea103\" data-element_type=\"section\" data-e-type=\"section\">\n\t\t\t\t\t\t<div class=\"elementor-container elementor-column-gap-default\">\n\t\t\t\t\t<div class=\"elementor-column elementor-col-100 elementor-top-column elementor-element elementor-element-f314013\" data-id=\"f314013\" data-element_type=\"column\" data-e-type=\"column\">\n\t\t\t<div class=\"elementor-widget-wrap elementor-element-populated\">\n\t\t\t\t\t\t<div class=\"elementor-element elementor-element-a3238f6 elementor-widget elementor-widget-text-editor\" data-id=\"a3238f6\" data-element_type=\"widget\" data-e-type=\"widget\" data-widget_type=\"text-editor.default\">\n\t\t\t\t<div class=\"elementor-widget-container\">\n\t\t\t\t\t\t\t\t\t<p>2019<\/p><p>\u00a0<\/p><p>14. Juli \u2013 4. August 2019<\/p><p>\u201eUnter dem Sp\u00fclsaum\u201c<\/p><p>Kunstverein Heide e.V.<\/p><p>\u00a0<\/p><p>21. September \u2013 3. November 2019<\/p><p>\u201e!Bildung\u201c<\/p><p>Bundesverband Bildender K\u00fcnstlerInnen (BBK)<\/p><p>Nordhessen-Kassel<\/p><p>Reinhardswaldschule, Fuldatal<\/p><p>\u00a0<\/p><p>2018<\/p><p>\u00a0<\/p><p>21. September \u2013 28. Oktober 2018<\/p><p>\u201ereaktion\u201c<\/p><p>Bundesverband Bildender K\u00fcnstlerInnen (BBK)<\/p><p>Nordhessen-Kassel<\/p><p>Hessisches Ziegeleimuseum, Kassel-Oberkaufungen<\/p><p>\u00a0<\/p><p>13. September \u2013 19. Oktober 2018<\/p><p>\u201eNACKT\u201c<\/p><p>Kunst in der Fraktion<\/p><p>Rathaus Hamburg<\/p><p>\u00a0<\/p><p>1.+ 2. September 2018<br \/>8. Garlstorfer Kunstfest<\/p><p>\u00a0<\/p><p>8. M\u00e4rz \u2013 6. April 2018<\/p><p>Artcafe Toblach, Dobbiaco Italien<\/p><p>\u00a0<\/p><p>22. Februar \u2013 3. M\u00e4rz 2018<\/p><p>KunstWerkStatt<\/p><p>Deggendorf<\/p><p>\u00a0<\/p>\t\t\t\t\t\t\t\t<\/div>\n\t\t\t\t<\/div>\n\t\t\t\t\t<\/div>\n\t\t<\/div>\n\t\t\t\t\t<\/div>\n\t\t<\/section>\n\t\t\t\t<section class=\"elementor-section elementor-top-section elementor-element elementor-element-1eb641a elementor-section-boxed elementor-section-height-default elementor-section-height-default\" data-id=\"1eb641a\" data-element_type=\"section\" data-e-type=\"section\">\n\t\t\t\t\t\t<div class=\"elementor-container elementor-column-gap-default\">\n\t\t\t\t\t<div class=\"elementor-column elementor-col-100 elementor-top-column elementor-element elementor-element-670857c\" data-id=\"670857c\" data-element_type=\"column\" data-e-type=\"column\">\n\t\t\t<div class=\"elementor-widget-wrap elementor-element-populated\">\n\t\t\t\t\t\t<div class=\"elementor-element elementor-element-434b021 elementor-widget elementor-widget-text-editor\" data-id=\"434b021\" data-element_type=\"widget\" data-e-type=\"widget\" data-widget_type=\"text-editor.default\">\n\t\t\t\t<div class=\"elementor-widget-container\">\n\t\t\t\t\t\t\t\t\t<p>2017<\/p><p>\u00a0<\/p><p>29. September \u2013 25. November 2017<\/p><p>\u201e:angekommen\u201c<\/p><p>Bundesverband Bildender K\u00fcnstlerInnen (BBK)<\/p><p>Nordhessen-Kassel<\/p><p>Knauf-Halle, Fuldabr\u00fcck\/Bergshausen<\/p><p>\u00a0<\/p><p>19. August \u2013 24. September 2017<\/p><p>\u201eD\u00e4nische &amp; deutsche Kunst im Dialog\u201c<\/p><p>Kunst &amp; Kulturforening, Haderslev D\u00e4nemark<\/p><p>\u00a0<\/p><p>1. Juli \u2013 6. August 2017<\/p><p>\u201eD\u00e4nische &amp; deutsche Kunst im Dialog\u201c<\/p><p>Drostei, Pinneberg<\/p><p>\u00a0<\/p><p>20. \u2013 21. Mai 2017<\/p><p>\u201ekonTRAste\u201c<\/p><p>Kap Hoorn Art \u201eDie Neunte\u201c, Bremen<\/p><p>\u00a0<\/p><p>7. Januar \u2013 21. Mai 2017<\/p><p>\u201eCarl Lammle Reloaded\u201c<\/p><p>Museum\u00a0zur Geschichte von Christen und Juden, Laupheim<\/p><p>\u00a0<\/p><p>2016<\/p><p>\u00a0<\/p><p>29. April \u2013 9. Mai 2016<\/p><p>850 Jahre Kloster Meer<\/p><p>\u201eK\u00fcnstlerinnen treffen Hildegunde\u201c<\/p><p>Altes K\u00fcsterhaus, Meerbusch<\/p><p>\u00a0<\/p><p>14. \u2013 28. August 2016<\/p><p>\u201echanging horizons\u201c<\/p><p>8. Bewegter Wind<\/p><p>Hofgeismar Trendelburg<\/p><p>\u00a0<\/p><p>28. August \u2013 6. November 2016<\/p><p>\u201eStandpunkte heute\u201c<\/p><p>Wandelhalle, Quellenmuseum Bad Wildungen<\/p><p>\u00a0<\/p><p>2. \u2013 4. September 2016<\/p><p>\u201eIm Vollrausch der Kunst\u201c<\/p><p>Garlstorfer Kunstfest<\/p><p>\u00a0<\/p><p>3. \u2013 18. September 2016<\/p><p>Kunstschau Bergedorf<\/p><p>Schlo\u00df Bergedorf, Hamburg<\/p><p>\u00a0<\/p><p>15. Oktober \u2013 27. November 2016<\/p><p>\u201eortlos\u201c<\/p><p>Bundesverband Bildender K\u00fcnstlerInnen (BBK)<\/p><p>Nordhessen-Kassel<\/p><p>Burggarten Wolfhagen<\/p><p>\u00a0<\/p>\t\t\t\t\t\t\t\t<\/div>\n\t\t\t\t<\/div>\n\t\t\t\t\t<\/div>\n\t\t<\/div>\n\t\t\t\t\t<\/div>\n\t\t<\/section>\n\t\t\t\t<section class=\"elementor-section elementor-top-section elementor-element elementor-element-ab78474 elementor-section-boxed elementor-section-height-default elementor-section-height-default\" data-id=\"ab78474\" data-element_type=\"section\" data-e-type=\"section\">\n\t\t\t\t\t\t<div class=\"elementor-container elementor-column-gap-default\">\n\t\t\t\t\t<div class=\"elementor-column elementor-col-100 elementor-top-column elementor-element elementor-element-03a859b\" data-id=\"03a859b\" data-element_type=\"column\" data-e-type=\"column\">\n\t\t\t<div class=\"elementor-widget-wrap elementor-element-populated\">\n\t\t\t\t\t\t<div class=\"elementor-element elementor-element-9401916 elementor-widget elementor-widget-text-editor\" data-id=\"9401916\" data-element_type=\"widget\" data-e-type=\"widget\" data-widget_type=\"text-editor.default\">\n\t\t\t\t<div class=\"elementor-widget-container\">\n\t\t\t\t\t\t\t\t\t<p>2015<\/p><p>\u00a0<\/p><p>5. Februar \u2013 30. April 2015<\/p><p>\u201eHerzliche Gr\u00fc\u00dfe\u201c<\/p><p>Finanzbeh\u00f6rde, Hamburg<\/p><p>\u00a0<\/p><p>26. September \u2013 1. November 2015<\/p><p>\u201ehelfen Steine\u201c<\/p><p>Bundesverband Bildender K\u00fcnstlerInnen (BBK)<\/p><p>Nordhessen-Kassel<\/p><p>Naturparkzentrum Habichtswald<\/p><p>\u00a0<\/p><p>2014<\/p><p>\u00a0<\/p><p>9. Juni \u2013 21. September 2014<\/p><p>\u201eBetreten verboten\u201c<\/p><p>Bundesverband Bildender K\u00fcnstlerInnen (BBK)<\/p><p>Nordhessen-Kassel<\/p><p>Offiziantenhaus, Schlo\u00df Wilhelmsthal<\/p><p>\u00a0<\/p><p>3. \u2013 12. Juli 2014<\/p><p>Korbacher Kunstwoche<\/p><p>\u00a0<\/p><p>7. \u2013 19. Juli 2014<\/p><p>\u201eDolls Art\u201c<\/p><p>Old Jaffa Museum, Tel Aviv<\/p><p>\u00a0<\/p><p>5. \u2013 7. September 2014<\/p><p>Garlstorfer Kunstfest<\/p><p>\u00a0<\/p><p>7. \u2013 9. November 2014<\/p><p>\u201eSchluss mit lustig\u201c<\/p><p>Kunstrefugium, M\u00fcnchen<\/p><p>\u00a0<\/p><p>16. November \u2013 14. Dezember 2014<\/p><p>\u201eDie zweite Haut\u201c<\/p><p>Kunstverein W\u00f6rth e.V.<\/p><p>\u00a0<\/p>\t\t\t\t\t\t\t\t<\/div>\n\t\t\t\t<\/div>\n\t\t\t\t\t<\/div>\n\t\t<\/div>\n\t\t\t\t\t<\/div>\n\t\t<\/section>\n\t\t\t\t<section class=\"elementor-section elementor-top-section elementor-element elementor-element-25700af elementor-section-boxed elementor-section-height-default elementor-section-height-default\" data-id=\"25700af\" data-element_type=\"section\" data-e-type=\"section\">\n\t\t\t\t\t\t<div class=\"elementor-container elementor-column-gap-default\">\n\t\t\t\t\t<div class=\"elementor-column elementor-col-100 elementor-top-column elementor-element elementor-element-2ed8720\" data-id=\"2ed8720\" data-element_type=\"column\" data-e-type=\"column\">\n\t\t\t<div class=\"elementor-widget-wrap elementor-element-populated\">\n\t\t\t\t\t\t<div class=\"elementor-element elementor-element-e7a6e05 elementor-widget elementor-widget-text-editor\" data-id=\"e7a6e05\" data-element_type=\"widget\" data-e-type=\"widget\" data-widget_type=\"text-editor.default\">\n\t\t\t\t<div class=\"elementor-widget-container\">\n\t\t\t\t\t\t\t\t\t<p>2013<\/p><p>\u00a0<\/p><p>1. Juni \u2013 3. August 2013<\/p><p>\u201e..und was machen wir morgen?\u201c<\/p><p>Hohenloher Kunstverein e.V., K\u00fcnzelsau<\/p><p>\u00a0<\/p><p>8. Juni \u2013 8. September 2013<\/p><p>\u201eEs ist einmal\u201c<\/p><p>Bundesverband Bildender K\u00fcnstlerInnen (BBK)<\/p><p>Nordhessen-Kassel<\/p><p>Offiziantenhaus, Schlo\u00df Wilhelmsthal<\/p><p>\u00a0<\/p><p>26. Oktober 2013<\/p><p>\u201eAlles f\u00fcr Alle\u201c<\/p><p>Harburger Kulturtag<\/p><p>Alles wird sch\u00f6n \u2013 Kunst und Kultur e.V., Hamburg<\/p><p>\u00a0<\/p><p>2012<\/p><p>\u00a0<\/p><p>13. \u2013 28. August 2012<\/p><p>Kunstschau Bergedorf<\/p><p>Schlo\u00df Bergedorf, Hamburg<\/p><p>\u00a0<\/p><p>14. September \u2013 18. November 2012<\/p><p>\u201eHomo Ludens: Spiel, Traum &amp; Trauma\u201c<\/p><p>2. Ruhrbiennale, Dortmund<\/p><p>\u00a0<\/p><p>2010<\/p><p>\u00a0<\/p><p>8. August \u2013 12. September 2010<\/p><p>\u201eHirsch Affekt\u201c<\/p><p>Kunstverein Kehdingen e.V., Freiburg (Elbe)<\/p>\t\t\t\t\t\t\t\t<\/div>\n\t\t\t\t<\/div>\n\t\t\t\t\t<\/div>\n\t\t<\/div>\n\t\t\t\t\t<\/div>\n\t\t<\/section>\n\t\t\t\t<section class=\"elementor-section elementor-top-section elementor-element elementor-element-5314ae1 elementor-section-boxed elementor-section-height-default elementor-section-height-default\" data-id=\"5314ae1\" data-element_type=\"section\" data-e-type=\"section\">\n\t\t\t\t\t\t<div class=\"elementor-container elementor-column-gap-default\">\n\t\t\t\t\t<div class=\"elementor-column elementor-col-100 elementor-top-column elementor-element elementor-element-37f226c\" data-id=\"37f226c\" data-element_type=\"column\" data-e-type=\"column\">\n\t\t\t<div class=\"elementor-widget-wrap elementor-element-populated\">\n\t\t\t\t\t\t<div class=\"elementor-element elementor-element-b69128f elementor-widget elementor-widget-text-editor\" data-id=\"b69128f\" data-element_type=\"widget\" data-e-type=\"widget\" data-widget_type=\"text-editor.default\">\n\t\t\t\t<div class=\"elementor-widget-container\">\n\t\t\t\t\t\t\t\t\t<p>2009<\/p><p>\u00a0<\/p><p>\u00a07. Februar \u2013 8. M\u00e4rz 2009<\/p><p>\u201eWand\/Wall 26 \u2013 34\u201c<\/p><p>Kunstverein e.V. Uelzen<\/p><p>\u00a0<\/p><p>2008<\/p><p>\u00a0<\/p><p>4. \u2013 31. Mai 2008<\/p><p>\u201eThe Taste of Art\u201c<\/p><p>Alles wird sch\u00f6n \u2013 Kunst und Kultur e.V., Hamburg<\/p><p>\u00a0<\/p><p>6. August \u2013 7. September 2008<\/p><p>\u201eSabine Reyer \u2013 Bilder\u201c<\/p><p>Beh\u00f6rde f\u00fcr Schule und Berufsbildung, Hamburg<\/p><p>\u00a0<\/p><p>1. November 2008<\/p><p>Harburger Kulturtag<\/p><p>Alles wird sch\u00f6n e.V. \u2013 Kunst und Kultur,\u00a0Hamburg<\/p><p>\u00a0<\/p><p>2007<\/p><p>\u00a0<\/p><p>1.\u00a0\u2013 25. Februar 2007<\/p><p>\u201eAgentur f\u00fcr Reichtum, Lust und Ordnung\u201c<\/p><p>Kunstverein Glinde e.V.<\/p><p>\u00a0<\/p><p>29. Juni \u2013 25. August 2007<\/p><p>\u201eDas Schaf\u201c<\/p><p>Galerie K\u00fchn, Berlin<\/p><p>\u00a0<\/p><p>14. September \u2013 9. November 2007<\/p><p>\u201eSabine Reyer und Congo\u201c<\/p><p>Galerie K\u00fchn, Berlin<\/p><p>\u00a0<\/p><p>2006<\/p><p>\u00a0<\/p><p>8. April \u2013 15. September 2006<\/p><p>\u201eWand\/Wall 12 \u2013 25\u201c<\/p><p>Evangelische Akademie Loccum<\/p><p>\u00a0<\/p><p>7. Juli \u2013 26. August 2006<\/p><p>\u201eDer Elefant\u201c<\/p><p>Galerie K\u00fchn, Berlin<\/p><p>\u00a0<\/p><p>1. September \u2013 27. Dezember 2006<\/p><p>\u201eSabine Reyer\u201c<\/p><p>Fortbildungsakademie der \u00c4rztekammer Hamburg<\/p><p>\u00a0<\/p>\t\t\t\t\t\t\t\t<\/div>\n\t\t\t\t<\/div>\n\t\t\t\t\t<\/div>\n\t\t<\/div>\n\t\t\t\t\t<\/div>\n\t\t<\/section>\n\t\t\t\t<section class=\"elementor-section elementor-top-section elementor-element elementor-element-2e33c70 elementor-section-boxed elementor-section-height-default elementor-section-height-default\" data-id=\"2e33c70\" data-element_type=\"section\" data-e-type=\"section\">\n\t\t\t\t\t\t<div class=\"elementor-container elementor-column-gap-default\">\n\t\t\t\t\t<div class=\"elementor-column elementor-col-100 elementor-top-column elementor-element elementor-element-807f50e\" data-id=\"807f50e\" data-element_type=\"column\" data-e-type=\"column\">\n\t\t\t<div class=\"elementor-widget-wrap elementor-element-populated\">\n\t\t\t\t\t\t<div class=\"elementor-element elementor-element-fd2bd4a elementor-widget elementor-widget-text-editor\" data-id=\"fd2bd4a\" data-element_type=\"widget\" data-e-type=\"widget\" data-widget_type=\"text-editor.default\">\n\t\t\t\t<div class=\"elementor-widget-container\">\n\t\t\t\t\t\t\t\t\t<p>2005<\/p><p>\u00a0<\/p><p>10. M\u00e4rz \u2013 7. April 2005<\/p><p>\u201eKleines Bilderbuch der Zivilisation\u201c<\/p><p>Alles wird sch\u00f6n e.V. \u2013 Kunst und Kultur,\u00a0Hamburg<\/p><p>\u00a0<\/p><p>3. November \u2013 30. Dezember 2005<\/p><p>\u201eWand\/Wall 1 \u2013 11\u201c<\/p><p>European Surgical Institute, Norderstedt<\/p><p>\u00a0<\/p><p>5. September \u2013 17. Oktober 2005<\/p><p>\u201eSabine Reyer\u201c<\/p><p>KIAFAZ der Arbeiterwohlfahrt, Hamburg<\/p><p>\u00a0<\/p><p>4. September \u2013 28. September 2005<\/p><p>\u201eIn Bewegung \u2013 Hommage \u00c1 Jacob\u201c<\/p><p>Hauptkirche St. Jacobi, Hamburg<\/p><p>\u00a0<\/p><p>17. September \u2013 31. Oktober 2005<\/p><p>\u201eSabine Reyer \u2013 Export for Hamburg\u201c<\/p><p>Spectrum, Hamburg<\/p><p>\u00a0<\/p><p>2003<\/p><p>\u00a0<\/p><p>11. Juli \u2013 6. September 2003<\/p><p>\u201eDer Hirsch\u201c<\/p><p>Galerie K\u00fchn, Berlin<\/p><p>\u00a0<\/p><p>9. August \u2013 21. September 2003<\/p><p>\u201eFrauen sehen Frauen\u201c<\/p><p>Galerie K\u00fchn, Lilienthal<\/p><p>\u00a0<\/p><p>26. Oktober \u2013 9. November 2003<\/p><p>\u201eSabine Reyer \u2013 Bertram Gante \u2013 Renate Ueckert-Tr\u00f6ndle\u201c<\/p><p>Torhaus Wellingsb\u00fcttel, Hamburg<\/p><p>\u00a0<\/p><p>28. September \u2013 11. November 2003<\/p><p>\u201eKreuzung \u2013 9 Bildende K\u00fcnstler Begegnen Der Bibel\u201c<\/p><p>Hauptkirche St. Jacobi, Hamburg<\/p><p>\u00a0<\/p><p>17. Oktober 2003 \u2013 Januar 2004<\/p><p>\u201eDoris von Klopotek-Sabine Reyer-Inka Uzoma\u201c<\/p><p>Art Gallery Sediwa, Hamburg<\/p><p>\u00a0<\/p><p>2002<\/p><p>\u00a0<\/p><p>20. April \u2013 12. Mai 2002<\/p><p>Korschenbroicher Kunstfr\u00fchling<\/p><p>\u00a0<\/p><p>21. Juni \u2013 31. Oktober 2002<\/p><p>\u201eReaktions-Bild\u201c<\/p><p>Landratsamt Calw<\/p><p>\u00a0<\/p><p>28. \u2013 29. September 2002<\/p><p>\u201eKunst zwischen den F\u00e4hrh\u00e4usern\u201c<\/p><p>Galerie &amp; Kunstbetrieb Michael Georgi, Hamburg<\/p><p>\u00a0<\/p><p>25. November \u2013 16. Dezember 2002<\/p><p>\u201eSabine Reyer\u201c<\/p><p>Logensaal der Hamburger Kammerspiele<\/p><p>\u00a0<\/p><p>2001<\/p><p>\u00a0<\/p><p>14. Juni \u2013 16. Juli 2001<\/p><p>\u201eK\u00fcnstlergruppe Tse Tse stellt aus\u201c<\/p><p>Galerie im Atrium, Hamburg<\/p><p>\u00a0<\/p><p>15. Juni \u2013 1. Juli 2001<\/p><p>\u201eSabine Reyer Hadi Kn\u00fctel \u2013 Bilder &amp; Objekte\u201c<\/p><p>Galerie III im Gerichtsschreiber Haus<\/p><p>Schlo\u00dfinsel Rantzau, Barmstedt<\/p><p>\u00a0<\/p><p>22. November 2001 \u2013 11. Februar 2002<\/p><p>\u201ePaare\u201c<\/p><p>Galerie &amp; Kunstbetrieb Michael Georgi, Hamburg<\/p>\t\t\t\t\t\t\t\t<\/div>\n\t\t\t\t<\/div>\n\t\t\t\t\t<\/div>\n\t\t<\/div>\n\t\t\t\t\t<\/div>\n\t\t<\/section>\n\t\t\t\t<section class=\"elementor-section elementor-top-section elementor-element elementor-element-29b40b7 elementor-section-boxed elementor-section-height-default elementor-section-height-default\" data-id=\"29b40b7\" data-element_type=\"section\" data-e-type=\"section\">\n\t\t\t\t\t\t<div class=\"elementor-container elementor-column-gap-default\">\n\t\t\t\t\t<div class=\"elementor-column elementor-col-100 elementor-top-column elementor-element elementor-element-ac397a3\" data-id=\"ac397a3\" data-element_type=\"column\" data-e-type=\"column\">\n\t\t\t<div class=\"elementor-widget-wrap elementor-element-populated\">\n\t\t\t\t\t\t<div class=\"elementor-element elementor-element-8b22d80 elementor-widget elementor-widget-text-editor\" data-id=\"8b22d80\" data-element_type=\"widget\" data-e-type=\"widget\" data-widget_type=\"text-editor.default\">\n\t\t\t\t<div class=\"elementor-widget-container\">\n\t\t\t\t\t\t\t\t\t<p>2000<\/p><p>\u00a0<\/p><p>19. Mai \u2013 19. Juni 2000<\/p><p>\u201eSabine Reyer &gt;&gt;&gt; Bilder\u201c<\/p><p>Amtsgericht Blankenese, Hamburg<\/p><p>\u00a0<\/p><p>1999<\/p><p>\u00a0<\/p><p>26. Februar \u2013 23. April 1999<\/p><p>\u201eSabine Reyer \u2013 Bilder\u201c<\/p><p>Galerie des Landesfrauenrat Hamburg<\/p><p>\u00a0<\/p><p>5. &#8211; 6. Juni 1999<\/p><p>\u201eAngebot und Nachfrage\u201c<\/p><p>Tse Tse K\u00fcnstlergruppe auf der ElbArt<\/p><p>Kunstausstellung im Alten Elbtunnel, Hamburg<\/p><p>\u00a0<\/p><p>3. Juli &#8211; 26. September 1999<\/p><p>\u201ezur Zeit\u201c<\/p><p>Berufsverband bildender K\u00fcnstler Hamburgs. e.V.<\/p><p>Speicherstadt, Hamburg<\/p><p>\u00a0<\/p><p>8. Oktober \u2013 18. November 1999<\/p><p>\u201eSabine Reyer, Bilder und Bertram Gante, Skulpturen\u201c<\/p><p>Galerie Chaco, Hamburg<\/p><p>\u00a0<\/p><p>25. November \u2013 4. Dezember 1999<\/p><p>\u201eEngel, gibt\u00b4s die?\u201c<\/p><p>Galerie Michael Georgi im World Trade Center Bremen<\/p><p>\u00a0<\/p><p>9. Dezember 1999 \u2013 28. Februar 2000<\/p><p>\u201e1999 \u2013 2000\u201c<\/p><p>Galerie &amp; Kunstbetrieb Michael Georgi, Hamburg<\/p><p>\u00a0<\/p><p>Dezember 1999<\/p><p>\u201eTse Tse Projekt \u00a0Un-gewohnt \u201c<\/p><p>Max-Brauer-Allee, Hamburg<\/p><p>\u00a0<\/p><p>1998<\/p><p>\u00a0<\/p><p>6. &#8211; 7. Juni 1998<\/p><p>ElbArt \u00b498<\/p><p>Kunstausstellung im Alten Elbtunnel, Hamburg<\/p><p>\u00a0<\/p><p>13. Juli \u2013 7. August 1998<\/p><p>\u201eSabine Reyer\u201c<\/p><p>Galerie im Caf\u00e9 Gnosa, Hamburg<\/p><p>\u00a0<\/p><p>16. Juli \u2013 15. August 1998<\/p><p>\u201eTse Tse K\u00fcnstlergruppe\u201c<\/p><p>LANtana, Ahrensburg<\/p><p>\u00a0<\/p><p>1. Dezember 1998 \u2013 30. Januar 1999<\/p><p>\u201eKunst auf Zeit\u201c<\/p><p>Grindelhof Quartier, Hamburg<\/p><p>\u00a0<\/p><p>1997<\/p><p>\u00a0<\/p><p>10. Januar \u2013 17. Februar 1997<\/p><p>\u201eBilder von Sabine Reyer \u201c<\/p><p>Kulturhaus Eppendorf, Hamburg<\/p><p>\u00a0<\/p><p>28. \u2013 29. September 1997<\/p><p>Kunstmarkt<\/p><p>Zeisehallen, Hamburg<\/p>\t\t\t\t\t\t\t\t<\/div>\n\t\t\t\t<\/div>\n\t\t\t\t\t<\/div>\n\t\t<\/div>\n\t\t\t\t\t<\/div>\n\t\t<\/section>\n\t\t\t\t<section class=\"elementor-section elementor-top-section elementor-element elementor-element-22d7f4a elementor-section-boxed elementor-section-height-default elementor-section-height-default\" data-id=\"22d7f4a\" data-element_type=\"section\" data-e-type=\"section\">\n\t\t\t\t\t\t<div class=\"elementor-container elementor-column-gap-default\">\n\t\t\t\t\t<div class=\"elementor-column elementor-col-100 elementor-top-column elementor-element elementor-element-cad8690\" data-id=\"cad8690\" data-element_type=\"column\" data-e-type=\"column\">\n\t\t\t<div class=\"elementor-widget-wrap elementor-element-populated\">\n\t\t\t\t\t\t<div class=\"elementor-element elementor-element-d645caa elementor-widget__width-initial elementor-widget elementor-widget-text-editor\" data-id=\"d645caa\" data-element_type=\"widget\" data-e-type=\"widget\" data-widget_type=\"text-editor.default\">\n\t\t\t\t<div class=\"elementor-widget-container\">\n\t\t\t\t\t\t\t\t\t<p>1994<\/p><p>\u00a0<\/p><p>16. Juni \u2013 15. September 1994<\/p><p>\u201eSabine Reyer \u2013 Bilder\u201c<\/p><p>Galerie im Bremer Medienhaus<\/p><p>\u00a0<\/p><p>1993<\/p><p>\u00a0<\/p><p>27. Februar \u2013 21. M\u00e4rz 1993<\/p><p>\u201eMenschenbilder\u201c<\/p><p>Kulturamt Wetzlar<\/p><p>\u00a0<\/p><p>4. \u2013 25. April 1993<\/p><p>\u201eF\u00fcnf K\u00fcnstlerinnen aus Schleswig-Holstein\u201c<\/p><p>Lauenburgische Akademie f\u00fcr Wissenschaft und Kultur<\/p><p>Stadthauptmannshof, M\u00f6lln<\/p><p>\u00a0<\/p><p>6. \u2013 27. Juni 1993<\/p><p>\u201eK\u00fcnstlerkreis Ostholstein\u201c<\/p><p>Kunsthaus in der Reichenstrasse (Wenzel-Hablik-Museum), Itzehoe<\/p><p>\u00a0<\/p><p>1992<\/p><p>\u00a0<\/p><p>15. Mai \u2013 29. Mai 1992<\/p><p>\u201eFigur und Fl\u00e4che\u201c<\/p><p>Industrie- und Handelskammer L\u00fcneburg-Wolfsburg, L\u00fcneburg<\/p><p>\u00a0<\/p><p>4. Juni \u2013 14. Juni 1992<\/p><p>\u201eSabine Reyer\u201c<\/p><p>Inn Galerie, Kunstverein Kufstein \u00d6sterreich<\/p><p>\u00a0<\/p><p>19. September \u2013 23. Oktober 1992<\/p><p>\u201eMenschenbilder\u201c<\/p><p>Kunst im Kreishaus<\/p><p>im ehem. Kloster St. Georgenberg, Frankenberg (Eder)<\/p><p>\u00a0<\/p><p>29. November 1992 \u2013 3. Januar 1993<\/p><p>\u201e5 plus 2\u201c<\/p><p>Ostholstein-Museum, Eutin<\/p><p>\u00a0<\/p><p>1991<\/p><p>\u00a0<\/p><p>12. \u2013 13. Januar 1991<\/p><p>\u201eHamburger Kunst zur Zeit\u201c<\/p><p>Aktionsgemeinschaft Freier Kunstmarkt, Hamburg<\/p><p>\u00a0<\/p><p>10. M\u00e4rz \u2013 3. April 1991<\/p><p>\u201eKonfrontationen \u2013 Bilder von Leben und Tod\u201c<\/p><p>Galerie im Rathaus, Bad Schwartau<\/p><p>\u00a0<\/p><p>10. September \u2013 9. Dezember<\/p><p>\u201eFundamente:\u00a0 Landschaft \u2013 Tier \u2013 Mensch\u201c<\/p><p>Galerie im Airport Hotel, Hamburg<\/p><p>\u00a0<\/p><p>1990<\/p><p>\u00a0<\/p><p>2. M\u00e4rz \u2013 3. April 1990<\/p><p>\u201eSabine Reyer\u201c<\/p><p>Akademie f\u00fcr medizinische Fortbildung<\/p><p>der \u00c4rztekammer Schleswig-Holstein, Bad Segeberg<\/p><p>\u00a0<\/p><p>13. \u2013 31. Mai 1990<\/p><p>\u201eGewalt gegen Frauen\u201c<\/p><p>Evangelische Akademie Nordelbien, Bad Segeberg<\/p><p>\u00a0<\/p><p>5. \u2013 18. Juli 1990<\/p><p>East Side Gallery GDR, Berlin<\/p><p>\u00a0<\/p><p>25. Juli \u2013 25. August 1990<\/p><p>\u201eSabine Reyer\u201c<\/p><p>Kulturverein Rundum, Boren<\/p><p>\u00a0<\/p><p>1989<\/p><p>\u00a0<\/p><p>22. Juni \u2013 28. September 1989<\/p><p>\u201eWo die Schiffe parken\u201c<\/p><p>Galerie im Airport Hotel, Hamburg<\/p>\t\t\t\t\t\t\t\t<\/div>\n\t\t\t\t<\/div>\n\t\t\t\t\t<\/div>\n\t\t<\/div>\n\t\t\t\t\t<\/div>\n\t\t<\/section>\n\t\t\t\t<\/div>\n\t\t","protected":false},"excerpt":{"rendered":"<p>Kindheit &amp; Ausbildung Aufgewachsen in Frankenberg\/Eder, studierte ich von 1978 bis 1984 Medizin in M\u00fcnchen und L\u00fcbeck und schloss 1985 mit Staatsexamen und Promotion ab. Anschlie\u00dfend studierte ich Malerei und Plastik an der Werkkunstschule L\u00fcbeck.1996 war ich Sch\u00fclerin von Shan Zhou und Da Huang Zhou, Chicago (Experimentelle Malerei). Ausstellungen &amp; Kuratorik Seit 1989 pr\u00e4sentiere ich&hellip; <a class=\"more-link\" href=\"https:\/\/effective-art.com\/?page_id=20\"><span class=\"screen-reader-text\">CV<\/span> weiterlesen<\/a><\/p>\n","protected":false},"author":1,"featured_media":0,"parent":0,"menu_order":0,"comment_status":"closed","ping_status":"closed","template":"","meta":{"_coblocks_attr":"","_coblocks_dimensions":"","_coblocks_responsive_height":"","_coblocks_accordion_ie_support":"","footnotes":""},"class_list":["post-20","page","type-page","status-publish","hentry","entry"],"_links":{"self":[{"href":"https:\/\/effective-art.com\/index.php?rest_route=\/wp\/v2\/pages\/20","targetHints":{"allow":["GET"]}}],"collection":[{"href":"https:\/\/effective-art.com\/index.php?rest_route=\/wp\/v2\/pages"}],"about":[{"href":"https:\/\/effective-art.com\/index.php?rest_route=\/wp\/v2\/types\/page"}],"author":[{"embeddable":true,"href":"https:\/\/effective-art.com\/index.php?rest_route=\/wp\/v2\/users\/1"}],"replies":[{"embeddable":true,"href":"https:\/\/effective-art.com\/index.php?rest_route=%2Fwp%2Fv2%2Fcomments&post=20"}],"version-history":[{"count":272,"href":"https:\/\/effective-art.com\/index.php?rest_route=\/wp\/v2\/pages\/20\/revisions"}],"predecessor-version":[{"id":1344,"href":"https:\/\/effective-art.com\/index.php?rest_route=\/wp\/v2\/pages\/20\/revisions\/1344"}],"wp:attachment":[{"href":"https:\/\/effective-art.com\/index.php?rest_route=%2Fwp%2Fv2%2Fmedia&parent=20"}],"curies":[{"name":"wp","href":"https:\/\/api.w.org\/{rel}","templated":true}]}}