{"id":12,"date":"2023-05-22T12:10:07","date_gmt":"2023-05-22T12:10:07","guid":{"rendered":"https:\/\/effective-art.com\/?page_id=12"},"modified":"2026-01-27T14:36:00","modified_gmt":"2026-01-27T14:36:00","slug":"aktuell","status":"publish","type":"page","link":"https:\/\/effective-art.com\/?page_id=12","title":{"rendered":"Aktuell"},"content":{"rendered":"\t\t<div data-elementor-type=\"wp-page\" data-elementor-id=\"12\" class=\"elementor elementor-12\">\n\t\t\t\t\t\t<section class=\"elementor-section elementor-top-section elementor-element elementor-element-dc6cffb elementor-section-boxed elementor-section-height-default elementor-section-height-default\" data-id=\"dc6cffb\" data-element_type=\"section\" data-e-type=\"section\">\n\t\t\t\t\t\t<div class=\"elementor-container elementor-column-gap-default\">\n\t\t\t\t\t<div class=\"elementor-column elementor-col-50 elementor-top-column elementor-element elementor-element-0cd25f8\" data-id=\"0cd25f8\" data-element_type=\"column\" data-e-type=\"column\">\n\t\t\t<div class=\"elementor-widget-wrap elementor-element-populated\">\n\t\t\t\t\t\t<div class=\"elementor-element elementor-element-e468048 elementor-widget elementor-widget-text-editor\" data-id=\"e468048\" data-element_type=\"widget\" data-e-type=\"widget\" data-widget_type=\"text-editor.default\">\n\t\t\t\t<div class=\"elementor-widget-container\">\n\t\t\t\t\t\t\t\t\t<p id=\"magie-und-ritual-13-kunstpreis-wettbewerb-der-bernd-und-gisela-rosenheim-stiftung\">&#8222;Tierisch gut&#8220;<\/p><p>\u00a0<\/p><p>31. Januar<br \/>bis 15. M\u00e4rz 2026<\/p><p>Ausstellungser\u00f6ffnung am<\/p><p>31. Januar um 14 Uhr<\/p><p>\u00a0<\/p><p>Kunst und Raum<br data-start=\"640\" data-end=\"643\" \/>Derkere Str. 10<br data-start=\"658\" data-end=\"661\" \/>59929 Brilon<\/p><p>\u00a0<\/p>\t\t\t\t\t\t\t\t<\/div>\n\t\t\t\t<\/div>\n\t\t\t\t\t<\/div>\n\t\t<\/div>\n\t\t\t\t<div class=\"elementor-column elementor-col-50 elementor-top-column elementor-element elementor-element-a1a2193\" data-id=\"a1a2193\" data-element_type=\"column\" data-e-type=\"column\">\n\t\t\t<div class=\"elementor-widget-wrap elementor-element-populated\">\n\t\t\t\t\t\t<div class=\"elementor-element elementor-element-34c3b42 elementor-widget elementor-widget-image-gallery\" data-id=\"34c3b42\" data-element_type=\"widget\" data-e-type=\"widget\" data-widget_type=\"image-gallery.default\">\n\t\t\t\t<div class=\"elementor-widget-container\">\n\t\t\t\t\t\t\t<div class=\"elementor-image-gallery\">\n\t\t\t<div id='gallery-1' class='gallery galleryid-12 gallery-columns-1 gallery-size-2048x2048'><figure class='gallery-item'>\n\t\t\t<div class='gallery-icon landscape'>\n\t\t\t\t<a data-elementor-open-lightbox=\"yes\" data-elementor-lightbox-slideshow=\"34c3b42\" data-elementor-lightbox-title=\"Die Macht der Hirsche - Sabine Reyer\" data-e-action-hash=\"#elementor-action%3Aaction%3Dlightbox%26settings%3DeyJpZCI6MTMzNCwidXJsIjoiaHR0cHM6XC9cL2VmZmVjdGl2ZS1hcnQuY29tXC93cC1jb250ZW50XC91cGxvYWRzXC8yMDI2XC8wMVwvMDguLURpZS1NYWNodC1kZXItSGlyc2NoZS5qcGciLCJzbGlkZXNob3ciOiIzNGMzYjQyIn0%3D\" href='https:\/\/effective-art.com\/wp-content\/uploads\/2026\/01\/08.-Die-Macht-der-Hirsche.jpg'><img fetchpriority=\"high\" decoding=\"async\" width=\"1406\" height=\"1406\" src=\"https:\/\/effective-art.com\/wp-content\/uploads\/2026\/01\/08.-Die-Macht-der-Hirsche.jpg\" class=\"attachment-2048x2048 size-2048x2048\" alt=\"\" aria-describedby=\"gallery-1-1334\" srcset=\"https:\/\/effective-art.com\/wp-content\/uploads\/2026\/01\/08.-Die-Macht-der-Hirsche.jpg 1406w, https:\/\/effective-art.com\/wp-content\/uploads\/2026\/01\/08.-Die-Macht-der-Hirsche-300x300.jpg 300w, https:\/\/effective-art.com\/wp-content\/uploads\/2026\/01\/08.-Die-Macht-der-Hirsche-1024x1024.jpg 1024w, https:\/\/effective-art.com\/wp-content\/uploads\/2026\/01\/08.-Die-Macht-der-Hirsche-150x150.jpg 150w, https:\/\/effective-art.com\/wp-content\/uploads\/2026\/01\/08.-Die-Macht-der-Hirsche-768x768.jpg 768w\" sizes=\"(max-width: 1406px) 100vw, 1406px\" style=\"width:100%;height:100%;max-width:1406px;\" \/><\/a>\n\t\t\t<\/div>\n\t\t\t\t<figcaption class='wp-caption-text gallery-caption' id='gallery-1-1334'>\n\t\t\t\tDie Macht der Hirsche &#8211; Sabine Reyer\n\t\t\t\t<\/figcaption><\/figure><figure class='gallery-item'>\n\t\t\t<div class='gallery-icon landscape'>\n\t\t\t\t<a data-elementor-open-lightbox=\"yes\" data-elementor-lightbox-slideshow=\"34c3b42\" data-elementor-lightbox-title=\"Die Macht der Hirsche - Sabine Reyer\" data-e-action-hash=\"#elementor-action%3Aaction%3Dlightbox%26settings%3DeyJpZCI6MTMzOCwidXJsIjoiaHR0cHM6XC9cL2VmZmVjdGl2ZS1hcnQuY29tXC93cC1jb250ZW50XC91cGxvYWRzXC8yMDI2XC8wMVwvSW1hZ2UxLmpwZyIsInNsaWRlc2hvdyI6IjM0YzNiNDIifQ%3D%3D\" href='https:\/\/effective-art.com\/wp-content\/uploads\/2026\/01\/Image1.jpg'><img decoding=\"async\" width=\"2048\" height=\"1067\" src=\"https:\/\/effective-art.com\/wp-content\/uploads\/2026\/01\/Image1-2048x1067.jpg\" class=\"attachment-2048x2048 size-2048x2048\" alt=\"\" srcset=\"https:\/\/effective-art.com\/wp-content\/uploads\/2026\/01\/Image1-2048x1067.jpg 2048w, https:\/\/effective-art.com\/wp-content\/uploads\/2026\/01\/Image1-300x156.jpg 300w, https:\/\/effective-art.com\/wp-content\/uploads\/2026\/01\/Image1-1024x533.jpg 1024w, https:\/\/effective-art.com\/wp-content\/uploads\/2026\/01\/Image1-768x400.jpg 768w, https:\/\/effective-art.com\/wp-content\/uploads\/2026\/01\/Image1-1536x800.jpg 1536w, https:\/\/effective-art.com\/wp-content\/uploads\/2026\/01\/Image1-1568x817.jpg 1568w\" sizes=\"(max-width: 2048px) 100vw, 2048px\" style=\"width:100%;height:52.08%;max-width:2112px;\" \/><\/a>\n\t\t\t<\/div><\/figure><figure class='gallery-item'>\n\t\t\t<div class='gallery-icon portrait'>\n\t\t\t\t<a data-elementor-open-lightbox=\"yes\" data-elementor-lightbox-slideshow=\"34c3b42\" data-elementor-lightbox-title=\"Die Macht der Hirsche - Sabine Reyer\" data-e-action-hash=\"#elementor-action%3Aaction%3Dlightbox%26settings%3DeyJpZCI6MTM0NiwidXJsIjoiaHR0cHM6XC9cL2VmZmVjdGl2ZS1hcnQuY29tXC93cC1jb250ZW50XC91cGxvYWRzXC8yMDI2XC8wMVwvdGllcmU0LmpwZyIsInNsaWRlc2hvdyI6IjM0YzNiNDIifQ%3D%3D\" href='https:\/\/effective-art.com\/wp-content\/uploads\/2026\/01\/tiere4.jpg'><img decoding=\"async\" width=\"966\" height=\"1483\" src=\"https:\/\/effective-art.com\/wp-content\/uploads\/2026\/01\/tiere4.jpg\" class=\"attachment-2048x2048 size-2048x2048\" alt=\"\" srcset=\"https:\/\/effective-art.com\/wp-content\/uploads\/2026\/01\/tiere4.jpg 966w, https:\/\/effective-art.com\/wp-content\/uploads\/2026\/01\/tiere4-195x300.jpg 195w, https:\/\/effective-art.com\/wp-content\/uploads\/2026\/01\/tiere4-667x1024.jpg 667w, https:\/\/effective-art.com\/wp-content\/uploads\/2026\/01\/tiere4-768x1179.jpg 768w\" sizes=\"(max-width: 966px) 100vw, 966px\" style=\"width:100%;height:153.52%;max-width:966px;\" \/><\/a>\n\t\t\t<\/div><\/figure>\n\t\t<\/div>\n\t\t<\/div>\n\t\t\t\t\t\t<\/div>\n\t\t\t\t<\/div>\n\t\t\t\t\t<\/div>\n\t\t<\/div>\n\t\t\t\t\t<\/div>\n\t\t<\/section>\n\t\t\t\t<section class=\"elementor-section elementor-top-section elementor-element elementor-element-aea3a15 elementor-section-boxed elementor-section-height-default elementor-section-height-default\" data-id=\"aea3a15\" data-element_type=\"section\" data-e-type=\"section\">\n\t\t\t\t\t\t<div class=\"elementor-container elementor-column-gap-default\">\n\t\t\t\t\t<div class=\"elementor-column elementor-col-50 elementor-top-column elementor-element elementor-element-68da570\" data-id=\"68da570\" data-element_type=\"column\" data-e-type=\"column\">\n\t\t\t<div class=\"elementor-widget-wrap elementor-element-populated\">\n\t\t\t\t\t\t<div class=\"elementor-element elementor-element-63d2559 elementor-widget-divider--view-line elementor-widget elementor-widget-divider\" data-id=\"63d2559\" data-element_type=\"widget\" data-e-type=\"widget\" data-widget_type=\"divider.default\">\n\t\t\t\t<div class=\"elementor-widget-container\">\n\t\t\t\t\t\t\t<div class=\"elementor-divider\">\n\t\t\t<span class=\"elementor-divider-separator\">\n\t\t\t\t\t\t<\/span>\n\t\t<\/div>\n\t\t\t\t\t\t<\/div>\n\t\t\t\t<\/div>\n\t\t\t\t<div class=\"elementor-element elementor-element-0d02525 elementor-widget elementor-widget-text-editor\" data-id=\"0d02525\" data-element_type=\"widget\" data-e-type=\"widget\" data-widget_type=\"text-editor.default\">\n\t\t\t\t<div class=\"elementor-widget-container\">\n\t\t\t\t\t\t\t\t\t<p id=\"magie-und-ritual-13-kunstpreis-wettbewerb-der-bernd-und-gisela-rosenheim-stiftung\">&#8222;Magie und Ritual&#8220;<\/p><p>13. Kunstpreis der Bernd und Gisela Rosenheim-Stiftung<\/p><p>29. November 2025 <br \/>bis 8. Januar 2026<\/p><p>Haus der Stadtgeschichte &#8211; Museum Offenbach,<br \/><span class=\"T286Pc\" data-sfc-cp=\"\" data-processed=\"true\">Herrnstra\u00dfe 61, <br \/>63065 Offenbach am Main<\/span><\/p><h6>Die Teilnehmer der Finalrunde: <br \/>Andrej Auch, Auriane Bail, Christian Bode, Maxim Brandt,Angela Bugdahl, Tatiana Chapanova, Kerstin Dzewior, Cornelia Es Said, Katerina Evangelou, Ewa Finn, Laura Franzmann, Susanne Geister, Lilien Grupe, Jonghoon Im, Andrea Imwiehe, Vivian Kahra, Aubrey Ramage-Lay, Joana Lucas, Gerlinde Mader, Toni Mauersberg, Selina Meiers, Maria Meth, Germund Mielke, Kristine Narvida,<br \/><strong>Sabine Reyer<\/strong>, Mattis Richter, Asta Rode, Hannah R\u00f6mer, Stephan Popella, Daniel Adrian Venegas La Reta, Andreas Wei\u00dfgerber, Regine Wolff, Kateryna Yerokhina, Daniel Zerbst<\/h6>\t\t\t\t\t\t\t\t<\/div>\n\t\t\t\t<\/div>\n\t\t\t\t\t<\/div>\n\t\t<\/div>\n\t\t\t\t<div class=\"elementor-column elementor-col-50 elementor-top-column elementor-element elementor-element-0a4fe5a\" data-id=\"0a4fe5a\" data-element_type=\"column\" data-e-type=\"column\">\n\t\t\t<div class=\"elementor-widget-wrap elementor-element-populated\">\n\t\t\t\t\t\t<div class=\"elementor-element elementor-element-d9ca54b elementor-widget-divider--view-line elementor-widget elementor-widget-divider\" data-id=\"d9ca54b\" data-element_type=\"widget\" data-e-type=\"widget\" data-widget_type=\"divider.default\">\n\t\t\t\t<div class=\"elementor-widget-container\">\n\t\t\t\t\t\t\t<div class=\"elementor-divider\">\n\t\t\t<span class=\"elementor-divider-separator\">\n\t\t\t\t\t\t<\/span>\n\t\t<\/div>\n\t\t\t\t\t\t<\/div>\n\t\t\t\t<\/div>\n\t\t\t\t<div class=\"elementor-element elementor-element-0e8adab elementor-widget elementor-widget-image-gallery\" data-id=\"0e8adab\" data-element_type=\"widget\" data-e-type=\"widget\" data-widget_type=\"image-gallery.default\">\n\t\t\t\t<div class=\"elementor-widget-container\">\n\t\t\t\t\t\t\t<div class=\"elementor-image-gallery\">\n\t\t\t<div id='gallery-2' class='gallery galleryid-12 gallery-columns-1 gallery-size-2048x2048'><figure class='gallery-item'>\n\t\t\t<div class='gallery-icon portrait'>\n\t\t\t\t<a data-elementor-open-lightbox=\"yes\" data-elementor-lightbox-slideshow=\"0e8adab\" data-elementor-lightbox-title=\"13. Europ\u00e4ischen Kunstpreises der Rosenheim-Stiftung 2025\" data-e-action-hash=\"#elementor-action%3Aaction%3Dlightbox%26settings%3DeyJpZCI6MTIyOSwidXJsIjoiaHR0cHM6XC9cL2VmZmVjdGl2ZS1hcnQuY29tXC93cC1jb250ZW50XC91cGxvYWRzXC8yMDI1XC8xMlwvUm9zZW5oZWltLUVpbmxhZHVuZ3Nha3J0ZS1laW56ZWxuLXNjcmVuLWJpbGRlci0wMWEuanBnIiwic2xpZGVzaG93IjoiMGU4YWRhYiJ9\" href='https:\/\/effective-art.com\/wp-content\/uploads\/2025\/12\/Rosenheim-Einladungsakrte-einzeln-scren-bilder-01a.jpg'><img loading=\"lazy\" decoding=\"async\" width=\"1080\" height=\"1350\" src=\"https:\/\/effective-art.com\/wp-content\/uploads\/2025\/12\/Rosenheim-Einladungsakrte-einzeln-scren-bilder-01a.jpg\" class=\"attachment-2048x2048 size-2048x2048\" alt=\"\" srcset=\"https:\/\/effective-art.com\/wp-content\/uploads\/2025\/12\/Rosenheim-Einladungsakrte-einzeln-scren-bilder-01a.jpg 1080w, https:\/\/effective-art.com\/wp-content\/uploads\/2025\/12\/Rosenheim-Einladungsakrte-einzeln-scren-bilder-01a-240x300.jpg 240w, https:\/\/effective-art.com\/wp-content\/uploads\/2025\/12\/Rosenheim-Einladungsakrte-einzeln-scren-bilder-01a-819x1024.jpg 819w, https:\/\/effective-art.com\/wp-content\/uploads\/2025\/12\/Rosenheim-Einladungsakrte-einzeln-scren-bilder-01a-768x960.jpg 768w\" sizes=\"(max-width: 1080px) 100vw, 1080px\" style=\"width:100%;height:125%;max-width:1080px;\" \/><\/a>\n\t\t\t<\/div><\/figure><figure class='gallery-item'>\n\t\t\t<div class='gallery-icon landscape'>\n\t\t\t\t<a data-elementor-open-lightbox=\"yes\" data-elementor-lightbox-slideshow=\"0e8adab\" data-elementor-lightbox-title=\"Sabine Reyer  &quot;Rtual - Zwei Seelen, ein Erbe&quot;\" data-e-action-hash=\"#elementor-action%3Aaction%3Dlightbox%26settings%3DeyJpZCI6MTIyNywidXJsIjoiaHR0cHM6XC9cL2VmZmVjdGl2ZS1hcnQuY29tXC93cC1jb250ZW50XC91cGxvYWRzXC8yMDI1XC8xMlwvUmV5ZXItU2FiaW5lX1J0dWFsLVp3ZWktU2VlbGVuLWVpbi1FcmJlLXNjYWxlZC5qcGciLCJzbGlkZXNob3ciOiIwZThhZGFiIn0%3D\" href='https:\/\/effective-art.com\/wp-content\/uploads\/2025\/12\/Reyer-Sabine_Rtual-Zwei-Seelen-ein-Erbe-scaled.jpg'><img loading=\"lazy\" decoding=\"async\" width=\"2048\" height=\"1333\" src=\"https:\/\/effective-art.com\/wp-content\/uploads\/2025\/12\/Reyer-Sabine_Rtual-Zwei-Seelen-ein-Erbe-2048x1333.jpg\" class=\"attachment-2048x2048 size-2048x2048\" alt=\"\" srcset=\"https:\/\/effective-art.com\/wp-content\/uploads\/2025\/12\/Reyer-Sabine_Rtual-Zwei-Seelen-ein-Erbe-2048x1333.jpg 2048w, https:\/\/effective-art.com\/wp-content\/uploads\/2025\/12\/Reyer-Sabine_Rtual-Zwei-Seelen-ein-Erbe-300x195.jpg 300w, https:\/\/effective-art.com\/wp-content\/uploads\/2025\/12\/Reyer-Sabine_Rtual-Zwei-Seelen-ein-Erbe-1024x666.jpg 1024w, https:\/\/effective-art.com\/wp-content\/uploads\/2025\/12\/Reyer-Sabine_Rtual-Zwei-Seelen-ein-Erbe-768x500.jpg 768w, https:\/\/effective-art.com\/wp-content\/uploads\/2025\/12\/Reyer-Sabine_Rtual-Zwei-Seelen-ein-Erbe-1536x1000.jpg 1536w, https:\/\/effective-art.com\/wp-content\/uploads\/2025\/12\/Reyer-Sabine_Rtual-Zwei-Seelen-ein-Erbe-1568x1020.jpg 1568w\" sizes=\"(max-width: 2048px) 100vw, 2048px\" style=\"width:100%;height:65.08%;max-width:2560px;\" \/><\/a>\n\t\t\t<\/div><\/figure><figure class='gallery-item'>\n\t\t\t<div class='gallery-icon landscape'>\n\t\t\t\t<a data-elementor-open-lightbox=\"yes\" data-elementor-lightbox-slideshow=\"0e8adab\" data-elementor-lightbox-title=\"Sabine Reyer  &quot;Rtual - Zwei Seelen, ein Erbe&quot;\" data-e-action-hash=\"#elementor-action%3Aaction%3Dlightbox%26settings%3DeyJpZCI6MTIxNSwidXJsIjoiaHR0cHM6XC9cL2VmZmVjdGl2ZS1hcnQuY29tXC93cC1jb250ZW50XC91cGxvYWRzXC8yMDI1XC8xMVwvUm9zZW5oZWltLUVpbmxhZHVuZ3Nha3J0ZS1laW56ZWxuLXNjcmVuLWJpbGRlci0zLmpwZyIsInNsaWRlc2hvdyI6IjBlOGFkYWIifQ%3D%3D\" href='https:\/\/effective-art.com\/wp-content\/uploads\/2025\/11\/Rosenheim-Einladungsakrte-einzeln-scren-bilder-3.jpg'><img loading=\"lazy\" decoding=\"async\" width=\"2048\" height=\"956\" src=\"https:\/\/effective-art.com\/wp-content\/uploads\/2025\/11\/Rosenheim-Einladungsakrte-einzeln-scren-bilder-3-2048x956.jpg\" class=\"attachment-2048x2048 size-2048x2048\" alt=\"\" srcset=\"https:\/\/effective-art.com\/wp-content\/uploads\/2025\/11\/Rosenheim-Einladungsakrte-einzeln-scren-bilder-3-2048x956.jpg 2048w, https:\/\/effective-art.com\/wp-content\/uploads\/2025\/11\/Rosenheim-Einladungsakrte-einzeln-scren-bilder-3-300x140.jpg 300w, https:\/\/effective-art.com\/wp-content\/uploads\/2025\/11\/Rosenheim-Einladungsakrte-einzeln-scren-bilder-3-1024x478.jpg 1024w, https:\/\/effective-art.com\/wp-content\/uploads\/2025\/11\/Rosenheim-Einladungsakrte-einzeln-scren-bilder-3-768x358.jpg 768w, https:\/\/effective-art.com\/wp-content\/uploads\/2025\/11\/Rosenheim-Einladungsakrte-einzeln-scren-bilder-3-1536x717.jpg 1536w, https:\/\/effective-art.com\/wp-content\/uploads\/2025\/11\/Rosenheim-Einladungsakrte-einzeln-scren-bilder-3-1568x732.jpg 1568w\" sizes=\"(max-width: 2048px) 100vw, 2048px\" style=\"width:100%;height:46.67%;max-width:2481px;\" \/><\/a>\n\t\t\t<\/div><\/figure><figure class='gallery-item'>\n\t\t\t<div class='gallery-icon landscape'>\n\t\t\t\t<a data-elementor-open-lightbox=\"yes\" data-elementor-lightbox-slideshow=\"0e8adab\" data-elementor-lightbox-title=\"Sabine Reyer  &quot;Rtual - Zwei Seelen, ein Erbe&quot;\" data-e-action-hash=\"#elementor-action%3Aaction%3Dlightbox%26settings%3DeyJpZCI6MTIyMywidXJsIjoiaHR0cHM6XC9cL2VmZmVjdGl2ZS1hcnQuY29tXC93cC1jb250ZW50XC91cGxvYWRzXC8yMDI1XC8xMVwvUm9zZW5oZWltLUVpbmxhZHVuZ3Nha3J0ZS1laW56ZWxuLXNjcmVuLWJpbGRlci0yLmpwZyIsInNsaWRlc2hvdyI6IjBlOGFkYWIifQ%3D%3D\" href='https:\/\/effective-art.com\/wp-content\/uploads\/2025\/11\/Rosenheim-Einladungsakrte-einzeln-scren-bilder-2.jpg'><img loading=\"lazy\" decoding=\"async\" width=\"2048\" height=\"956\" src=\"https:\/\/effective-art.com\/wp-content\/uploads\/2025\/11\/Rosenheim-Einladungsakrte-einzeln-scren-bilder-2-2048x956.jpg\" class=\"attachment-2048x2048 size-2048x2048\" alt=\"\" srcset=\"https:\/\/effective-art.com\/wp-content\/uploads\/2025\/11\/Rosenheim-Einladungsakrte-einzeln-scren-bilder-2-2048x956.jpg 2048w, https:\/\/effective-art.com\/wp-content\/uploads\/2025\/11\/Rosenheim-Einladungsakrte-einzeln-scren-bilder-2-300x140.jpg 300w, https:\/\/effective-art.com\/wp-content\/uploads\/2025\/11\/Rosenheim-Einladungsakrte-einzeln-scren-bilder-2-1024x478.jpg 1024w, https:\/\/effective-art.com\/wp-content\/uploads\/2025\/11\/Rosenheim-Einladungsakrte-einzeln-scren-bilder-2-768x358.jpg 768w, https:\/\/effective-art.com\/wp-content\/uploads\/2025\/11\/Rosenheim-Einladungsakrte-einzeln-scren-bilder-2-1536x717.jpg 1536w, https:\/\/effective-art.com\/wp-content\/uploads\/2025\/11\/Rosenheim-Einladungsakrte-einzeln-scren-bilder-2-1568x732.jpg 1568w\" sizes=\"(max-width: 2048px) 100vw, 2048px\" style=\"width:100%;height:46.67%;max-width:2481px;\" \/><\/a>\n\t\t\t<\/div><\/figure><figure class='gallery-item'>\n\t\t\t<div class='gallery-icon landscape'>\n\t\t\t\t<a data-elementor-open-lightbox=\"yes\" data-elementor-lightbox-slideshow=\"0e8adab\" data-elementor-lightbox-title=\"Sabine Reyer  &quot;Rtual - Zwei Seelen, ein Erbe&quot;\" data-e-action-hash=\"#elementor-action%3Aaction%3Dlightbox%26settings%3DeyJpZCI6MTIyMiwidXJsIjoiaHR0cHM6XC9cL2VmZmVjdGl2ZS1hcnQuY29tXC93cC1jb250ZW50XC91cGxvYWRzXC8yMDI1XC8xMVwvUm9zZW5oZWltLUVpbmxhZHVuZ3Nha3J0ZS1laW56ZWxuLXNjcmVuLWJpbGRlci0xLmpwZyIsInNsaWRlc2hvdyI6IjBlOGFkYWIifQ%3D%3D\" href='https:\/\/effective-art.com\/wp-content\/uploads\/2025\/11\/Rosenheim-Einladungsakrte-einzeln-scren-bilder-1.jpg'><img loading=\"lazy\" decoding=\"async\" width=\"2048\" height=\"956\" src=\"https:\/\/effective-art.com\/wp-content\/uploads\/2025\/11\/Rosenheim-Einladungsakrte-einzeln-scren-bilder-1-2048x956.jpg\" class=\"attachment-2048x2048 size-2048x2048\" alt=\"\" srcset=\"https:\/\/effective-art.com\/wp-content\/uploads\/2025\/11\/Rosenheim-Einladungsakrte-einzeln-scren-bilder-1-2048x956.jpg 2048w, https:\/\/effective-art.com\/wp-content\/uploads\/2025\/11\/Rosenheim-Einladungsakrte-einzeln-scren-bilder-1-300x140.jpg 300w, https:\/\/effective-art.com\/wp-content\/uploads\/2025\/11\/Rosenheim-Einladungsakrte-einzeln-scren-bilder-1-1024x478.jpg 1024w, https:\/\/effective-art.com\/wp-content\/uploads\/2025\/11\/Rosenheim-Einladungsakrte-einzeln-scren-bilder-1-768x358.jpg 768w, https:\/\/effective-art.com\/wp-content\/uploads\/2025\/11\/Rosenheim-Einladungsakrte-einzeln-scren-bilder-1-1536x717.jpg 1536w, https:\/\/effective-art.com\/wp-content\/uploads\/2025\/11\/Rosenheim-Einladungsakrte-einzeln-scren-bilder-1-1568x732.jpg 1568w\" sizes=\"(max-width: 2048px) 100vw, 2048px\" style=\"width:100%;height:46.67%;max-width:2481px;\" \/><\/a>\n\t\t\t<\/div><\/figure>\n\t\t<\/div>\n\t\t<\/div>\n\t\t\t\t\t\t<\/div>\n\t\t\t\t<\/div>\n\t\t\t\t\t<\/div>\n\t\t<\/div>\n\t\t\t\t\t<\/div>\n\t\t<\/section>\n\t\t\t\t<section class=\"elementor-section elementor-top-section elementor-element elementor-element-fd5f707 elementor-section-boxed elementor-section-height-default elementor-section-height-default\" data-id=\"fd5f707\" data-element_type=\"section\" data-e-type=\"section\">\n\t\t\t\t\t\t<div class=\"elementor-container elementor-column-gap-default\">\n\t\t\t\t\t<div class=\"elementor-column elementor-col-50 elementor-top-column elementor-element elementor-element-e45cb8c\" data-id=\"e45cb8c\" data-element_type=\"column\" data-e-type=\"column\">\n\t\t\t<div class=\"elementor-widget-wrap elementor-element-populated\">\n\t\t\t\t\t\t<div class=\"elementor-element elementor-element-1ad33bd elementor-widget-divider--view-line elementor-widget elementor-widget-divider\" data-id=\"1ad33bd\" data-element_type=\"widget\" data-e-type=\"widget\" data-widget_type=\"divider.default\">\n\t\t\t\t<div class=\"elementor-widget-container\">\n\t\t\t\t\t\t\t<div class=\"elementor-divider\">\n\t\t\t<span class=\"elementor-divider-separator\">\n\t\t\t\t\t\t<\/span>\n\t\t<\/div>\n\t\t\t\t\t\t<\/div>\n\t\t\t\t<\/div>\n\t\t\t\t<div class=\"elementor-element elementor-element-d599c43 elementor-widget elementor-widget-text-editor\" data-id=\"d599c43\" data-element_type=\"widget\" data-e-type=\"widget\" data-widget_type=\"text-editor.default\">\n\t\t\t\t<div class=\"elementor-widget-container\">\n\t\t\t\t\t\t\t\t\t<p data-start=\"264\" data-end=\"483\">Das Kulturprojekt<\/p><p data-start=\"264\" data-end=\"483\"><strong data-start=\"280\" data-end=\"323\">\u201eFrankenberg im Wandel \u2013 vertraute Orte neu entdecken\u201c<\/strong> endete am <strong data-start=\"334\" data-end=\"354\">12. Oktober 2025<\/strong> und war ein gro\u00dfer Erfolg.<\/p><p data-start=\"264\" data-end=\"483\">Mit <strong data-start=\"388\" data-end=\"428\">\u00fcber 600 Besucherinnen und Besuchern<\/strong> stie\u00df sie auf reges Interesse und positive Resonanz.<\/p><p data-start=\"485\" data-end=\"626\">Wir danken allen, die vorbeigekommen sind, sich Zeit genommen haben und mit ihren Eindr\u00fccken und Gespr\u00e4chen zum Gelingen beigetragen haben.<\/p><p data-start=\"628\" data-end=\"727\">Anbei der Artikel von Karl-Hermann V\u00f6lker in der <strong data-start=\"637\" data-end=\"684\">HNA<\/strong> vom 20. Oktober 2025<\/p><p data-start=\"845\" data-end=\"879\">\u00a0<\/p>\t\t\t\t\t\t\t\t<\/div>\n\t\t\t\t<\/div>\n\t\t\t\t\t<\/div>\n\t\t<\/div>\n\t\t\t\t<div class=\"elementor-column elementor-col-50 elementor-top-column elementor-element elementor-element-1a63f51\" data-id=\"1a63f51\" data-element_type=\"column\" data-e-type=\"column\">\n\t\t\t<div class=\"elementor-widget-wrap elementor-element-populated\">\n\t\t\t\t\t\t<div class=\"elementor-element elementor-element-368466f elementor-widget-divider--view-line elementor-widget elementor-widget-divider\" data-id=\"368466f\" data-element_type=\"widget\" data-e-type=\"widget\" data-widget_type=\"divider.default\">\n\t\t\t\t<div class=\"elementor-widget-container\">\n\t\t\t\t\t\t\t<div class=\"elementor-divider\">\n\t\t\t<span class=\"elementor-divider-separator\">\n\t\t\t\t\t\t<\/span>\n\t\t<\/div>\n\t\t\t\t\t\t<\/div>\n\t\t\t\t<\/div>\n\t\t\t\t<div class=\"elementor-element elementor-element-5ad5897 elementor-widget elementor-widget-image-gallery\" data-id=\"5ad5897\" data-element_type=\"widget\" data-e-type=\"widget\" data-widget_type=\"image-gallery.default\">\n\t\t\t\t<div class=\"elementor-widget-container\">\n\t\t\t\t\t\t\t<div class=\"elementor-image-gallery\">\n\t\t\t<div id='gallery-3' class='gallery galleryid-12 gallery-columns-1 gallery-size-2048x2048'><figure class='gallery-item'>\n\t\t\t<div class='gallery-icon landscape'>\n\t\t\t\t<a data-elementor-open-lightbox=\"yes\" data-elementor-lightbox-slideshow=\"5ad5897\" data-e-action-hash=\"#elementor-action%3Aaction%3Dlightbox%26settings%3DeyJpZCI6MTIwNCwidXJsIjoiaHR0cHM6XC9cL2VmZmVjdGl2ZS1hcnQuY29tXC93cC1jb250ZW50XC91cGxvYWRzXC8yMDI1XC8xMFwvMjAyNS0xMC0yMC1ITkEuanBnIiwic2xpZGVzaG93IjoiNWFkNTg5NyJ9\" href='https:\/\/effective-art.com\/wp-content\/uploads\/2025\/10\/2025-10-20-HNA.jpg'><img loading=\"lazy\" decoding=\"async\" width=\"804\" height=\"683\" src=\"https:\/\/effective-art.com\/wp-content\/uploads\/2025\/10\/2025-10-20-HNA.jpg\" class=\"attachment-2048x2048 size-2048x2048\" alt=\"\" srcset=\"https:\/\/effective-art.com\/wp-content\/uploads\/2025\/10\/2025-10-20-HNA.jpg 804w, https:\/\/effective-art.com\/wp-content\/uploads\/2025\/10\/2025-10-20-HNA-300x255.jpg 300w, https:\/\/effective-art.com\/wp-content\/uploads\/2025\/10\/2025-10-20-HNA-768x652.jpg 768w\" sizes=\"(max-width: 804px) 100vw, 804px\" style=\"width:100%;height:84.95%;max-width:804px;\" \/><\/a>\n\t\t\t<\/div><\/figure>\n\t\t<\/div>\n\t\t<\/div>\n\t\t\t\t\t\t<\/div>\n\t\t\t\t<\/div>\n\t\t\t\t\t<\/div>\n\t\t<\/div>\n\t\t\t\t\t<\/div>\n\t\t<\/section>\n\t\t\t\t<section class=\"elementor-section elementor-top-section elementor-element elementor-element-a2e9d51 elementor-section-boxed elementor-section-height-default elementor-section-height-default\" data-id=\"a2e9d51\" data-element_type=\"section\" data-e-type=\"section\">\n\t\t\t\t\t\t<div class=\"elementor-container elementor-column-gap-default\">\n\t\t\t\t\t<div class=\"elementor-column elementor-col-50 elementor-top-column elementor-element elementor-element-ef752bc\" data-id=\"ef752bc\" data-element_type=\"column\" data-e-type=\"column\">\n\t\t\t<div class=\"elementor-widget-wrap elementor-element-populated\">\n\t\t\t\t\t\t<div class=\"elementor-element elementor-element-640f842 elementor-widget-divider--view-line elementor-widget elementor-widget-divider\" data-id=\"640f842\" data-element_type=\"widget\" data-e-type=\"widget\" data-widget_type=\"divider.default\">\n\t\t\t\t<div class=\"elementor-widget-container\">\n\t\t\t\t\t\t\t<div class=\"elementor-divider\">\n\t\t\t<span class=\"elementor-divider-separator\">\n\t\t\t\t\t\t<\/span>\n\t\t<\/div>\n\t\t\t\t\t\t<\/div>\n\t\t\t\t<\/div>\n\t\t\t\t<div class=\"elementor-element elementor-element-942a4cf elementor-widget elementor-widget-text-editor\" data-id=\"942a4cf\" data-element_type=\"widget\" data-e-type=\"widget\" data-widget_type=\"text-editor.default\">\n\t\t\t\t<div class=\"elementor-widget-container\">\n\t\t\t\t\t\t\t\t\t<p>&#8222;Stilleben&#8220;<\/p><p>30. September bis\u00a0<\/p><p>22. November 2025<\/p><p>\u00a0<\/p><p>Ausstellungser\u00f6ffnung am<\/p><p>30. September, 15 Uhr<\/p><p>\u00a0<\/p><p>Kunstverein Battenberg e.V.<\/p>\t\t\t\t\t\t\t\t<\/div>\n\t\t\t\t<\/div>\n\t\t\t\t\t<\/div>\n\t\t<\/div>\n\t\t\t\t<div class=\"elementor-column elementor-col-50 elementor-top-column elementor-element elementor-element-c999e4d\" data-id=\"c999e4d\" data-element_type=\"column\" data-e-type=\"column\">\n\t\t\t<div class=\"elementor-widget-wrap elementor-element-populated\">\n\t\t\t\t\t\t<div class=\"elementor-element elementor-element-afb2593 elementor-widget-divider--view-line elementor-widget elementor-widget-divider\" data-id=\"afb2593\" data-element_type=\"widget\" data-e-type=\"widget\" data-widget_type=\"divider.default\">\n\t\t\t\t<div class=\"elementor-widget-container\">\n\t\t\t\t\t\t\t<div class=\"elementor-divider\">\n\t\t\t<span class=\"elementor-divider-separator\">\n\t\t\t\t\t\t<\/span>\n\t\t<\/div>\n\t\t\t\t\t\t<\/div>\n\t\t\t\t<\/div>\n\t\t\t\t<div class=\"elementor-element elementor-element-ac66e96 elementor-widget elementor-widget-image-gallery\" data-id=\"ac66e96\" data-element_type=\"widget\" data-e-type=\"widget\" data-widget_type=\"image-gallery.default\">\n\t\t\t\t<div class=\"elementor-widget-container\">\n\t\t\t\t\t\t\t<div class=\"elementor-image-gallery\">\n\t\t\t<div id='gallery-4' class='gallery galleryid-12 gallery-columns-1 gallery-size-medium'><figure class='gallery-item'>\n\t\t\t<div class='gallery-icon portrait'>\n\t\t\t\t<a data-elementor-open-lightbox=\"yes\" data-elementor-lightbox-slideshow=\"ac66e96\" data-elementor-lightbox-title=\"Kunstverein Battenberg e.V.\" data-e-action-hash=\"#elementor-action%3Aaction%3Dlightbox%26settings%3DeyJpZCI6MTI0MiwidXJsIjoiaHR0cHM6XC9cL2VmZmVjdGl2ZS1hcnQuY29tXC93cC1jb250ZW50XC91cGxvYWRzXC8yMDI1XC8xMlwvU3RpbGxlYmVuLUtWLUJhdHRlbmJlcmctMjAyNS0xLXNjYWxlZC5qcGciLCJzbGlkZXNob3ciOiJhYzY2ZTk2In0%3D\" href='https:\/\/effective-art.com\/wp-content\/uploads\/2025\/12\/Stilleben-KV-Battenberg-2025-1-scaled.jpg'><img loading=\"lazy\" decoding=\"async\" width=\"210\" height=\"300\" src=\"https:\/\/effective-art.com\/wp-content\/uploads\/2025\/12\/Stilleben-KV-Battenberg-2025-1-210x300.jpg\" class=\"attachment-medium size-medium\" alt=\"\" aria-describedby=\"gallery-4-1242\" srcset=\"https:\/\/effective-art.com\/wp-content\/uploads\/2025\/12\/Stilleben-KV-Battenberg-2025-1-210x300.jpg 210w, https:\/\/effective-art.com\/wp-content\/uploads\/2025\/12\/Stilleben-KV-Battenberg-2025-1-716x1024.jpg 716w, https:\/\/effective-art.com\/wp-content\/uploads\/2025\/12\/Stilleben-KV-Battenberg-2025-1-768x1099.jpg 768w, https:\/\/effective-art.com\/wp-content\/uploads\/2025\/12\/Stilleben-KV-Battenberg-2025-1-1074x1536.jpg 1074w, https:\/\/effective-art.com\/wp-content\/uploads\/2025\/12\/Stilleben-KV-Battenberg-2025-1-1432x2048.jpg 1432w, https:\/\/effective-art.com\/wp-content\/uploads\/2025\/12\/Stilleben-KV-Battenberg-2025-1-1568x2243.jpg 1568w, https:\/\/effective-art.com\/wp-content\/uploads\/2025\/12\/Stilleben-KV-Battenberg-2025-1-scaled.jpg 1790w\" sizes=\"(max-width: 210px) 100vw, 210px\" style=\"width:100%;height:143.02%;max-width:1790px;\" \/><\/a>\n\t\t\t<\/div>\n\t\t\t\t<figcaption class='wp-caption-text gallery-caption' id='gallery-4-1242'>\n\t\t\t\tKunstverein Battenberg e.V.\n\t\t\t\t<\/figcaption><\/figure><figure class='gallery-item'>\n\t\t\t<div class='gallery-icon portrait'>\n\t\t\t\t<a data-elementor-open-lightbox=\"yes\" data-elementor-lightbox-slideshow=\"ac66e96\" data-elementor-lightbox-title=\"Sabine Reyer - Exitus\" data-e-action-hash=\"#elementor-action%3Aaction%3Dlightbox%26settings%3DeyJpZCI6MTI0MCwidXJsIjoiaHR0cHM6XC9cL2VmZmVjdGl2ZS1hcnQuY29tXC93cC1jb250ZW50XC91cGxvYWRzXC8yMDI1XC8xMlwvUmV5ZXItU2FiaW5lX0V4aXR1cy1zY2FsZWQuanBnIiwic2xpZGVzaG93IjoiYWM2NmU5NiJ9\" href='https:\/\/effective-art.com\/wp-content\/uploads\/2025\/12\/Reyer-Sabine_Exitus-scaled.jpg'><img loading=\"lazy\" decoding=\"async\" width=\"264\" height=\"300\" src=\"https:\/\/effective-art.com\/wp-content\/uploads\/2025\/12\/Reyer-Sabine_Exitus-264x300.jpg\" class=\"attachment-medium size-medium\" alt=\"\" aria-describedby=\"gallery-4-1240\" srcset=\"https:\/\/effective-art.com\/wp-content\/uploads\/2025\/12\/Reyer-Sabine_Exitus-264x300.jpg 264w, https:\/\/effective-art.com\/wp-content\/uploads\/2025\/12\/Reyer-Sabine_Exitus-901x1024.jpg 901w, https:\/\/effective-art.com\/wp-content\/uploads\/2025\/12\/Reyer-Sabine_Exitus-768x873.jpg 768w, https:\/\/effective-art.com\/wp-content\/uploads\/2025\/12\/Reyer-Sabine_Exitus-1352x1536.jpg 1352w, https:\/\/effective-art.com\/wp-content\/uploads\/2025\/12\/Reyer-Sabine_Exitus-1802x2048.jpg 1802w, https:\/\/effective-art.com\/wp-content\/uploads\/2025\/12\/Reyer-Sabine_Exitus-1568x1782.jpg 1568w\" sizes=\"(max-width: 264px) 100vw, 264px\" style=\"width:100%;height:113.63%;max-width:2253px;\" \/><\/a>\n\t\t\t<\/div>\n\t\t\t\t<figcaption class='wp-caption-text gallery-caption' id='gallery-4-1240'>\n\t\t\t\tSabine Reyer &#8211; Exitus\n\t\t\t\t<\/figcaption><\/figure>\n\t\t<\/div>\n\t\t<\/div>\n\t\t\t\t\t\t<\/div>\n\t\t\t\t<\/div>\n\t\t\t\t\t<\/div>\n\t\t<\/div>\n\t\t\t\t\t<\/div>\n\t\t<\/section>\n\t\t\t\t<section class=\"elementor-section elementor-top-section elementor-element elementor-element-918d815 elementor-section-boxed elementor-section-height-default elementor-section-height-default\" data-id=\"918d815\" data-element_type=\"section\" data-e-type=\"section\">\n\t\t\t\t\t\t<div class=\"elementor-container elementor-column-gap-default\">\n\t\t\t\t\t<div class=\"elementor-column elementor-col-50 elementor-top-column elementor-element elementor-element-c9b1aac\" data-id=\"c9b1aac\" data-element_type=\"column\" data-e-type=\"column\">\n\t\t\t<div class=\"elementor-widget-wrap elementor-element-populated\">\n\t\t\t\t\t\t<div class=\"elementor-element elementor-element-b4c053b elementor-widget-divider--view-line elementor-widget elementor-widget-divider\" data-id=\"b4c053b\" data-element_type=\"widget\" data-e-type=\"widget\" data-widget_type=\"divider.default\">\n\t\t\t\t<div class=\"elementor-widget-container\">\n\t\t\t\t\t\t\t<div class=\"elementor-divider\">\n\t\t\t<span class=\"elementor-divider-separator\">\n\t\t\t\t\t\t<\/span>\n\t\t<\/div>\n\t\t\t\t\t\t<\/div>\n\t\t\t\t<\/div>\n\t\t\t\t<div class=\"elementor-element elementor-element-f538a64 elementor-widget elementor-widget-text-editor\" data-id=\"f538a64\" data-element_type=\"widget\" data-e-type=\"widget\" data-widget_type=\"text-editor.default\">\n\t\t\t\t<div class=\"elementor-widget-container\">\n\t\t\t\t\t\t\t\t\t<p>&#8222;SOUVENIRS&#8220;<\/p><p>&#8211; von Sammellust und -leidenschaft<br \/>Arsenale der Erinnerung und k\u00fcnstlerische Intervention<\/p><p>\u00a0<\/p><p>14. September bis\u00a0 Mitte November 2025<\/p><p>\u00a0<\/p><p>Ausstellungser\u00f6ffnung am<\/p><p>14. September, 15 Uhr<\/p><p>\u00a0<\/p><p>KunstForumEifel<br \/>Dreiborner Stra\u00dfe 22,<\/p><p>53937 Schleiden-Gem\u00fcnd<\/p>\t\t\t\t\t\t\t\t<\/div>\n\t\t\t\t<\/div>\n\t\t\t\t\t<\/div>\n\t\t<\/div>\n\t\t\t\t<div class=\"elementor-column elementor-col-50 elementor-top-column elementor-element elementor-element-d1caed0\" data-id=\"d1caed0\" data-element_type=\"column\" data-e-type=\"column\">\n\t\t\t<div class=\"elementor-widget-wrap elementor-element-populated\">\n\t\t\t\t\t\t<div class=\"elementor-element elementor-element-3a5803a elementor-widget-divider--view-line elementor-widget elementor-widget-divider\" data-id=\"3a5803a\" data-element_type=\"widget\" data-e-type=\"widget\" data-widget_type=\"divider.default\">\n\t\t\t\t<div class=\"elementor-widget-container\">\n\t\t\t\t\t\t\t<div class=\"elementor-divider\">\n\t\t\t<span class=\"elementor-divider-separator\">\n\t\t\t\t\t\t<\/span>\n\t\t<\/div>\n\t\t\t\t\t\t<\/div>\n\t\t\t\t<\/div>\n\t\t\t\t<div class=\"elementor-element elementor-element-b1485d1 elementor-widget elementor-widget-image-gallery\" data-id=\"b1485d1\" data-element_type=\"widget\" data-e-type=\"widget\" data-widget_type=\"image-gallery.default\">\n\t\t\t\t<div class=\"elementor-widget-container\">\n\t\t\t\t\t\t\t<div class=\"elementor-image-gallery\">\n\t\t\t<div id='gallery-5' class='gallery galleryid-12 gallery-columns-1 gallery-size-2048x2048'><figure class='gallery-item'>\n\t\t\t<div class='gallery-icon landscape'>\n\t\t\t\t<a data-elementor-open-lightbox=\"yes\" data-elementor-lightbox-slideshow=\"b1485d1\" data-elementor-lightbox-title=\"Souvenirs Einladung KunstForum Schleiden\" data-e-action-hash=\"#elementor-action%3Aaction%3Dlightbox%26settings%3DeyJpZCI6MTE5OCwidXJsIjoiaHR0cHM6XC9cL2VmZmVjdGl2ZS1hcnQuY29tXC93cC1jb250ZW50XC91cGxvYWRzXC8yMDI1XC8wOVwvRmx5ZXJfRWlubGFkdW5nX0t1bnN0Rm9ydW1FaWZlbC1rbGVpbmVyLmpwZyIsInNsaWRlc2hvdyI6ImIxNDg1ZDEifQ%3D%3D\" href='https:\/\/effective-art.com\/wp-content\/uploads\/2025\/09\/Flyer_Einladung_KunstForumEifel-kleiner.jpg'><img loading=\"lazy\" decoding=\"async\" width=\"831\" height=\"545\" src=\"https:\/\/effective-art.com\/wp-content\/uploads\/2025\/09\/Flyer_Einladung_KunstForumEifel-kleiner.jpg\" class=\"attachment-2048x2048 size-2048x2048\" alt=\"\" aria-describedby=\"gallery-5-1198\" srcset=\"https:\/\/effective-art.com\/wp-content\/uploads\/2025\/09\/Flyer_Einladung_KunstForumEifel-kleiner.jpg 831w, https:\/\/effective-art.com\/wp-content\/uploads\/2025\/09\/Flyer_Einladung_KunstForumEifel-kleiner-300x197.jpg 300w, https:\/\/effective-art.com\/wp-content\/uploads\/2025\/09\/Flyer_Einladung_KunstForumEifel-kleiner-768x504.jpg 768w\" sizes=\"(max-width: 831px) 100vw, 831px\" style=\"width:100%;height:65.58%;max-width:831px;\" \/><\/a>\n\t\t\t<\/div>\n\t\t\t\t<figcaption class='wp-caption-text gallery-caption' id='gallery-5-1198'>\n\t\t\t\tSouvenirs Einladung KunstForum Schleiden\n\t\t\t\t<\/figcaption><\/figure><figure class='gallery-item'>\n\t\t\t<div class='gallery-icon portrait'>\n\t\t\t\t<a data-elementor-open-lightbox=\"yes\" data-elementor-lightbox-slideshow=\"b1485d1\" data-elementor-lightbox-title=\"&quot;Aufbewahrt&quot;  Sabine Reyer - Assemblage 70 x 100 cm 2025\" data-e-action-hash=\"#elementor-action%3Aaction%3Dlightbox%26settings%3DeyJpZCI6MTE5NywidXJsIjoiaHR0cHM6XC9cL2VmZmVjdGl2ZS1hcnQuY29tXC93cC1jb250ZW50XC91cGxvYWRzXC8yMDI1XC8wOVwvQXVmYmV3YWhydC1JbnRlcm5ldHNlaXRlLmpwZyIsInNsaWRlc2hvdyI6ImIxNDg1ZDEifQ%3D%3D\" href='https:\/\/effective-art.com\/wp-content\/uploads\/2025\/09\/Aufbewahrt-Internetseite.jpg'><img loading=\"lazy\" decoding=\"async\" width=\"1229\" height=\"1638\" src=\"https:\/\/effective-art.com\/wp-content\/uploads\/2025\/09\/Aufbewahrt-Internetseite.jpg\" class=\"attachment-2048x2048 size-2048x2048\" alt=\"\" aria-describedby=\"gallery-5-1197\" srcset=\"https:\/\/effective-art.com\/wp-content\/uploads\/2025\/09\/Aufbewahrt-Internetseite.jpg 1229w, https:\/\/effective-art.com\/wp-content\/uploads\/2025\/09\/Aufbewahrt-Internetseite-225x300.jpg 225w, https:\/\/effective-art.com\/wp-content\/uploads\/2025\/09\/Aufbewahrt-Internetseite-768x1024.jpg 768w, https:\/\/effective-art.com\/wp-content\/uploads\/2025\/09\/Aufbewahrt-Internetseite-1152x1536.jpg 1152w\" sizes=\"(max-width: 1229px) 100vw, 1229px\" style=\"width:100%;height:133.28%;max-width:1229px;\" \/><\/a>\n\t\t\t<\/div>\n\t\t\t\t<figcaption class='wp-caption-text gallery-caption' id='gallery-5-1197'>\n\t\t\t\t&#8222;Aufbewahrt&#8220;  Sabine Reyer &#8211; Assemblage 70 x 100 cm 2025\n\t\t\t\t<\/figcaption><\/figure>\n\t\t<\/div>\n\t\t<\/div>\n\t\t\t\t\t\t<\/div>\n\t\t\t\t<\/div>\n\t\t\t\t\t<\/div>\n\t\t<\/div>\n\t\t\t\t\t<\/div>\n\t\t<\/section>\n\t\t\t\t<section class=\"elementor-section elementor-top-section elementor-element elementor-element-1337a7c elementor-section-boxed elementor-section-height-default elementor-section-height-default\" data-id=\"1337a7c\" data-element_type=\"section\" data-e-type=\"section\">\n\t\t\t\t\t\t<div class=\"elementor-container elementor-column-gap-default\">\n\t\t\t\t\t<div class=\"elementor-column elementor-col-50 elementor-top-column elementor-element elementor-element-08dfced\" data-id=\"08dfced\" data-element_type=\"column\" data-e-type=\"column\">\n\t\t\t<div class=\"elementor-widget-wrap elementor-element-populated\">\n\t\t\t\t\t\t<div class=\"elementor-element elementor-element-0016d63 elementor-widget-divider--view-line elementor-widget elementor-widget-divider\" data-id=\"0016d63\" data-element_type=\"widget\" data-e-type=\"widget\" data-widget_type=\"divider.default\">\n\t\t\t\t<div class=\"elementor-widget-container\">\n\t\t\t\t\t\t\t<div class=\"elementor-divider\">\n\t\t\t<span class=\"elementor-divider-separator\">\n\t\t\t\t\t\t<\/span>\n\t\t<\/div>\n\t\t\t\t\t\t<\/div>\n\t\t\t\t<\/div>\n\t\t\t\t<div class=\"elementor-element elementor-element-a5e5630 elementor-widget elementor-widget-text-editor\" data-id=\"a5e5630\" data-element_type=\"widget\" data-e-type=\"widget\" data-widget_type=\"text-editor.default\">\n\t\t\t\t<div class=\"elementor-widget-container\">\n\t\t\t\t\t\t\t\t\t<p data-start=\"85\" data-end=\"143\">Projekt &#8222;Frankenberg im Wandel \u2013 vertraute Orte neu entdecken&#8220;<\/p><p data-start=\"145\" data-end=\"341\">Die Vortr\u00e4ge von Lothar Finger mit Bildpr\u00e4sentation und dem Film \u201eRendezvous in Frankenberg&#8220; (Walter Muth, 1954) finden guten Anklang.<\/p><p data-start=\"343\" data-end=\"555\">Die ersten beiden Termine waren sehr gut besucht \u2013 der Saal jeweils voll besetzt.<\/p><p data-start=\"343\" data-end=\"555\">Ein sch\u00f6nes Zeichen f\u00fcr das lebhafte Interesse am Projekt.<\/p>\t\t\t\t\t\t\t\t<\/div>\n\t\t\t\t<\/div>\n\t\t\t\t\t<\/div>\n\t\t<\/div>\n\t\t\t\t<div class=\"elementor-column elementor-col-50 elementor-top-column elementor-element elementor-element-3739849\" data-id=\"3739849\" data-element_type=\"column\" data-e-type=\"column\">\n\t\t\t<div class=\"elementor-widget-wrap elementor-element-populated\">\n\t\t\t\t\t\t<div class=\"elementor-element elementor-element-113308a elementor-widget-divider--view-line elementor-widget elementor-widget-divider\" data-id=\"113308a\" data-element_type=\"widget\" data-e-type=\"widget\" data-widget_type=\"divider.default\">\n\t\t\t\t<div class=\"elementor-widget-container\">\n\t\t\t\t\t\t\t<div class=\"elementor-divider\">\n\t\t\t<span class=\"elementor-divider-separator\">\n\t\t\t\t\t\t<\/span>\n\t\t<\/div>\n\t\t\t\t\t\t<\/div>\n\t\t\t\t<\/div>\n\t\t\t\t<div class=\"elementor-element elementor-element-d3ab159 elementor-widget elementor-widget-image-gallery\" data-id=\"d3ab159\" data-element_type=\"widget\" data-e-type=\"widget\" data-widget_type=\"image-gallery.default\">\n\t\t\t\t<div class=\"elementor-widget-container\">\n\t\t\t\t\t\t\t<div class=\"elementor-image-gallery\">\n\t\t\t<div id='gallery-6' class='gallery galleryid-12 gallery-columns-1 gallery-size-2048x2048'><figure class='gallery-item'>\n\t\t\t<div class='gallery-icon landscape'>\n\t\t\t\t<a data-elementor-open-lightbox=\"yes\" data-elementor-lightbox-slideshow=\"d3ab159\" data-elementor-lightbox-title=\"Frankenberg im Wandel_ Lothar-Finger \" data-e-action-hash=\"#elementor-action%3Aaction%3Dlightbox%26settings%3DeyJpZCI6MTE4MywidXJsIjoiaHR0cHM6XC9cL2VmZmVjdGl2ZS1hcnQuY29tXC93cC1jb250ZW50XC91cGxvYWRzXC8yMDI1XC8wOVwvMjAyNS0wOC0xNy0xMzUwMTYtMTQuanBnIiwic2xpZGVzaG93IjoiZDNhYjE1OSJ9\" href='https:\/\/effective-art.com\/wp-content\/uploads\/2025\/09\/2025-08-17-135016-14.jpg'><img loading=\"lazy\" decoding=\"async\" width=\"2048\" height=\"1536\" src=\"https:\/\/effective-art.com\/wp-content\/uploads\/2025\/09\/2025-08-17-135016-14.jpg\" class=\"attachment-2048x2048 size-2048x2048\" alt=\"\" aria-describedby=\"gallery-6-1183\" srcset=\"https:\/\/effective-art.com\/wp-content\/uploads\/2025\/09\/2025-08-17-135016-14.jpg 2048w, https:\/\/effective-art.com\/wp-content\/uploads\/2025\/09\/2025-08-17-135016-14-300x225.jpg 300w, https:\/\/effective-art.com\/wp-content\/uploads\/2025\/09\/2025-08-17-135016-14-1024x768.jpg 1024w, https:\/\/effective-art.com\/wp-content\/uploads\/2025\/09\/2025-08-17-135016-14-768x576.jpg 768w, https:\/\/effective-art.com\/wp-content\/uploads\/2025\/09\/2025-08-17-135016-14-1536x1152.jpg 1536w, https:\/\/effective-art.com\/wp-content\/uploads\/2025\/09\/2025-08-17-135016-14-1568x1176.jpg 1568w\" sizes=\"(max-width: 2048px) 100vw, 2048px\" style=\"width:100%;height:75%;max-width:2048px;\" \/><\/a>\n\t\t\t<\/div>\n\t\t\t\t<figcaption class='wp-caption-text gallery-caption' id='gallery-6-1183'>\n\t\t\t\tFrankenberg im Wandel_ Lothar-Finger \n\t\t\t\t<\/figcaption><\/figure><figure class='gallery-item'>\n\t\t\t<div class='gallery-icon landscape'>\n\t\t\t\t<a data-elementor-open-lightbox=\"yes\" data-elementor-lightbox-slideshow=\"d3ab159\" data-elementor-lightbox-title=\"Frankenberg im Wandel_ Lothar-Finger \" data-e-action-hash=\"#elementor-action%3Aaction%3Dlightbox%26settings%3DeyJpZCI6MTE4NCwidXJsIjoiaHR0cHM6XC9cL2VmZmVjdGl2ZS1hcnQuY29tXC93cC1jb250ZW50XC91cGxvYWRzXC8yMDI1XC8wOVwvMjAyNS0wOC0zMS1Wb3J0cmFnX0ZpbG0tMi5qcGciLCJzbGlkZXNob3ciOiJkM2FiMTU5In0%3D\" href='https:\/\/effective-art.com\/wp-content\/uploads\/2025\/09\/2025-08-31-Vortrag_Film-2.jpg'><img loading=\"lazy\" decoding=\"async\" width=\"2048\" height=\"1536\" src=\"https:\/\/effective-art.com\/wp-content\/uploads\/2025\/09\/2025-08-31-Vortrag_Film-2.jpg\" class=\"attachment-2048x2048 size-2048x2048\" alt=\"\" aria-describedby=\"gallery-6-1184\" srcset=\"https:\/\/effective-art.com\/wp-content\/uploads\/2025\/09\/2025-08-31-Vortrag_Film-2.jpg 2048w, https:\/\/effective-art.com\/wp-content\/uploads\/2025\/09\/2025-08-31-Vortrag_Film-2-300x225.jpg 300w, https:\/\/effective-art.com\/wp-content\/uploads\/2025\/09\/2025-08-31-Vortrag_Film-2-1024x768.jpg 1024w, https:\/\/effective-art.com\/wp-content\/uploads\/2025\/09\/2025-08-31-Vortrag_Film-2-768x576.jpg 768w, https:\/\/effective-art.com\/wp-content\/uploads\/2025\/09\/2025-08-31-Vortrag_Film-2-1536x1152.jpg 1536w, https:\/\/effective-art.com\/wp-content\/uploads\/2025\/09\/2025-08-31-Vortrag_Film-2-1568x1176.jpg 1568w\" sizes=\"(max-width: 2048px) 100vw, 2048px\" style=\"width:100%;height:75%;max-width:2048px;\" \/><\/a>\n\t\t\t<\/div>\n\t\t\t\t<figcaption class='wp-caption-text gallery-caption' id='gallery-6-1184'>\n\t\t\t\tFrankenberg im Wandel_ Lothar-Finger \n\t\t\t\t<\/figcaption><\/figure>\n\t\t<\/div>\n\t\t<\/div>\n\t\t\t\t\t\t<\/div>\n\t\t\t\t<\/div>\n\t\t\t\t\t<\/div>\n\t\t<\/div>\n\t\t\t\t\t<\/div>\n\t\t<\/section>\n\t\t\t\t<section class=\"elementor-section elementor-top-section elementor-element elementor-element-69ed516 elementor-section-boxed elementor-section-height-default elementor-section-height-default\" data-id=\"69ed516\" data-element_type=\"section\" data-e-type=\"section\">\n\t\t\t\t\t\t<div class=\"elementor-container elementor-column-gap-default\">\n\t\t\t\t\t<div class=\"elementor-column elementor-col-50 elementor-top-column elementor-element elementor-element-7225482\" data-id=\"7225482\" data-element_type=\"column\" data-e-type=\"column\">\n\t\t\t<div class=\"elementor-widget-wrap elementor-element-populated\">\n\t\t\t\t\t\t<div class=\"elementor-element elementor-element-e620d6e elementor-widget-divider--view-line elementor-widget elementor-widget-divider\" data-id=\"e620d6e\" data-element_type=\"widget\" data-e-type=\"widget\" data-widget_type=\"divider.default\">\n\t\t\t\t<div class=\"elementor-widget-container\">\n\t\t\t\t\t\t\t<div class=\"elementor-divider\">\n\t\t\t<span class=\"elementor-divider-separator\">\n\t\t\t\t\t\t<\/span>\n\t\t<\/div>\n\t\t\t\t\t\t<\/div>\n\t\t\t\t<\/div>\n\t\t\t\t<div class=\"elementor-element elementor-element-0fa338f elementor-widget elementor-widget-text-editor\" data-id=\"0fa338f\" data-element_type=\"widget\" data-e-type=\"widget\" data-widget_type=\"text-editor.default\">\n\t\t\t\t<div class=\"elementor-widget-container\">\n\t\t\t\t\t\t\t\t\t<p>HNA, 18. August 2025<br \/>Bericht von <br \/>Karl-Hermann V\u00f6lker<\/p>\t\t\t\t\t\t\t\t<\/div>\n\t\t\t\t<\/div>\n\t\t\t\t\t<\/div>\n\t\t<\/div>\n\t\t\t\t<div class=\"elementor-column elementor-col-50 elementor-top-column elementor-element elementor-element-0cc88d2\" data-id=\"0cc88d2\" data-element_type=\"column\" data-e-type=\"column\">\n\t\t\t<div class=\"elementor-widget-wrap elementor-element-populated\">\n\t\t\t\t\t\t<div class=\"elementor-element elementor-element-0d85836 elementor-widget-divider--view-line elementor-widget elementor-widget-divider\" data-id=\"0d85836\" data-element_type=\"widget\" data-e-type=\"widget\" data-widget_type=\"divider.default\">\n\t\t\t\t<div class=\"elementor-widget-container\">\n\t\t\t\t\t\t\t<div class=\"elementor-divider\">\n\t\t\t<span class=\"elementor-divider-separator\">\n\t\t\t\t\t\t<\/span>\n\t\t<\/div>\n\t\t\t\t\t\t<\/div>\n\t\t\t\t<\/div>\n\t\t\t\t<div class=\"elementor-element elementor-element-01bb8ca elementor-widget elementor-widget-image-gallery\" data-id=\"01bb8ca\" data-element_type=\"widget\" data-e-type=\"widget\" data-widget_type=\"image-gallery.default\">\n\t\t\t\t<div class=\"elementor-widget-container\">\n\t\t\t\t\t\t\t<div class=\"elementor-image-gallery\">\n\t\t\t<div id='gallery-7' class='gallery galleryid-12 gallery-columns-1 gallery-size-1536x1536'><figure class='gallery-item'>\n\t\t\t<div class='gallery-icon portrait'>\n\t\t\t\t<a data-elementor-open-lightbox=\"yes\" data-elementor-lightbox-slideshow=\"01bb8ca\" data-elementor-lightbox-title=\"HNA Kunst Frankenberg (Eder) B\u00fcrgermeisterin Frau Barbara Eckes, Landtagsvizepr\u00e4sidentin Dr. Daniela Sommer, Kunstwissenschaftlerin Anne-Kathrin Auel\" data-e-action-hash=\"#elementor-action%3Aaction%3Dlightbox%26settings%3DeyJpZCI6MTE3NywidXJsIjoiaHR0cHM6XC9cL2VmZmVjdGl2ZS1hcnQuY29tXC93cC1jb250ZW50XC91cGxvYWRzXC8yMDI1XC8wOFwvMjAyNS0wOC0xOC1ITkEtRXJvZWZmbnVuZ0ZyYW5rZW5iZXJnZXItQWxsZ2VtZWluZS0xOC4wOC0yLmpwZyIsInNsaWRlc2hvdyI6IjAxYmI4Y2EifQ%3D%3D\" href='https:\/\/effective-art.com\/wp-content\/uploads\/2025\/08\/2025-08-18-HNA-EroeffnungFrankenberger-Allgemeine-18.08-2.jpg'><img loading=\"lazy\" decoding=\"async\" width=\"1253\" height=\"1536\" src=\"https:\/\/effective-art.com\/wp-content\/uploads\/2025\/08\/2025-08-18-HNA-EroeffnungFrankenberger-Allgemeine-18.08-2-1253x1536.jpg\" class=\"attachment-1536x1536 size-1536x1536\" alt=\"\" aria-describedby=\"gallery-7-1177\" srcset=\"https:\/\/effective-art.com\/wp-content\/uploads\/2025\/08\/2025-08-18-HNA-EroeffnungFrankenberger-Allgemeine-18.08-2-1253x1536.jpg 1253w, https:\/\/effective-art.com\/wp-content\/uploads\/2025\/08\/2025-08-18-HNA-EroeffnungFrankenberger-Allgemeine-18.08-2-245x300.jpg 245w, https:\/\/effective-art.com\/wp-content\/uploads\/2025\/08\/2025-08-18-HNA-EroeffnungFrankenberger-Allgemeine-18.08-2-835x1024.jpg 835w, https:\/\/effective-art.com\/wp-content\/uploads\/2025\/08\/2025-08-18-HNA-EroeffnungFrankenberger-Allgemeine-18.08-2-768x941.jpg 768w, https:\/\/effective-art.com\/wp-content\/uploads\/2025\/08\/2025-08-18-HNA-EroeffnungFrankenberger-Allgemeine-18.08-2.jpg 1418w\" sizes=\"(max-width: 1253px) 100vw, 1253px\" style=\"width:100%;height:122.57%;max-width:1418px;\" \/><\/a>\n\t\t\t<\/div>\n\t\t\t\t<figcaption class='wp-caption-text gallery-caption' id='gallery-7-1177'>\n\t\t\t\t Er\u00f6ffnung mit den K\u00fcnstlerInnen und B\u00fcrgermeisterin Frau Barbara Eckes, Landtagsvizepr\u00e4sidentin Dr. Daniela Sommer, Kunstwissenschaftlerin Anne-Kathrin Auel\n\t\t\t\t<\/figcaption><\/figure>\n\t\t<\/div>\n\t\t<\/div>\n\t\t\t\t\t\t<\/div>\n\t\t\t\t<\/div>\n\t\t\t\t\t<\/div>\n\t\t<\/div>\n\t\t\t\t\t<\/div>\n\t\t<\/section>\n\t\t\t\t<section class=\"elementor-section elementor-top-section elementor-element elementor-element-81287e5 elementor-section-boxed elementor-section-height-default elementor-section-height-default\" data-id=\"81287e5\" data-element_type=\"section\" data-e-type=\"section\">\n\t\t\t\t\t\t<div class=\"elementor-container elementor-column-gap-default\">\n\t\t\t\t\t<div class=\"elementor-column elementor-col-50 elementor-top-column elementor-element elementor-element-c83f253\" data-id=\"c83f253\" data-element_type=\"column\" data-e-type=\"column\">\n\t\t\t<div class=\"elementor-widget-wrap elementor-element-populated\">\n\t\t\t\t\t\t<div class=\"elementor-element elementor-element-09b93de elementor-widget-divider--view-line elementor-widget elementor-widget-divider\" data-id=\"09b93de\" data-element_type=\"widget\" data-e-type=\"widget\" data-widget_type=\"divider.default\">\n\t\t\t\t<div class=\"elementor-widget-container\">\n\t\t\t\t\t\t\t<div class=\"elementor-divider\">\n\t\t\t<span class=\"elementor-divider-separator\">\n\t\t\t\t\t\t<\/span>\n\t\t<\/div>\n\t\t\t\t\t\t<\/div>\n\t\t\t\t<\/div>\n\t\t\t\t<div class=\"elementor-element elementor-element-ef48caa elementor-widget elementor-widget-text-editor\" data-id=\"ef48caa\" data-element_type=\"widget\" data-e-type=\"widget\" data-widget_type=\"text-editor.default\">\n\t\t\t\t<div class=\"elementor-widget-container\">\n\t\t\t\t\t\t\t\t\t<p>&#8222;Frankenberg im Wandel &#8211; vertraute Orte neu entdecken&#8220;<\/p><p>Bilder der Vernissage am 16. August 2025<\/p>\t\t\t\t\t\t\t\t<\/div>\n\t\t\t\t<\/div>\n\t\t\t\t\t<\/div>\n\t\t<\/div>\n\t\t\t\t<div class=\"elementor-column elementor-col-50 elementor-top-column elementor-element elementor-element-ff4eb8a\" data-id=\"ff4eb8a\" data-element_type=\"column\" data-e-type=\"column\">\n\t\t\t<div class=\"elementor-widget-wrap elementor-element-populated\">\n\t\t\t\t\t\t<div class=\"elementor-element elementor-element-48d89e9 elementor-widget-divider--view-line elementor-widget elementor-widget-divider\" data-id=\"48d89e9\" data-element_type=\"widget\" data-e-type=\"widget\" data-widget_type=\"divider.default\">\n\t\t\t\t<div class=\"elementor-widget-container\">\n\t\t\t\t\t\t\t<div class=\"elementor-divider\">\n\t\t\t<span class=\"elementor-divider-separator\">\n\t\t\t\t\t\t<\/span>\n\t\t<\/div>\n\t\t\t\t\t\t<\/div>\n\t\t\t\t<\/div>\n\t\t\t\t<div class=\"elementor-element elementor-element-6996e74 elementor-widget elementor-widget-image-gallery\" data-id=\"6996e74\" data-element_type=\"widget\" data-e-type=\"widget\" data-widget_type=\"image-gallery.default\">\n\t\t\t\t<div class=\"elementor-widget-container\">\n\t\t\t\t\t\t\t<div class=\"elementor-image-gallery\">\n\t\t\t<div id='gallery-8' class='gallery galleryid-12 gallery-columns-3 gallery-size-full'><figure class='gallery-item'>\n\t\t\t<div class='gallery-icon landscape'>\n\t\t\t\t<a data-elementor-open-lightbox=\"yes\" data-elementor-lightbox-slideshow=\"6996e74\" data-elementor-lightbox-title=\"16.08.2025 &quot;Frankenberg im Wandel -vertraute Orte neu entdecken&quot;, Vernissage \" data-e-action-hash=\"#elementor-action%3Aaction%3Dlightbox%26settings%3DeyJpZCI6MTE3NSwidXJsIjoiaHR0cHM6XC9cL2VmZmVjdGl2ZS1hcnQuY29tXC93cC1jb250ZW50XC91cGxvYWRzXC8yMDI1XC8wOFwvMjAyNS0wOC0xNi1WZXJuaXNzYWdlLTE4LmpwZyIsInNsaWRlc2hvdyI6IjY5OTZlNzQifQ%3D%3D\" href='https:\/\/effective-art.com\/wp-content\/uploads\/2025\/08\/2025-08-16-Vernissage-18.jpg'><img loading=\"lazy\" decoding=\"async\" width=\"1642\" height=\"1094\" src=\"https:\/\/effective-art.com\/wp-content\/uploads\/2025\/08\/2025-08-16-Vernissage-18.jpg\" class=\"attachment-full size-full\" alt=\"\" aria-describedby=\"gallery-8-1175\" srcset=\"https:\/\/effective-art.com\/wp-content\/uploads\/2025\/08\/2025-08-16-Vernissage-18.jpg 1642w, https:\/\/effective-art.com\/wp-content\/uploads\/2025\/08\/2025-08-16-Vernissage-18-300x200.jpg 300w, https:\/\/effective-art.com\/wp-content\/uploads\/2025\/08\/2025-08-16-Vernissage-18-1024x682.jpg 1024w, https:\/\/effective-art.com\/wp-content\/uploads\/2025\/08\/2025-08-16-Vernissage-18-768x512.jpg 768w, https:\/\/effective-art.com\/wp-content\/uploads\/2025\/08\/2025-08-16-Vernissage-18-1536x1023.jpg 1536w, https:\/\/effective-art.com\/wp-content\/uploads\/2025\/08\/2025-08-16-Vernissage-18-1568x1045.jpg 1568w\" sizes=\"(max-width: 1642px) 100vw, 1642px\" style=\"width:100%;height:66.63%;max-width:1642px;\" \/><\/a>\n\t\t\t<\/div>\n\t\t\t\t<figcaption class='wp-caption-text gallery-caption' id='gallery-8-1175'>\n\t\t\t\t16.08.2025 &#8222;Frankenberg im Wandel -vertraute Orte neu entdecken&#8220;, Vernissage \n\t\t\t\t<\/figcaption><\/figure><figure class='gallery-item'>\n\t\t\t<div class='gallery-icon landscape'>\n\t\t\t\t<a data-elementor-open-lightbox=\"yes\" data-elementor-lightbox-slideshow=\"6996e74\" data-elementor-lightbox-title=\"16.08.2025 &quot;Frankenberg im Wandel -vertraute Orte neu entdecken&quot;, Vernissage \" data-e-action-hash=\"#elementor-action%3Aaction%3Dlightbox%26settings%3DeyJpZCI6MTE3NiwidXJsIjoiaHR0cHM6XC9cL2VmZmVjdGl2ZS1hcnQuY29tXC93cC1jb250ZW50XC91cGxvYWRzXC8yMDI1XC8wOFwvMjAyNS0wOC0xNi1WZXJuaXNzYWdlLTE5LmpwZyIsInNsaWRlc2hvdyI6IjY5OTZlNzQifQ%3D%3D\" href='https:\/\/effective-art.com\/wp-content\/uploads\/2025\/08\/2025-08-16-Vernissage-19.jpg'><img loading=\"lazy\" decoding=\"async\" width=\"1642\" height=\"1094\" src=\"https:\/\/effective-art.com\/wp-content\/uploads\/2025\/08\/2025-08-16-Vernissage-19.jpg\" class=\"attachment-full size-full\" alt=\"\" aria-describedby=\"gallery-8-1176\" srcset=\"https:\/\/effective-art.com\/wp-content\/uploads\/2025\/08\/2025-08-16-Vernissage-19.jpg 1642w, https:\/\/effective-art.com\/wp-content\/uploads\/2025\/08\/2025-08-16-Vernissage-19-300x200.jpg 300w, https:\/\/effective-art.com\/wp-content\/uploads\/2025\/08\/2025-08-16-Vernissage-19-1024x682.jpg 1024w, https:\/\/effective-art.com\/wp-content\/uploads\/2025\/08\/2025-08-16-Vernissage-19-768x512.jpg 768w, https:\/\/effective-art.com\/wp-content\/uploads\/2025\/08\/2025-08-16-Vernissage-19-1536x1023.jpg 1536w, https:\/\/effective-art.com\/wp-content\/uploads\/2025\/08\/2025-08-16-Vernissage-19-1568x1045.jpg 1568w\" sizes=\"(max-width: 1642px) 100vw, 1642px\" style=\"width:100%;height:66.63%;max-width:1642px;\" \/><\/a>\n\t\t\t<\/div>\n\t\t\t\t<figcaption class='wp-caption-text gallery-caption' id='gallery-8-1176'>\n\t\t\t\t16.08.2025 &#8222;Frankenberg im Wandel -vertraute Orte neu entdecken&#8220;, Vernissage \n\t\t\t\t<\/figcaption><\/figure><figure class='gallery-item'>\n\t\t\t<div class='gallery-icon landscape'>\n\t\t\t\t<a data-elementor-open-lightbox=\"yes\" data-elementor-lightbox-slideshow=\"6996e74\" data-elementor-lightbox-title=\"16.08.2025 &quot;Frankenberg im Wandel -vertraute Orte neu entdecken&quot;, Vernissage \" data-e-action-hash=\"#elementor-action%3Aaction%3Dlightbox%26settings%3DeyJpZCI6MTE3MiwidXJsIjoiaHR0cHM6XC9cL2VmZmVjdGl2ZS1hcnQuY29tXC93cC1jb250ZW50XC91cGxvYWRzXC8yMDI1XC8wOFwvMjAyNS0wOC0xNi1WZXJuaXNzYWdlLTE2LmpwZyIsInNsaWRlc2hvdyI6IjY5OTZlNzQifQ%3D%3D\" href='https:\/\/effective-art.com\/wp-content\/uploads\/2025\/08\/2025-08-16-Vernissage-16.jpg'><img loading=\"lazy\" decoding=\"async\" width=\"1642\" height=\"1094\" src=\"https:\/\/effective-art.com\/wp-content\/uploads\/2025\/08\/2025-08-16-Vernissage-16.jpg\" class=\"attachment-full size-full\" alt=\"\" aria-describedby=\"gallery-8-1172\" srcset=\"https:\/\/effective-art.com\/wp-content\/uploads\/2025\/08\/2025-08-16-Vernissage-16.jpg 1642w, https:\/\/effective-art.com\/wp-content\/uploads\/2025\/08\/2025-08-16-Vernissage-16-300x200.jpg 300w, https:\/\/effective-art.com\/wp-content\/uploads\/2025\/08\/2025-08-16-Vernissage-16-1024x682.jpg 1024w, https:\/\/effective-art.com\/wp-content\/uploads\/2025\/08\/2025-08-16-Vernissage-16-768x512.jpg 768w, https:\/\/effective-art.com\/wp-content\/uploads\/2025\/08\/2025-08-16-Vernissage-16-1536x1023.jpg 1536w, https:\/\/effective-art.com\/wp-content\/uploads\/2025\/08\/2025-08-16-Vernissage-16-1568x1045.jpg 1568w\" sizes=\"(max-width: 1642px) 100vw, 1642px\" style=\"width:100%;height:66.63%;max-width:1642px;\" \/><\/a>\n\t\t\t<\/div>\n\t\t\t\t<figcaption class='wp-caption-text gallery-caption' id='gallery-8-1172'>\n\t\t\t\t16.08.2025 &#8222;Frankenberg im Wandel -vertraute Orte neu entdecken&#8220;, Vernissage \n\t\t\t\t<\/figcaption><\/figure><figure class='gallery-item'>\n\t\t\t<div class='gallery-icon landscape'>\n\t\t\t\t<a data-elementor-open-lightbox=\"yes\" data-elementor-lightbox-slideshow=\"6996e74\" data-elementor-lightbox-title=\"16.08.2025 &quot;Frankenberg im Wandel -vertraute Orte neu entdecken&quot;, Vernissage \" data-e-action-hash=\"#elementor-action%3Aaction%3Dlightbox%26settings%3DeyJpZCI6MTE2NSwidXJsIjoiaHR0cHM6XC9cL2VmZmVjdGl2ZS1hcnQuY29tXC93cC1jb250ZW50XC91cGxvYWRzXC8yMDI1XC8wOFwvMjAyNS0wOC0xNi1WZXJuaXNzYWdlLTkuanBnIiwic2xpZGVzaG93IjoiNjk5NmU3NCJ9\" href='https:\/\/effective-art.com\/wp-content\/uploads\/2025\/08\/2025-08-16-Vernissage-9.jpg'><img loading=\"lazy\" decoding=\"async\" width=\"890\" height=\"597\" src=\"https:\/\/effective-art.com\/wp-content\/uploads\/2025\/08\/2025-08-16-Vernissage-9.jpg\" class=\"attachment-full size-full\" alt=\"\" aria-describedby=\"gallery-8-1165\" srcset=\"https:\/\/effective-art.com\/wp-content\/uploads\/2025\/08\/2025-08-16-Vernissage-9.jpg 890w, https:\/\/effective-art.com\/wp-content\/uploads\/2025\/08\/2025-08-16-Vernissage-9-300x201.jpg 300w, https:\/\/effective-art.com\/wp-content\/uploads\/2025\/08\/2025-08-16-Vernissage-9-768x515.jpg 768w\" sizes=\"(max-width: 890px) 100vw, 890px\" style=\"width:100%;height:67.08%;max-width:890px;\" \/><\/a>\n\t\t\t<\/div>\n\t\t\t\t<figcaption class='wp-caption-text gallery-caption' id='gallery-8-1165'>\n\t\t\t\t16.08.2025 &#8222;Frankenberg im Wandel -vertraute Orte neu entdecken&#8220;, Vernissage \n\t\t\t\t<\/figcaption><\/figure><figure class='gallery-item'>\n\t\t\t<div class='gallery-icon landscape'>\n\t\t\t\t<a data-elementor-open-lightbox=\"yes\" data-elementor-lightbox-slideshow=\"6996e74\" data-elementor-lightbox-title=\"16.08.2025 &quot;Frankenberg im Wandel -vertraute Orte neu entdecken&quot;, Vernissage \" data-e-action-hash=\"#elementor-action%3Aaction%3Dlightbox%26settings%3DeyJpZCI6MTE2NiwidXJsIjoiaHR0cHM6XC9cL2VmZmVjdGl2ZS1hcnQuY29tXC93cC1jb250ZW50XC91cGxvYWRzXC8yMDI1XC8wOFwvMjAyNS0wOC0xNi1WZXJuaXNzYWdlLTEwLXNjYWxlZC5qcGciLCJzbGlkZXNob3ciOiI2OTk2ZTc0In0%3D\" href='https:\/\/effective-art.com\/wp-content\/uploads\/2025\/08\/2025-08-16-Vernissage-10-scaled.jpg'><img loading=\"lazy\" decoding=\"async\" width=\"2560\" height=\"1718\" src=\"https:\/\/effective-art.com\/wp-content\/uploads\/2025\/08\/2025-08-16-Vernissage-10-scaled.jpg\" class=\"attachment-full size-full\" alt=\"\" aria-describedby=\"gallery-8-1166\" srcset=\"https:\/\/effective-art.com\/wp-content\/uploads\/2025\/08\/2025-08-16-Vernissage-10-scaled.jpg 2560w, https:\/\/effective-art.com\/wp-content\/uploads\/2025\/08\/2025-08-16-Vernissage-10-300x201.jpg 300w, https:\/\/effective-art.com\/wp-content\/uploads\/2025\/08\/2025-08-16-Vernissage-10-1024x687.jpg 1024w, https:\/\/effective-art.com\/wp-content\/uploads\/2025\/08\/2025-08-16-Vernissage-10-768x515.jpg 768w, https:\/\/effective-art.com\/wp-content\/uploads\/2025\/08\/2025-08-16-Vernissage-10-1536x1031.jpg 1536w, https:\/\/effective-art.com\/wp-content\/uploads\/2025\/08\/2025-08-16-Vernissage-10-2048x1374.jpg 2048w, https:\/\/effective-art.com\/wp-content\/uploads\/2025\/08\/2025-08-16-Vernissage-10-1568x1052.jpg 1568w\" sizes=\"(max-width: 2560px) 100vw, 2560px\" style=\"width:100%;height:67.11%;max-width:2560px;\" \/><\/a>\n\t\t\t<\/div>\n\t\t\t\t<figcaption class='wp-caption-text gallery-caption' id='gallery-8-1166'>\n\t\t\t\t16.08.2025 &#8222;Frankenberg im Wandel -vertraute Orte neu entdecken&#8220;, Vernissage \n\t\t\t\t<\/figcaption><\/figure><figure class='gallery-item'>\n\t\t\t<div class='gallery-icon portrait'>\n\t\t\t\t<a data-elementor-open-lightbox=\"yes\" data-elementor-lightbox-slideshow=\"6996e74\" data-elementor-lightbox-title=\"16.08.2025 &quot;Frankenberg im Wandel -vertraute Orte neu entdecken&quot;, Vernissage \" data-e-action-hash=\"#elementor-action%3Aaction%3Dlightbox%26settings%3DeyJpZCI6MTE2NywidXJsIjoiaHR0cHM6XC9cL2VmZmVjdGl2ZS1hcnQuY29tXC93cC1jb250ZW50XC91cGxvYWRzXC8yMDI1XC8wOFwvMjAyNS0wOC0xNi1WZXJuaXNzYWdlLTExLmpwZyIsInNsaWRlc2hvdyI6IjY5OTZlNzQifQ%3D%3D\" href='https:\/\/effective-art.com\/wp-content\/uploads\/2025\/08\/2025-08-16-Vernissage-11.jpg'><img loading=\"lazy\" decoding=\"async\" width=\"1512\" height=\"2016\" src=\"https:\/\/effective-art.com\/wp-content\/uploads\/2025\/08\/2025-08-16-Vernissage-11.jpg\" class=\"attachment-full size-full\" alt=\"\" aria-describedby=\"gallery-8-1167\" srcset=\"https:\/\/effective-art.com\/wp-content\/uploads\/2025\/08\/2025-08-16-Vernissage-11.jpg 1512w, https:\/\/effective-art.com\/wp-content\/uploads\/2025\/08\/2025-08-16-Vernissage-11-225x300.jpg 225w, https:\/\/effective-art.com\/wp-content\/uploads\/2025\/08\/2025-08-16-Vernissage-11-768x1024.jpg 768w, https:\/\/effective-art.com\/wp-content\/uploads\/2025\/08\/2025-08-16-Vernissage-11-1152x1536.jpg 1152w\" sizes=\"(max-width: 1512px) 100vw, 1512px\" style=\"width:100%;height:133.33%;max-width:1512px;\" \/><\/a>\n\t\t\t<\/div>\n\t\t\t\t<figcaption class='wp-caption-text gallery-caption' id='gallery-8-1167'>\n\t\t\t\t16.08.2025 &#8222;Frankenberg im Wandel -vertraute Orte neu entdecken&#8220;, Vernissage \n\t\t\t\t<\/figcaption><\/figure><figure class='gallery-item'>\n\t\t\t<div class='gallery-icon landscape'>\n\t\t\t\t<a data-elementor-open-lightbox=\"yes\" data-elementor-lightbox-slideshow=\"6996e74\" data-elementor-lightbox-title=\"16.08.2025 &quot;Frankenberg im Wandel -vertraute Orte neu entdecken&quot;, Vernissage \" data-e-action-hash=\"#elementor-action%3Aaction%3Dlightbox%26settings%3DeyJpZCI6MTE2OCwidXJsIjoiaHR0cHM6XC9cL2VmZmVjdGl2ZS1hcnQuY29tXC93cC1jb250ZW50XC91cGxvYWRzXC8yMDI1XC8wOFwvMjAyNS0wOC0xNi1WZXJuaXNzYWdlLTEyLmpwZyIsInNsaWRlc2hvdyI6IjY5OTZlNzQifQ%3D%3D\" href='https:\/\/effective-art.com\/wp-content\/uploads\/2025\/08\/2025-08-16-Vernissage-12.jpg'><img loading=\"lazy\" decoding=\"async\" width=\"1492\" height=\"1453\" src=\"https:\/\/effective-art.com\/wp-content\/uploads\/2025\/08\/2025-08-16-Vernissage-12.jpg\" class=\"attachment-full size-full\" alt=\"\" aria-describedby=\"gallery-8-1168\" srcset=\"https:\/\/effective-art.com\/wp-content\/uploads\/2025\/08\/2025-08-16-Vernissage-12.jpg 1492w, https:\/\/effective-art.com\/wp-content\/uploads\/2025\/08\/2025-08-16-Vernissage-12-300x292.jpg 300w, https:\/\/effective-art.com\/wp-content\/uploads\/2025\/08\/2025-08-16-Vernissage-12-1024x997.jpg 1024w, https:\/\/effective-art.com\/wp-content\/uploads\/2025\/08\/2025-08-16-Vernissage-12-768x748.jpg 768w\" sizes=\"(max-width: 1492px) 100vw, 1492px\" style=\"width:100%;height:97.39%;max-width:1492px;\" \/><\/a>\n\t\t\t<\/div>\n\t\t\t\t<figcaption class='wp-caption-text gallery-caption' id='gallery-8-1168'>\n\t\t\t\t16.08.2025 &#8222;Frankenberg im Wandel -vertraute Orte neu entdecken&#8220;, Vernissage \n\t\t\t\t<\/figcaption><\/figure><figure class='gallery-item'>\n\t\t\t<div class='gallery-icon portrait'>\n\t\t\t\t<a data-elementor-open-lightbox=\"yes\" data-elementor-lightbox-slideshow=\"6996e74\" data-elementor-lightbox-title=\"16.08.2025 &quot;Frankenberg im Wandel -vertraute Orte neu entdecken&quot;, Vernissage \" data-e-action-hash=\"#elementor-action%3Aaction%3Dlightbox%26settings%3DeyJpZCI6MTE2OSwidXJsIjoiaHR0cHM6XC9cL2VmZmVjdGl2ZS1hcnQuY29tXC93cC1jb250ZW50XC91cGxvYWRzXC8yMDI1XC8wOFwvMjAyNS0wOC0xNi1WZXJuaXNzYWdlLTEzLmpwZyIsInNsaWRlc2hvdyI6IjY5OTZlNzQifQ%3D%3D\" href='https:\/\/effective-art.com\/wp-content\/uploads\/2025\/08\/2025-08-16-Vernissage-13.jpg'><img loading=\"lazy\" decoding=\"async\" width=\"1492\" height=\"1796\" src=\"https:\/\/effective-art.com\/wp-content\/uploads\/2025\/08\/2025-08-16-Vernissage-13.jpg\" class=\"attachment-full size-full\" alt=\"\" aria-describedby=\"gallery-8-1169\" srcset=\"https:\/\/effective-art.com\/wp-content\/uploads\/2025\/08\/2025-08-16-Vernissage-13.jpg 1492w, https:\/\/effective-art.com\/wp-content\/uploads\/2025\/08\/2025-08-16-Vernissage-13-249x300.jpg 249w, https:\/\/effective-art.com\/wp-content\/uploads\/2025\/08\/2025-08-16-Vernissage-13-851x1024.jpg 851w, https:\/\/effective-art.com\/wp-content\/uploads\/2025\/08\/2025-08-16-Vernissage-13-768x924.jpg 768w, https:\/\/effective-art.com\/wp-content\/uploads\/2025\/08\/2025-08-16-Vernissage-13-1276x1536.jpg 1276w\" sizes=\"(max-width: 1492px) 100vw, 1492px\" style=\"width:100%;height:120.38%;max-width:1492px;\" \/><\/a>\n\t\t\t<\/div>\n\t\t\t\t<figcaption class='wp-caption-text gallery-caption' id='gallery-8-1169'>\n\t\t\t\t16.08.2025 &#8222;Frankenberg im Wandel -vertraute Orte neu entdecken&#8220;, Vernissage \n\t\t\t\t<\/figcaption><\/figure><figure class='gallery-item'>\n\t\t\t<div class='gallery-icon landscape'>\n\t\t\t\t<a data-elementor-open-lightbox=\"yes\" data-elementor-lightbox-slideshow=\"6996e74\" data-elementor-lightbox-title=\"16.08.2025 &quot;Frankenberg im Wandel -vertraute Orte neu entdecken&quot;, Vernissage \" data-e-action-hash=\"#elementor-action%3Aaction%3Dlightbox%26settings%3DeyJpZCI6MTE3MCwidXJsIjoiaHR0cHM6XC9cL2VmZmVjdGl2ZS1hcnQuY29tXC93cC1jb250ZW50XC91cGxvYWRzXC8yMDI1XC8wOFwvMjAyNS0wOC0xNi1WZXJuaXNzYWdlLTE0LmpwZyIsInNsaWRlc2hvdyI6IjY5OTZlNzQifQ%3D%3D\" href='https:\/\/effective-art.com\/wp-content\/uploads\/2025\/08\/2025-08-16-Vernissage-14.jpg'><img loading=\"lazy\" decoding=\"async\" width=\"1642\" height=\"1094\" src=\"https:\/\/effective-art.com\/wp-content\/uploads\/2025\/08\/2025-08-16-Vernissage-14.jpg\" class=\"attachment-full size-full\" alt=\"\" aria-describedby=\"gallery-8-1170\" srcset=\"https:\/\/effective-art.com\/wp-content\/uploads\/2025\/08\/2025-08-16-Vernissage-14.jpg 1642w, https:\/\/effective-art.com\/wp-content\/uploads\/2025\/08\/2025-08-16-Vernissage-14-300x200.jpg 300w, https:\/\/effective-art.com\/wp-content\/uploads\/2025\/08\/2025-08-16-Vernissage-14-1024x682.jpg 1024w, https:\/\/effective-art.com\/wp-content\/uploads\/2025\/08\/2025-08-16-Vernissage-14-768x512.jpg 768w, https:\/\/effective-art.com\/wp-content\/uploads\/2025\/08\/2025-08-16-Vernissage-14-1536x1023.jpg 1536w, https:\/\/effective-art.com\/wp-content\/uploads\/2025\/08\/2025-08-16-Vernissage-14-1568x1045.jpg 1568w\" sizes=\"(max-width: 1642px) 100vw, 1642px\" style=\"width:100%;height:66.63%;max-width:1642px;\" \/><\/a>\n\t\t\t<\/div>\n\t\t\t\t<figcaption class='wp-caption-text gallery-caption' id='gallery-8-1170'>\n\t\t\t\t16.08.2025 &#8222;Frankenberg im Wandel -vertraute Orte neu entdecken&#8220;, Vernissage \n\t\t\t\t<\/figcaption><\/figure><figure class='gallery-item'>\n\t\t\t<div class='gallery-icon landscape'>\n\t\t\t\t<a data-elementor-open-lightbox=\"yes\" data-elementor-lightbox-slideshow=\"6996e74\" data-elementor-lightbox-title=\"16.08.2025 &quot;Frankenberg im Wandel -vertraute Orte neu entdecken&quot;, Vernissage \" data-e-action-hash=\"#elementor-action%3Aaction%3Dlightbox%26settings%3DeyJpZCI6MTE3MSwidXJsIjoiaHR0cHM6XC9cL2VmZmVjdGl2ZS1hcnQuY29tXC93cC1jb250ZW50XC91cGxvYWRzXC8yMDI1XC8wOFwvMjAyNS0wOC0xNi1WZXJuaXNzYWdlLTE1LmpwZyIsInNsaWRlc2hvdyI6IjY5OTZlNzQifQ%3D%3D\" href='https:\/\/effective-art.com\/wp-content\/uploads\/2025\/08\/2025-08-16-Vernissage-15.jpg'><img loading=\"lazy\" decoding=\"async\" width=\"1642\" height=\"1094\" src=\"https:\/\/effective-art.com\/wp-content\/uploads\/2025\/08\/2025-08-16-Vernissage-15.jpg\" class=\"attachment-full size-full\" alt=\"\" aria-describedby=\"gallery-8-1171\" srcset=\"https:\/\/effective-art.com\/wp-content\/uploads\/2025\/08\/2025-08-16-Vernissage-15.jpg 1642w, https:\/\/effective-art.com\/wp-content\/uploads\/2025\/08\/2025-08-16-Vernissage-15-300x200.jpg 300w, https:\/\/effective-art.com\/wp-content\/uploads\/2025\/08\/2025-08-16-Vernissage-15-1024x682.jpg 1024w, https:\/\/effective-art.com\/wp-content\/uploads\/2025\/08\/2025-08-16-Vernissage-15-768x512.jpg 768w, https:\/\/effective-art.com\/wp-content\/uploads\/2025\/08\/2025-08-16-Vernissage-15-1536x1023.jpg 1536w, https:\/\/effective-art.com\/wp-content\/uploads\/2025\/08\/2025-08-16-Vernissage-15-1568x1045.jpg 1568w\" sizes=\"(max-width: 1642px) 100vw, 1642px\" style=\"width:100%;height:66.63%;max-width:1642px;\" \/><\/a>\n\t\t\t<\/div>\n\t\t\t\t<figcaption class='wp-caption-text gallery-caption' id='gallery-8-1171'>\n\t\t\t\t16.08.2025 &#8222;Frankenberg im Wandel -vertraute Orte neu entdecken&#8220;, Vernissage \n\t\t\t\t<\/figcaption><\/figure><figure class='gallery-item'>\n\t\t\t<div class='gallery-icon landscape'>\n\t\t\t\t<a data-elementor-open-lightbox=\"yes\" data-elementor-lightbox-slideshow=\"6996e74\" data-elementor-lightbox-title=\"16.08.2025 &quot;Frankenberg im Wandel -vertraute Orte neu entdecken&quot;, Vernissage \" data-e-action-hash=\"#elementor-action%3Aaction%3Dlightbox%26settings%3DeyJpZCI6MTE3MywidXJsIjoiaHR0cHM6XC9cL2VmZmVjdGl2ZS1hcnQuY29tXC93cC1jb250ZW50XC91cGxvYWRzXC8yMDI1XC8wOFwvMjAyNS0wOC0xNi1WZXJuaXNzYWdlLTE3LmpwZyIsInNsaWRlc2hvdyI6IjY5OTZlNzQifQ%3D%3D\" href='https:\/\/effective-art.com\/wp-content\/uploads\/2025\/08\/2025-08-16-Vernissage-17.jpg'><img loading=\"lazy\" decoding=\"async\" width=\"1642\" height=\"1094\" src=\"https:\/\/effective-art.com\/wp-content\/uploads\/2025\/08\/2025-08-16-Vernissage-17.jpg\" class=\"attachment-full size-full\" alt=\"\" aria-describedby=\"gallery-8-1173\" srcset=\"https:\/\/effective-art.com\/wp-content\/uploads\/2025\/08\/2025-08-16-Vernissage-17.jpg 1642w, https:\/\/effective-art.com\/wp-content\/uploads\/2025\/08\/2025-08-16-Vernissage-17-300x200.jpg 300w, https:\/\/effective-art.com\/wp-content\/uploads\/2025\/08\/2025-08-16-Vernissage-17-1024x682.jpg 1024w, https:\/\/effective-art.com\/wp-content\/uploads\/2025\/08\/2025-08-16-Vernissage-17-768x512.jpg 768w, https:\/\/effective-art.com\/wp-content\/uploads\/2025\/08\/2025-08-16-Vernissage-17-1536x1023.jpg 1536w, https:\/\/effective-art.com\/wp-content\/uploads\/2025\/08\/2025-08-16-Vernissage-17-1568x1045.jpg 1568w\" sizes=\"(max-width: 1642px) 100vw, 1642px\" style=\"width:100%;height:66.63%;max-width:1642px;\" \/><\/a>\n\t\t\t<\/div>\n\t\t\t\t<figcaption class='wp-caption-text gallery-caption' id='gallery-8-1173'>\n\t\t\t\t16.08.2025 &#8222;Frankenberg im Wandel -vertraute Orte neu entdecken&#8220;, Vernissage \n\t\t\t\t<\/figcaption><\/figure>\n\t\t<\/div>\n\t\t<\/div>\n\t\t\t\t\t\t<\/div>\n\t\t\t\t<\/div>\n\t\t\t\t\t<\/div>\n\t\t<\/div>\n\t\t\t\t\t<\/div>\n\t\t<\/section>\n\t\t\t\t<section class=\"elementor-section elementor-top-section elementor-element elementor-element-989708c elementor-section-boxed elementor-section-height-default elementor-section-height-default\" data-id=\"989708c\" data-element_type=\"section\" data-e-type=\"section\">\n\t\t\t\t\t\t<div class=\"elementor-container elementor-column-gap-default\">\n\t\t\t\t\t<div class=\"elementor-column elementor-col-50 elementor-top-column elementor-element elementor-element-36bfa1c\" data-id=\"36bfa1c\" data-element_type=\"column\" data-e-type=\"column\">\n\t\t\t<div class=\"elementor-widget-wrap elementor-element-populated\">\n\t\t\t\t\t\t<div class=\"elementor-element elementor-element-c374447 elementor-widget-divider--view-line elementor-widget elementor-widget-divider\" data-id=\"c374447\" data-element_type=\"widget\" data-e-type=\"widget\" data-widget_type=\"divider.default\">\n\t\t\t\t<div class=\"elementor-widget-container\">\n\t\t\t\t\t\t\t<div class=\"elementor-divider\">\n\t\t\t<span class=\"elementor-divider-separator\">\n\t\t\t\t\t\t<\/span>\n\t\t<\/div>\n\t\t\t\t\t\t<\/div>\n\t\t\t\t<\/div>\n\t\t\t\t<div class=\"elementor-element elementor-element-6ac2886 elementor-widget elementor-widget-text-editor\" data-id=\"6ac2886\" data-element_type=\"widget\" data-e-type=\"widget\" data-widget_type=\"text-editor.default\">\n\t\t\t\t<div class=\"elementor-widget-container\">\n\t\t\t\t\t\t\t\t\t<p>HNA, 5. August 2025<br \/>Bericht von <br \/>Karl-Hermann V\u00f6lker<\/p>\t\t\t\t\t\t\t\t<\/div>\n\t\t\t\t<\/div>\n\t\t\t\t\t<\/div>\n\t\t<\/div>\n\t\t\t\t<div class=\"elementor-column elementor-col-50 elementor-top-column elementor-element elementor-element-1a3941e\" data-id=\"1a3941e\" data-element_type=\"column\" data-e-type=\"column\">\n\t\t\t<div class=\"elementor-widget-wrap elementor-element-populated\">\n\t\t\t\t\t\t<div class=\"elementor-element elementor-element-3b86140 elementor-widget-divider--view-line elementor-widget elementor-widget-divider\" data-id=\"3b86140\" data-element_type=\"widget\" data-e-type=\"widget\" data-widget_type=\"divider.default\">\n\t\t\t\t<div class=\"elementor-widget-container\">\n\t\t\t\t\t\t\t<div class=\"elementor-divider\">\n\t\t\t<span class=\"elementor-divider-separator\">\n\t\t\t\t\t\t<\/span>\n\t\t<\/div>\n\t\t\t\t\t\t<\/div>\n\t\t\t\t<\/div>\n\t\t\t\t<div class=\"elementor-element elementor-element-5747bce elementor-widget elementor-widget-image-gallery\" data-id=\"5747bce\" data-element_type=\"widget\" data-e-type=\"widget\" data-widget_type=\"image-gallery.default\">\n\t\t\t\t<div class=\"elementor-widget-container\">\n\t\t\t\t\t\t\t<div class=\"elementor-image-gallery\">\n\t\t\t<div id='gallery-9' class='gallery galleryid-12 gallery-columns-1 gallery-size-large'><figure class='gallery-item'>\n\t\t\t<div class='gallery-icon portrait'>\n\t\t\t\t<a data-elementor-open-lightbox=\"yes\" data-elementor-lightbox-slideshow=\"5747bce\" data-elementor-lightbox-title=\"Frankenberg im Wandel - vertraute Orte neu entdecken  HNA 05.08.2025\" data-e-action-hash=\"#elementor-action%3Aaction%3Dlightbox%26settings%3DeyJpZCI6MTE1OSwidXJsIjoiaHR0cHM6XC9cL2VmZmVjdGl2ZS1hcnQuY29tXC93cC1jb250ZW50XC91cGxvYWRzXC8yMDI1XC8wOFwvMjAyNS0wOC0wNS1ITkEtRnJhbmtlbmJlcmctbmV1LWVudGRlY2tlbi1LLkguVm9lbGtlci0uanBnIiwic2xpZGVzaG93IjoiNTc0N2JjZSJ9\" href='https:\/\/effective-art.com\/wp-content\/uploads\/2025\/08\/2025-08-05-HNA-Frankenberg-neu-entdecken-K.H.Voelker-.jpg'><img loading=\"lazy\" decoding=\"async\" width=\"750\" height=\"1003\" src=\"https:\/\/effective-art.com\/wp-content\/uploads\/2025\/08\/2025-08-05-HNA-Frankenberg-neu-entdecken-K.H.Voelker--766x1024.jpg\" class=\"attachment-large size-large\" alt=\"\" aria-describedby=\"gallery-9-1159\" srcset=\"https:\/\/effective-art.com\/wp-content\/uploads\/2025\/08\/2025-08-05-HNA-Frankenberg-neu-entdecken-K.H.Voelker--766x1024.jpg 766w, https:\/\/effective-art.com\/wp-content\/uploads\/2025\/08\/2025-08-05-HNA-Frankenberg-neu-entdecken-K.H.Voelker--224x300.jpg 224w, https:\/\/effective-art.com\/wp-content\/uploads\/2025\/08\/2025-08-05-HNA-Frankenberg-neu-entdecken-K.H.Voelker--768x1027.jpg 768w, https:\/\/effective-art.com\/wp-content\/uploads\/2025\/08\/2025-08-05-HNA-Frankenberg-neu-entdecken-K.H.Voelker-.jpg 1128w\" sizes=\"(max-width: 750px) 100vw, 750px\" style=\"width:100%;height:133.69%;max-width:1128px;\" \/><\/a>\n\t\t\t<\/div>\n\t\t\t\t<figcaption class='wp-caption-text gallery-caption' id='gallery-9-1159'>\n\t\t\t\tFrankenberg im Wandel &#8211; vertraute Orte neu entdecken  HNA 05.08.2025\n\t\t\t\t<\/figcaption><\/figure>\n\t\t<\/div>\n\t\t<\/div>\n\t\t\t\t\t\t<\/div>\n\t\t\t\t<\/div>\n\t\t\t\t\t<\/div>\n\t\t<\/div>\n\t\t\t\t\t<\/div>\n\t\t<\/section>\n\t\t\t\t<section class=\"elementor-section elementor-top-section elementor-element elementor-element-9c54882 elementor-section-boxed elementor-section-height-default elementor-section-height-default\" data-id=\"9c54882\" data-element_type=\"section\" data-e-type=\"section\">\n\t\t\t\t\t\t<div class=\"elementor-container elementor-column-gap-default\">\n\t\t\t\t\t<div class=\"elementor-column elementor-col-50 elementor-top-column elementor-element elementor-element-8520581\" data-id=\"8520581\" data-element_type=\"column\" data-e-type=\"column\">\n\t\t\t<div class=\"elementor-widget-wrap elementor-element-populated\">\n\t\t\t\t\t\t<div class=\"elementor-element elementor-element-15cee0b elementor-widget-divider--view-line elementor-widget elementor-widget-divider\" data-id=\"15cee0b\" data-element_type=\"widget\" data-e-type=\"widget\" data-widget_type=\"divider.default\">\n\t\t\t\t<div class=\"elementor-widget-container\">\n\t\t\t\t\t\t\t<div class=\"elementor-divider\">\n\t\t\t<span class=\"elementor-divider-separator\">\n\t\t\t\t\t\t<\/span>\n\t\t<\/div>\n\t\t\t\t\t\t<\/div>\n\t\t\t\t<\/div>\n\t\t\t\t<div class=\"elementor-element elementor-element-923aebe elementor-widget elementor-widget-text-editor\" data-id=\"923aebe\" data-element_type=\"widget\" data-e-type=\"widget\" data-widget_type=\"text-editor.default\">\n\t\t\t\t<div class=\"elementor-widget-container\">\n\t\t\t\t\t\t\t\t\t<p>Frankenberg im Wandel &#8211; vertraute Orte neu entdecken&#8220;<\/p><p>16. Juli. \u2013 12. Oktober 2025<\/p><p>\u00a0<\/p><p>Ausstellungser\u00f6ffnung am\u00a0<\/p><p>16. August um 15 Uhr<\/p><p>\u00a0<\/p><p>Haus am Geismarer Tor, Geismarerstr. 3<br \/>Frankenberg (Eder)<\/p>\t\t\t\t\t\t\t\t<\/div>\n\t\t\t\t<\/div>\n\t\t\t\t\t<\/div>\n\t\t<\/div>\n\t\t\t\t<div class=\"elementor-column elementor-col-50 elementor-top-column elementor-element elementor-element-293ac3d\" data-id=\"293ac3d\" data-element_type=\"column\" data-e-type=\"column\">\n\t\t\t<div class=\"elementor-widget-wrap elementor-element-populated\">\n\t\t\t\t\t\t<div class=\"elementor-element elementor-element-234c25e elementor-widget-divider--view-line elementor-widget elementor-widget-divider\" data-id=\"234c25e\" data-element_type=\"widget\" data-e-type=\"widget\" data-widget_type=\"divider.default\">\n\t\t\t\t<div class=\"elementor-widget-container\">\n\t\t\t\t\t\t\t<div class=\"elementor-divider\">\n\t\t\t<span class=\"elementor-divider-separator\">\n\t\t\t\t\t\t<\/span>\n\t\t<\/div>\n\t\t\t\t\t\t<\/div>\n\t\t\t\t<\/div>\n\t\t\t\t<div class=\"elementor-element elementor-element-b14ee54 elementor-widget elementor-widget-image-gallery\" data-id=\"b14ee54\" data-element_type=\"widget\" data-e-type=\"widget\" data-widget_type=\"image-gallery.default\">\n\t\t\t\t<div class=\"elementor-widget-container\">\n\t\t\t\t\t\t\t<div class=\"elementor-image-gallery\">\n\t\t\t<div id='gallery-10' class='gallery galleryid-12 gallery-columns-1 gallery-size-large'><figure class='gallery-item'>\n\t\t\t<div class='gallery-icon portrait'>\n\t\t\t\t<a data-elementor-open-lightbox=\"yes\" data-elementor-lightbox-slideshow=\"b14ee54\" data-elementor-lightbox-title=\"Frankenberg im Wandel - vertraute Orte neu entdecken\" data-e-action-hash=\"#elementor-action%3Aaction%3Dlightbox%26settings%3DeyJpZCI6MTE1MSwidXJsIjoiaHR0cHM6XC9cL2VmZmVjdGl2ZS1hcnQuY29tXC93cC1jb250ZW50XC91cGxvYWRzXC8yMDI1XC8wN1wvUGxha2F0LUZyYW5rZW5iZXJnLWltLVdhbmRlbC1zY2FsZWQuanBnIiwic2xpZGVzaG93IjoiYjE0ZWU1NCJ9\" href='https:\/\/effective-art.com\/wp-content\/uploads\/2025\/07\/Plakat-Frankenberg-im-Wandel-scaled.jpg'><img loading=\"lazy\" decoding=\"async\" width=\"724\" height=\"1024\" src=\"https:\/\/effective-art.com\/wp-content\/uploads\/2025\/07\/Plakat-Frankenberg-im-Wandel-724x1024.jpg\" class=\"attachment-large size-large\" alt=\"\" aria-describedby=\"gallery-10-1151\" srcset=\"https:\/\/effective-art.com\/wp-content\/uploads\/2025\/07\/Plakat-Frankenberg-im-Wandel-724x1024.jpg 724w, https:\/\/effective-art.com\/wp-content\/uploads\/2025\/07\/Plakat-Frankenberg-im-Wandel-212x300.jpg 212w, https:\/\/effective-art.com\/wp-content\/uploads\/2025\/07\/Plakat-Frankenberg-im-Wandel-768x1086.jpg 768w, https:\/\/effective-art.com\/wp-content\/uploads\/2025\/07\/Plakat-Frankenberg-im-Wandel-1086x1536.jpg 1086w, https:\/\/effective-art.com\/wp-content\/uploads\/2025\/07\/Plakat-Frankenberg-im-Wandel-1448x2048.jpg 1448w, https:\/\/effective-art.com\/wp-content\/uploads\/2025\/07\/Plakat-Frankenberg-im-Wandel-1568x2217.jpg 1568w, https:\/\/effective-art.com\/wp-content\/uploads\/2025\/07\/Plakat-Frankenberg-im-Wandel-scaled.jpg 1810w\" sizes=\"(max-width: 724px) 100vw, 724px\" style=\"width:100%;height:141.44%;max-width:1810px;\" \/><\/a>\n\t\t\t<\/div>\n\t\t\t\t<figcaption class='wp-caption-text gallery-caption' id='gallery-10-1151'>\n\t\t\t\tFrankenberg im Wandel &#8211; vertraute Orte neu entdecken\n\t\t\t\t<\/figcaption><\/figure><figure class='gallery-item'>\n\t\t\t<div class='gallery-icon landscape'>\n\t\t\t\t<a data-elementor-open-lightbox=\"yes\" data-elementor-lightbox-slideshow=\"b14ee54\" data-elementor-lightbox-title=\"Frankenberg im Wandel - vertraute Orte neu entdecken\" data-e-action-hash=\"#elementor-action%3Aaction%3Dlightbox%26settings%3DeyJpZCI6MTE1MCwidXJsIjoiaHR0cHM6XC9cL2VmZmVjdGl2ZS1hcnQuY29tXC93cC1jb250ZW50XC91cGxvYWRzXC8yMDI1XC8wN1wvQXVzc3RlbGx1bmctRWlubGFkdW5nLmpwZyIsInNsaWRlc2hvdyI6ImIxNGVlNTQifQ%3D%3D\" href='https:\/\/effective-art.com\/wp-content\/uploads\/2025\/07\/Ausstellung-Einladung.jpg'><img loading=\"lazy\" decoding=\"async\" width=\"750\" height=\"731\" src=\"https:\/\/effective-art.com\/wp-content\/uploads\/2025\/07\/Ausstellung-Einladung-1024x998.jpg\" class=\"attachment-large size-large\" alt=\"\" aria-describedby=\"gallery-10-1150\" srcset=\"https:\/\/effective-art.com\/wp-content\/uploads\/2025\/07\/Ausstellung-Einladung-1024x998.jpg 1024w, https:\/\/effective-art.com\/wp-content\/uploads\/2025\/07\/Ausstellung-Einladung-300x292.jpg 300w, https:\/\/effective-art.com\/wp-content\/uploads\/2025\/07\/Ausstellung-Einladung-768x748.jpg 768w, https:\/\/effective-art.com\/wp-content\/uploads\/2025\/07\/Ausstellung-Einladung.jpg 1256w\" sizes=\"(max-width: 750px) 100vw, 750px\" style=\"width:100%;height:97.45%;max-width:1256px;\" \/><\/a>\n\t\t\t<\/div>\n\t\t\t\t<figcaption class='wp-caption-text gallery-caption' id='gallery-10-1150'>\n\t\t\t\tFrankenberg im Wandel &#8211; vertraute Orte neu entdecken\n\t\t\t\t<\/figcaption><\/figure>\n\t\t<\/div>\n\t\t<\/div>\n\t\t\t\t\t\t<\/div>\n\t\t\t\t<\/div>\n\t\t\t\t\t<\/div>\n\t\t<\/div>\n\t\t\t\t\t<\/div>\n\t\t<\/section>\n\t\t\t\t<section class=\"elementor-section elementor-top-section elementor-element elementor-element-2fe2f34 elementor-section-boxed elementor-section-height-default elementor-section-height-default\" data-id=\"2fe2f34\" data-element_type=\"section\" data-e-type=\"section\">\n\t\t\t\t\t\t<div class=\"elementor-container elementor-column-gap-default\">\n\t\t\t\t\t<div class=\"elementor-column elementor-col-50 elementor-top-column elementor-element elementor-element-7e1174b\" data-id=\"7e1174b\" data-element_type=\"column\" data-e-type=\"column\">\n\t\t\t<div class=\"elementor-widget-wrap elementor-element-populated\">\n\t\t\t\t\t\t<div class=\"elementor-element elementor-element-4baab45 elementor-widget-divider--view-line elementor-widget elementor-widget-divider\" data-id=\"4baab45\" data-element_type=\"widget\" data-e-type=\"widget\" data-widget_type=\"divider.default\">\n\t\t\t\t<div class=\"elementor-widget-container\">\n\t\t\t\t\t\t\t<div class=\"elementor-divider\">\n\t\t\t<span class=\"elementor-divider-separator\">\n\t\t\t\t\t\t<\/span>\n\t\t<\/div>\n\t\t\t\t\t\t<\/div>\n\t\t\t\t<\/div>\n\t\t\t\t<div class=\"elementor-element elementor-element-ba9c6be elementor-widget elementor-widget-text-editor\" data-id=\"ba9c6be\" data-element_type=\"widget\" data-e-type=\"widget\" data-widget_type=\"text-editor.default\">\n\t\t\t\t<div class=\"elementor-widget-container\">\n\t\t\t\t\t\t\t\t\t<p>&#8222;ABART(ig) oder zahm\u201c<\/p><p>1. \u2013 29. Juni 2025<\/p><p>\u00a0<\/p><p>Ausstellungser\u00f6ffnung am<\/p><p>30. Mai um 20 Uhr<\/p><p>\u00a0<\/p><p>Kunstverein W\u00f6rth e.V.<\/p><p>St\u00e4dtische Galerie Altes Rathaus<\/p><p>W\u00f6rth am Rhein<\/p>\t\t\t\t\t\t\t\t<\/div>\n\t\t\t\t<\/div>\n\t\t\t\t\t<\/div>\n\t\t<\/div>\n\t\t\t\t<div class=\"elementor-column elementor-col-50 elementor-top-column elementor-element elementor-element-c8e60ab\" data-id=\"c8e60ab\" data-element_type=\"column\" data-e-type=\"column\">\n\t\t\t<div class=\"elementor-widget-wrap elementor-element-populated\">\n\t\t\t\t\t\t<div class=\"elementor-element elementor-element-2d7c115 elementor-widget-divider--view-line elementor-widget elementor-widget-divider\" data-id=\"2d7c115\" data-element_type=\"widget\" data-e-type=\"widget\" data-widget_type=\"divider.default\">\n\t\t\t\t<div class=\"elementor-widget-container\">\n\t\t\t\t\t\t\t<div class=\"elementor-divider\">\n\t\t\t<span class=\"elementor-divider-separator\">\n\t\t\t\t\t\t<\/span>\n\t\t<\/div>\n\t\t\t\t\t\t<\/div>\n\t\t\t\t<\/div>\n\t\t\t\t<div class=\"elementor-element elementor-element-e5d6909 elementor-widget elementor-widget-image-gallery\" data-id=\"e5d6909\" data-element_type=\"widget\" data-e-type=\"widget\" data-widget_type=\"image-gallery.default\">\n\t\t\t\t<div class=\"elementor-widget-container\">\n\t\t\t\t\t\t\t<div class=\"elementor-image-gallery\">\n\t\t\t<div id='gallery-11' class='gallery galleryid-12 gallery-columns-1 gallery-size-2048x2048'><figure class='gallery-item'>\n\t\t\t<div class='gallery-icon landscape'>\n\t\t\t\t<a data-elementor-open-lightbox=\"yes\" data-elementor-lightbox-slideshow=\"e5d6909\" data-elementor-lightbox-title=\"ABART(ig) oder zahm -Kunstverein W\u00f6rth\" data-e-action-hash=\"#elementor-action%3Aaction%3Dlightbox%26settings%3DeyJpZCI6MTE0NCwidXJsIjoiaHR0cHM6XC9cL2VmZmVjdGl2ZS1hcnQuY29tXC93cC1jb250ZW50XC91cGxvYWRzXC8yMDI1XC8wNVwvVmVybmlzc2FnZS1BQkFSVGlnLUt1bnN0dmVyZWluLVdvZXJ0aC5qcGciLCJzbGlkZXNob3ciOiJlNWQ2OTA5In0%3D\" href='https:\/\/effective-art.com\/wp-content\/uploads\/2025\/05\/Vernissage-ABARTig-Kunstverein-Woerth.jpg'><img loading=\"lazy\" decoding=\"async\" width=\"2048\" height=\"1024\" src=\"https:\/\/effective-art.com\/wp-content\/uploads\/2025\/05\/Vernissage-ABARTig-Kunstverein-Woerth-2048x1024.jpg\" class=\"attachment-2048x2048 size-2048x2048\" alt=\"\" aria-describedby=\"gallery-11-1144\" srcset=\"https:\/\/effective-art.com\/wp-content\/uploads\/2025\/05\/Vernissage-ABARTig-Kunstverein-Woerth-2048x1024.jpg 2048w, https:\/\/effective-art.com\/wp-content\/uploads\/2025\/05\/Vernissage-ABARTig-Kunstverein-Woerth-300x150.jpg 300w, https:\/\/effective-art.com\/wp-content\/uploads\/2025\/05\/Vernissage-ABARTig-Kunstverein-Woerth-1024x512.jpg 1024w, https:\/\/effective-art.com\/wp-content\/uploads\/2025\/05\/Vernissage-ABARTig-Kunstverein-Woerth-768x384.jpg 768w, https:\/\/effective-art.com\/wp-content\/uploads\/2025\/05\/Vernissage-ABARTig-Kunstverein-Woerth-1536x768.jpg 1536w, https:\/\/effective-art.com\/wp-content\/uploads\/2025\/05\/Vernissage-ABARTig-Kunstverein-Woerth-1568x784.jpg 1568w\" sizes=\"(max-width: 2048px) 100vw, 2048px\" style=\"width:100%;height:50.02%;max-width:2481px;\" \/><\/a>\n\t\t\t<\/div>\n\t\t\t\t<figcaption class='wp-caption-text gallery-caption' id='gallery-11-1144'>\n\t\t\t\tABART(ig) oder zahm -Kunstverein W\u00f6rth\n\t\t\t\t<\/figcaption><\/figure><figure class='gallery-item'>\n\t\t\t<div class='gallery-icon landscape'>\n\t\t\t\t<a data-elementor-open-lightbox=\"yes\" data-elementor-lightbox-slideshow=\"e5d6909\" data-elementor-lightbox-title=\"ABART(ig) oder zahm -Kunstverein W\u00f6rth-2\" data-e-action-hash=\"#elementor-action%3Aaction%3Dlightbox%26settings%3DeyJpZCI6MTE0MywidXJsIjoiaHR0cHM6XC9cL2VmZmVjdGl2ZS1hcnQuY29tXC93cC1jb250ZW50XC91cGxvYWRzXC8yMDI1XC8wNVwvVmVybmlzc2FnZS1BQkFSVGlnLUVpbmxhZHVuZy1LdW5zdHZlcmVpbi1Xb2VydGgtMi5qcGciLCJzbGlkZXNob3ciOiJlNWQ2OTA5In0%3D\" href='https:\/\/effective-art.com\/wp-content\/uploads\/2025\/05\/Vernissage-ABARTig-Einladung-Kunstverein-Woerth-2.jpg'><img loading=\"lazy\" decoding=\"async\" width=\"2048\" height=\"1024\" src=\"https:\/\/effective-art.com\/wp-content\/uploads\/2025\/05\/Vernissage-ABARTig-Einladung-Kunstverein-Woerth-2-2048x1024.jpg\" class=\"attachment-2048x2048 size-2048x2048\" alt=\"\" aria-describedby=\"gallery-11-1143\" srcset=\"https:\/\/effective-art.com\/wp-content\/uploads\/2025\/05\/Vernissage-ABARTig-Einladung-Kunstverein-Woerth-2-2048x1024.jpg 2048w, https:\/\/effective-art.com\/wp-content\/uploads\/2025\/05\/Vernissage-ABARTig-Einladung-Kunstverein-Woerth-2-300x150.jpg 300w, https:\/\/effective-art.com\/wp-content\/uploads\/2025\/05\/Vernissage-ABARTig-Einladung-Kunstverein-Woerth-2-1024x512.jpg 1024w, https:\/\/effective-art.com\/wp-content\/uploads\/2025\/05\/Vernissage-ABARTig-Einladung-Kunstverein-Woerth-2-768x384.jpg 768w, https:\/\/effective-art.com\/wp-content\/uploads\/2025\/05\/Vernissage-ABARTig-Einladung-Kunstverein-Woerth-2-1536x768.jpg 1536w, https:\/\/effective-art.com\/wp-content\/uploads\/2025\/05\/Vernissage-ABARTig-Einladung-Kunstverein-Woerth-2-1568x784.jpg 1568w\" sizes=\"(max-width: 2048px) 100vw, 2048px\" style=\"width:100%;height:50.02%;max-width:2481px;\" \/><\/a>\n\t\t\t<\/div>\n\t\t\t\t<figcaption class='wp-caption-text gallery-caption' id='gallery-11-1143'>\n\t\t\t\tABART(ig) oder zahm -Kunstverein W\u00f6rth-2\n\t\t\t\t<\/figcaption><\/figure>\n\t\t<\/div>\n\t\t<\/div>\n\t\t\t\t\t\t<\/div>\n\t\t\t\t<\/div>\n\t\t\t\t\t<\/div>\n\t\t<\/div>\n\t\t\t\t\t<\/div>\n\t\t<\/section>\n\t\t\t\t<section class=\"elementor-section elementor-top-section elementor-element elementor-element-5e1059e elementor-section-boxed elementor-section-height-default elementor-section-height-default\" data-id=\"5e1059e\" data-element_type=\"section\" data-e-type=\"section\">\n\t\t\t\t\t\t<div class=\"elementor-container elementor-column-gap-default\">\n\t\t\t\t\t<div class=\"elementor-column elementor-col-50 elementor-top-column elementor-element elementor-element-ab8c8a5\" data-id=\"ab8c8a5\" data-element_type=\"column\" data-e-type=\"column\">\n\t\t\t<div class=\"elementor-widget-wrap elementor-element-populated\">\n\t\t\t\t\t\t<div class=\"elementor-element elementor-element-196f2ef elementor-widget-divider--view-line elementor-widget elementor-widget-divider\" data-id=\"196f2ef\" data-element_type=\"widget\" data-e-type=\"widget\" data-widget_type=\"divider.default\">\n\t\t\t\t<div class=\"elementor-widget-container\">\n\t\t\t\t\t\t\t<div class=\"elementor-divider\">\n\t\t\t<span class=\"elementor-divider-separator\">\n\t\t\t\t\t\t<\/span>\n\t\t<\/div>\n\t\t\t\t\t\t<\/div>\n\t\t\t\t<\/div>\n\t\t\t\t<div class=\"elementor-element elementor-element-0902ada elementor-widget elementor-widget-text-editor\" data-id=\"0902ada\" data-element_type=\"widget\" data-e-type=\"widget\" data-widget_type=\"text-editor.default\">\n\t\t\t\t<div class=\"elementor-widget-container\">\n\t\t\t\t\t\t\t\t\t<p>&#8222;Zeichnung Pur\u201c<\/p><p>28. Mai \u2013 19. Juli 2025<\/p><p>\u00a0<\/p><p>Ausstellungser\u00f6ffnung am\u00a0<\/p><p>28. Mai um 20 Uhr<\/p><p>\u00a0<\/p><p>Kunstverein Battenberg e.V.<\/p><p>Hauptstr. 18, Battenberg (Eder)<\/p>\t\t\t\t\t\t\t\t<\/div>\n\t\t\t\t<\/div>\n\t\t\t\t\t<\/div>\n\t\t<\/div>\n\t\t\t\t<div class=\"elementor-column elementor-col-50 elementor-top-column elementor-element elementor-element-16f0f63\" data-id=\"16f0f63\" data-element_type=\"column\" data-e-type=\"column\">\n\t\t\t<div class=\"elementor-widget-wrap elementor-element-populated\">\n\t\t\t\t\t\t<div class=\"elementor-element elementor-element-6355e1d elementor-widget-divider--view-line elementor-widget elementor-widget-divider\" data-id=\"6355e1d\" data-element_type=\"widget\" data-e-type=\"widget\" data-widget_type=\"divider.default\">\n\t\t\t\t<div class=\"elementor-widget-container\">\n\t\t\t\t\t\t\t<div class=\"elementor-divider\">\n\t\t\t<span class=\"elementor-divider-separator\">\n\t\t\t\t\t\t<\/span>\n\t\t<\/div>\n\t\t\t\t\t\t<\/div>\n\t\t\t\t<\/div>\n\t\t\t\t<div class=\"elementor-element elementor-element-1a53272 elementor-widget elementor-widget-image-gallery\" data-id=\"1a53272\" data-element_type=\"widget\" data-e-type=\"widget\" data-widget_type=\"image-gallery.default\">\n\t\t\t\t<div class=\"elementor-widget-container\">\n\t\t\t\t\t\t\t<div class=\"elementor-image-gallery\">\n\t\t\t<div id='gallery-12' class='gallery galleryid-12 gallery-columns-1 gallery-size-large'><figure class='gallery-item'>\n\t\t\t<div class='gallery-icon portrait'>\n\t\t\t\t<a data-elementor-open-lightbox=\"yes\" data-elementor-lightbox-slideshow=\"1a53272\" data-elementor-lightbox-title=\"KV-Battenberg_Zeichnung Pur\" data-e-action-hash=\"#elementor-action%3Aaction%3Dlightbox%26settings%3DeyJpZCI6MTA5MiwidXJsIjoiaHR0cHM6XC9cL2VmZmVjdGl2ZS1hcnQuY29tXC93cC1jb250ZW50XC91cGxvYWRzXC8yMDI1XC8wNVwvS1YtQmF0dGVuYmVyZ19aZWljaG51bmdfcHVyLmpwZyIsInNsaWRlc2hvdyI6IjFhNTMyNzIifQ%3D%3D\" href='https:\/\/effective-art.com\/wp-content\/uploads\/2025\/05\/KV-Battenberg_Zeichnung_pur.jpg'><img loading=\"lazy\" decoding=\"async\" width=\"621\" height=\"875\" src=\"https:\/\/effective-art.com\/wp-content\/uploads\/2025\/05\/KV-Battenberg_Zeichnung_pur.jpg\" class=\"attachment-large size-large\" alt=\"\" srcset=\"https:\/\/effective-art.com\/wp-content\/uploads\/2025\/05\/KV-Battenberg_Zeichnung_pur.jpg 621w, https:\/\/effective-art.com\/wp-content\/uploads\/2025\/05\/KV-Battenberg_Zeichnung_pur-213x300.jpg 213w\" sizes=\"(max-width: 621px) 100vw, 621px\" style=\"width:100%;height:140.9%;max-width:621px;\" \/><\/a>\n\t\t\t<\/div><\/figure>\n\t\t<\/div>\n\t\t<\/div>\n\t\t\t\t\t\t<\/div>\n\t\t\t\t<\/div>\n\t\t\t\t\t<\/div>\n\t\t<\/div>\n\t\t\t\t\t<\/div>\n\t\t<\/section>\n\t\t\t\t<section class=\"elementor-section elementor-top-section elementor-element elementor-element-019c754 elementor-section-boxed elementor-section-height-default elementor-section-height-default\" data-id=\"019c754\" data-element_type=\"section\" data-e-type=\"section\">\n\t\t\t\t\t\t<div class=\"elementor-container elementor-column-gap-default\">\n\t\t\t\t\t<div class=\"elementor-column elementor-col-50 elementor-top-column elementor-element elementor-element-9c8b1f9\" data-id=\"9c8b1f9\" data-element_type=\"column\" data-e-type=\"column\">\n\t\t\t<div class=\"elementor-widget-wrap elementor-element-populated\">\n\t\t\t\t\t\t<div class=\"elementor-element elementor-element-06bf75f elementor-widget-divider--view-line elementor-widget elementor-widget-divider\" data-id=\"06bf75f\" data-element_type=\"widget\" data-e-type=\"widget\" data-widget_type=\"divider.default\">\n\t\t\t\t<div class=\"elementor-widget-container\">\n\t\t\t\t\t\t\t<div class=\"elementor-divider\">\n\t\t\t<span class=\"elementor-divider-separator\">\n\t\t\t\t\t\t<\/span>\n\t\t<\/div>\n\t\t\t\t\t\t<\/div>\n\t\t\t\t<\/div>\n\t\t\t\t<div class=\"elementor-element elementor-element-ef0055a elementor-widget__width-initial elementor-widget elementor-widget-text-editor\" data-id=\"ef0055a\" data-element_type=\"widget\" data-e-type=\"widget\" data-widget_type=\"text-editor.default\">\n\t\t\t\t<div class=\"elementor-widget-container\">\n\t\t\t\t\t\t\t\t\t<p>&#8222;Fr\u00fchling&#8220;<br \/>Wandobjekt, 200 x 70 cm<br \/>Sabine Reyer<\/p><p>Ausstellung \u201eIns Blaue hinein\u201c<br \/>Eine Hommage an Die Farbe Blau als Material und Methapher<\/p><p>6. Oktober \u2013 24. November 2024<br \/>KunstForumEifel, Schleiden<\/p>\t\t\t\t\t\t\t\t<\/div>\n\t\t\t\t<\/div>\n\t\t\t\t\t<\/div>\n\t\t<\/div>\n\t\t\t\t<div class=\"elementor-column elementor-col-50 elementor-top-column elementor-element elementor-element-5911f7d\" data-id=\"5911f7d\" data-element_type=\"column\" data-e-type=\"column\">\n\t\t\t<div class=\"elementor-widget-wrap elementor-element-populated\">\n\t\t\t\t\t\t<div class=\"elementor-element elementor-element-b98d41a elementor-widget-divider--view-line elementor-widget elementor-widget-divider\" data-id=\"b98d41a\" data-element_type=\"widget\" data-e-type=\"widget\" data-widget_type=\"divider.default\">\n\t\t\t\t<div class=\"elementor-widget-container\">\n\t\t\t\t\t\t\t<div class=\"elementor-divider\">\n\t\t\t<span class=\"elementor-divider-separator\">\n\t\t\t\t\t\t<\/span>\n\t\t<\/div>\n\t\t\t\t\t\t<\/div>\n\t\t\t\t<\/div>\n\t\t\t\t<div class=\"elementor-element elementor-element-c94e1cb gallery-spacing-custom elementor-widget elementor-widget-image-gallery\" data-id=\"c94e1cb\" data-element_type=\"widget\" data-e-type=\"widget\" data-widget_type=\"image-gallery.default\">\n\t\t\t\t<div class=\"elementor-widget-container\">\n\t\t\t\t\t\t\t<div class=\"elementor-image-gallery\">\n\t\t\t<div id='gallery-13' class='gallery galleryid-12 gallery-columns-1 gallery-size-1536x1536'><figure class='gallery-item'>\n\t\t\t<div class='gallery-icon portrait'>\n\t\t\t\t<a data-elementor-open-lightbox=\"yes\" data-elementor-lightbox-slideshow=\"c94e1cb\" data-e-action-hash=\"#elementor-action%3Aaction%3Dlightbox%26settings%3DeyJpZCI6MTAyNywidXJsIjoiaHR0cHM6XC9cL2VmZmVjdGl2ZS1hcnQuY29tXC93cC1jb250ZW50XC91cGxvYWRzXC8yMDI0XC8xMFwvMS4tU2FiaW5lLVJleWVyLUZydWVobGluZ19mcm9udGFsLUtvcGllLXNjYWxlZC5qcGciLCJzbGlkZXNob3ciOiJjOTRlMWNiIn0%3D\" href='https:\/\/effective-art.com\/wp-content\/uploads\/2024\/10\/1.-Sabine-Reyer-Fruehling_frontal-Kopie-scaled.jpg'><img loading=\"lazy\" decoding=\"async\" width=\"859\" height=\"1536\" src=\"https:\/\/effective-art.com\/wp-content\/uploads\/2024\/10\/1.-Sabine-Reyer-Fruehling_frontal-Kopie-859x1536.jpg\" class=\"attachment-1536x1536 size-1536x1536\" alt=\"\" aria-describedby=\"gallery-13-1027\" srcset=\"https:\/\/effective-art.com\/wp-content\/uploads\/2024\/10\/1.-Sabine-Reyer-Fruehling_frontal-Kopie-859x1536.jpg 859w, https:\/\/effective-art.com\/wp-content\/uploads\/2024\/10\/1.-Sabine-Reyer-Fruehling_frontal-Kopie-168x300.jpg 168w, https:\/\/effective-art.com\/wp-content\/uploads\/2024\/10\/1.-Sabine-Reyer-Fruehling_frontal-Kopie-573x1024.jpg 573w, https:\/\/effective-art.com\/wp-content\/uploads\/2024\/10\/1.-Sabine-Reyer-Fruehling_frontal-Kopie-768x1374.jpg 768w, https:\/\/effective-art.com\/wp-content\/uploads\/2024\/10\/1.-Sabine-Reyer-Fruehling_frontal-Kopie-1145x2048.jpg 1145w, https:\/\/effective-art.com\/wp-content\/uploads\/2024\/10\/1.-Sabine-Reyer-Fruehling_frontal-Kopie-540x966.jpg 540w, https:\/\/effective-art.com\/wp-content\/uploads\/2024\/10\/1.-Sabine-Reyer-Fruehling_frontal-Kopie-1080x1932.jpg 1080w, https:\/\/effective-art.com\/wp-content\/uploads\/2024\/10\/1.-Sabine-Reyer-Fruehling_frontal-Kopie-scaled.jpg 1431w\" sizes=\"(max-width: 859px) 100vw, 859px\" style=\"width:100%;height:178.9%;max-width:1431px;\" \/><\/a>\n\t\t\t<\/div>\n\t\t\t\t<figcaption class='wp-caption-text gallery-caption' id='gallery-13-1027'>\n\t\t\t\t Sabine Reyer FR\u00dcHLING Wandobjekt 200 x 70 cm\n\t\t\t\t<\/figcaption><\/figure><figure class='gallery-item'>\n\t\t\t<div class='gallery-icon portrait'>\n\t\t\t\t<a data-elementor-open-lightbox=\"yes\" data-elementor-lightbox-slideshow=\"c94e1cb\" data-e-action-hash=\"#elementor-action%3Aaction%3Dlightbox%26settings%3DeyJpZCI6MTAyOCwidXJsIjoiaHR0cHM6XC9cL2VmZmVjdGl2ZS1hcnQuY29tXC93cC1jb250ZW50XC91cGxvYWRzXC8yMDI0XC8xMFwvMS4tU2FiaW5lLVJleWVyLUZydWVobGluZ19zZWl0bGljaC0yLUtvcGllLXNjYWxlZC5qcGciLCJzbGlkZXNob3ciOiJjOTRlMWNiIn0%3D\" data-elementor-lightbox-title=\" Sabine Reyer FR\u00dcHLING Wandobjekt 200 x 70 cm\" href='https:\/\/effective-art.com\/wp-content\/uploads\/2024\/10\/1.-Sabine-Reyer-Fruehling_seitlich-2-Kopie-scaled.jpg'><img loading=\"lazy\" decoding=\"async\" width=\"755\" height=\"1536\" src=\"https:\/\/effective-art.com\/wp-content\/uploads\/2024\/10\/1.-Sabine-Reyer-Fruehling_seitlich-2-Kopie-755x1536.jpg\" class=\"attachment-1536x1536 size-1536x1536\" alt=\"\" aria-describedby=\"gallery-13-1028\" srcset=\"https:\/\/effective-art.com\/wp-content\/uploads\/2024\/10\/1.-Sabine-Reyer-Fruehling_seitlich-2-Kopie-755x1536.jpg 755w, https:\/\/effective-art.com\/wp-content\/uploads\/2024\/10\/1.-Sabine-Reyer-Fruehling_seitlich-2-Kopie-147x300.jpg 147w, https:\/\/effective-art.com\/wp-content\/uploads\/2024\/10\/1.-Sabine-Reyer-Fruehling_seitlich-2-Kopie-503x1024.jpg 503w, https:\/\/effective-art.com\/wp-content\/uploads\/2024\/10\/1.-Sabine-Reyer-Fruehling_seitlich-2-Kopie-768x1563.jpg 768w, https:\/\/effective-art.com\/wp-content\/uploads\/2024\/10\/1.-Sabine-Reyer-Fruehling_seitlich-2-Kopie-1006x2048.jpg 1006w, https:\/\/effective-art.com\/wp-content\/uploads\/2024\/10\/1.-Sabine-Reyer-Fruehling_seitlich-2-Kopie-540x1099.jpg 540w, https:\/\/effective-art.com\/wp-content\/uploads\/2024\/10\/1.-Sabine-Reyer-Fruehling_seitlich-2-Kopie-1080x2198.jpg 1080w, https:\/\/effective-art.com\/wp-content\/uploads\/2024\/10\/1.-Sabine-Reyer-Fruehling_seitlich-2-Kopie-scaled.jpg 1258w\" sizes=\"(max-width: 755px) 100vw, 755px\" style=\"width:100%;height:203.5%;max-width:1258px;\" \/><\/a>\n\t\t\t<\/div>\n\t\t\t\t<figcaption class='wp-caption-text gallery-caption' id='gallery-13-1028'>\n\t\t\t\t Sabine Reyer FR\u00dcHLING Wandobjekt 200 x 70 cm\n\t\t\t\t<\/figcaption><\/figure><figure class='gallery-item'>\n\t\t\t<div class='gallery-icon portrait'>\n\t\t\t\t<a data-elementor-open-lightbox=\"yes\" data-elementor-lightbox-slideshow=\"c94e1cb\" data-e-action-hash=\"#elementor-action%3Aaction%3Dlightbox%26settings%3DeyJpZCI6MTAyOSwidXJsIjoiaHR0cHM6XC9cL2VmZmVjdGl2ZS1hcnQuY29tXC93cC1jb250ZW50XC91cGxvYWRzXC8yMDI0XC8xMFwvMjAyNC0xMC0wMS05YS1zY2FsZWQuanBnIiwic2xpZGVzaG93IjoiYzk0ZTFjYiJ9\" data-elementor-lightbox-title=\" Sabine Reyer FR\u00dcHLING Wandobjekt 200 x 70 cm\" href='https:\/\/effective-art.com\/wp-content\/uploads\/2024\/10\/2024-10-01-9a-scaled.jpg'><img loading=\"lazy\" decoding=\"async\" width=\"1094\" height=\"1536\" src=\"https:\/\/effective-art.com\/wp-content\/uploads\/2024\/10\/2024-10-01-9a-1094x1536.jpg\" class=\"attachment-1536x1536 size-1536x1536\" alt=\"Sabine Reyer FR\u00dcHLING Wandobjekt 200 x 70 cm\" aria-describedby=\"gallery-13-1029\" srcset=\"https:\/\/effective-art.com\/wp-content\/uploads\/2024\/10\/2024-10-01-9a-1094x1536.jpg 1094w, https:\/\/effective-art.com\/wp-content\/uploads\/2024\/10\/2024-10-01-9a-214x300.jpg 214w, https:\/\/effective-art.com\/wp-content\/uploads\/2024\/10\/2024-10-01-9a-729x1024.jpg 729w, https:\/\/effective-art.com\/wp-content\/uploads\/2024\/10\/2024-10-01-9a-768x1078.jpg 768w, https:\/\/effective-art.com\/wp-content\/uploads\/2024\/10\/2024-10-01-9a-1459x2048.jpg 1459w, https:\/\/effective-art.com\/wp-content\/uploads\/2024\/10\/2024-10-01-9a-540x758.jpg 540w, https:\/\/effective-art.com\/wp-content\/uploads\/2024\/10\/2024-10-01-9a-1080x1516.jpg 1080w, https:\/\/effective-art.com\/wp-content\/uploads\/2024\/10\/2024-10-01-9a-1980x2780.jpg 1980w, https:\/\/effective-art.com\/wp-content\/uploads\/2024\/10\/2024-10-01-9a-scaled.jpg 1824w\" sizes=\"(max-width: 1094px) 100vw, 1094px\" style=\"width:100%;height:140.35%;max-width:1824px;\" \/><\/a>\n\t\t\t<\/div>\n\t\t\t\t<figcaption class='wp-caption-text gallery-caption' id='gallery-13-1029'>\n\t\t\t\t Sabine Reyer FR\u00dcHLING Wandobjekt 200 x 70 cm\n\t\t\t\t<\/figcaption><\/figure>\n\t\t<\/div>\n\t\t<\/div>\n\t\t\t\t\t\t<\/div>\n\t\t\t\t<\/div>\n\t\t\t\t\t<\/div>\n\t\t<\/div>\n\t\t\t\t\t<\/div>\n\t\t<\/section>\n\t\t\t\t<section class=\"elementor-section elementor-top-section elementor-element elementor-element-68f1892 elementor-section-boxed elementor-section-height-default elementor-section-height-default\" data-id=\"68f1892\" data-element_type=\"section\" data-e-type=\"section\">\n\t\t\t\t\t\t<div class=\"elementor-container elementor-column-gap-default\">\n\t\t\t\t\t<div class=\"elementor-column elementor-col-50 elementor-top-column elementor-element elementor-element-61eb836\" data-id=\"61eb836\" data-element_type=\"column\" data-e-type=\"column\">\n\t\t\t<div class=\"elementor-widget-wrap elementor-element-populated\">\n\t\t\t\t\t\t<div class=\"elementor-element elementor-element-0a272e1 elementor-widget-divider--view-line elementor-widget elementor-widget-divider\" data-id=\"0a272e1\" data-element_type=\"widget\" data-e-type=\"widget\" data-widget_type=\"divider.default\">\n\t\t\t\t<div class=\"elementor-widget-container\">\n\t\t\t\t\t\t\t<div class=\"elementor-divider\">\n\t\t\t<span class=\"elementor-divider-separator\">\n\t\t\t\t\t\t<\/span>\n\t\t<\/div>\n\t\t\t\t\t\t<\/div>\n\t\t\t\t<\/div>\n\t\t\t\t<div class=\"elementor-element elementor-element-d900fe4 elementor-widget elementor-widget-text-editor\" data-id=\"d900fe4\" data-element_type=\"widget\" data-e-type=\"widget\" data-widget_type=\"text-editor.default\">\n\t\t\t\t<div class=\"elementor-widget-container\">\n\t\t\t\t\t\t\t\t\t<p>\u201eIns Blaue hinein\u201c<br \/>Eine Hommage an Die Farbe Blau als Material und Methapher<\/p><p>6. Oktober \u2013 24. November 2024<\/p><p>\u00a0<\/p><p>Ausstellungser\u00f6ffnung am\u00a0<\/p><p>6. Oktober um 15 Uhr<\/p><p>\u00a0<\/p><p>KunstForumEifel<br \/>Dreiborner Str. 22, 53937 Schleiden<\/p>\t\t\t\t\t\t\t\t<\/div>\n\t\t\t\t<\/div>\n\t\t\t\t\t<\/div>\n\t\t<\/div>\n\t\t\t\t<div class=\"elementor-column elementor-col-50 elementor-top-column elementor-element elementor-element-82df8ab\" data-id=\"82df8ab\" data-element_type=\"column\" data-e-type=\"column\">\n\t\t\t<div class=\"elementor-widget-wrap elementor-element-populated\">\n\t\t\t\t\t\t<div class=\"elementor-element elementor-element-17c9f70 elementor-widget-divider--view-line elementor-widget elementor-widget-divider\" data-id=\"17c9f70\" data-element_type=\"widget\" data-e-type=\"widget\" data-widget_type=\"divider.default\">\n\t\t\t\t<div class=\"elementor-widget-container\">\n\t\t\t\t\t\t\t<div class=\"elementor-divider\">\n\t\t\t<span class=\"elementor-divider-separator\">\n\t\t\t\t\t\t<\/span>\n\t\t<\/div>\n\t\t\t\t\t\t<\/div>\n\t\t\t\t<\/div>\n\t\t\t\t<div class=\"elementor-element elementor-element-0e2a9cc gallery-spacing-custom elementor-widget elementor-widget-image-gallery\" data-id=\"0e2a9cc\" data-element_type=\"widget\" data-e-type=\"widget\" data-widget_type=\"image-gallery.default\">\n\t\t\t\t<div class=\"elementor-widget-container\">\n\t\t\t\t\t\t\t<div class=\"elementor-image-gallery\">\n\t\t\t<div id='gallery-14' class='gallery galleryid-12 gallery-columns-1 gallery-size-1536x1536'><figure class='gallery-item'>\n\t\t\t<div class='gallery-icon landscape'>\n\t\t\t\t<a data-elementor-open-lightbox=\"yes\" data-elementor-lightbox-slideshow=\"0e2a9cc\" data-e-action-hash=\"#elementor-action%3Aaction%3Dlightbox%26settings%3DeyJpZCI6MTAxNCwidXJsIjoiaHR0cHM6XC9cL2VmZmVjdGl2ZS1hcnQuY29tXC93cC1jb250ZW50XC91cGxvYWRzXC8yMDI0XC8wOVwvS0ZFX0ZMWUVSXzI0MDhfd2ViLWJpbGRlci0wLXNjYWxlZC5qcGciLCJzbGlkZXNob3ciOiIwZTJhOWNjIn0%3D\" href='https:\/\/effective-art.com\/wp-content\/uploads\/2024\/09\/KFE_FLYER_2408_web-bilder-0-scaled.jpg'><img loading=\"lazy\" decoding=\"async\" width=\"1536\" height=\"1024\" src=\"https:\/\/effective-art.com\/wp-content\/uploads\/2024\/09\/KFE_FLYER_2408_web-bilder-0-1536x1024.jpg\" class=\"attachment-1536x1536 size-1536x1536\" alt=\"\" srcset=\"https:\/\/effective-art.com\/wp-content\/uploads\/2024\/09\/KFE_FLYER_2408_web-bilder-0-1536x1024.jpg 1536w, https:\/\/effective-art.com\/wp-content\/uploads\/2024\/09\/KFE_FLYER_2408_web-bilder-0-300x200.jpg 300w, https:\/\/effective-art.com\/wp-content\/uploads\/2024\/09\/KFE_FLYER_2408_web-bilder-0-1024x683.jpg 1024w, https:\/\/effective-art.com\/wp-content\/uploads\/2024\/09\/KFE_FLYER_2408_web-bilder-0-768x512.jpg 768w, https:\/\/effective-art.com\/wp-content\/uploads\/2024\/09\/KFE_FLYER_2408_web-bilder-0-2048x1366.jpg 2048w, https:\/\/effective-art.com\/wp-content\/uploads\/2024\/09\/KFE_FLYER_2408_web-bilder-0-540x360.jpg 540w, https:\/\/effective-art.com\/wp-content\/uploads\/2024\/09\/KFE_FLYER_2408_web-bilder-0-1080x720.jpg 1080w, https:\/\/effective-art.com\/wp-content\/uploads\/2024\/09\/KFE_FLYER_2408_web-bilder-0-1980x1320.jpg 1980w\" sizes=\"(max-width: 1536px) 100vw, 1536px\" style=\"width:100%;height:66.68%;max-width:2560px;\" \/><\/a>\n\t\t\t<\/div><\/figure><figure class='gallery-item'>\n\t\t\t<div class='gallery-icon landscape'>\n\t\t\t\t<a data-elementor-open-lightbox=\"yes\" data-elementor-lightbox-slideshow=\"0e2a9cc\" data-e-action-hash=\"#elementor-action%3Aaction%3Dlightbox%26settings%3DeyJpZCI6MTAxNSwidXJsIjoiaHR0cHM6XC9cL2VmZmVjdGl2ZS1hcnQuY29tXC93cC1jb250ZW50XC91cGxvYWRzXC8yMDI0XC8wOVwvS0ZFX0ZMWUVSXzI0MDhfd2ViLWJpbGRlci0xLXNjYWxlZC5qcGciLCJzbGlkZXNob3ciOiIwZTJhOWNjIn0%3D\" href='https:\/\/effective-art.com\/wp-content\/uploads\/2024\/09\/KFE_FLYER_2408_web-bilder-1-scaled.jpg'><img loading=\"lazy\" decoding=\"async\" width=\"1536\" height=\"1024\" src=\"https:\/\/effective-art.com\/wp-content\/uploads\/2024\/09\/KFE_FLYER_2408_web-bilder-1-1536x1024.jpg\" class=\"attachment-1536x1536 size-1536x1536\" alt=\"\" srcset=\"https:\/\/effective-art.com\/wp-content\/uploads\/2024\/09\/KFE_FLYER_2408_web-bilder-1-1536x1024.jpg 1536w, https:\/\/effective-art.com\/wp-content\/uploads\/2024\/09\/KFE_FLYER_2408_web-bilder-1-300x200.jpg 300w, https:\/\/effective-art.com\/wp-content\/uploads\/2024\/09\/KFE_FLYER_2408_web-bilder-1-1024x683.jpg 1024w, https:\/\/effective-art.com\/wp-content\/uploads\/2024\/09\/KFE_FLYER_2408_web-bilder-1-768x512.jpg 768w, https:\/\/effective-art.com\/wp-content\/uploads\/2024\/09\/KFE_FLYER_2408_web-bilder-1-2048x1366.jpg 2048w, https:\/\/effective-art.com\/wp-content\/uploads\/2024\/09\/KFE_FLYER_2408_web-bilder-1-540x360.jpg 540w, https:\/\/effective-art.com\/wp-content\/uploads\/2024\/09\/KFE_FLYER_2408_web-bilder-1-1080x720.jpg 1080w, https:\/\/effective-art.com\/wp-content\/uploads\/2024\/09\/KFE_FLYER_2408_web-bilder-1-1980x1320.jpg 1980w\" sizes=\"(max-width: 1536px) 100vw, 1536px\" style=\"width:100%;height:66.68%;max-width:2560px;\" \/><\/a>\n\t\t\t<\/div><\/figure>\n\t\t<\/div>\n\t\t<\/div>\n\t\t\t\t\t\t<\/div>\n\t\t\t\t<\/div>\n\t\t\t\t\t<\/div>\n\t\t<\/div>\n\t\t\t\t\t<\/div>\n\t\t<\/section>\n\t\t\t\t<section class=\"elementor-section elementor-top-section elementor-element elementor-element-0f00333 elementor-section-boxed elementor-section-height-default elementor-section-height-default\" data-id=\"0f00333\" data-element_type=\"section\" data-e-type=\"section\">\n\t\t\t\t\t\t<div class=\"elementor-container elementor-column-gap-default\">\n\t\t\t\t\t<div class=\"elementor-column elementor-col-50 elementor-top-column elementor-element elementor-element-66f46bc\" data-id=\"66f46bc\" data-element_type=\"column\" data-e-type=\"column\">\n\t\t\t<div class=\"elementor-widget-wrap elementor-element-populated\">\n\t\t\t\t\t\t<div class=\"elementor-element elementor-element-459bcbe elementor-widget-divider--view-line elementor-widget elementor-widget-divider\" data-id=\"459bcbe\" data-element_type=\"widget\" data-e-type=\"widget\" data-widget_type=\"divider.default\">\n\t\t\t\t<div class=\"elementor-widget-container\">\n\t\t\t\t\t\t\t<div class=\"elementor-divider\">\n\t\t\t<span class=\"elementor-divider-separator\">\n\t\t\t\t\t\t<\/span>\n\t\t<\/div>\n\t\t\t\t\t\t<\/div>\n\t\t\t\t<\/div>\n\t\t\t\t<div class=\"elementor-element elementor-element-e108984 elementor-widget elementor-widget-text-editor\" data-id=\"e108984\" data-element_type=\"widget\" data-e-type=\"widget\" data-widget_type=\"text-editor.default\">\n\t\t\t\t<div class=\"elementor-widget-container\">\n\t\t\t\t\t\t\t\t\t<p>\u201eFLAUSENRAUSCH\u201c \u2013 Der Kunstpreis der Produzentengalerie plan.d.<\/p><p>7. September \u2013 6. Oktober 2024<\/p><p>25 j\u00e4hrige Jubil\u00e4umsausstellung, Kunstpreisausstellung 2024<\/p><p>\u00a0<\/p><p>Vernissage am<\/p><p>7. September 2024 ab 20 Uhr<\/p><p>\u00a0<\/p><p>Produzentengalerie plan.d. Dorotheenstrasse 59, D\u00fcsseldorf\u00a0<\/p><p>\u00a0<\/p>\t\t\t\t\t\t\t\t<\/div>\n\t\t\t\t<\/div>\n\t\t\t\t\t<\/div>\n\t\t<\/div>\n\t\t\t\t<div class=\"elementor-column elementor-col-50 elementor-top-column elementor-element elementor-element-6b5ce89\" data-id=\"6b5ce89\" data-element_type=\"column\" data-e-type=\"column\">\n\t\t\t<div class=\"elementor-widget-wrap elementor-element-populated\">\n\t\t\t\t\t\t<div class=\"elementor-element elementor-element-6647f63 elementor-widget-divider--view-line elementor-widget elementor-widget-divider\" data-id=\"6647f63\" data-element_type=\"widget\" data-e-type=\"widget\" data-widget_type=\"divider.default\">\n\t\t\t\t<div class=\"elementor-widget-container\">\n\t\t\t\t\t\t\t<div class=\"elementor-divider\">\n\t\t\t<span class=\"elementor-divider-separator\">\n\t\t\t\t\t\t<\/span>\n\t\t<\/div>\n\t\t\t\t\t\t<\/div>\n\t\t\t\t<\/div>\n\t\t\t\t<div class=\"elementor-element elementor-element-59c4ddc elementor-widget elementor-widget-image\" data-id=\"59c4ddc\" data-element_type=\"widget\" data-e-type=\"widget\" data-widget_type=\"image.default\">\n\t\t\t\t<div class=\"elementor-widget-container\">\n\t\t\t\t\t\t\t\t\t\t\t\t\t\t\t<img loading=\"lazy\" decoding=\"async\" width=\"1200\" height=\"827\" src=\"https:\/\/effective-art.com\/wp-content\/uploads\/2024\/08\/Flausenrausch.jpg\" class=\"attachment-1536x1536 size-1536x1536 wp-image-981\" alt=\"\" srcset=\"https:\/\/effective-art.com\/wp-content\/uploads\/2024\/08\/Flausenrausch.jpg 1200w, https:\/\/effective-art.com\/wp-content\/uploads\/2024\/08\/Flausenrausch-300x207.jpg 300w, https:\/\/effective-art.com\/wp-content\/uploads\/2024\/08\/Flausenrausch-1024x706.jpg 1024w, https:\/\/effective-art.com\/wp-content\/uploads\/2024\/08\/Flausenrausch-768x529.jpg 768w, https:\/\/effective-art.com\/wp-content\/uploads\/2024\/08\/Flausenrausch-540x372.jpg 540w, https:\/\/effective-art.com\/wp-content\/uploads\/2024\/08\/Flausenrausch-1080x744.jpg 1080w\" sizes=\"(max-width: 1200px) 100vw, 1200px\" style=\"width:100%;height:68.92%;max-width:1200px\" \/>\t\t\t\t\t\t\t\t\t\t\t\t\t\t\t<\/div>\n\t\t\t\t<\/div>\n\t\t\t\t\t<\/div>\n\t\t<\/div>\n\t\t\t\t\t<\/div>\n\t\t<\/section>\n\t\t\t\t<section class=\"elementor-section elementor-top-section elementor-element elementor-element-a6ff0bf elementor-section-boxed elementor-section-height-default elementor-section-height-default\" data-id=\"a6ff0bf\" data-element_type=\"section\" data-e-type=\"section\">\n\t\t\t\t\t\t<div class=\"elementor-container elementor-column-gap-default\">\n\t\t\t\t\t<div class=\"elementor-column elementor-col-50 elementor-top-column elementor-element elementor-element-9ef1bbf\" data-id=\"9ef1bbf\" data-element_type=\"column\" data-e-type=\"column\">\n\t\t\t<div class=\"elementor-widget-wrap elementor-element-populated\">\n\t\t\t\t\t\t<div class=\"elementor-element elementor-element-ed2452f elementor-widget-divider--view-line elementor-widget elementor-widget-divider\" data-id=\"ed2452f\" data-element_type=\"widget\" data-e-type=\"widget\" data-widget_type=\"divider.default\">\n\t\t\t\t<div class=\"elementor-widget-container\">\n\t\t\t\t\t\t\t<div class=\"elementor-divider\">\n\t\t\t<span class=\"elementor-divider-separator\">\n\t\t\t\t\t\t<\/span>\n\t\t<\/div>\n\t\t\t\t\t\t<\/div>\n\t\t\t\t<\/div>\n\t\t\t\t<div class=\"elementor-element elementor-element-98865a6 elementor-widget elementor-widget-text-editor\" data-id=\"98865a6\" data-element_type=\"widget\" data-e-type=\"widget\" data-widget_type=\"text-editor.default\">\n\t\t\t\t<div class=\"elementor-widget-container\">\n\t\t\t\t\t\t\t\t\t<p>HNA, 22. Juli 2024<br \/>Bericht von Karl-Hermann V\u00f6lker<\/p>\t\t\t\t\t\t\t\t<\/div>\n\t\t\t\t<\/div>\n\t\t\t\t\t<\/div>\n\t\t<\/div>\n\t\t\t\t<div class=\"elementor-column elementor-col-50 elementor-top-column elementor-element elementor-element-1df56f7\" data-id=\"1df56f7\" data-element_type=\"column\" data-e-type=\"column\">\n\t\t\t<div class=\"elementor-widget-wrap elementor-element-populated\">\n\t\t\t\t\t\t<div class=\"elementor-element elementor-element-6bd0024 elementor-widget-divider--view-line elementor-widget elementor-widget-divider\" data-id=\"6bd0024\" data-element_type=\"widget\" data-e-type=\"widget\" data-widget_type=\"divider.default\">\n\t\t\t\t<div class=\"elementor-widget-container\">\n\t\t\t\t\t\t\t<div class=\"elementor-divider\">\n\t\t\t<span class=\"elementor-divider-separator\">\n\t\t\t\t\t\t<\/span>\n\t\t<\/div>\n\t\t\t\t\t\t<\/div>\n\t\t\t\t<\/div>\n\t\t\t\t<div class=\"elementor-element elementor-element-6d39877 gallery-spacing-custom elementor-widget elementor-widget-image-gallery\" data-id=\"6d39877\" data-element_type=\"widget\" data-e-type=\"widget\" data-widget_type=\"image-gallery.default\">\n\t\t\t\t<div class=\"elementor-widget-container\">\n\t\t\t\t\t\t\t<div class=\"elementor-image-gallery\">\n\t\t\t<div id='gallery-15' class='gallery galleryid-12 gallery-columns-1 gallery-size-1536x1536'><figure class='gallery-item'>\n\t\t\t<div class='gallery-icon portrait'>\n\t\t\t\t<a data-elementor-open-lightbox=\"yes\" data-elementor-lightbox-slideshow=\"6d39877\" data-elementor-lightbox-title=\"Sabine-Reyer-Publikumspreis-2024\" data-e-action-hash=\"#elementor-action%3Aaction%3Dlightbox%26settings%3DeyJpZCI6OTU3LCJ1cmwiOiJodHRwczpcL1wvZWZmZWN0aXZlLWFydC5jb21cL3dwLWNvbnRlbnRcL3VwbG9hZHNcLzIwMjRcLzA4XC8yMDI0LTA3LTIyLUhOQS1LdW5zdHByZWlzLmpwZyIsInNsaWRlc2hvdyI6IjZkMzk4NzcifQ%3D%3D\" href='https:\/\/effective-art.com\/wp-content\/uploads\/2024\/08\/2024-07-22-HNA-Kunstpreis.jpg'><img loading=\"lazy\" decoding=\"async\" width=\"776\" height=\"803\" src=\"https:\/\/effective-art.com\/wp-content\/uploads\/2024\/08\/2024-07-22-HNA-Kunstpreis.jpg\" class=\"attachment-1536x1536 size-1536x1536\" alt=\"Sabine-Reyer-Publikumspreis-2024\" aria-describedby=\"gallery-15-957\" srcset=\"https:\/\/effective-art.com\/wp-content\/uploads\/2024\/08\/2024-07-22-HNA-Kunstpreis.jpg 776w, https:\/\/effective-art.com\/wp-content\/uploads\/2024\/08\/2024-07-22-HNA-Kunstpreis-290x300.jpg 290w, https:\/\/effective-art.com\/wp-content\/uploads\/2024\/08\/2024-07-22-HNA-Kunstpreis-768x795.jpg 768w, https:\/\/effective-art.com\/wp-content\/uploads\/2024\/08\/2024-07-22-HNA-Kunstpreis-540x559.jpg 540w\" sizes=\"(max-width: 776px) 100vw, 776px\" style=\"width:100%;height:103.48%;max-width:776px;\" \/><\/a>\n\t\t\t<\/div>\n\t\t\t\t<figcaption class='wp-caption-text gallery-caption' id='gallery-15-957'>\n\t\t\t\tSabine-Reyer-Publikumspreis-2024\n\t\t\t\t<\/figcaption><\/figure>\n\t\t<\/div>\n\t\t<\/div>\n\t\t\t\t\t\t<\/div>\n\t\t\t\t<\/div>\n\t\t\t\t\t<\/div>\n\t\t<\/div>\n\t\t\t\t\t<\/div>\n\t\t<\/section>\n\t\t\t\t<section class=\"elementor-section elementor-top-section elementor-element elementor-element-048dfb6 elementor-section-boxed elementor-section-height-default elementor-section-height-default\" data-id=\"048dfb6\" data-element_type=\"section\" data-e-type=\"section\">\n\t\t\t\t\t\t<div class=\"elementor-container elementor-column-gap-default\">\n\t\t\t\t\t<div class=\"elementor-column elementor-col-50 elementor-top-column elementor-element elementor-element-a48fb82\" data-id=\"a48fb82\" data-element_type=\"column\" data-e-type=\"column\">\n\t\t\t<div class=\"elementor-widget-wrap elementor-element-populated\">\n\t\t\t\t\t\t<div class=\"elementor-element elementor-element-73ddd1a elementor-widget-divider--view-line elementor-widget elementor-widget-divider\" data-id=\"73ddd1a\" data-element_type=\"widget\" data-e-type=\"widget\" data-widget_type=\"divider.default\">\n\t\t\t\t<div class=\"elementor-widget-container\">\n\t\t\t\t\t\t\t<div class=\"elementor-divider\">\n\t\t\t<span class=\"elementor-divider-separator\">\n\t\t\t\t\t\t<\/span>\n\t\t<\/div>\n\t\t\t\t\t\t<\/div>\n\t\t\t\t<\/div>\n\t\t\t\t<div class=\"elementor-element elementor-element-163f6db elementor-widget elementor-widget-text-editor\" data-id=\"163f6db\" data-element_type=\"widget\" data-e-type=\"widget\" data-widget_type=\"text-editor.default\">\n\t\t\t\t<div class=\"elementor-widget-container\">\n\t\t\t\t\t\t\t\t\t<div class=\"xdj266r x11i5rnm xat24cr x1mh8g0r x1vvkbs x126k92a\"><div dir=\"auto\">Lesser-Ury-Preises f\u00fcr Kunst 2024 der K\u00fcnstlerGilde e.V. Esslingen.<\/div><div dir=\"auto\">\u00a0<\/div><div dir=\"auto\">Freue mich sehr. Meine Arbeit zum Thema &#8222;Moderne Stillleben&#8220; wurde von der Jury ausgew\u00e4hlt, ist auf der Shortlist und nimmt an der Ausstellung zwischen Juli und September 2024 teil.<\/div><div dir=\"auto\">\u00a0<\/div><\/div><div class=\"x11i5rnm xat24cr x1mh8g0r x1vvkbs xtlvy1s x126k92a\"><div dir=\"auto\">Der Preis ist benannt nach dem 1861 in Posen geborenen Maler und Grafiker Leo Lesser Ury, einem bedeutenden Vertreter des Deutschen Impressionismus und der Berliner Secession.<\/div><div dir=\"auto\">\u00a0<\/div><\/div>\t\t\t\t\t\t\t\t<\/div>\n\t\t\t\t<\/div>\n\t\t\t\t\t<\/div>\n\t\t<\/div>\n\t\t\t\t<div class=\"elementor-column elementor-col-50 elementor-top-column elementor-element elementor-element-6bbcc62\" data-id=\"6bbcc62\" data-element_type=\"column\" data-e-type=\"column\">\n\t\t\t<div class=\"elementor-widget-wrap elementor-element-populated\">\n\t\t\t\t\t\t<div class=\"elementor-element elementor-element-91f9ddb elementor-widget-divider--view-line elementor-widget elementor-widget-divider\" data-id=\"91f9ddb\" data-element_type=\"widget\" data-e-type=\"widget\" data-widget_type=\"divider.default\">\n\t\t\t\t<div class=\"elementor-widget-container\">\n\t\t\t\t\t\t\t<div class=\"elementor-divider\">\n\t\t\t<span class=\"elementor-divider-separator\">\n\t\t\t\t\t\t<\/span>\n\t\t<\/div>\n\t\t\t\t\t\t<\/div>\n\t\t\t\t<\/div>\n\t\t\t\t<div class=\"elementor-element elementor-element-d7d455c elementor-widget elementor-widget-image\" data-id=\"d7d455c\" data-element_type=\"widget\" data-e-type=\"widget\" data-widget_type=\"image.default\">\n\t\t\t\t<div class=\"elementor-widget-container\">\n\t\t\t\t\t\t\t\t\t\t\t\t\t\t\t<img loading=\"lazy\" decoding=\"async\" width=\"1200\" height=\"1218\" src=\"https:\/\/effective-art.com\/wp-content\/uploads\/2024\/07\/Sabine-Reyer-Stillleben.jpg\" class=\"attachment-2048x2048 size-2048x2048 wp-image-940\" alt=\"\" srcset=\"https:\/\/effective-art.com\/wp-content\/uploads\/2024\/07\/Sabine-Reyer-Stillleben.jpg 1200w, https:\/\/effective-art.com\/wp-content\/uploads\/2024\/07\/Sabine-Reyer-Stillleben-296x300.jpg 296w, https:\/\/effective-art.com\/wp-content\/uploads\/2024\/07\/Sabine-Reyer-Stillleben-1009x1024.jpg 1009w, https:\/\/effective-art.com\/wp-content\/uploads\/2024\/07\/Sabine-Reyer-Stillleben-768x780.jpg 768w, https:\/\/effective-art.com\/wp-content\/uploads\/2024\/07\/Sabine-Reyer-Stillleben-540x548.jpg 540w, https:\/\/effective-art.com\/wp-content\/uploads\/2024\/07\/Sabine-Reyer-Stillleben-1080x1096.jpg 1080w\" sizes=\"(max-width: 1200px) 100vw, 1200px\" style=\"width:100%;height:101.5%;max-width:1200px\" \/>\t\t\t\t\t\t\t\t\t\t\t\t\t\t\t<\/div>\n\t\t\t\t<\/div>\n\t\t\t\t\t<\/div>\n\t\t<\/div>\n\t\t\t\t\t<\/div>\n\t\t<\/section>\n\t\t\t\t<section class=\"elementor-section elementor-top-section elementor-element elementor-element-f7960f4 elementor-section-boxed elementor-section-height-default elementor-section-height-default\" data-id=\"f7960f4\" data-element_type=\"section\" data-e-type=\"section\">\n\t\t\t\t\t\t<div class=\"elementor-container elementor-column-gap-default\">\n\t\t\t\t\t<div class=\"elementor-column elementor-col-50 elementor-top-column elementor-element elementor-element-1334c7f\" data-id=\"1334c7f\" data-element_type=\"column\" data-e-type=\"column\">\n\t\t\t<div class=\"elementor-widget-wrap elementor-element-populated\">\n\t\t\t\t\t\t<div class=\"elementor-element elementor-element-4592a78 elementor-widget-divider--view-line elementor-widget elementor-widget-divider\" data-id=\"4592a78\" data-element_type=\"widget\" data-e-type=\"widget\" data-widget_type=\"divider.default\">\n\t\t\t\t<div class=\"elementor-widget-container\">\n\t\t\t\t\t\t\t<div class=\"elementor-divider\">\n\t\t\t<span class=\"elementor-divider-separator\">\n\t\t\t\t\t\t<\/span>\n\t\t<\/div>\n\t\t\t\t\t\t<\/div>\n\t\t\t\t<\/div>\n\t\t\t\t<div class=\"elementor-element elementor-element-4cff1dd elementor-widget elementor-widget-text-editor\" data-id=\"4cff1dd\" data-element_type=\"widget\" data-e-type=\"widget\" data-widget_type=\"text-editor.default\">\n\t\t\t\t<div class=\"elementor-widget-container\">\n\t\t\t\t\t\t\t\t\t<p>N\u00fcrnberger Nachrichten, 27. Mai 2024 <br \/>Bericht zur Ausstellungser\u00f6ffnung 6. Wei\u00dfenburger Kunstpreis von Miriam Z\u00f6llich<\/p><p><a href=\"https:\/\/www.nn.de\/region\/wei%C3%9Fenburg\/ausstellung-zum-weissenburger-kunstpreis-2024-die-ganze-vielfalt-der-kunst-1.14277394\">zum Artikel<\/a><\/p>\t\t\t\t\t\t\t\t<\/div>\n\t\t\t\t<\/div>\n\t\t\t\t\t<\/div>\n\t\t<\/div>\n\t\t\t\t<div class=\"elementor-column elementor-col-50 elementor-top-column elementor-element elementor-element-3ed51d0\" data-id=\"3ed51d0\" data-element_type=\"column\" data-e-type=\"column\">\n\t\t\t<div class=\"elementor-widget-wrap elementor-element-populated\">\n\t\t\t\t\t\t<div class=\"elementor-element elementor-element-8e191e6 elementor-widget-divider--view-line elementor-widget elementor-widget-divider\" data-id=\"8e191e6\" data-element_type=\"widget\" data-e-type=\"widget\" data-widget_type=\"divider.default\">\n\t\t\t\t<div class=\"elementor-widget-container\">\n\t\t\t\t\t\t\t<div class=\"elementor-divider\">\n\t\t\t<span class=\"elementor-divider-separator\">\n\t\t\t\t\t\t<\/span>\n\t\t<\/div>\n\t\t\t\t\t\t<\/div>\n\t\t\t\t<\/div>\n\t\t\t\t<div class=\"elementor-element elementor-element-891f35f gallery-spacing-custom elementor-widget elementor-widget-image-gallery\" data-id=\"891f35f\" data-element_type=\"widget\" data-e-type=\"widget\" data-widget_type=\"image-gallery.default\">\n\t\t\t\t<div class=\"elementor-widget-container\">\n\t\t\t\t\t\t\t<div class=\"elementor-image-gallery\">\n\t\t\t<div id='gallery-16' class='gallery galleryid-12 gallery-columns-1 gallery-size-large'><figure class='gallery-item'>\n\t\t\t<div class='gallery-icon portrait'>\n\t\t\t\t<a data-elementor-open-lightbox=\"yes\" data-elementor-lightbox-slideshow=\"891f35f\" data-elementor-lightbox-title=\"6. Wei\u00dfenburger Kunstpreis 2024\" data-e-action-hash=\"#elementor-action%3Aaction%3Dlightbox%26settings%3DeyJpZCI6OTIyLCJ1cmwiOiJodHRwczpcL1wvZWZmZWN0aXZlLWFydC5jb21cL3dwLWNvbnRlbnRcL3VwbG9hZHNcLzIwMjRcLzA1XC8yMDI0LTA1LTI3LU51ZXJuYmVyZ2VyLU5hY2hyaWNodGVuLWdhbnplci1BcnRpa2VsLTN4LWdldGVpbHQtMS1zY2FsZWQuanBnIiwic2xpZGVzaG93IjoiODkxZjM1ZiJ9\" href='https:\/\/effective-art.com\/wp-content\/uploads\/2024\/05\/2024-05-27-Nuernberger-Nachrichten-ganzer-Artikel-3x-geteilt-1-scaled.jpg'><img loading=\"lazy\" decoding=\"async\" width=\"643\" height=\"1024\" src=\"https:\/\/effective-art.com\/wp-content\/uploads\/2024\/05\/2024-05-27-Nuernberger-Nachrichten-ganzer-Artikel-3x-geteilt-1-643x1024.jpg\" class=\"attachment-large size-large\" alt=\"\" srcset=\"https:\/\/effective-art.com\/wp-content\/uploads\/2024\/05\/2024-05-27-Nuernberger-Nachrichten-ganzer-Artikel-3x-geteilt-1-643x1024.jpg 643w, https:\/\/effective-art.com\/wp-content\/uploads\/2024\/05\/2024-05-27-Nuernberger-Nachrichten-ganzer-Artikel-3x-geteilt-1-188x300.jpg 188w, https:\/\/effective-art.com\/wp-content\/uploads\/2024\/05\/2024-05-27-Nuernberger-Nachrichten-ganzer-Artikel-3x-geteilt-1-768x1223.jpg 768w, https:\/\/effective-art.com\/wp-content\/uploads\/2024\/05\/2024-05-27-Nuernberger-Nachrichten-ganzer-Artikel-3x-geteilt-1-964x1536.jpg 964w, https:\/\/effective-art.com\/wp-content\/uploads\/2024\/05\/2024-05-27-Nuernberger-Nachrichten-ganzer-Artikel-3x-geteilt-1-1286x2048.jpg 1286w, https:\/\/effective-art.com\/wp-content\/uploads\/2024\/05\/2024-05-27-Nuernberger-Nachrichten-ganzer-Artikel-3x-geteilt-1-540x860.jpg 540w, https:\/\/effective-art.com\/wp-content\/uploads\/2024\/05\/2024-05-27-Nuernberger-Nachrichten-ganzer-Artikel-3x-geteilt-1-1080x1720.jpg 1080w, https:\/\/effective-art.com\/wp-content\/uploads\/2024\/05\/2024-05-27-Nuernberger-Nachrichten-ganzer-Artikel-3x-geteilt-1-1980x3154.jpg 1980w, https:\/\/effective-art.com\/wp-content\/uploads\/2024\/05\/2024-05-27-Nuernberger-Nachrichten-ganzer-Artikel-3x-geteilt-1-scaled.jpg 1607w\" sizes=\"(max-width: 643px) 100vw, 643px\" style=\"width:100%;height:159.3%;max-width:1607px;\" \/><\/a>\n\t\t\t<\/div><\/figure><figure class='gallery-item'>\n\t\t\t<div class='gallery-icon portrait'>\n\t\t\t\t<a data-elementor-open-lightbox=\"yes\" data-elementor-lightbox-slideshow=\"891f35f\" data-elementor-lightbox-title=\"6. Wei\u00dfenburger Kunstpreis 2024\" data-e-action-hash=\"#elementor-action%3Aaction%3Dlightbox%26settings%3DeyJpZCI6OTIzLCJ1cmwiOiJodHRwczpcL1wvZWZmZWN0aXZlLWFydC5jb21cL3dwLWNvbnRlbnRcL3VwbG9hZHNcLzIwMjRcLzA1XC8yMDI0LTA1LTI3LU51ZXJuYmVyZ2VyLU5hY2hyaWNodGVuLWdhbnplci1BcnRpa2VsLTN4LWdldGVpbHQtMi1zY2FsZWQuanBnIiwic2xpZGVzaG93IjoiODkxZjM1ZiJ9\" href='https:\/\/effective-art.com\/wp-content\/uploads\/2024\/05\/2024-05-27-Nuernberger-Nachrichten-ganzer-Artikel-3x-geteilt-2-scaled.jpg'><img loading=\"lazy\" decoding=\"async\" width=\"648\" height=\"1024\" src=\"https:\/\/effective-art.com\/wp-content\/uploads\/2024\/05\/2024-05-27-Nuernberger-Nachrichten-ganzer-Artikel-3x-geteilt-2-648x1024.jpg\" class=\"attachment-large size-large\" alt=\"\" srcset=\"https:\/\/effective-art.com\/wp-content\/uploads\/2024\/05\/2024-05-27-Nuernberger-Nachrichten-ganzer-Artikel-3x-geteilt-2-648x1024.jpg 648w, https:\/\/effective-art.com\/wp-content\/uploads\/2024\/05\/2024-05-27-Nuernberger-Nachrichten-ganzer-Artikel-3x-geteilt-2-190x300.jpg 190w, https:\/\/effective-art.com\/wp-content\/uploads\/2024\/05\/2024-05-27-Nuernberger-Nachrichten-ganzer-Artikel-3x-geteilt-2-768x1213.jpg 768w, https:\/\/effective-art.com\/wp-content\/uploads\/2024\/05\/2024-05-27-Nuernberger-Nachrichten-ganzer-Artikel-3x-geteilt-2-973x1536.jpg 973w, https:\/\/effective-art.com\/wp-content\/uploads\/2024\/05\/2024-05-27-Nuernberger-Nachrichten-ganzer-Artikel-3x-geteilt-2-1297x2048.jpg 1297w, https:\/\/effective-art.com\/wp-content\/uploads\/2024\/05\/2024-05-27-Nuernberger-Nachrichten-ganzer-Artikel-3x-geteilt-2-540x853.jpg 540w, https:\/\/effective-art.com\/wp-content\/uploads\/2024\/05\/2024-05-27-Nuernberger-Nachrichten-ganzer-Artikel-3x-geteilt-2-1080x1706.jpg 1080w, https:\/\/effective-art.com\/wp-content\/uploads\/2024\/05\/2024-05-27-Nuernberger-Nachrichten-ganzer-Artikel-3x-geteilt-2-1980x3127.jpg 1980w, https:\/\/effective-art.com\/wp-content\/uploads\/2024\/05\/2024-05-27-Nuernberger-Nachrichten-ganzer-Artikel-3x-geteilt-2-scaled.jpg 1621w\" sizes=\"(max-width: 648px) 100vw, 648px\" style=\"width:100%;height:157.93%;max-width:1621px;\" \/><\/a>\n\t\t\t<\/div><\/figure><figure class='gallery-item'>\n\t\t\t<div class='gallery-icon landscape'>\n\t\t\t\t<a data-elementor-open-lightbox=\"yes\" data-elementor-lightbox-slideshow=\"891f35f\" data-elementor-lightbox-title=\"6. Wei\u00dfenburger Kunstpreis 2024\" data-e-action-hash=\"#elementor-action%3Aaction%3Dlightbox%26settings%3DeyJpZCI6OTcyLCJ1cmwiOiJodHRwczpcL1wvZWZmZWN0aXZlLWFydC5jb21cL3dwLWNvbnRlbnRcL3VwbG9hZHNcLzIwMjRcLzA4XC8yMDI0LTA1LTI3LU51ZXJuYmVyZ2VyLU5hY2hyaWNodGVuLWdhbnplci1BcnRpa2VsLTN4LWdldGVpbHQtMy5qcGciLCJzbGlkZXNob3ciOiI4OTFmMzVmIn0%3D\" href='https:\/\/effective-art.com\/wp-content\/uploads\/2024\/08\/2024-05-27-Nuernberger-Nachrichten-ganzer-Artikel-3x-geteilt-3.jpg'><img loading=\"lazy\" decoding=\"async\" width=\"750\" height=\"534\" src=\"https:\/\/effective-art.com\/wp-content\/uploads\/2024\/08\/2024-05-27-Nuernberger-Nachrichten-ganzer-Artikel-3x-geteilt-3-1024x729.jpg\" class=\"attachment-large size-large\" alt=\"\" srcset=\"https:\/\/effective-art.com\/wp-content\/uploads\/2024\/08\/2024-05-27-Nuernberger-Nachrichten-ganzer-Artikel-3x-geteilt-3-1024x729.jpg 1024w, https:\/\/effective-art.com\/wp-content\/uploads\/2024\/08\/2024-05-27-Nuernberger-Nachrichten-ganzer-Artikel-3x-geteilt-3-300x213.jpg 300w, https:\/\/effective-art.com\/wp-content\/uploads\/2024\/08\/2024-05-27-Nuernberger-Nachrichten-ganzer-Artikel-3x-geteilt-3-768x547.jpg 768w, https:\/\/effective-art.com\/wp-content\/uploads\/2024\/08\/2024-05-27-Nuernberger-Nachrichten-ganzer-Artikel-3x-geteilt-3-1536x1093.jpg 1536w, https:\/\/effective-art.com\/wp-content\/uploads\/2024\/08\/2024-05-27-Nuernberger-Nachrichten-ganzer-Artikel-3x-geteilt-3-2048x1457.jpg 2048w, https:\/\/effective-art.com\/wp-content\/uploads\/2024\/08\/2024-05-27-Nuernberger-Nachrichten-ganzer-Artikel-3x-geteilt-3-540x384.jpg 540w, https:\/\/effective-art.com\/wp-content\/uploads\/2024\/08\/2024-05-27-Nuernberger-Nachrichten-ganzer-Artikel-3x-geteilt-3-1080x769.jpg 1080w, https:\/\/effective-art.com\/wp-content\/uploads\/2024\/08\/2024-05-27-Nuernberger-Nachrichten-ganzer-Artikel-3x-geteilt-3-1980x1409.jpg 1980w\" sizes=\"(max-width: 750px) 100vw, 750px\" style=\"width:100%;height:71.16%;max-width:2233px;\" \/><\/a>\n\t\t\t<\/div><\/figure>\n\t\t<\/div>\n\t\t<\/div>\n\t\t\t\t\t\t<\/div>\n\t\t\t\t<\/div>\n\t\t\t\t\t<\/div>\n\t\t<\/div>\n\t\t\t\t\t<\/div>\n\t\t<\/section>\n\t\t\t\t<section class=\"elementor-section elementor-top-section elementor-element elementor-element-e0c0bc9 elementor-section-boxed elementor-section-height-default elementor-section-height-default\" data-id=\"e0c0bc9\" data-element_type=\"section\" data-e-type=\"section\">\n\t\t\t\t\t\t<div class=\"elementor-container elementor-column-gap-default\">\n\t\t\t\t\t<div class=\"elementor-column elementor-col-100 elementor-top-column elementor-element elementor-element-d39daee\" data-id=\"d39daee\" data-element_type=\"column\" data-e-type=\"column\">\n\t\t\t<div class=\"elementor-widget-wrap elementor-element-populated\">\n\t\t\t\t\t\t<div class=\"elementor-element elementor-element-abc0066 elementor-widget-divider--view-line elementor-widget elementor-widget-divider\" data-id=\"abc0066\" data-element_type=\"widget\" data-e-type=\"widget\" data-widget_type=\"divider.default\">\n\t\t\t\t<div class=\"elementor-widget-container\">\n\t\t\t\t\t\t\t<div class=\"elementor-divider\">\n\t\t\t<span class=\"elementor-divider-separator\">\n\t\t\t\t\t\t<\/span>\n\t\t<\/div>\n\t\t\t\t\t\t<\/div>\n\t\t\t\t<\/div>\n\t\t\t\t<div class=\"elementor-element elementor-element-f883dce gallery-spacing-custom elementor-widget elementor-widget-image-gallery\" data-id=\"f883dce\" data-element_type=\"widget\" data-e-type=\"widget\" data-widget_type=\"image-gallery.default\">\n\t\t\t\t<div class=\"elementor-widget-container\">\n\t\t\t\t\t\t\t<div class=\"elementor-image-gallery\">\n\t\t\t<div id='gallery-17' class='gallery galleryid-12 gallery-columns-1 gallery-size-1536x1536'><figure class='gallery-item'>\n\t\t\t<div class='gallery-icon landscape'>\n\t\t\t\t<a data-elementor-open-lightbox=\"yes\" data-elementor-lightbox-slideshow=\"f883dce\" data-e-action-hash=\"#elementor-action%3Aaction%3Dlightbox%26settings%3DeyJpZCI6OTAzLCJ1cmwiOiJodHRwczpcL1wvZWZmZWN0aXZlLWFydC5jb21cL3dwLWNvbnRlbnRcL3VwbG9hZHNcLzIwMjRcLzA1XC9rdW5zdHByZWlzXzIwMjRfZmx5ZXJfYXVzc2Vuc2VpdGVfd2ViX3BhZ2UtMDAwMS5qcGciLCJzbGlkZXNob3ciOiJmODgzZGNlIn0%3D\" href='https:\/\/effective-art.com\/wp-content\/uploads\/2024\/05\/kunstpreis_2024_flyer_aussenseite_web_page-0001.jpg'><img loading=\"lazy\" decoding=\"async\" width=\"1536\" height=\"817\" src=\"https:\/\/effective-art.com\/wp-content\/uploads\/2024\/05\/kunstpreis_2024_flyer_aussenseite_web_page-0001-1536x817.jpg\" class=\"attachment-1536x1536 size-1536x1536\" alt=\"\" srcset=\"https:\/\/effective-art.com\/wp-content\/uploads\/2024\/05\/kunstpreis_2024_flyer_aussenseite_web_page-0001-1536x817.jpg 1536w, https:\/\/effective-art.com\/wp-content\/uploads\/2024\/05\/kunstpreis_2024_flyer_aussenseite_web_page-0001-300x160.jpg 300w, https:\/\/effective-art.com\/wp-content\/uploads\/2024\/05\/kunstpreis_2024_flyer_aussenseite_web_page-0001-1024x545.jpg 1024w, https:\/\/effective-art.com\/wp-content\/uploads\/2024\/05\/kunstpreis_2024_flyer_aussenseite_web_page-0001-768x408.jpg 768w, https:\/\/effective-art.com\/wp-content\/uploads\/2024\/05\/kunstpreis_2024_flyer_aussenseite_web_page-0001-2048x1089.jpg 2048w, https:\/\/effective-art.com\/wp-content\/uploads\/2024\/05\/kunstpreis_2024_flyer_aussenseite_web_page-0001-540x287.jpg 540w, https:\/\/effective-art.com\/wp-content\/uploads\/2024\/05\/kunstpreis_2024_flyer_aussenseite_web_page-0001-1080x574.jpg 1080w, https:\/\/effective-art.com\/wp-content\/uploads\/2024\/05\/kunstpreis_2024_flyer_aussenseite_web_page-0001-1980x1053.jpg 1980w\" sizes=\"(max-width: 1536px) 100vw, 1536px\" style=\"width:100%;height:53.17%;max-width:2394px;\" \/><\/a>\n\t\t\t<\/div><\/figure><figure class='gallery-item'>\n\t\t\t<div class='gallery-icon landscape'>\n\t\t\t\t<a data-elementor-open-lightbox=\"yes\" data-elementor-lightbox-slideshow=\"f883dce\" data-e-action-hash=\"#elementor-action%3Aaction%3Dlightbox%26settings%3DeyJpZCI6OTA0LCJ1cmwiOiJodHRwczpcL1wvZWZmZWN0aXZlLWFydC5jb21cL3dwLWNvbnRlbnRcL3VwbG9hZHNcLzIwMjRcLzA1XC9rdW5zdHByZWlzXzIwMjRfZmx5ZXJfaW5uZW5zZWl0ZV93ZWJfcGFnZS0wMDAxLmpwZyIsInNsaWRlc2hvdyI6ImY4ODNkY2UifQ%3D%3D\" href='https:\/\/effective-art.com\/wp-content\/uploads\/2024\/05\/kunstpreis_2024_flyer_innenseite_web_page-0001.jpg'><img loading=\"lazy\" decoding=\"async\" width=\"1536\" height=\"817\" src=\"https:\/\/effective-art.com\/wp-content\/uploads\/2024\/05\/kunstpreis_2024_flyer_innenseite_web_page-0001-1536x817.jpg\" class=\"attachment-1536x1536 size-1536x1536\" alt=\"\" srcset=\"https:\/\/effective-art.com\/wp-content\/uploads\/2024\/05\/kunstpreis_2024_flyer_innenseite_web_page-0001-1536x817.jpg 1536w, https:\/\/effective-art.com\/wp-content\/uploads\/2024\/05\/kunstpreis_2024_flyer_innenseite_web_page-0001-300x160.jpg 300w, https:\/\/effective-art.com\/wp-content\/uploads\/2024\/05\/kunstpreis_2024_flyer_innenseite_web_page-0001-1024x545.jpg 1024w, https:\/\/effective-art.com\/wp-content\/uploads\/2024\/05\/kunstpreis_2024_flyer_innenseite_web_page-0001-768x408.jpg 768w, https:\/\/effective-art.com\/wp-content\/uploads\/2024\/05\/kunstpreis_2024_flyer_innenseite_web_page-0001-2048x1089.jpg 2048w, https:\/\/effective-art.com\/wp-content\/uploads\/2024\/05\/kunstpreis_2024_flyer_innenseite_web_page-0001-540x287.jpg 540w, https:\/\/effective-art.com\/wp-content\/uploads\/2024\/05\/kunstpreis_2024_flyer_innenseite_web_page-0001-1080x574.jpg 1080w, https:\/\/effective-art.com\/wp-content\/uploads\/2024\/05\/kunstpreis_2024_flyer_innenseite_web_page-0001-1980x1053.jpg 1980w\" sizes=\"(max-width: 1536px) 100vw, 1536px\" style=\"width:100%;height:53.17%;max-width:2394px;\" \/><\/a>\n\t\t\t<\/div><\/figure>\n\t\t<\/div>\n\t\t<\/div>\n\t\t\t\t\t\t<\/div>\n\t\t\t\t<\/div>\n\t\t\t\t\t<\/div>\n\t\t<\/div>\n\t\t\t\t\t<\/div>\n\t\t<\/section>\n\t\t\t\t<section class=\"elementor-section elementor-top-section elementor-element elementor-element-102d4cd elementor-section-boxed elementor-section-height-default elementor-section-height-default\" data-id=\"102d4cd\" data-element_type=\"section\" data-e-type=\"section\">\n\t\t\t\t\t\t<div class=\"elementor-container elementor-column-gap-default\">\n\t\t\t\t\t<div class=\"elementor-column elementor-col-50 elementor-top-column elementor-element elementor-element-3c973ed\" data-id=\"3c973ed\" data-element_type=\"column\" data-e-type=\"column\">\n\t\t\t<div class=\"elementor-widget-wrap elementor-element-populated\">\n\t\t\t\t\t\t<div class=\"elementor-element elementor-element-0defa32 elementor-widget-divider--view-line elementor-widget elementor-widget-divider\" data-id=\"0defa32\" data-element_type=\"widget\" data-e-type=\"widget\" data-widget_type=\"divider.default\">\n\t\t\t\t<div class=\"elementor-widget-container\">\n\t\t\t\t\t\t\t<div class=\"elementor-divider\">\n\t\t\t<span class=\"elementor-divider-separator\">\n\t\t\t\t\t\t<\/span>\n\t\t<\/div>\n\t\t\t\t\t\t<\/div>\n\t\t\t\t<\/div>\n\t\t\t\t<div class=\"elementor-element elementor-element-0546fa3 elementor-widget elementor-widget-text-editor\" data-id=\"0546fa3\" data-element_type=\"widget\" data-e-type=\"widget\" data-widget_type=\"text-editor.default\">\n\t\t\t\t<div class=\"elementor-widget-container\">\n\t\t\t\t\t\t\t\t\t<p>6. Wei\u00dfenburger Kunstpreis 2024<\/p><p>25. Mai 2024 &#8211; 15. Juni 2024<\/p><p>\u00a0<\/p><p class=\"animateIn\" data-scroll=\"\">Ausstellungser\u00f6ffnung am Samstag, 25.05.2024 um 11Uhr<\/p><p data-scroll=\"\">\u00a0<\/p><p class=\"animateIn\" data-scroll=\"\">Kunstbetrachtungen: F\u00fchrung durch die Ausstellung mit Prof. K\u00f6ppel aus Eichst\u00e4tt am 06.06.2024 um 19 Uhr &#8211; jeder ist herzlich eingeladen!<\/p><p><a href=\"https:\/\/www.weissenburg.de\/kunstpreis2024\/\">https:\/\/www.weissenburg.de\/kunstpreis2024\/<\/a><\/p>\t\t\t\t\t\t\t\t<\/div>\n\t\t\t\t<\/div>\n\t\t\t\t\t<\/div>\n\t\t<\/div>\n\t\t\t\t<div class=\"elementor-column elementor-col-50 elementor-top-column elementor-element elementor-element-12dda57\" data-id=\"12dda57\" data-element_type=\"column\" data-e-type=\"column\">\n\t\t\t<div class=\"elementor-widget-wrap elementor-element-populated\">\n\t\t\t\t\t\t<div class=\"elementor-element elementor-element-44662d3 elementor-widget-divider--view-line elementor-widget elementor-widget-divider\" data-id=\"44662d3\" data-element_type=\"widget\" data-e-type=\"widget\" data-widget_type=\"divider.default\">\n\t\t\t\t<div class=\"elementor-widget-container\">\n\t\t\t\t\t\t\t<div class=\"elementor-divider\">\n\t\t\t<span class=\"elementor-divider-separator\">\n\t\t\t\t\t\t<\/span>\n\t\t<\/div>\n\t\t\t\t\t\t<\/div>\n\t\t\t\t<\/div>\n\t\t\t\t<div class=\"elementor-element elementor-element-b0cca4d elementor-widget elementor-widget-image\" data-id=\"b0cca4d\" data-element_type=\"widget\" data-e-type=\"widget\" data-widget_type=\"image.default\">\n\t\t\t\t<div class=\"elementor-widget-container\">\n\t\t\t\t\t\t\t\t\t\t\t\t\t\t\t<img loading=\"lazy\" decoding=\"async\" width=\"1091\" height=\"1536\" src=\"https:\/\/effective-art.com\/wp-content\/uploads\/2024\/05\/plakat_kunstpreis-2024_a4_page-0001-1091x1536.jpg\" class=\"attachment-1536x1536 size-1536x1536 wp-image-902\" alt=\"\" srcset=\"https:\/\/effective-art.com\/wp-content\/uploads\/2024\/05\/plakat_kunstpreis-2024_a4_page-0001-1091x1536.jpg 1091w, https:\/\/effective-art.com\/wp-content\/uploads\/2024\/05\/plakat_kunstpreis-2024_a4_page-0001-213x300.jpg 213w, https:\/\/effective-art.com\/wp-content\/uploads\/2024\/05\/plakat_kunstpreis-2024_a4_page-0001-727x1024.jpg 727w, https:\/\/effective-art.com\/wp-content\/uploads\/2024\/05\/plakat_kunstpreis-2024_a4_page-0001-768x1081.jpg 768w, https:\/\/effective-art.com\/wp-content\/uploads\/2024\/05\/plakat_kunstpreis-2024_a4_page-0001-540x760.jpg 540w, https:\/\/effective-art.com\/wp-content\/uploads\/2024\/05\/plakat_kunstpreis-2024_a4_page-0001-1080x1521.jpg 1080w, https:\/\/effective-art.com\/wp-content\/uploads\/2024\/05\/plakat_kunstpreis-2024_a4_page-0001.jpg 1240w\" sizes=\"(max-width: 1091px) 100vw, 1091px\" style=\"width:100%;height:140.81%;max-width:1240px\" \/>\t\t\t\t\t\t\t\t\t\t\t\t\t\t\t<\/div>\n\t\t\t\t<\/div>\n\t\t\t\t\t<\/div>\n\t\t<\/div>\n\t\t\t\t\t<\/div>\n\t\t<\/section>\n\t\t\t\t<section class=\"elementor-section elementor-top-section elementor-element elementor-element-0b6137e elementor-section-boxed elementor-section-height-default elementor-section-height-default\" data-id=\"0b6137e\" data-element_type=\"section\" data-e-type=\"section\">\n\t\t\t\t\t\t<div class=\"elementor-container elementor-column-gap-default\">\n\t\t\t\t\t<div class=\"elementor-column elementor-col-50 elementor-top-column elementor-element elementor-element-a51f7e1\" data-id=\"a51f7e1\" data-element_type=\"column\" data-e-type=\"column\">\n\t\t\t<div class=\"elementor-widget-wrap elementor-element-populated\">\n\t\t\t\t\t\t<div class=\"elementor-element elementor-element-a173e98 elementor-widget-divider--view-line elementor-widget elementor-widget-divider\" data-id=\"a173e98\" data-element_type=\"widget\" data-e-type=\"widget\" data-widget_type=\"divider.default\">\n\t\t\t\t<div class=\"elementor-widget-container\">\n\t\t\t\t\t\t\t<div class=\"elementor-divider\">\n\t\t\t<span class=\"elementor-divider-separator\">\n\t\t\t\t\t\t<\/span>\n\t\t<\/div>\n\t\t\t\t\t\t<\/div>\n\t\t\t\t<\/div>\n\t\t\t\t<div class=\"elementor-element elementor-element-3f66da7 elementor-widget elementor-widget-text-editor\" data-id=\"3f66da7\" data-element_type=\"widget\" data-e-type=\"widget\" data-widget_type=\"text-editor.default\">\n\t\t\t\t<div class=\"elementor-widget-container\">\n\t\t\t\t\t\t\t\t\t<p>HNA, 4. April 2024<br \/>Bericht zur Ausstellungser\u00f6ffnung von Karl-Hermann V\u00f6lker<\/p>\t\t\t\t\t\t\t\t<\/div>\n\t\t\t\t<\/div>\n\t\t\t\t\t<\/div>\n\t\t<\/div>\n\t\t\t\t<div class=\"elementor-column elementor-col-50 elementor-top-column elementor-element elementor-element-bed5d2d\" data-id=\"bed5d2d\" data-element_type=\"column\" data-e-type=\"column\">\n\t\t\t<div class=\"elementor-widget-wrap elementor-element-populated\">\n\t\t\t\t\t\t<div class=\"elementor-element elementor-element-5e936b6 elementor-widget-divider--view-line elementor-widget elementor-widget-divider\" data-id=\"5e936b6\" data-element_type=\"widget\" data-e-type=\"widget\" data-widget_type=\"divider.default\">\n\t\t\t\t<div class=\"elementor-widget-container\">\n\t\t\t\t\t\t\t<div class=\"elementor-divider\">\n\t\t\t<span class=\"elementor-divider-separator\">\n\t\t\t\t\t\t<\/span>\n\t\t<\/div>\n\t\t\t\t\t\t<\/div>\n\t\t\t\t<\/div>\n\t\t\t\t<div class=\"elementor-element elementor-element-f496a55 gallery-spacing-custom elementor-widget elementor-widget-image-gallery\" data-id=\"f496a55\" data-element_type=\"widget\" data-e-type=\"widget\" data-widget_type=\"image-gallery.default\">\n\t\t\t\t<div class=\"elementor-widget-container\">\n\t\t\t\t\t\t\t<div class=\"elementor-image-gallery\">\n\t\t\t<div id='gallery-18' class='gallery galleryid-12 gallery-columns-1 gallery-size-1536x1536'><figure class='gallery-item'>\n\t\t\t<div class='gallery-icon portrait'>\n\t\t\t\t<a data-elementor-open-lightbox=\"yes\" data-elementor-lightbox-slideshow=\"f496a55\" data-e-action-hash=\"#elementor-action%3Aaction%3Dlightbox%26settings%3DeyJpZCI6ODQwLCJ1cmwiOiJodHRwczpcL1wvZWZmZWN0aXZlLWFydC5jb21cL3dwLWNvbnRlbnRcL3VwbG9hZHNcLzIwMjRcLzA0XC8yMDI0LTA0LTA0LUhOQS5qcGciLCJzbGlkZXNob3ciOiJmNDk2YTU1In0%3D\" href='https:\/\/effective-art.com\/wp-content\/uploads\/2024\/04\/2024-04-04-HNA.jpg'><img loading=\"lazy\" decoding=\"async\" width=\"677\" height=\"790\" src=\"https:\/\/effective-art.com\/wp-content\/uploads\/2024\/04\/2024-04-04-HNA.jpg\" class=\"attachment-1536x1536 size-1536x1536\" alt=\"\" srcset=\"https:\/\/effective-art.com\/wp-content\/uploads\/2024\/04\/2024-04-04-HNA.jpg 677w, https:\/\/effective-art.com\/wp-content\/uploads\/2024\/04\/2024-04-04-HNA-257x300.jpg 257w, https:\/\/effective-art.com\/wp-content\/uploads\/2024\/04\/2024-04-04-HNA-540x630.jpg 540w\" sizes=\"(max-width: 677px) 100vw, 677px\" style=\"width:100%;height:116.69%;max-width:677px;\" \/><\/a>\n\t\t\t<\/div><\/figure>\n\t\t<\/div>\n\t\t<\/div>\n\t\t\t\t\t\t<\/div>\n\t\t\t\t<\/div>\n\t\t\t\t\t<\/div>\n\t\t<\/div>\n\t\t\t\t\t<\/div>\n\t\t<\/section>\n\t\t\t\t<section class=\"elementor-section elementor-top-section elementor-element elementor-element-47d5f9d elementor-section-boxed elementor-section-height-default elementor-section-height-default\" data-id=\"47d5f9d\" data-element_type=\"section\" data-e-type=\"section\">\n\t\t\t\t\t\t<div class=\"elementor-container elementor-column-gap-default\">\n\t\t\t\t\t<div class=\"elementor-column elementor-col-50 elementor-top-column elementor-element elementor-element-6511253\" data-id=\"6511253\" data-element_type=\"column\" data-e-type=\"column\">\n\t\t\t<div class=\"elementor-widget-wrap elementor-element-populated\">\n\t\t\t\t\t\t<div class=\"elementor-element elementor-element-ca9f8de elementor-widget-divider--view-line elementor-widget elementor-widget-divider\" data-id=\"ca9f8de\" data-element_type=\"widget\" data-e-type=\"widget\" data-widget_type=\"divider.default\">\n\t\t\t\t<div class=\"elementor-widget-container\">\n\t\t\t\t\t\t\t<div class=\"elementor-divider\">\n\t\t\t<span class=\"elementor-divider-separator\">\n\t\t\t\t\t\t<\/span>\n\t\t<\/div>\n\t\t\t\t\t\t<\/div>\n\t\t\t\t<\/div>\n\t\t\t\t<div class=\"elementor-element elementor-element-c25b590 elementor-widget elementor-widget-text-editor\" data-id=\"c25b590\" data-element_type=\"widget\" data-e-type=\"widget\" data-widget_type=\"text-editor.default\">\n\t\t\t\t<div class=\"elementor-widget-container\">\n\t\t\t\t\t\t\t\t\t<p>HNA, 18. M\u00e4rz 2024<br \/>Bericht zur Ausstellungser\u00f6ffnung von Karl-Hermann V\u00f6lker<\/p>\t\t\t\t\t\t\t\t<\/div>\n\t\t\t\t<\/div>\n\t\t\t\t\t<\/div>\n\t\t<\/div>\n\t\t\t\t<div class=\"elementor-column elementor-col-50 elementor-top-column elementor-element elementor-element-7a99b2f\" data-id=\"7a99b2f\" data-element_type=\"column\" data-e-type=\"column\">\n\t\t\t<div class=\"elementor-widget-wrap elementor-element-populated\">\n\t\t\t\t\t\t<div class=\"elementor-element elementor-element-8cfc5bf elementor-widget-divider--view-line elementor-widget elementor-widget-divider\" data-id=\"8cfc5bf\" data-element_type=\"widget\" data-e-type=\"widget\" data-widget_type=\"divider.default\">\n\t\t\t\t<div class=\"elementor-widget-container\">\n\t\t\t\t\t\t\t<div class=\"elementor-divider\">\n\t\t\t<span class=\"elementor-divider-separator\">\n\t\t\t\t\t\t<\/span>\n\t\t<\/div>\n\t\t\t\t\t\t<\/div>\n\t\t\t\t<\/div>\n\t\t\t\t<div class=\"elementor-element elementor-element-662f05c gallery-spacing-custom elementor-widget elementor-widget-image-gallery\" data-id=\"662f05c\" data-element_type=\"widget\" data-e-type=\"widget\" data-widget_type=\"image-gallery.default\">\n\t\t\t\t<div class=\"elementor-widget-container\">\n\t\t\t\t\t\t\t<div class=\"elementor-image-gallery\">\n\t\t\t<div id='gallery-19' class='gallery galleryid-12 gallery-columns-1 gallery-size-1536x1536'><figure class='gallery-item'>\n\t\t\t<div class='gallery-icon landscape'>\n\t\t\t\t<a data-elementor-open-lightbox=\"yes\" data-elementor-lightbox-slideshow=\"662f05c\" data-e-action-hash=\"#elementor-action%3Aaction%3Dlightbox%26settings%3DeyJpZCI6ODM1LCJ1cmwiOiJodHRwczpcL1wvZWZmZWN0aXZlLWFydC5jb21cL3dwLWNvbnRlbnRcL3VwbG9hZHNcLzIwMjRcLzA0XC9GcmFua2VuYmVyZ2VyLUFsbGdlbWVpbmUtMTguMDMuMjAyNEJpbGRlcndlbHQtR2Vyc3RlbmJlcmctVGl0ZWxfMl9wYWdlLTAwMDEuanBnIiwic2xpZGVzaG93IjoiNjYyZjA1YyJ9\" href='https:\/\/effective-art.com\/wp-content\/uploads\/2024\/04\/Frankenberger-Allgemeine-18.03.2024Bilderwelt-Gerstenberg-Titel_2_page-0001.jpg'><img loading=\"lazy\" decoding=\"async\" width=\"1536\" height=\"1195\" src=\"https:\/\/effective-art.com\/wp-content\/uploads\/2024\/04\/Frankenberger-Allgemeine-18.03.2024Bilderwelt-Gerstenberg-Titel_2_page-0001-1536x1195.jpg\" class=\"attachment-1536x1536 size-1536x1536\" alt=\"\" srcset=\"https:\/\/effective-art.com\/wp-content\/uploads\/2024\/04\/Frankenberger-Allgemeine-18.03.2024Bilderwelt-Gerstenberg-Titel_2_page-0001-1536x1195.jpg 1536w, https:\/\/effective-art.com\/wp-content\/uploads\/2024\/04\/Frankenberger-Allgemeine-18.03.2024Bilderwelt-Gerstenberg-Titel_2_page-0001-300x233.jpg 300w, https:\/\/effective-art.com\/wp-content\/uploads\/2024\/04\/Frankenberger-Allgemeine-18.03.2024Bilderwelt-Gerstenberg-Titel_2_page-0001-1024x797.jpg 1024w, https:\/\/effective-art.com\/wp-content\/uploads\/2024\/04\/Frankenberger-Allgemeine-18.03.2024Bilderwelt-Gerstenberg-Titel_2_page-0001-768x598.jpg 768w, https:\/\/effective-art.com\/wp-content\/uploads\/2024\/04\/Frankenberger-Allgemeine-18.03.2024Bilderwelt-Gerstenberg-Titel_2_page-0001-540x420.jpg 540w, https:\/\/effective-art.com\/wp-content\/uploads\/2024\/04\/Frankenberger-Allgemeine-18.03.2024Bilderwelt-Gerstenberg-Titel_2_page-0001-1080x840.jpg 1080w, https:\/\/effective-art.com\/wp-content\/uploads\/2024\/04\/Frankenberger-Allgemeine-18.03.2024Bilderwelt-Gerstenberg-Titel_2_page-0001.jpg 1649w\" sizes=\"(max-width: 1536px) 100vw, 1536px\" style=\"width:100%;height:77.8%;max-width:1649px;\" \/><\/a>\n\t\t\t<\/div><\/figure>\n\t\t<\/div>\n\t\t<\/div>\n\t\t\t\t\t\t<\/div>\n\t\t\t\t<\/div>\n\t\t\t\t\t<\/div>\n\t\t<\/div>\n\t\t\t\t\t<\/div>\n\t\t<\/section>\n\t\t\t\t<section class=\"elementor-section elementor-top-section elementor-element elementor-element-9e124d2 elementor-section-boxed elementor-section-height-default elementor-section-height-default\" data-id=\"9e124d2\" data-element_type=\"section\" data-e-type=\"section\">\n\t\t\t\t\t\t<div class=\"elementor-container elementor-column-gap-default\">\n\t\t\t\t\t<div class=\"elementor-column elementor-col-50 elementor-top-column elementor-element elementor-element-ac74ca1\" data-id=\"ac74ca1\" data-element_type=\"column\" data-e-type=\"column\">\n\t\t\t<div class=\"elementor-widget-wrap elementor-element-populated\">\n\t\t\t\t\t\t<div class=\"elementor-element elementor-element-7d2a19c elementor-widget-divider--view-line elementor-widget elementor-widget-divider\" data-id=\"7d2a19c\" data-element_type=\"widget\" data-e-type=\"widget\" data-widget_type=\"divider.default\">\n\t\t\t\t<div class=\"elementor-widget-container\">\n\t\t\t\t\t\t\t<div class=\"elementor-divider\">\n\t\t\t<span class=\"elementor-divider-separator\">\n\t\t\t\t\t\t<\/span>\n\t\t<\/div>\n\t\t\t\t\t\t<\/div>\n\t\t\t\t<\/div>\n\t\t\t\t<div class=\"elementor-element elementor-element-d03f8a2 elementor-widget elementor-widget-text-editor\" data-id=\"d03f8a2\" data-element_type=\"widget\" data-e-type=\"widget\" data-widget_type=\"text-editor.default\">\n\t\t\t\t<div class=\"elementor-widget-container\">\n\t\t\t\t\t\t\t\t\t<p>Er\u00f6ffnung der Ausstellung &#8222;Die Bilderwelt der Frankenberger Chronik von Wigand Gerstenberg&#8220;<br \/>am 16. M\u00e4rz 2024<br \/>Haus am Geismarer Tor, Philipp-Soldan-Stadt Frankenberg<\/p><p>Begr\u00fc\u00dfung durch Dr. Hartmut Wecker, Korbach<br \/>Einf\u00fchrung durch Dr. Birgit K\u00fcmmel, Frankenberg<\/p>\t\t\t\t\t\t\t\t<\/div>\n\t\t\t\t<\/div>\n\t\t\t\t\t<\/div>\n\t\t<\/div>\n\t\t\t\t<div class=\"elementor-column elementor-col-50 elementor-top-column elementor-element elementor-element-8fbcf70\" data-id=\"8fbcf70\" data-element_type=\"column\" data-e-type=\"column\">\n\t\t\t<div class=\"elementor-widget-wrap elementor-element-populated\">\n\t\t\t\t\t\t<div class=\"elementor-element elementor-element-b66dd92 elementor-widget-divider--view-line elementor-widget elementor-widget-divider\" data-id=\"b66dd92\" data-element_type=\"widget\" data-e-type=\"widget\" data-widget_type=\"divider.default\">\n\t\t\t\t<div class=\"elementor-widget-container\">\n\t\t\t\t\t\t\t<div class=\"elementor-divider\">\n\t\t\t<span class=\"elementor-divider-separator\">\n\t\t\t\t\t\t<\/span>\n\t\t<\/div>\n\t\t\t\t\t\t<\/div>\n\t\t\t\t<\/div>\n\t\t\t\t<div class=\"elementor-element elementor-element-a27c200 gallery-spacing-custom elementor-widget elementor-widget-image-gallery\" data-id=\"a27c200\" data-element_type=\"widget\" data-e-type=\"widget\" data-widget_type=\"image-gallery.default\">\n\t\t\t\t<div class=\"elementor-widget-container\">\n\t\t\t\t\t\t\t<div class=\"elementor-image-gallery\">\n\t\t\t<div id='gallery-20' class='gallery galleryid-12 gallery-columns-2 gallery-size-1536x1536'><figure class='gallery-item'>\n\t\t\t<div class='gallery-icon landscape'>\n\t\t\t\t<a data-elementor-open-lightbox=\"yes\" data-elementor-lightbox-slideshow=\"a27c200\" data-elementor-lightbox-title=\"Wigand-Gerstenberg-Ausstellung-2024 Arbeiten der Klasse 6e pr\u00e4sentiert von Christian \" data-e-action-hash=\"#elementor-action%3Aaction%3Dlightbox%26settings%3DeyJpZCI6ODIwLCJ1cmwiOiJodHRwczpcL1wvZWZmZWN0aXZlLWFydC5jb21cL3dwLWNvbnRlbnRcL3VwbG9hZHNcLzIwMjRcLzA0XC9XaWdhbmQtR2Vyc3RlbmJlcmctQXVzc3RlbGx1bmctMjAyNC1Fcm9lZmZudW5nLTEuanBnIiwic2xpZGVzaG93IjoiYTI3YzIwMCJ9\" href='https:\/\/effective-art.com\/wp-content\/uploads\/2024\/04\/Wigand-Gerstenberg-Ausstellung-2024-Eroeffnung-1.jpg'><img loading=\"lazy\" decoding=\"async\" width=\"1536\" height=\"1020\" src=\"https:\/\/effective-art.com\/wp-content\/uploads\/2024\/04\/Wigand-Gerstenberg-Ausstellung-2024-Eroeffnung-1-1536x1020.jpg\" class=\"attachment-1536x1536 size-1536x1536\" alt=\"\" aria-describedby=\"gallery-20-820\" srcset=\"https:\/\/effective-art.com\/wp-content\/uploads\/2024\/04\/Wigand-Gerstenberg-Ausstellung-2024-Eroeffnung-1-1536x1020.jpg 1536w, https:\/\/effective-art.com\/wp-content\/uploads\/2024\/04\/Wigand-Gerstenberg-Ausstellung-2024-Eroeffnung-1-300x199.jpg 300w, https:\/\/effective-art.com\/wp-content\/uploads\/2024\/04\/Wigand-Gerstenberg-Ausstellung-2024-Eroeffnung-1-1024x680.jpg 1024w, https:\/\/effective-art.com\/wp-content\/uploads\/2024\/04\/Wigand-Gerstenberg-Ausstellung-2024-Eroeffnung-1-768x510.jpg 768w, https:\/\/effective-art.com\/wp-content\/uploads\/2024\/04\/Wigand-Gerstenberg-Ausstellung-2024-Eroeffnung-1-2048x1360.jpg 2048w, https:\/\/effective-art.com\/wp-content\/uploads\/2024\/04\/Wigand-Gerstenberg-Ausstellung-2024-Eroeffnung-1-540x359.jpg 540w, https:\/\/effective-art.com\/wp-content\/uploads\/2024\/04\/Wigand-Gerstenberg-Ausstellung-2024-Eroeffnung-1-1080x717.jpg 1080w, https:\/\/effective-art.com\/wp-content\/uploads\/2024\/04\/Wigand-Gerstenberg-Ausstellung-2024-Eroeffnung-1-1980x1315.jpg 1980w\" sizes=\"(max-width: 1536px) 100vw, 1536px\" style=\"width:100%;height:66.39%;max-width:2062px;\" \/><\/a>\n\t\t\t<\/div>\n\t\t\t\t<figcaption class='wp-caption-text gallery-caption' id='gallery-20-820'>\n\t\t\t\tWigand-Gerstenberg-Ausstellung-2024 Arbeiten der Klasse 6e pr\u00e4sentiert von Christian \n\t\t\t\t<\/figcaption><\/figure><figure class='gallery-item'>\n\t\t\t<div class='gallery-icon landscape'>\n\t\t\t\t<a data-elementor-open-lightbox=\"yes\" data-elementor-lightbox-slideshow=\"a27c200\" data-elementor-lightbox-title=\"Wigand-Gerstenberg-Ausstellung-2024 v.li. Gesa M\u00fcller, Gerold Engel, Sabine Reyer, Dr. Birgit K\u00fcmmel, Dr. Hartmut Wecker\" data-e-action-hash=\"#elementor-action%3Aaction%3Dlightbox%26settings%3DeyJpZCI6ODIxLCJ1cmwiOiJodHRwczpcL1wvZWZmZWN0aXZlLWFydC5jb21cL3dwLWNvbnRlbnRcL3VwbG9hZHNcLzIwMjRcLzA0XC9XaWdhbmQtR2Vyc3RlbmJlcmctQXVzc3RlbGx1bmctMjAyNC1Fcm9lZmZudW5nLTIuanBnIiwic2xpZGVzaG93IjoiYTI3YzIwMCJ9\" href='https:\/\/effective-art.com\/wp-content\/uploads\/2024\/04\/Wigand-Gerstenberg-Ausstellung-2024-Eroeffnung-2.jpg'><img loading=\"lazy\" decoding=\"async\" width=\"1536\" height=\"1035\" src=\"https:\/\/effective-art.com\/wp-content\/uploads\/2024\/04\/Wigand-Gerstenberg-Ausstellung-2024-Eroeffnung-2-1536x1035.jpg\" class=\"attachment-1536x1536 size-1536x1536\" alt=\"\" srcset=\"https:\/\/effective-art.com\/wp-content\/uploads\/2024\/04\/Wigand-Gerstenberg-Ausstellung-2024-Eroeffnung-2-1536x1035.jpg 1536w, https:\/\/effective-art.com\/wp-content\/uploads\/2024\/04\/Wigand-Gerstenberg-Ausstellung-2024-Eroeffnung-2-300x202.jpg 300w, https:\/\/effective-art.com\/wp-content\/uploads\/2024\/04\/Wigand-Gerstenberg-Ausstellung-2024-Eroeffnung-2-1024x690.jpg 1024w, https:\/\/effective-art.com\/wp-content\/uploads\/2024\/04\/Wigand-Gerstenberg-Ausstellung-2024-Eroeffnung-2-768x518.jpg 768w, https:\/\/effective-art.com\/wp-content\/uploads\/2024\/04\/Wigand-Gerstenberg-Ausstellung-2024-Eroeffnung-2-2048x1380.jpg 2048w, https:\/\/effective-art.com\/wp-content\/uploads\/2024\/04\/Wigand-Gerstenberg-Ausstellung-2024-Eroeffnung-2-540x364.jpg 540w, https:\/\/effective-art.com\/wp-content\/uploads\/2024\/04\/Wigand-Gerstenberg-Ausstellung-2024-Eroeffnung-2-1080x728.jpg 1080w, https:\/\/effective-art.com\/wp-content\/uploads\/2024\/04\/Wigand-Gerstenberg-Ausstellung-2024-Eroeffnung-2-1980x1334.jpg 1980w\" sizes=\"(max-width: 1536px) 100vw, 1536px\" style=\"width:100%;height:67.39%;max-width:2404px;\" \/><\/a>\n\t\t\t<\/div><\/figure><figure class='gallery-item'>\n\t\t\t<div class='gallery-icon landscape'>\n\t\t\t\t<a data-elementor-open-lightbox=\"yes\" data-elementor-lightbox-slideshow=\"a27c200\" data-elementor-lightbox-title=\"Wigand-Gerstenberg-Ausstellung-2024 Er\u00f6ffnung im historischem &quot;Turmzimmer&quot;\" data-e-action-hash=\"#elementor-action%3Aaction%3Dlightbox%26settings%3DeyJpZCI6ODIyLCJ1cmwiOiJodHRwczpcL1wvZWZmZWN0aXZlLWFydC5jb21cL3dwLWNvbnRlbnRcL3VwbG9hZHNcLzIwMjRcLzA0XC9XaWdhbmQtR2Vyc3RlbmJlcmctQXVzc3RlbGx1bmctMjAyNC1Fcm9lZmZudW5nLTMuanBnIiwic2xpZGVzaG93IjoiYTI3YzIwMCJ9\" href='https:\/\/effective-art.com\/wp-content\/uploads\/2024\/04\/Wigand-Gerstenberg-Ausstellung-2024-Eroeffnung-3.jpg'><img loading=\"lazy\" decoding=\"async\" width=\"960\" height=\"720\" src=\"https:\/\/effective-art.com\/wp-content\/uploads\/2024\/04\/Wigand-Gerstenberg-Ausstellung-2024-Eroeffnung-3.jpg\" class=\"attachment-1536x1536 size-1536x1536\" alt=\"\" srcset=\"https:\/\/effective-art.com\/wp-content\/uploads\/2024\/04\/Wigand-Gerstenberg-Ausstellung-2024-Eroeffnung-3.jpg 960w, https:\/\/effective-art.com\/wp-content\/uploads\/2024\/04\/Wigand-Gerstenberg-Ausstellung-2024-Eroeffnung-3-300x225.jpg 300w, https:\/\/effective-art.com\/wp-content\/uploads\/2024\/04\/Wigand-Gerstenberg-Ausstellung-2024-Eroeffnung-3-768x576.jpg 768w, https:\/\/effective-art.com\/wp-content\/uploads\/2024\/04\/Wigand-Gerstenberg-Ausstellung-2024-Eroeffnung-3-540x405.jpg 540w\" sizes=\"(max-width: 960px) 100vw, 960px\" style=\"width:100%;height:75%;max-width:960px;\" \/><\/a>\n\t\t\t<\/div><\/figure><figure class='gallery-item'>\n\t\t\t<div class='gallery-icon landscape'>\n\t\t\t\t<a data-elementor-open-lightbox=\"yes\" data-elementor-lightbox-slideshow=\"a27c200\" data-elementor-lightbox-title=\"Wigand-Gerstenberg-Ausstellung-2024 Er\u00f6ffnung\" data-e-action-hash=\"#elementor-action%3Aaction%3Dlightbox%26settings%3DeyJpZCI6ODIzLCJ1cmwiOiJodHRwczpcL1wvZWZmZWN0aXZlLWFydC5jb21cL3dwLWNvbnRlbnRcL3VwbG9hZHNcLzIwMjRcLzA0XC9XaWdhbmQtR2Vyc3RlbmJlcmctQXVzc3RlbGx1bmctMjAyNC1Fcm9lZmZudW5nLTQtc2NhbGVkLmpwZyIsInNsaWRlc2hvdyI6ImEyN2MyMDAifQ%3D%3D\" href='https:\/\/effective-art.com\/wp-content\/uploads\/2024\/04\/Wigand-Gerstenberg-Ausstellung-2024-Eroeffnung-4-scaled.jpg'><img loading=\"lazy\" decoding=\"async\" width=\"1536\" height=\"863\" src=\"https:\/\/effective-art.com\/wp-content\/uploads\/2024\/04\/Wigand-Gerstenberg-Ausstellung-2024-Eroeffnung-4-1536x863.jpg\" class=\"attachment-1536x1536 size-1536x1536\" alt=\"\" srcset=\"https:\/\/effective-art.com\/wp-content\/uploads\/2024\/04\/Wigand-Gerstenberg-Ausstellung-2024-Eroeffnung-4-1536x863.jpg 1536w, https:\/\/effective-art.com\/wp-content\/uploads\/2024\/04\/Wigand-Gerstenberg-Ausstellung-2024-Eroeffnung-4-300x169.jpg 300w, https:\/\/effective-art.com\/wp-content\/uploads\/2024\/04\/Wigand-Gerstenberg-Ausstellung-2024-Eroeffnung-4-1024x575.jpg 1024w, https:\/\/effective-art.com\/wp-content\/uploads\/2024\/04\/Wigand-Gerstenberg-Ausstellung-2024-Eroeffnung-4-768x431.jpg 768w, https:\/\/effective-art.com\/wp-content\/uploads\/2024\/04\/Wigand-Gerstenberg-Ausstellung-2024-Eroeffnung-4-2048x1150.jpg 2048w, https:\/\/effective-art.com\/wp-content\/uploads\/2024\/04\/Wigand-Gerstenberg-Ausstellung-2024-Eroeffnung-4-540x303.jpg 540w, https:\/\/effective-art.com\/wp-content\/uploads\/2024\/04\/Wigand-Gerstenberg-Ausstellung-2024-Eroeffnung-4-1080x607.jpg 1080w, https:\/\/effective-art.com\/wp-content\/uploads\/2024\/04\/Wigand-Gerstenberg-Ausstellung-2024-Eroeffnung-4-1980x1112.jpg 1980w\" sizes=\"(max-width: 1536px) 100vw, 1536px\" style=\"width:100%;height:56.17%;max-width:2560px;\" \/><\/a>\n\t\t\t<\/div><\/figure>\n\t\t<\/div>\n\t\t<\/div>\n\t\t\t\t\t\t<\/div>\n\t\t\t\t<\/div>\n\t\t\t\t\t<\/div>\n\t\t<\/div>\n\t\t\t\t\t<\/div>\n\t\t<\/section>\n\t\t\t\t<section class=\"elementor-section elementor-top-section elementor-element elementor-element-83536b6 elementor-section-boxed elementor-section-height-default elementor-section-height-default\" data-id=\"83536b6\" data-element_type=\"section\" data-e-type=\"section\">\n\t\t\t\t\t\t<div class=\"elementor-container elementor-column-gap-default\">\n\t\t\t\t\t<div class=\"elementor-column elementor-col-50 elementor-top-column elementor-element elementor-element-aa11f67\" data-id=\"aa11f67\" data-element_type=\"column\" data-e-type=\"column\">\n\t\t\t<div class=\"elementor-widget-wrap elementor-element-populated\">\n\t\t\t\t\t\t<div class=\"elementor-element elementor-element-7953c0c elementor-widget-divider--view-line elementor-widget elementor-widget-divider\" data-id=\"7953c0c\" data-element_type=\"widget\" data-e-type=\"widget\" data-widget_type=\"divider.default\">\n\t\t\t\t<div class=\"elementor-widget-container\">\n\t\t\t\t\t\t\t<div class=\"elementor-divider\">\n\t\t\t<span class=\"elementor-divider-separator\">\n\t\t\t\t\t\t<\/span>\n\t\t<\/div>\n\t\t\t\t\t\t<\/div>\n\t\t\t\t<\/div>\n\t\t\t\t<div class=\"elementor-element elementor-element-1ca8688 elementor-widget elementor-widget-text-editor\" data-id=\"1ca8688\" data-element_type=\"widget\" data-e-type=\"widget\" data-widget_type=\"text-editor.default\">\n\t\t\t\t<div class=\"elementor-widget-container\">\n\t\t\t\t\t\t\t\t\t<p>Die Bilderwelt der Frankenberger Chronik von Wigand Gerstenberg<br \/>16. M\u00e4rz bis 01. Juni 2024<br \/>Sa + So 14 &#8211; 17 Uhr<br \/>und nach Vereinbarung<\/p>\t\t\t\t\t\t\t\t<\/div>\n\t\t\t\t<\/div>\n\t\t\t\t\t<\/div>\n\t\t<\/div>\n\t\t\t\t<div class=\"elementor-column elementor-col-50 elementor-top-column elementor-element elementor-element-f3a908e\" data-id=\"f3a908e\" data-element_type=\"column\" data-e-type=\"column\">\n\t\t\t<div class=\"elementor-widget-wrap elementor-element-populated\">\n\t\t\t\t\t\t<div class=\"elementor-element elementor-element-71a8d31 elementor-widget-divider--view-line elementor-widget elementor-widget-divider\" data-id=\"71a8d31\" data-element_type=\"widget\" data-e-type=\"widget\" data-widget_type=\"divider.default\">\n\t\t\t\t<div class=\"elementor-widget-container\">\n\t\t\t\t\t\t\t<div class=\"elementor-divider\">\n\t\t\t<span class=\"elementor-divider-separator\">\n\t\t\t\t\t\t<\/span>\n\t\t<\/div>\n\t\t\t\t\t\t<\/div>\n\t\t\t\t<\/div>\n\t\t\t\t<div class=\"elementor-element elementor-element-6fe4dd2 gallery-spacing-custom elementor-widget elementor-widget-image-gallery\" data-id=\"6fe4dd2\" data-element_type=\"widget\" data-e-type=\"widget\" data-widget_type=\"image-gallery.default\">\n\t\t\t\t<div class=\"elementor-widget-container\">\n\t\t\t\t\t\t\t<div class=\"elementor-image-gallery\">\n\t\t\t<div id='gallery-21' class='gallery galleryid-12 gallery-columns-2 gallery-size-1536x1536'><figure class='gallery-item'>\n\t\t\t<div class='gallery-icon portrait'>\n\t\t\t\t<a data-elementor-open-lightbox=\"yes\" data-elementor-lightbox-slideshow=\"6fe4dd2\" data-elementor-lightbox-title=\"Die Bilderwelt der Frankenberger Chronik von Wigand\" data-e-action-hash=\"#elementor-action%3Aaction%3Dlightbox%26settings%3DeyJpZCI6ODA2LCJ1cmwiOiJodHRwczpcL1wvZWZmZWN0aXZlLWFydC5jb21cL3dwLWNvbnRlbnRcL3VwbG9hZHNcLzIwMjRcLzAzXC9FaW5sYWR1bmctenVyLUF1c3N0ZWxsdW5nLTEuanBnIiwic2xpZGVzaG93IjoiNmZlNGRkMiJ9\" href='https:\/\/effective-art.com\/wp-content\/uploads\/2024\/03\/Einladung-zur-Ausstellung-1.jpg'><img loading=\"lazy\" decoding=\"async\" width=\"790\" height=\"1536\" src=\"https:\/\/effective-art.com\/wp-content\/uploads\/2024\/03\/Einladung-zur-Ausstellung-1-790x1536.jpg\" class=\"attachment-1536x1536 size-1536x1536\" alt=\"\" aria-describedby=\"gallery-21-806\" srcset=\"https:\/\/effective-art.com\/wp-content\/uploads\/2024\/03\/Einladung-zur-Ausstellung-1-790x1536.jpg 790w, https:\/\/effective-art.com\/wp-content\/uploads\/2024\/03\/Einladung-zur-Ausstellung-1-154x300.jpg 154w, https:\/\/effective-art.com\/wp-content\/uploads\/2024\/03\/Einladung-zur-Ausstellung-1-526x1024.jpg 526w, https:\/\/effective-art.com\/wp-content\/uploads\/2024\/03\/Einladung-zur-Ausstellung-1-768x1494.jpg 768w, https:\/\/effective-art.com\/wp-content\/uploads\/2024\/03\/Einladung-zur-Ausstellung-1-1053x2048.jpg 1053w, https:\/\/effective-art.com\/wp-content\/uploads\/2024\/03\/Einladung-zur-Ausstellung-1-540x1050.jpg 540w, https:\/\/effective-art.com\/wp-content\/uploads\/2024\/03\/Einladung-zur-Ausstellung-1-1080x2101.jpg 1080w, https:\/\/effective-art.com\/wp-content\/uploads\/2024\/03\/Einladung-zur-Ausstellung-1.jpg 1312w\" sizes=\"(max-width: 790px) 100vw, 790px\" style=\"width:100%;height:194.51%;max-width:1312px;\" \/><\/a>\n\t\t\t<\/div>\n\t\t\t\t<figcaption class='wp-caption-text gallery-caption' id='gallery-21-806'>\n\t\t\t\tDie Bilderwelt der Frankenberger Chronik von Wigand\n\t\t\t\t<\/figcaption><\/figure><figure class='gallery-item'>\n\t\t\t<div class='gallery-icon portrait'>\n\t\t\t\t<a data-elementor-open-lightbox=\"yes\" data-elementor-lightbox-slideshow=\"6fe4dd2\" data-elementor-lightbox-title=\"Die Bilderwelt der Frankenberger Chronik von Wigand\" data-e-action-hash=\"#elementor-action%3Aaction%3Dlightbox%26settings%3DeyJpZCI6ODA3LCJ1cmwiOiJodHRwczpcL1wvZWZmZWN0aXZlLWFydC5jb21cL3dwLWNvbnRlbnRcL3VwbG9hZHNcLzIwMjRcLzAzXC9FaW5sYWR1bmctenVyLUF1c3N0ZWxsdW5nLTIuanBnIiwic2xpZGVzaG93IjoiNmZlNGRkMiJ9\" href='https:\/\/effective-art.com\/wp-content\/uploads\/2024\/03\/Einladung-zur-Ausstellung-2.jpg'><img loading=\"lazy\" decoding=\"async\" width=\"790\" height=\"1536\" src=\"https:\/\/effective-art.com\/wp-content\/uploads\/2024\/03\/Einladung-zur-Ausstellung-2-790x1536.jpg\" class=\"attachment-1536x1536 size-1536x1536\" alt=\"\" aria-describedby=\"gallery-21-807\" srcset=\"https:\/\/effective-art.com\/wp-content\/uploads\/2024\/03\/Einladung-zur-Ausstellung-2-790x1536.jpg 790w, https:\/\/effective-art.com\/wp-content\/uploads\/2024\/03\/Einladung-zur-Ausstellung-2-154x300.jpg 154w, https:\/\/effective-art.com\/wp-content\/uploads\/2024\/03\/Einladung-zur-Ausstellung-2-526x1024.jpg 526w, https:\/\/effective-art.com\/wp-content\/uploads\/2024\/03\/Einladung-zur-Ausstellung-2-768x1494.jpg 768w, https:\/\/effective-art.com\/wp-content\/uploads\/2024\/03\/Einladung-zur-Ausstellung-2-1053x2048.jpg 1053w, https:\/\/effective-art.com\/wp-content\/uploads\/2024\/03\/Einladung-zur-Ausstellung-2-540x1050.jpg 540w, https:\/\/effective-art.com\/wp-content\/uploads\/2024\/03\/Einladung-zur-Ausstellung-2-1080x2101.jpg 1080w, https:\/\/effective-art.com\/wp-content\/uploads\/2024\/03\/Einladung-zur-Ausstellung-2.jpg 1312w\" sizes=\"(max-width: 790px) 100vw, 790px\" style=\"width:100%;height:194.51%;max-width:1312px;\" \/><\/a>\n\t\t\t<\/div>\n\t\t\t\t<figcaption class='wp-caption-text gallery-caption' id='gallery-21-807'>\n\t\t\t\tDie Bilderwelt der Frankenberger Chronik von Wigand\n\t\t\t\t<\/figcaption><\/figure>\n\t\t<\/div>\n\t\t<\/div>\n\t\t\t\t\t\t<\/div>\n\t\t\t\t<\/div>\n\t\t\t\t\t<\/div>\n\t\t<\/div>\n\t\t\t\t\t<\/div>\n\t\t<\/section>\n\t\t\t\t<section class=\"elementor-section elementor-top-section elementor-element elementor-element-22a0ba2 elementor-section-boxed elementor-section-height-default elementor-section-height-default\" data-id=\"22a0ba2\" data-element_type=\"section\" data-e-type=\"section\">\n\t\t\t\t\t\t<div class=\"elementor-container elementor-column-gap-default\">\n\t\t\t\t\t<div class=\"elementor-column elementor-col-50 elementor-top-column elementor-element elementor-element-a389d77\" data-id=\"a389d77\" data-element_type=\"column\" data-e-type=\"column\">\n\t\t\t<div class=\"elementor-widget-wrap elementor-element-populated\">\n\t\t\t\t\t\t<div class=\"elementor-element elementor-element-ef7eeab elementor-widget-divider--view-line elementor-widget elementor-widget-divider\" data-id=\"ef7eeab\" data-element_type=\"widget\" data-e-type=\"widget\" data-widget_type=\"divider.default\">\n\t\t\t\t<div class=\"elementor-widget-container\">\n\t\t\t\t\t\t\t<div class=\"elementor-divider\">\n\t\t\t<span class=\"elementor-divider-separator\">\n\t\t\t\t\t\t<\/span>\n\t\t<\/div>\n\t\t\t\t\t\t<\/div>\n\t\t\t\t<\/div>\n\t\t\t\t<div class=\"elementor-element elementor-element-4b96f94 elementor-widget elementor-widget-text-editor\" data-id=\"4b96f94\" data-element_type=\"widget\" data-e-type=\"widget\" data-widget_type=\"text-editor.default\">\n\t\t\t\t<div class=\"elementor-widget-container\">\n\t\t\t\t\t\t\t\t\t<p>HNA, 11. M\u00e4rz 2024<br \/>Ank\u00fcndigung der Ausstellung<\/p>\t\t\t\t\t\t\t\t<\/div>\n\t\t\t\t<\/div>\n\t\t\t\t\t<\/div>\n\t\t<\/div>\n\t\t\t\t<div class=\"elementor-column elementor-col-50 elementor-top-column elementor-element elementor-element-d6c2984\" data-id=\"d6c2984\" data-element_type=\"column\" data-e-type=\"column\">\n\t\t\t<div class=\"elementor-widget-wrap elementor-element-populated\">\n\t\t\t\t\t\t<div class=\"elementor-element elementor-element-2c64510 elementor-widget-divider--view-line elementor-widget elementor-widget-divider\" data-id=\"2c64510\" data-element_type=\"widget\" data-e-type=\"widget\" data-widget_type=\"divider.default\">\n\t\t\t\t<div class=\"elementor-widget-container\">\n\t\t\t\t\t\t\t<div class=\"elementor-divider\">\n\t\t\t<span class=\"elementor-divider-separator\">\n\t\t\t\t\t\t<\/span>\n\t\t<\/div>\n\t\t\t\t\t\t<\/div>\n\t\t\t\t<\/div>\n\t\t\t\t<div class=\"elementor-element elementor-element-58dcf0b elementor-widget elementor-widget-image\" data-id=\"58dcf0b\" data-element_type=\"widget\" data-e-type=\"widget\" data-widget_type=\"image.default\">\n\t\t\t\t<div class=\"elementor-widget-container\">\n\t\t\t\t\t\t\t\t\t\t\t\t\t\t\t<img loading=\"lazy\" decoding=\"async\" width=\"935\" height=\"792\" src=\"https:\/\/effective-art.com\/wp-content\/uploads\/2024\/03\/20-03-11-HNA-Alte-Chronik-neue-Zugaenge.jpg\" class=\"attachment-1536x1536 size-1536x1536 wp-image-802\" alt=\"\" srcset=\"https:\/\/effective-art.com\/wp-content\/uploads\/2024\/03\/20-03-11-HNA-Alte-Chronik-neue-Zugaenge.jpg 935w, https:\/\/effective-art.com\/wp-content\/uploads\/2024\/03\/20-03-11-HNA-Alte-Chronik-neue-Zugaenge-300x254.jpg 300w, https:\/\/effective-art.com\/wp-content\/uploads\/2024\/03\/20-03-11-HNA-Alte-Chronik-neue-Zugaenge-768x651.jpg 768w, https:\/\/effective-art.com\/wp-content\/uploads\/2024\/03\/20-03-11-HNA-Alte-Chronik-neue-Zugaenge-540x457.jpg 540w\" sizes=\"(max-width: 935px) 100vw, 935px\" style=\"width:100%;height:84.71%;max-width:935px\" \/>\t\t\t\t\t\t\t\t\t\t\t\t\t\t\t<\/div>\n\t\t\t\t<\/div>\n\t\t\t\t\t<\/div>\n\t\t<\/div>\n\t\t\t\t\t<\/div>\n\t\t<\/section>\n\t\t\t\t<section class=\"elementor-section elementor-top-section elementor-element elementor-element-c27dfb2 elementor-section-boxed elementor-section-height-default elementor-section-height-default\" data-id=\"c27dfb2\" data-element_type=\"section\" data-e-type=\"section\">\n\t\t\t\t\t\t<div class=\"elementor-container elementor-column-gap-default\">\n\t\t\t\t\t<div class=\"elementor-column elementor-col-50 elementor-top-column elementor-element elementor-element-f65acbe\" data-id=\"f65acbe\" data-element_type=\"column\" data-e-type=\"column\">\n\t\t\t<div class=\"elementor-widget-wrap elementor-element-populated\">\n\t\t\t\t\t\t<div class=\"elementor-element elementor-element-364bd7c elementor-widget-divider--view-line elementor-widget elementor-widget-divider\" data-id=\"364bd7c\" data-element_type=\"widget\" data-e-type=\"widget\" data-widget_type=\"divider.default\">\n\t\t\t\t<div class=\"elementor-widget-container\">\n\t\t\t\t\t\t\t<div class=\"elementor-divider\">\n\t\t\t<span class=\"elementor-divider-separator\">\n\t\t\t\t\t\t<\/span>\n\t\t<\/div>\n\t\t\t\t\t\t<\/div>\n\t\t\t\t<\/div>\n\t\t\t\t<div class=\"elementor-element elementor-element-ac487f4 elementor-widget elementor-widget-text-editor\" data-id=\"ac487f4\" data-element_type=\"widget\" data-e-type=\"widget\" data-widget_type=\"text-editor.default\">\n\t\t\t\t<div class=\"elementor-widget-container\">\n\t\t\t\t\t\t\t\t\t<p>Die Bilderwelt der Frankenberger Chronik von Wigand Gerstenberg<\/p><p><br \/>Ausstellungser\u00f6ffnung:<\/p><p>Samstag, 16. M\u00e4rz 2024, <br \/>15 Uhr<\/p>\t\t\t\t\t\t\t\t<\/div>\n\t\t\t\t<\/div>\n\t\t\t\t\t<\/div>\n\t\t<\/div>\n\t\t\t\t<div class=\"elementor-column elementor-col-50 elementor-top-column elementor-element elementor-element-ba44a99\" data-id=\"ba44a99\" data-element_type=\"column\" data-e-type=\"column\">\n\t\t\t<div class=\"elementor-widget-wrap elementor-element-populated\">\n\t\t\t\t\t\t<div class=\"elementor-element elementor-element-3661c65 elementor-widget-divider--view-line elementor-widget elementor-widget-divider\" data-id=\"3661c65\" data-element_type=\"widget\" data-e-type=\"widget\" data-widget_type=\"divider.default\">\n\t\t\t\t<div class=\"elementor-widget-container\">\n\t\t\t\t\t\t\t<div class=\"elementor-divider\">\n\t\t\t<span class=\"elementor-divider-separator\">\n\t\t\t\t\t\t<\/span>\n\t\t<\/div>\n\t\t\t\t\t\t<\/div>\n\t\t\t\t<\/div>\n\t\t\t\t<div class=\"elementor-element elementor-element-e4c6d0a elementor-widget elementor-widget-image\" data-id=\"e4c6d0a\" data-element_type=\"widget\" data-e-type=\"widget\" data-widget_type=\"image.default\">\n\t\t\t\t<div class=\"elementor-widget-container\">\n\t\t\t\t\t\t\t\t\t\t\t\t\t\t\t<img loading=\"lazy\" decoding=\"async\" width=\"1086\" height=\"1536\" src=\"https:\/\/effective-art.com\/wp-content\/uploads\/2024\/03\/Die-Bilderwelt-der-Frankenberger-Chronik-von-Wigand-1086x1536.jpg\" class=\"attachment-1536x1536 size-1536x1536 wp-image-798\" alt=\"\" srcset=\"https:\/\/effective-art.com\/wp-content\/uploads\/2024\/03\/Die-Bilderwelt-der-Frankenberger-Chronik-von-Wigand-1086x1536.jpg 1086w, https:\/\/effective-art.com\/wp-content\/uploads\/2024\/03\/Die-Bilderwelt-der-Frankenberger-Chronik-von-Wigand-212x300.jpg 212w, https:\/\/effective-art.com\/wp-content\/uploads\/2024\/03\/Die-Bilderwelt-der-Frankenberger-Chronik-von-Wigand-724x1024.jpg 724w, https:\/\/effective-art.com\/wp-content\/uploads\/2024\/03\/Die-Bilderwelt-der-Frankenberger-Chronik-von-Wigand-768x1086.jpg 768w, https:\/\/effective-art.com\/wp-content\/uploads\/2024\/03\/Die-Bilderwelt-der-Frankenberger-Chronik-von-Wigand-1448x2048.jpg 1448w, https:\/\/effective-art.com\/wp-content\/uploads\/2024\/03\/Die-Bilderwelt-der-Frankenberger-Chronik-von-Wigand-540x764.jpg 540w, https:\/\/effective-art.com\/wp-content\/uploads\/2024\/03\/Die-Bilderwelt-der-Frankenberger-Chronik-von-Wigand-1080x1527.jpg 1080w, https:\/\/effective-art.com\/wp-content\/uploads\/2024\/03\/Die-Bilderwelt-der-Frankenberger-Chronik-von-Wigand.jpg 1754w\" sizes=\"(max-width: 1086px) 100vw, 1086px\" style=\"width:100%;height:141.39%;max-width:1754px\" \/>\t\t\t\t\t\t\t\t\t\t\t\t\t\t\t<\/div>\n\t\t\t\t<\/div>\n\t\t\t\t\t<\/div>\n\t\t<\/div>\n\t\t\t\t\t<\/div>\n\t\t<\/section>\n\t\t\t\t<section class=\"elementor-section elementor-top-section elementor-element elementor-element-5142a29 elementor-section-boxed elementor-section-height-default elementor-section-height-default\" data-id=\"5142a29\" data-element_type=\"section\" data-e-type=\"section\">\n\t\t\t\t\t\t<div class=\"elementor-container elementor-column-gap-default\">\n\t\t\t\t\t<div class=\"elementor-column elementor-col-50 elementor-top-column elementor-element elementor-element-2dd3a29\" data-id=\"2dd3a29\" data-element_type=\"column\" data-e-type=\"column\">\n\t\t\t<div class=\"elementor-widget-wrap elementor-element-populated\">\n\t\t\t\t\t\t<div class=\"elementor-element elementor-element-7249caf elementor-widget-divider--view-line elementor-widget elementor-widget-divider\" data-id=\"7249caf\" data-element_type=\"widget\" data-e-type=\"widget\" data-widget_type=\"divider.default\">\n\t\t\t\t<div class=\"elementor-widget-container\">\n\t\t\t\t\t\t\t<div class=\"elementor-divider\">\n\t\t\t<span class=\"elementor-divider-separator\">\n\t\t\t\t\t\t<\/span>\n\t\t<\/div>\n\t\t\t\t\t\t<\/div>\n\t\t\t\t<\/div>\n\t\t\t\t<div class=\"elementor-element elementor-element-5db6cf1 elementor-widget elementor-widget-text-editor\" data-id=\"5db6cf1\" data-element_type=\"widget\" data-e-type=\"widget\" data-widget_type=\"text-editor.default\">\n\t\t\t\t<div class=\"elementor-widget-container\">\n\t\t\t\t\t\t\t\t\t<p>\u201cFreiheit, die ich meine\u201c<br \/><br \/>Ausstellungser\u00f6ffnung:<\/p><p>Sonntag, 05.November 2023, <br \/>12 \u2013 18 Uhr<\/p><p>\u00a0<\/p><p>Alles wird sch\u00f6n &#8211; Kunst und Kultur e.V.<br \/>Friedrich-Naumann-Str. 27 und 32<br \/>Hamburg<\/p>\t\t\t\t\t\t\t\t<\/div>\n\t\t\t\t<\/div>\n\t\t\t\t\t<\/div>\n\t\t<\/div>\n\t\t\t\t<div class=\"elementor-column elementor-col-50 elementor-top-column elementor-element elementor-element-7835d7a\" data-id=\"7835d7a\" data-element_type=\"column\" data-e-type=\"column\">\n\t\t\t<div class=\"elementor-widget-wrap elementor-element-populated\">\n\t\t\t\t\t\t<div class=\"elementor-element elementor-element-6d95377 elementor-widget-divider--view-line elementor-widget elementor-widget-divider\" data-id=\"6d95377\" data-element_type=\"widget\" data-e-type=\"widget\" data-widget_type=\"divider.default\">\n\t\t\t\t<div class=\"elementor-widget-container\">\n\t\t\t\t\t\t\t<div class=\"elementor-divider\">\n\t\t\t<span class=\"elementor-divider-separator\">\n\t\t\t\t\t\t<\/span>\n\t\t<\/div>\n\t\t\t\t\t\t<\/div>\n\t\t\t\t<\/div>\n\t\t\t\t<div class=\"elementor-element elementor-element-206ad88 gallery-spacing-custom elementor-widget elementor-widget-image-gallery\" data-id=\"206ad88\" data-element_type=\"widget\" data-e-type=\"widget\" data-widget_type=\"image-gallery.default\">\n\t\t\t\t<div class=\"elementor-widget-container\">\n\t\t\t\t\t\t\t<div class=\"elementor-image-gallery\">\n\t\t\t<div id='gallery-22' class='gallery galleryid-12 gallery-columns-1 gallery-size-large'><figure class='gallery-item'>\n\t\t\t<div class='gallery-icon portrait'>\n\t\t\t\t<a data-elementor-open-lightbox=\"yes\" data-elementor-lightbox-slideshow=\"206ad88\" data-elementor-lightbox-title=\"Sabine Reyer    Hunde Graffiti  \u00d6l\/Jute\" data-e-action-hash=\"#elementor-action%3Aaction%3Dlightbox%26settings%3DeyJpZCI6NjczLCJ1cmwiOiJodHRwczpcL1wvZWZmZWN0aXZlLWFydC5jb21cL3dwLWNvbnRlbnRcL3VwbG9hZHNcLzIwMjNcLzExXC9zYWJpbmUtcmV5ZXJfaHVuZGUtR3JhZmZpdGkuanBnIiwic2xpZGVzaG93IjoiMjA2YWQ4OCJ9\" href='https:\/\/effective-art.com\/wp-content\/uploads\/2023\/11\/sabine-reyer_hunde-Graffiti.jpg'><img loading=\"lazy\" decoding=\"async\" width=\"686\" height=\"1024\" src=\"https:\/\/effective-art.com\/wp-content\/uploads\/2023\/11\/sabine-reyer_hunde-Graffiti-686x1024.jpg\" class=\"attachment-large size-large\" alt=\"\" aria-describedby=\"gallery-22-673\" srcset=\"https:\/\/effective-art.com\/wp-content\/uploads\/2023\/11\/sabine-reyer_hunde-Graffiti-686x1024.jpg 686w, https:\/\/effective-art.com\/wp-content\/uploads\/2023\/11\/sabine-reyer_hunde-Graffiti-201x300.jpg 201w, https:\/\/effective-art.com\/wp-content\/uploads\/2023\/11\/sabine-reyer_hunde-Graffiti-768x1146.jpg 768w, https:\/\/effective-art.com\/wp-content\/uploads\/2023\/11\/sabine-reyer_hunde-Graffiti-540x806.jpg 540w, https:\/\/effective-art.com\/wp-content\/uploads\/2023\/11\/sabine-reyer_hunde-Graffiti.jpg 866w\" sizes=\"(max-width: 686px) 100vw, 686px\" style=\"width:100%;height:149.19%;max-width:866px;\" \/><\/a>\n\t\t\t<\/div>\n\t\t\t\t<figcaption class='wp-caption-text gallery-caption' id='gallery-22-673'>\n\t\t\t\tSabine Reyer    Hunde Graffiti  \u00d6l\/Jute\n\t\t\t\t<\/figcaption><\/figure>\n\t\t<\/div>\n\t\t<\/div>\n\t\t\t\t\t\t<\/div>\n\t\t\t\t<\/div>\n\t\t\t\t\t<\/div>\n\t\t<\/div>\n\t\t\t\t\t<\/div>\n\t\t<\/section>\n\t\t\t\t<section class=\"elementor-section elementor-top-section elementor-element elementor-element-064caad elementor-section-boxed elementor-section-height-default elementor-section-height-default\" data-id=\"064caad\" data-element_type=\"section\" data-e-type=\"section\">\n\t\t\t\t\t\t<div class=\"elementor-container elementor-column-gap-default\">\n\t\t\t\t\t<div class=\"elementor-column elementor-col-50 elementor-top-column elementor-element elementor-element-c1f4d26\" data-id=\"c1f4d26\" data-element_type=\"column\" data-e-type=\"column\">\n\t\t\t<div class=\"elementor-widget-wrap elementor-element-populated\">\n\t\t\t\t\t\t<div class=\"elementor-element elementor-element-50e0572 elementor-widget-divider--view-line elementor-widget elementor-widget-divider\" data-id=\"50e0572\" data-element_type=\"widget\" data-e-type=\"widget\" data-widget_type=\"divider.default\">\n\t\t\t\t<div class=\"elementor-widget-container\">\n\t\t\t\t\t\t\t<div class=\"elementor-divider\">\n\t\t\t<span class=\"elementor-divider-separator\">\n\t\t\t\t\t\t<\/span>\n\t\t<\/div>\n\t\t\t\t\t\t<\/div>\n\t\t\t\t<\/div>\n\t\t\t\t<div class=\"elementor-element elementor-element-891bf6d elementor-widget elementor-widget-text-editor\" data-id=\"891bf6d\" data-element_type=\"widget\" data-e-type=\"widget\" data-widget_type=\"text-editor.default\">\n\t\t\t\t<div class=\"elementor-widget-container\">\n\t\t\t\t\t\t\t\t\t<p>7. bis 17. September 2023<br \/>Floralia Mailart Projekt<br \/>Kunstrefugium e.V., M\u00fcnchen<\/p>\t\t\t\t\t\t\t\t<\/div>\n\t\t\t\t<\/div>\n\t\t\t\t\t<\/div>\n\t\t<\/div>\n\t\t\t\t<div class=\"elementor-column elementor-col-50 elementor-top-column elementor-element elementor-element-beb517a\" data-id=\"beb517a\" data-element_type=\"column\" data-e-type=\"column\">\n\t\t\t<div class=\"elementor-widget-wrap elementor-element-populated\">\n\t\t\t\t\t\t<div class=\"elementor-element elementor-element-09fb64d elementor-widget-divider--view-line elementor-widget elementor-widget-divider\" data-id=\"09fb64d\" data-element_type=\"widget\" data-e-type=\"widget\" data-widget_type=\"divider.default\">\n\t\t\t\t<div class=\"elementor-widget-container\">\n\t\t\t\t\t\t\t<div class=\"elementor-divider\">\n\t\t\t<span class=\"elementor-divider-separator\">\n\t\t\t\t\t\t<\/span>\n\t\t<\/div>\n\t\t\t\t\t\t<\/div>\n\t\t\t\t<\/div>\n\t\t\t\t<div class=\"elementor-element elementor-element-5560050 gallery-spacing-custom elementor-widget elementor-widget-image-gallery\" data-id=\"5560050\" data-element_type=\"widget\" data-e-type=\"widget\" data-widget_type=\"image-gallery.default\">\n\t\t\t\t<div class=\"elementor-widget-container\">\n\t\t\t\t\t\t\t<div class=\"elementor-image-gallery\">\n\t\t\t<div id='gallery-23' class='gallery galleryid-12 gallery-columns-1 gallery-size-full'><figure class='gallery-item'>\n\t\t\t<div class='gallery-icon landscape'>\n\t\t\t\t<a data-elementor-open-lightbox=\"yes\" data-elementor-lightbox-slideshow=\"5560050\" data-elementor-lightbox-title=\"Sabine Reyer - Floralia, M\u00fcnchen September 2023\" data-e-action-hash=\"#elementor-action%3Aaction%3Dlightbox%26settings%3DeyJpZCI6NjUzLCJ1cmwiOiJodHRwczpcL1wvZWZmZWN0aXZlLWFydC5jb21cL3dwLWNvbnRlbnRcL3VwbG9hZHNcLzIwMjNcLzA4XC9zYWJpbmUtcmV5ZXJfZmxvcmFsaWEtbXVlbmNoZW4tMjAyMy1iYW1iaWUtaHVuZC5qcGciLCJzbGlkZXNob3ciOiI1NTYwMDUwIn0%3D\" href='https:\/\/effective-art.com\/wp-content\/uploads\/2023\/08\/sabine-reyer_floralia-muenchen-2023-bambie-hund.jpg'><img loading=\"lazy\" decoding=\"async\" width=\"1000\" height=\"716\" src=\"https:\/\/effective-art.com\/wp-content\/uploads\/2023\/08\/sabine-reyer_floralia-muenchen-2023-bambie-hund.jpg\" class=\"attachment-full size-full\" alt=\"\" aria-describedby=\"gallery-23-653\" srcset=\"https:\/\/effective-art.com\/wp-content\/uploads\/2023\/08\/sabine-reyer_floralia-muenchen-2023-bambie-hund.jpg 1000w, https:\/\/effective-art.com\/wp-content\/uploads\/2023\/08\/sabine-reyer_floralia-muenchen-2023-bambie-hund-300x215.jpg 300w, https:\/\/effective-art.com\/wp-content\/uploads\/2023\/08\/sabine-reyer_floralia-muenchen-2023-bambie-hund-768x550.jpg 768w, https:\/\/effective-art.com\/wp-content\/uploads\/2023\/08\/sabine-reyer_floralia-muenchen-2023-bambie-hund-540x387.jpg 540w\" sizes=\"(max-width: 1000px) 100vw, 1000px\" style=\"width:100%;height:71.6%;max-width:1000px;\" \/><\/a>\n\t\t\t<\/div>\n\t\t\t\t<figcaption class='wp-caption-text gallery-caption' id='gallery-23-653'>\n\t\t\t\tSabine Reyer &#8211; Floralia, M\u00fcnchen September 2023\n\t\t\t\t<\/figcaption><\/figure>\n\t\t<\/div>\n\t\t<\/div>\n\t\t\t\t\t\t<\/div>\n\t\t\t\t<\/div>\n\t\t\t\t\t<\/div>\n\t\t<\/div>\n\t\t\t\t\t<\/div>\n\t\t<\/section>\n\t\t\t\t<section class=\"elementor-section elementor-top-section elementor-element elementor-element-712b220 elementor-section-boxed elementor-section-height-default elementor-section-height-default\" data-id=\"712b220\" data-element_type=\"section\" data-e-type=\"section\">\n\t\t\t\t\t\t<div class=\"elementor-container elementor-column-gap-default\">\n\t\t\t\t\t<div class=\"elementor-column elementor-col-50 elementor-top-column elementor-element elementor-element-d98a3cd\" data-id=\"d98a3cd\" data-element_type=\"column\" data-e-type=\"column\">\n\t\t\t<div class=\"elementor-widget-wrap elementor-element-populated\">\n\t\t\t\t\t\t<div class=\"elementor-element elementor-element-5ce21bc elementor-widget-divider--view-line elementor-widget elementor-widget-divider\" data-id=\"5ce21bc\" data-element_type=\"widget\" data-e-type=\"widget\" data-widget_type=\"divider.default\">\n\t\t\t\t<div class=\"elementor-widget-container\">\n\t\t\t\t\t\t\t<div class=\"elementor-divider\">\n\t\t\t<span class=\"elementor-divider-separator\">\n\t\t\t\t\t\t<\/span>\n\t\t<\/div>\n\t\t\t\t\t\t<\/div>\n\t\t\t\t<\/div>\n\t\t\t\t<div class=\"elementor-element elementor-element-a82320e elementor-widget elementor-widget-text-editor\" data-id=\"a82320e\" data-element_type=\"widget\" data-e-type=\"widget\" data-widget_type=\"text-editor.default\">\n\t\t\t\t<div class=\"elementor-widget-container\">\n\t\t\t\t\t\t\t\t\t<p>TSE TSE K\u00fcnstlergruppe &#8211; Bilder &amp; Objekte<\/p><p>HNA vom 20. Juli 2023<br \/>Bericht von Peter Bienhaus<br \/>&#8222;Ausstellung ist Ralf M\u00fcller gewidmet&#8220;<\/p>\t\t\t\t\t\t\t\t<\/div>\n\t\t\t\t<\/div>\n\t\t\t\t\t<\/div>\n\t\t<\/div>\n\t\t\t\t<div class=\"elementor-column elementor-col-50 elementor-top-column elementor-element elementor-element-fbd3b2b\" data-id=\"fbd3b2b\" data-element_type=\"column\" data-e-type=\"column\">\n\t\t\t<div class=\"elementor-widget-wrap elementor-element-populated\">\n\t\t\t\t\t\t<div class=\"elementor-element elementor-element-728d95d elementor-widget-divider--view-line elementor-widget elementor-widget-divider\" data-id=\"728d95d\" data-element_type=\"widget\" data-e-type=\"widget\" data-widget_type=\"divider.default\">\n\t\t\t\t<div class=\"elementor-widget-container\">\n\t\t\t\t\t\t\t<div class=\"elementor-divider\">\n\t\t\t<span class=\"elementor-divider-separator\">\n\t\t\t\t\t\t<\/span>\n\t\t<\/div>\n\t\t\t\t\t\t<\/div>\n\t\t\t\t<\/div>\n\t\t\t\t<div class=\"elementor-element elementor-element-169ef90 gallery-spacing-custom elementor-widget elementor-widget-image-gallery\" data-id=\"169ef90\" data-element_type=\"widget\" data-e-type=\"widget\" data-widget_type=\"image-gallery.default\">\n\t\t\t\t<div class=\"elementor-widget-container\">\n\t\t\t\t\t\t\t<div class=\"elementor-image-gallery\">\n\t\t\t<div id='gallery-24' class='gallery galleryid-12 gallery-columns-1 gallery-size-1536x1536'><figure class='gallery-item'>\n\t\t\t<div class='gallery-icon portrait'>\n\t\t\t\t<a data-elementor-open-lightbox=\"yes\" data-elementor-lightbox-slideshow=\"169ef90\" data-e-action-hash=\"#elementor-action%3Aaction%3Dlightbox%26settings%3DeyJpZCI6NTQ1LCJ1cmwiOiJodHRwczpcL1wvZWZmZWN0aXZlLWFydC5jb21cL3dwLWNvbnRlbnRcL3VwbG9hZHNcLzIwMjNcLzA3XC8yMDIzLTA3LTIwLUhOQS1BcnRpa2VsLTIuanBnIiwic2xpZGVzaG93IjoiMTY5ZWY5MCJ9\" href='https:\/\/effective-art.com\/wp-content\/uploads\/2023\/07\/2023-07-20-HNA-Artikel-2.jpg'><img loading=\"lazy\" decoding=\"async\" width=\"373\" height=\"853\" src=\"https:\/\/effective-art.com\/wp-content\/uploads\/2023\/07\/2023-07-20-HNA-Artikel-2.jpg\" class=\"attachment-1536x1536 size-1536x1536\" alt=\"\" srcset=\"https:\/\/effective-art.com\/wp-content\/uploads\/2023\/07\/2023-07-20-HNA-Artikel-2.jpg 373w, https:\/\/effective-art.com\/wp-content\/uploads\/2023\/07\/2023-07-20-HNA-Artikel-2-131x300.jpg 131w\" sizes=\"(max-width: 373px) 100vw, 373px\" style=\"width:100%;height:228.69%;max-width:373px;\" \/><\/a>\n\t\t\t<\/div><\/figure>\n\t\t<\/div>\n\t\t<\/div>\n\t\t\t\t\t\t<\/div>\n\t\t\t\t<\/div>\n\t\t\t\t\t<\/div>\n\t\t<\/div>\n\t\t\t\t\t<\/div>\n\t\t<\/section>\n\t\t\t\t<section class=\"elementor-section elementor-top-section elementor-element elementor-element-05432a7 elementor-section-boxed elementor-section-height-default elementor-section-height-default\" data-id=\"05432a7\" data-element_type=\"section\" data-e-type=\"section\">\n\t\t\t\t\t\t<div class=\"elementor-container elementor-column-gap-default\">\n\t\t\t\t\t<div class=\"elementor-column elementor-col-50 elementor-top-column elementor-element elementor-element-16d96c4\" data-id=\"16d96c4\" data-element_type=\"column\" data-e-type=\"column\">\n\t\t\t<div class=\"elementor-widget-wrap elementor-element-populated\">\n\t\t\t\t\t\t<div class=\"elementor-element elementor-element-27449a6 elementor-widget-divider--view-line elementor-widget elementor-widget-divider\" data-id=\"27449a6\" data-element_type=\"widget\" data-e-type=\"widget\" data-widget_type=\"divider.default\">\n\t\t\t\t<div class=\"elementor-widget-container\">\n\t\t\t\t\t\t\t<div class=\"elementor-divider\">\n\t\t\t<span class=\"elementor-divider-separator\">\n\t\t\t\t\t\t<\/span>\n\t\t<\/div>\n\t\t\t\t\t\t<\/div>\n\t\t\t\t<\/div>\n\t\t\t\t<div class=\"elementor-element elementor-element-d7783c2 elementor-widget elementor-widget-text-editor\" data-id=\"d7783c2\" data-element_type=\"widget\" data-e-type=\"widget\" data-widget_type=\"text-editor.default\">\n\t\t\t\t<div class=\"elementor-widget-container\">\n\t\t\t\t\t\t\t\t\t<p>18. Juli 2023<\/p><p>TSE TSE K\u00fcnstlergruppe &#8211; Bilder &amp; Objekte<\/p><p>Er\u00f6ffnung im Kunstverein Battenberg e.V.<\/p>\t\t\t\t\t\t\t\t<\/div>\n\t\t\t\t<\/div>\n\t\t\t\t\t<\/div>\n\t\t<\/div>\n\t\t\t\t<div class=\"elementor-column elementor-col-50 elementor-top-column elementor-element elementor-element-d87c711\" data-id=\"d87c711\" data-element_type=\"column\" data-e-type=\"column\">\n\t\t\t<div class=\"elementor-widget-wrap elementor-element-populated\">\n\t\t\t\t\t\t<div class=\"elementor-element elementor-element-f8f1e88 elementor-widget-divider--view-line elementor-widget elementor-widget-divider\" data-id=\"f8f1e88\" data-element_type=\"widget\" data-e-type=\"widget\" data-widget_type=\"divider.default\">\n\t\t\t\t<div class=\"elementor-widget-container\">\n\t\t\t\t\t\t\t<div class=\"elementor-divider\">\n\t\t\t<span class=\"elementor-divider-separator\">\n\t\t\t\t\t\t<\/span>\n\t\t<\/div>\n\t\t\t\t\t\t<\/div>\n\t\t\t\t<\/div>\n\t\t\t\t<div class=\"elementor-element elementor-element-d338586 gallery-spacing-custom elementor-widget elementor-widget-image-gallery\" data-id=\"d338586\" data-element_type=\"widget\" data-e-type=\"widget\" data-widget_type=\"image-gallery.default\">\n\t\t\t\t<div class=\"elementor-widget-container\">\n\t\t\t\t\t\t\t<div class=\"elementor-image-gallery\">\n\t\t\t<div id='gallery-25' class='gallery galleryid-12 gallery-columns-4 gallery-size-thumbnail'><figure class='gallery-item'>\n\t\t\t<div class='gallery-icon landscape'>\n\t\t\t\t<a data-elementor-open-lightbox=\"yes\" data-elementor-lightbox-slideshow=\"d338586\" data-e-action-hash=\"#elementor-action%3Aaction%3Dlightbox%26settings%3DeyJpZCI6NTQzLCJ1cmwiOiJodHRwczpcL1wvZWZmZWN0aXZlLWFydC5jb21cL3dwLWNvbnRlbnRcL3VwbG9hZHNcLzIwMjNcLzA3XC8yMDIzLTA3LTE4LUVyb2VmZm51bmctS1YtQmF0dGVuYmVyZy0xOC5qcGciLCJzbGlkZXNob3ciOiJkMzM4NTg2In0%3D\" href='https:\/\/effective-art.com\/wp-content\/uploads\/2023\/07\/2023-07-18-Eroeffnung-KV-Battenberg-18.jpg'><img loading=\"lazy\" decoding=\"async\" width=\"150\" height=\"150\" src=\"https:\/\/effective-art.com\/wp-content\/uploads\/2023\/07\/2023-07-18-Eroeffnung-KV-Battenberg-18-150x150.jpg\" class=\"attachment-thumbnail size-thumbnail\" alt=\"\" style=\"width:100%;height:56.17%;max-width:1200px;\" \/><\/a>\n\t\t\t<\/div><\/figure><figure class='gallery-item'>\n\t\t\t<div class='gallery-icon landscape'>\n\t\t\t\t<a data-elementor-open-lightbox=\"yes\" data-elementor-lightbox-slideshow=\"d338586\" data-e-action-hash=\"#elementor-action%3Aaction%3Dlightbox%26settings%3DeyJpZCI6NTM4LCJ1cmwiOiJodHRwczpcL1wvZWZmZWN0aXZlLWFydC5jb21cL3dwLWNvbnRlbnRcL3VwbG9hZHNcLzIwMjNcLzA3XC8yMDIzLTA3LTE4LUVyb2VmZm51bmctS1YtQmF0dGVuYmVyZy05LmpwZyIsInNsaWRlc2hvdyI6ImQzMzg1ODYifQ%3D%3D\" href='https:\/\/effective-art.com\/wp-content\/uploads\/2023\/07\/2023-07-18-Eroeffnung-KV-Battenberg-9.jpg'><img loading=\"lazy\" decoding=\"async\" width=\"150\" height=\"150\" src=\"https:\/\/effective-art.com\/wp-content\/uploads\/2023\/07\/2023-07-18-Eroeffnung-KV-Battenberg-9-150x150.jpg\" class=\"attachment-thumbnail size-thumbnail\" alt=\"\" style=\"width:100%;height:65.58%;max-width:1200px;\" \/><\/a>\n\t\t\t<\/div><\/figure><figure class='gallery-item'>\n\t\t\t<div class='gallery-icon landscape'>\n\t\t\t\t<a data-elementor-open-lightbox=\"yes\" data-elementor-lightbox-slideshow=\"d338586\" data-e-action-hash=\"#elementor-action%3Aaction%3Dlightbox%26settings%3DeyJpZCI6NTM1LCJ1cmwiOiJodHRwczpcL1wvZWZmZWN0aXZlLWFydC5jb21cL3dwLWNvbnRlbnRcL3VwbG9hZHNcLzIwMjNcLzA3XC8yMDIzLTA3LTE4LUVyb2VmZm51bmctS1YtQmF0dGVuYmVyZy00LmpwZyIsInNsaWRlc2hvdyI6ImQzMzg1ODYifQ%3D%3D\" href='https:\/\/effective-art.com\/wp-content\/uploads\/2023\/07\/2023-07-18-Eroeffnung-KV-Battenberg-4.jpg'><img loading=\"lazy\" decoding=\"async\" width=\"150\" height=\"150\" src=\"https:\/\/effective-art.com\/wp-content\/uploads\/2023\/07\/2023-07-18-Eroeffnung-KV-Battenberg-4-150x150.jpg\" class=\"attachment-thumbnail size-thumbnail\" alt=\"\" style=\"width:100%;height:56.17%;max-width:1200px;\" \/><\/a>\n\t\t\t<\/div><\/figure><figure class='gallery-item'>\n\t\t\t<div class='gallery-icon landscape'>\n\t\t\t\t<a data-elementor-open-lightbox=\"yes\" data-elementor-lightbox-slideshow=\"d338586\" data-e-action-hash=\"#elementor-action%3Aaction%3Dlightbox%26settings%3DeyJpZCI6NTQwLCJ1cmwiOiJodHRwczpcL1wvZWZmZWN0aXZlLWFydC5jb21cL3dwLWNvbnRlbnRcL3VwbG9hZHNcLzIwMjNcLzA3XC8yMDIzLTA3LTE4LUVyb2VmZm51bmctS1YtQmF0dGVuYmVyZy0xMy5qcGciLCJzbGlkZXNob3ciOiJkMzM4NTg2In0%3D\" href='https:\/\/effective-art.com\/wp-content\/uploads\/2023\/07\/2023-07-18-Eroeffnung-KV-Battenberg-13.jpg'><img loading=\"lazy\" decoding=\"async\" width=\"150\" height=\"150\" src=\"https:\/\/effective-art.com\/wp-content\/uploads\/2023\/07\/2023-07-18-Eroeffnung-KV-Battenberg-13-150x150.jpg\" class=\"attachment-thumbnail size-thumbnail\" alt=\"\" style=\"width:100%;height:62.67%;max-width:1200px;\" \/><\/a>\n\t\t\t<\/div><\/figure><figure class='gallery-item'>\n\t\t\t<div class='gallery-icon landscape'>\n\t\t\t\t<a data-elementor-open-lightbox=\"yes\" data-elementor-lightbox-slideshow=\"d338586\" data-e-action-hash=\"#elementor-action%3Aaction%3Dlightbox%26settings%3DeyJpZCI6NTM2LCJ1cmwiOiJodHRwczpcL1wvZWZmZWN0aXZlLWFydC5jb21cL3dwLWNvbnRlbnRcL3VwbG9hZHNcLzIwMjNcLzA3XC8yMDIzLTA3LTE4LUVyb2VmZm51bmctS1YtQmF0dGVuYmVyZy01LmpwZyIsInNsaWRlc2hvdyI6ImQzMzg1ODYifQ%3D%3D\" href='https:\/\/effective-art.com\/wp-content\/uploads\/2023\/07\/2023-07-18-Eroeffnung-KV-Battenberg-5.jpg'><img loading=\"lazy\" decoding=\"async\" width=\"150\" height=\"150\" src=\"https:\/\/effective-art.com\/wp-content\/uploads\/2023\/07\/2023-07-18-Eroeffnung-KV-Battenberg-5-150x150.jpg\" class=\"attachment-thumbnail size-thumbnail\" alt=\"\" style=\"width:100%;height:56.17%;max-width:1200px;\" \/><\/a>\n\t\t\t<\/div><\/figure><figure class='gallery-item'>\n\t\t\t<div class='gallery-icon landscape'>\n\t\t\t\t<a data-elementor-open-lightbox=\"yes\" data-elementor-lightbox-slideshow=\"d338586\" data-e-action-hash=\"#elementor-action%3Aaction%3Dlightbox%26settings%3DeyJpZCI6NTMzLCJ1cmwiOiJodHRwczpcL1wvZWZmZWN0aXZlLWFydC5jb21cL3dwLWNvbnRlbnRcL3VwbG9hZHNcLzIwMjNcLzA3XC8yMDIzLTA3LTE4LUVyb2VmZm51bmctS1YtQmF0dGVuYmVyZy0xLmpwZyIsInNsaWRlc2hvdyI6ImQzMzg1ODYifQ%3D%3D\" href='https:\/\/effective-art.com\/wp-content\/uploads\/2023\/07\/2023-07-18-Eroeffnung-KV-Battenberg-1.jpg'><img loading=\"lazy\" decoding=\"async\" width=\"150\" height=\"150\" src=\"https:\/\/effective-art.com\/wp-content\/uploads\/2023\/07\/2023-07-18-Eroeffnung-KV-Battenberg-1-150x150.jpg\" class=\"attachment-thumbnail size-thumbnail\" alt=\"\" style=\"width:100%;height:75.17%;max-width:1200px;\" \/><\/a>\n\t\t\t<\/div><\/figure><figure class='gallery-item'>\n\t\t\t<div class='gallery-icon portrait'>\n\t\t\t\t<a data-elementor-open-lightbox=\"yes\" data-elementor-lightbox-slideshow=\"d338586\" data-e-action-hash=\"#elementor-action%3Aaction%3Dlightbox%26settings%3DeyJpZCI6NTM0LCJ1cmwiOiJodHRwczpcL1wvZWZmZWN0aXZlLWFydC5jb21cL3dwLWNvbnRlbnRcL3VwbG9hZHNcLzIwMjNcLzA3XC8yMDIzLTA3LTE4LUVyb2VmZm51bmctS1YtQmF0dGVuYmVyZy0yLmpwZyIsInNsaWRlc2hvdyI6ImQzMzg1ODYifQ%3D%3D\" href='https:\/\/effective-art.com\/wp-content\/uploads\/2023\/07\/2023-07-18-Eroeffnung-KV-Battenberg-2.jpg'><img loading=\"lazy\" decoding=\"async\" width=\"150\" height=\"150\" src=\"https:\/\/effective-art.com\/wp-content\/uploads\/2023\/07\/2023-07-18-Eroeffnung-KV-Battenberg-2-150x150.jpg\" class=\"attachment-thumbnail size-thumbnail\" alt=\"\" style=\"width:100%;height:116.85%;max-width:1027px;\" \/><\/a>\n\t\t\t<\/div><\/figure><figure class='gallery-item'>\n\t\t\t<div class='gallery-icon portrait'>\n\t\t\t\t<a data-elementor-open-lightbox=\"yes\" data-elementor-lightbox-slideshow=\"d338586\" data-e-action-hash=\"#elementor-action%3Aaction%3Dlightbox%26settings%3DeyJpZCI6NTM3LCJ1cmwiOiJodHRwczpcL1wvZWZmZWN0aXZlLWFydC5jb21cL3dwLWNvbnRlbnRcL3VwbG9hZHNcLzIwMjNcLzA3XC8yMDIzLTA3LTE4LUVyb2VmZm51bmctS1YtQmF0dGVuYmVyZy04LmpwZyIsInNsaWRlc2hvdyI6ImQzMzg1ODYifQ%3D%3D\" href='https:\/\/effective-art.com\/wp-content\/uploads\/2023\/07\/2023-07-18-Eroeffnung-KV-Battenberg-8.jpg'><img loading=\"lazy\" decoding=\"async\" width=\"150\" height=\"150\" src=\"https:\/\/effective-art.com\/wp-content\/uploads\/2023\/07\/2023-07-18-Eroeffnung-KV-Battenberg-8-150x150.jpg\" class=\"attachment-thumbnail size-thumbnail\" alt=\"\" style=\"width:100%;height:109.59%;max-width:1095px;\" \/><\/a>\n\t\t\t<\/div><\/figure><figure class='gallery-item'>\n\t\t\t<div class='gallery-icon landscape'>\n\t\t\t\t<a data-elementor-open-lightbox=\"yes\" data-elementor-lightbox-slideshow=\"d338586\" data-e-action-hash=\"#elementor-action%3Aaction%3Dlightbox%26settings%3DeyJpZCI6NTM5LCJ1cmwiOiJodHRwczpcL1wvZWZmZWN0aXZlLWFydC5jb21cL3dwLWNvbnRlbnRcL3VwbG9hZHNcLzIwMjNcLzA3XC8yMDIzLTA3LTE4LUVyb2VmZm51bmctS1YtQmF0dGVuYmVyZy0xMC5qcGciLCJzbGlkZXNob3ciOiJkMzM4NTg2In0%3D\" href='https:\/\/effective-art.com\/wp-content\/uploads\/2023\/07\/2023-07-18-Eroeffnung-KV-Battenberg-10.jpg'><img loading=\"lazy\" decoding=\"async\" width=\"150\" height=\"150\" src=\"https:\/\/effective-art.com\/wp-content\/uploads\/2023\/07\/2023-07-18-Eroeffnung-KV-Battenberg-10-150x150.jpg\" class=\"attachment-thumbnail size-thumbnail\" alt=\"\" style=\"width:100%;height:59.75%;max-width:1200px;\" \/><\/a>\n\t\t\t<\/div><\/figure><figure class='gallery-item'>\n\t\t\t<div class='gallery-icon portrait'>\n\t\t\t\t<a data-elementor-open-lightbox=\"yes\" data-elementor-lightbox-slideshow=\"d338586\" data-e-action-hash=\"#elementor-action%3Aaction%3Dlightbox%26settings%3DeyJpZCI6NTQxLCJ1cmwiOiJodHRwczpcL1wvZWZmZWN0aXZlLWFydC5jb21cL3dwLWNvbnRlbnRcL3VwbG9hZHNcLzIwMjNcLzA3XC8yMDIzLTA3LTE4LUVyb2VmZm51bmctS1YtQmF0dGVuYmVyZy0xNS5qcGciLCJzbGlkZXNob3ciOiJkMzM4NTg2In0%3D\" href='https:\/\/effective-art.com\/wp-content\/uploads\/2023\/07\/2023-07-18-Eroeffnung-KV-Battenberg-15.jpg'><img loading=\"lazy\" decoding=\"async\" width=\"150\" height=\"150\" src=\"https:\/\/effective-art.com\/wp-content\/uploads\/2023\/07\/2023-07-18-Eroeffnung-KV-Battenberg-15-150x150.jpg\" class=\"attachment-thumbnail size-thumbnail\" alt=\"\" style=\"width:100%;height:157.07%;max-width:764px;\" \/><\/a>\n\t\t\t<\/div><\/figure><figure class='gallery-item'>\n\t\t\t<div class='gallery-icon portrait'>\n\t\t\t\t<a data-elementor-open-lightbox=\"yes\" data-elementor-lightbox-slideshow=\"d338586\" data-e-action-hash=\"#elementor-action%3Aaction%3Dlightbox%26settings%3DeyJpZCI6NTQyLCJ1cmwiOiJodHRwczpcL1wvZWZmZWN0aXZlLWFydC5jb21cL3dwLWNvbnRlbnRcL3VwbG9hZHNcLzIwMjNcLzA3XC8yMDIzLTA3LTE4LUVyb2VmZm51bmctS1YtQmF0dGVuYmVyZy0xNi5qcGciLCJzbGlkZXNob3ciOiJkMzM4NTg2In0%3D\" href='https:\/\/effective-art.com\/wp-content\/uploads\/2023\/07\/2023-07-18-Eroeffnung-KV-Battenberg-16.jpg'><img loading=\"lazy\" decoding=\"async\" width=\"150\" height=\"150\" src=\"https:\/\/effective-art.com\/wp-content\/uploads\/2023\/07\/2023-07-18-Eroeffnung-KV-Battenberg-16-150x150.jpg\" class=\"attachment-thumbnail size-thumbnail\" alt=\"\" style=\"width:100%;height:166.44%;max-width:721px;\" \/><\/a>\n\t\t\t<\/div><\/figure>\n\t\t<\/div>\n\t\t<\/div>\n\t\t\t\t\t\t<\/div>\n\t\t\t\t<\/div>\n\t\t\t\t\t<\/div>\n\t\t<\/div>\n\t\t\t\t\t<\/div>\n\t\t<\/section>\n\t\t\t\t<section class=\"elementor-section elementor-top-section elementor-element elementor-element-92bed72 elementor-section-boxed elementor-section-height-default elementor-section-height-default\" data-id=\"92bed72\" data-element_type=\"section\" data-e-type=\"section\">\n\t\t\t\t\t\t<div class=\"elementor-container elementor-column-gap-default\">\n\t\t\t\t\t<div class=\"elementor-column elementor-col-50 elementor-top-column elementor-element elementor-element-0b39360\" data-id=\"0b39360\" data-element_type=\"column\" data-e-type=\"column\">\n\t\t\t<div class=\"elementor-widget-wrap elementor-element-populated\">\n\t\t\t\t\t\t<div class=\"elementor-element elementor-element-b13ddda elementor-widget-divider--view-line elementor-widget elementor-widget-divider\" data-id=\"b13ddda\" data-element_type=\"widget\" data-e-type=\"widget\" data-widget_type=\"divider.default\">\n\t\t\t\t<div class=\"elementor-widget-container\">\n\t\t\t\t\t\t\t<div class=\"elementor-divider\">\n\t\t\t<span class=\"elementor-divider-separator\">\n\t\t\t\t\t\t<\/span>\n\t\t<\/div>\n\t\t\t\t\t\t<\/div>\n\t\t\t\t<\/div>\n\t\t\t\t<div class=\"elementor-element elementor-element-57bc8e3 elementor-widget elementor-widget-text-editor\" data-id=\"57bc8e3\" data-element_type=\"widget\" data-e-type=\"widget\" data-widget_type=\"text-editor.default\">\n\t\t\t\t<div class=\"elementor-widget-container\">\n\t\t\t\t\t\t\t\t\t<p>Kunstverein Battenberg e.V.<br \/>Hauptstra\u00dfe 18, 35066 Battenberg<\/p><p>TSE TSE K\u00fcnstlergruppe <br \/>Ralf M\u00fcller\u00a0 Hildegard Schwarz\u00a0 Sabine Reyer<br \/>Bilder &amp; Objekte<\/p><p>Vernissage: Dienstag, 18. Juli 2023, 17:30 Uhr<\/p><p>ge\u00f6ffnet dienstags 16:30 bis 18:30 Uhr, sonntags 14:00 bis 16:00 Uhr und nach Vereinbarung<br \/>www.kunstverein-battenberg.de<\/p>\t\t\t\t\t\t\t\t<\/div>\n\t\t\t\t<\/div>\n\t\t\t\t\t<\/div>\n\t\t<\/div>\n\t\t\t\t<div class=\"elementor-column elementor-col-50 elementor-top-column elementor-element elementor-element-0043c4c\" data-id=\"0043c4c\" data-element_type=\"column\" data-e-type=\"column\">\n\t\t\t<div class=\"elementor-widget-wrap elementor-element-populated\">\n\t\t\t\t\t\t<div class=\"elementor-element elementor-element-0b079c8 elementor-widget-divider--view-line elementor-widget elementor-widget-divider\" data-id=\"0b079c8\" data-element_type=\"widget\" data-e-type=\"widget\" data-widget_type=\"divider.default\">\n\t\t\t\t<div class=\"elementor-widget-container\">\n\t\t\t\t\t\t\t<div class=\"elementor-divider\">\n\t\t\t<span class=\"elementor-divider-separator\">\n\t\t\t\t\t\t<\/span>\n\t\t<\/div>\n\t\t\t\t\t\t<\/div>\n\t\t\t\t<\/div>\n\t\t\t\t<div class=\"elementor-element elementor-element-f49cd08 elementor-widget elementor-widget-image\" data-id=\"f49cd08\" data-element_type=\"widget\" data-e-type=\"widget\" data-widget_type=\"image.default\">\n\t\t\t\t<div class=\"elementor-widget-container\">\n\t\t\t\t\t\t\t\t\t\t\t\t\t\t\t<img loading=\"lazy\" decoding=\"async\" width=\"839\" height=\"595\" src=\"https:\/\/effective-art.com\/wp-content\/uploads\/2023\/07\/KV_Battenberg-1.jpg\" class=\"attachment-1536x1536 size-1536x1536 wp-image-516\" alt=\"\" srcset=\"https:\/\/effective-art.com\/wp-content\/uploads\/2023\/07\/KV_Battenberg-1.jpg 839w, https:\/\/effective-art.com\/wp-content\/uploads\/2023\/07\/KV_Battenberg-1-300x213.jpg 300w, https:\/\/effective-art.com\/wp-content\/uploads\/2023\/07\/KV_Battenberg-1-768x545.jpg 768w, https:\/\/effective-art.com\/wp-content\/uploads\/2023\/07\/KV_Battenberg-1-540x383.jpg 540w\" sizes=\"(max-width: 839px) 100vw, 839px\" style=\"width:100%;height:70.92%;max-width:839px\" \/>\t\t\t\t\t\t\t\t\t\t\t\t\t\t\t<\/div>\n\t\t\t\t<\/div>\n\t\t\t\t\t<\/div>\n\t\t<\/div>\n\t\t\t\t\t<\/div>\n\t\t<\/section>\n\t\t\t\t<section class=\"elementor-section elementor-top-section elementor-element elementor-element-2cf94ca elementor-section-boxed elementor-section-height-default elementor-section-height-default\" data-id=\"2cf94ca\" data-element_type=\"section\" data-e-type=\"section\">\n\t\t\t\t\t\t<div class=\"elementor-container elementor-column-gap-default\">\n\t\t\t\t\t<div class=\"elementor-column elementor-col-50 elementor-top-column elementor-element elementor-element-a7116b9\" data-id=\"a7116b9\" data-element_type=\"column\" data-e-type=\"column\">\n\t\t\t<div class=\"elementor-widget-wrap elementor-element-populated\">\n\t\t\t\t\t\t<div class=\"elementor-element elementor-element-d82db05 elementor-widget-divider--view-line elementor-widget elementor-widget-divider\" data-id=\"d82db05\" data-element_type=\"widget\" data-e-type=\"widget\" data-widget_type=\"divider.default\">\n\t\t\t\t<div class=\"elementor-widget-container\">\n\t\t\t\t\t\t\t<div class=\"elementor-divider\">\n\t\t\t<span class=\"elementor-divider-separator\">\n\t\t\t\t\t\t<\/span>\n\t\t<\/div>\n\t\t\t\t\t\t<\/div>\n\t\t\t\t<\/div>\n\t\t\t\t<div class=\"elementor-element elementor-element-00e183c elementor-widget elementor-widget-text-editor\" data-id=\"00e183c\" data-element_type=\"widget\" data-e-type=\"widget\" data-widget_type=\"text-editor.default\">\n\t\t\t\t<div class=\"elementor-widget-container\">\n\t\t\t\t\t\t\t\t\t<p>Liebfrauenkirche . Sinnbild . Zeitenwandel<\/p><p>HNA vom 4. Juli 2023<br \/>Bericht von Karl-Hermann V\u00f6lker<br \/>&#8222;Mit anderen Augen gesehen&#8220;<\/p>\t\t\t\t\t\t\t\t<\/div>\n\t\t\t\t<\/div>\n\t\t\t\t\t<\/div>\n\t\t<\/div>\n\t\t\t\t<div class=\"elementor-column elementor-col-50 elementor-top-column elementor-element elementor-element-7e13362\" data-id=\"7e13362\" data-element_type=\"column\" data-e-type=\"column\">\n\t\t\t<div class=\"elementor-widget-wrap elementor-element-populated\">\n\t\t\t\t\t\t<div class=\"elementor-element elementor-element-07b3d1f elementor-widget-divider--view-line elementor-widget elementor-widget-divider\" data-id=\"07b3d1f\" data-element_type=\"widget\" data-e-type=\"widget\" data-widget_type=\"divider.default\">\n\t\t\t\t<div class=\"elementor-widget-container\">\n\t\t\t\t\t\t\t<div class=\"elementor-divider\">\n\t\t\t<span class=\"elementor-divider-separator\">\n\t\t\t\t\t\t<\/span>\n\t\t<\/div>\n\t\t\t\t\t\t<\/div>\n\t\t\t\t<\/div>\n\t\t\t\t<div class=\"elementor-element elementor-element-508ab03 gallery-spacing-custom elementor-widget elementor-widget-image-gallery\" data-id=\"508ab03\" data-element_type=\"widget\" data-e-type=\"widget\" data-widget_type=\"image-gallery.default\">\n\t\t\t\t<div class=\"elementor-widget-container\">\n\t\t\t\t\t\t\t<div class=\"elementor-image-gallery\">\n\t\t\t<div id='gallery-26' class='gallery galleryid-12 gallery-columns-1 gallery-size-1536x1536'><figure class='gallery-item'>\n\t\t\t<div class='gallery-icon landscape'>\n\t\t\t\t<a data-elementor-open-lightbox=\"yes\" data-elementor-lightbox-slideshow=\"508ab03\" data-elementor-lightbox-title=\"Artikel in der HNA \u00fcber den Erfolg der Ausstellung Liebfrauenkirche Sinnbild Zeitenwandel\" data-e-action-hash=\"#elementor-action%3Aaction%3Dlightbox%26settings%3DeyJpZCI6MzMwLCJ1cmwiOiJodHRwczpcL1wvZWZmZWN0aXZlLWFydC5jb21cL3dwLWNvbnRlbnRcL3VwbG9hZHNcLzIwMjNcLzA3XC8yMDIzXzA3XzA0X0hOQV9CaWxhbnouanBnIiwic2xpZGVzaG93IjoiNTA4YWIwMyJ9\" href='https:\/\/effective-art.com\/wp-content\/uploads\/2023\/07\/2023_07_04_HNA_Bilanz.jpg'><img loading=\"lazy\" decoding=\"async\" width=\"927\" height=\"878\" src=\"https:\/\/effective-art.com\/wp-content\/uploads\/2023\/07\/2023_07_04_HNA_Bilanz.jpg\" class=\"attachment-1536x1536 size-1536x1536\" alt=\"\" srcset=\"https:\/\/effective-art.com\/wp-content\/uploads\/2023\/07\/2023_07_04_HNA_Bilanz.jpg 927w, https:\/\/effective-art.com\/wp-content\/uploads\/2023\/07\/2023_07_04_HNA_Bilanz-300x284.jpg 300w, https:\/\/effective-art.com\/wp-content\/uploads\/2023\/07\/2023_07_04_HNA_Bilanz-768x727.jpg 768w, https:\/\/effective-art.com\/wp-content\/uploads\/2023\/07\/2023_07_04_HNA_Bilanz-540x511.jpg 540w\" sizes=\"(max-width: 927px) 100vw, 927px\" style=\"width:100%;height:94.71%;max-width:927px;\" \/><\/a>\n\t\t\t<\/div><\/figure>\n\t\t<\/div>\n\t\t<\/div>\n\t\t\t\t\t\t<\/div>\n\t\t\t\t<\/div>\n\t\t\t\t\t<\/div>\n\t\t<\/div>\n\t\t\t\t\t<\/div>\n\t\t<\/section>\n\t\t\t\t<section class=\"elementor-section elementor-top-section elementor-element elementor-element-a664c23 elementor-section-boxed elementor-section-height-default elementor-section-height-default\" data-id=\"a664c23\" data-element_type=\"section\" data-e-type=\"section\">\n\t\t\t\t\t\t<div class=\"elementor-container elementor-column-gap-default\">\n\t\t\t\t\t<div class=\"elementor-column elementor-col-33 elementor-top-column elementor-element elementor-element-0ab3586\" data-id=\"0ab3586\" data-element_type=\"column\" data-e-type=\"column\">\n\t\t\t<div class=\"elementor-widget-wrap elementor-element-populated\">\n\t\t\t\t\t\t<div class=\"elementor-element elementor-element-fcfd544 elementor-widget-divider--view-line elementor-widget elementor-widget-divider\" data-id=\"fcfd544\" data-element_type=\"widget\" data-e-type=\"widget\" data-widget_type=\"divider.default\">\n\t\t\t\t<div class=\"elementor-widget-container\">\n\t\t\t\t\t\t\t<div class=\"elementor-divider\">\n\t\t\t<span class=\"elementor-divider-separator\">\n\t\t\t\t\t\t<\/span>\n\t\t<\/div>\n\t\t\t\t\t\t<\/div>\n\t\t\t\t<\/div>\n\t\t\t\t<div class=\"elementor-element elementor-element-a4bc33b elementor-widget elementor-widget-text-editor\" data-id=\"a4bc33b\" data-element_type=\"widget\" data-e-type=\"widget\" data-widget_type=\"text-editor.default\">\n\t\t\t\t<div class=\"elementor-widget-container\">\n\t\t\t\t\t\t\t\t\t<p>75 Jahre BBK Kassel<\/p><p>1. bis 4. Juni 2023<br \/>documenta-Halle Kassel<\/p>\t\t\t\t\t\t\t\t<\/div>\n\t\t\t\t<\/div>\n\t\t\t\t\t<\/div>\n\t\t<\/div>\n\t\t\t\t<div class=\"elementor-column elementor-col-33 elementor-top-column elementor-element elementor-element-826c5b3\" data-id=\"826c5b3\" data-element_type=\"column\" data-e-type=\"column\">\n\t\t\t<div class=\"elementor-widget-wrap elementor-element-populated\">\n\t\t\t\t\t\t<div class=\"elementor-element elementor-element-1dfa2bd elementor-widget-divider--view-line elementor-widget elementor-widget-divider\" data-id=\"1dfa2bd\" data-element_type=\"widget\" data-e-type=\"widget\" data-widget_type=\"divider.default\">\n\t\t\t\t<div class=\"elementor-widget-container\">\n\t\t\t\t\t\t\t<div class=\"elementor-divider\">\n\t\t\t<span class=\"elementor-divider-separator\">\n\t\t\t\t\t\t<\/span>\n\t\t<\/div>\n\t\t\t\t\t\t<\/div>\n\t\t\t\t<\/div>\n\t\t\t\t<div class=\"elementor-element elementor-element-3b2ef44 elementor-widget elementor-widget-image\" data-id=\"3b2ef44\" data-element_type=\"widget\" data-e-type=\"widget\" data-widget_type=\"image.default\">\n\t\t\t\t<div class=\"elementor-widget-container\">\n\t\t\t\t\t\t\t\t\t\t\t\t\t\t\t<img loading=\"lazy\" decoding=\"async\" width=\"483\" height=\"1024\" src=\"https:\/\/effective-art.com\/wp-content\/uploads\/2023\/06\/Programm_page-0001-483x1024.jpg\" class=\"attachment-large size-large wp-image-126\" alt=\"\" srcset=\"https:\/\/effective-art.com\/wp-content\/uploads\/2023\/06\/Programm_page-0001-483x1024.jpg 483w, https:\/\/effective-art.com\/wp-content\/uploads\/2023\/06\/Programm_page-0001-141x300.jpg 141w, https:\/\/effective-art.com\/wp-content\/uploads\/2023\/06\/Programm_page-0001-540x1146.jpg 540w, https:\/\/effective-art.com\/wp-content\/uploads\/2023\/06\/Programm_page-0001.jpg 585w\" sizes=\"(max-width: 483px) 100vw, 483px\" style=\"width:100%;height:212.14%;max-width:585px\" \/>\t\t\t\t\t\t\t\t\t\t\t\t\t\t\t<\/div>\n\t\t\t\t<\/div>\n\t\t\t\t\t<\/div>\n\t\t<\/div>\n\t\t\t\t<div class=\"elementor-column elementor-col-33 elementor-top-column elementor-element elementor-element-e7f91c8\" data-id=\"e7f91c8\" data-element_type=\"column\" data-e-type=\"column\">\n\t\t\t<div class=\"elementor-widget-wrap elementor-element-populated\">\n\t\t\t\t\t\t<div class=\"elementor-element elementor-element-3aced82 elementor-widget-divider--view-line elementor-widget elementor-widget-divider\" data-id=\"3aced82\" data-element_type=\"widget\" data-e-type=\"widget\" data-widget_type=\"divider.default\">\n\t\t\t\t<div class=\"elementor-widget-container\">\n\t\t\t\t\t\t\t<div class=\"elementor-divider\">\n\t\t\t<span class=\"elementor-divider-separator\">\n\t\t\t\t\t\t<\/span>\n\t\t<\/div>\n\t\t\t\t\t\t<\/div>\n\t\t\t\t<\/div>\n\t\t\t\t<div class=\"elementor-element elementor-element-5fd0fc6 gallery-spacing-custom elementor-widget elementor-widget-image-gallery\" data-id=\"5fd0fc6\" data-element_type=\"widget\" data-e-type=\"widget\" data-widget_type=\"image-gallery.default\">\n\t\t\t\t<div class=\"elementor-widget-container\">\n\t\t\t\t\t\t\t<div class=\"elementor-image-gallery\">\n\t\t\t<div id='gallery-27' class='gallery galleryid-12 gallery-columns-1 gallery-size-medium'><figure class='gallery-item'>\n\t\t\t<div class='gallery-icon landscape'>\n\t\t\t\t<a data-elementor-open-lightbox=\"yes\" data-elementor-lightbox-slideshow=\"5fd0fc6\" data-e-action-hash=\"#elementor-action%3Aaction%3Dlightbox%26settings%3DeyJpZCI6MTQwLCJ1cmwiOiJodHRwczpcL1wvZWZmZWN0aXZlLWFydC5jb21cL3dwLWNvbnRlbnRcL3VwbG9hZHNcLzIwMjNcLzA2XC8yMDIzXzA2XzAyX0JpbGRlcl9SZWdpbmFfUmFhYi0yOS0xLmpwZyIsInNsaWRlc2hvdyI6IjVmZDBmYzYifQ%3D%3D\" href='https:\/\/effective-art.com\/wp-content\/uploads\/2023\/06\/2023_06_02_Bilder_Regina_Raab-29-1.jpg'><img loading=\"lazy\" decoding=\"async\" width=\"300\" height=\"200\" src=\"https:\/\/effective-art.com\/wp-content\/uploads\/2023\/06\/2023_06_02_Bilder_Regina_Raab-29-1-300x200.jpg\" class=\"attachment-medium size-medium\" alt=\"\" aria-describedby=\"gallery-27-140\" srcset=\"https:\/\/effective-art.com\/wp-content\/uploads\/2023\/06\/2023_06_02_Bilder_Regina_Raab-29-1-300x200.jpg 300w, https:\/\/effective-art.com\/wp-content\/uploads\/2023\/06\/2023_06_02_Bilder_Regina_Raab-29-1-1024x683.jpg 1024w, https:\/\/effective-art.com\/wp-content\/uploads\/2023\/06\/2023_06_02_Bilder_Regina_Raab-29-1-768x512.jpg 768w, https:\/\/effective-art.com\/wp-content\/uploads\/2023\/06\/2023_06_02_Bilder_Regina_Raab-29-1-540x360.jpg 540w, https:\/\/effective-art.com\/wp-content\/uploads\/2023\/06\/2023_06_02_Bilder_Regina_Raab-29-1-1080x720.jpg 1080w, https:\/\/effective-art.com\/wp-content\/uploads\/2023\/06\/2023_06_02_Bilder_Regina_Raab-29-1.jpg 1152w\" sizes=\"(max-width: 300px) 100vw, 300px\" style=\"width:100%;height:66.67%;max-width:1152px;\" \/><\/a>\n\t\t\t<\/div>\n\t\t\t\t<figcaption class='wp-caption-text gallery-caption' id='gallery-27-140'>\n\t\t\t\tFoto: Regina Raab\n\t\t\t\t<\/figcaption><\/figure><figure class='gallery-item'>\n\t\t\t<div class='gallery-icon landscape'>\n\t\t\t\t<a data-elementor-open-lightbox=\"yes\" data-elementor-lightbox-slideshow=\"5fd0fc6\" data-e-action-hash=\"#elementor-action%3Aaction%3Dlightbox%26settings%3DeyJpZCI6MTM5LCJ1cmwiOiJodHRwczpcL1wvZWZmZWN0aXZlLWFydC5jb21cL3dwLWNvbnRlbnRcL3VwbG9hZHNcLzIwMjNcLzA2XC8yMDIzXzA2XzAyX0JpbGRlcl9SZWdpbmFfUmFhYi0yMS0xLmpwZyIsInNsaWRlc2hvdyI6IjVmZDBmYzYifQ%3D%3D\" href='https:\/\/effective-art.com\/wp-content\/uploads\/2023\/06\/2023_06_02_Bilder_Regina_Raab-21-1.jpg'><img loading=\"lazy\" decoding=\"async\" width=\"300\" height=\"189\" src=\"https:\/\/effective-art.com\/wp-content\/uploads\/2023\/06\/2023_06_02_Bilder_Regina_Raab-21-1-300x189.jpg\" class=\"attachment-medium size-medium\" alt=\"\" aria-describedby=\"gallery-27-139\" srcset=\"https:\/\/effective-art.com\/wp-content\/uploads\/2023\/06\/2023_06_02_Bilder_Regina_Raab-21-1-300x189.jpg 300w, https:\/\/effective-art.com\/wp-content\/uploads\/2023\/06\/2023_06_02_Bilder_Regina_Raab-21-1-768x483.jpg 768w, https:\/\/effective-art.com\/wp-content\/uploads\/2023\/06\/2023_06_02_Bilder_Regina_Raab-21-1-540x340.jpg 540w, https:\/\/effective-art.com\/wp-content\/uploads\/2023\/06\/2023_06_02_Bilder_Regina_Raab-21-1.jpg 914w\" sizes=\"(max-width: 300px) 100vw, 300px\" style=\"width:100%;height:62.91%;max-width:914px;\" \/><\/a>\n\t\t\t<\/div>\n\t\t\t\t<figcaption class='wp-caption-text gallery-caption' id='gallery-27-139'>\n\t\t\t\tFoto: Regina Raab\n\t\t\t\t<\/figcaption><\/figure><figure class='gallery-item'>\n\t\t\t<div class='gallery-icon landscape'>\n\t\t\t\t<a data-elementor-open-lightbox=\"yes\" data-elementor-lightbox-slideshow=\"5fd0fc6\" data-e-action-hash=\"#elementor-action%3Aaction%3Dlightbox%26settings%3DeyJpZCI6MTM4LCJ1cmwiOiJodHRwczpcL1wvZWZmZWN0aXZlLWFydC5jb21cL3dwLWNvbnRlbnRcL3VwbG9hZHNcLzIwMjNcLzA2XC8yMDIzXzA2XzAyX0JpbGRlcl9SZWdpbmFfUmFhYi0xMi0xLmpwZyIsInNsaWRlc2hvdyI6IjVmZDBmYzYifQ%3D%3D\" href='https:\/\/effective-art.com\/wp-content\/uploads\/2023\/06\/2023_06_02_Bilder_Regina_Raab-12-1.jpg'><img loading=\"lazy\" decoding=\"async\" width=\"300\" height=\"206\" src=\"https:\/\/effective-art.com\/wp-content\/uploads\/2023\/06\/2023_06_02_Bilder_Regina_Raab-12-1-300x206.jpg\" class=\"attachment-medium size-medium\" alt=\"\" aria-describedby=\"gallery-27-138\" srcset=\"https:\/\/effective-art.com\/wp-content\/uploads\/2023\/06\/2023_06_02_Bilder_Regina_Raab-12-1-300x206.jpg 300w, https:\/\/effective-art.com\/wp-content\/uploads\/2023\/06\/2023_06_02_Bilder_Regina_Raab-12-1-1024x704.jpg 1024w, https:\/\/effective-art.com\/wp-content\/uploads\/2023\/06\/2023_06_02_Bilder_Regina_Raab-12-1-768x528.jpg 768w, https:\/\/effective-art.com\/wp-content\/uploads\/2023\/06\/2023_06_02_Bilder_Regina_Raab-12-1-540x371.jpg 540w, https:\/\/effective-art.com\/wp-content\/uploads\/2023\/06\/2023_06_02_Bilder_Regina_Raab-12-1-1080x743.jpg 1080w, https:\/\/effective-art.com\/wp-content\/uploads\/2023\/06\/2023_06_02_Bilder_Regina_Raab-12-1.jpg 1117w\" sizes=\"(max-width: 300px) 100vw, 300px\" style=\"width:100%;height:68.76%;max-width:1117px;\" \/><\/a>\n\t\t\t<\/div>\n\t\t\t\t<figcaption class='wp-caption-text gallery-caption' id='gallery-27-138'>\n\t\t\t\tFoto: Regina Raab\n\t\t\t\t<\/figcaption><\/figure><figure class='gallery-item'>\n\t\t\t<div class='gallery-icon landscape'>\n\t\t\t\t<a data-elementor-open-lightbox=\"yes\" data-elementor-lightbox-slideshow=\"5fd0fc6\" data-e-action-hash=\"#elementor-action%3Aaction%3Dlightbox%26settings%3DeyJpZCI6MTMwLCJ1cmwiOiJodHRwczpcL1wvZWZmZWN0aXZlLWFydC5jb21cL3dwLWNvbnRlbnRcL3VwbG9hZHNcLzIwMjNcLzA2XC8yMDIzXzA1XzMxX0F1ZmJhdV9Eb2N1bWVudGFfSGFsbGVfS2Fzc2VsLTExLmpwZyIsInNsaWRlc2hvdyI6IjVmZDBmYzYifQ%3D%3D\" href='https:\/\/effective-art.com\/wp-content\/uploads\/2023\/06\/2023_05_31_Aufbau_Documenta_Halle_Kassel-11.jpg'><img loading=\"lazy\" decoding=\"async\" width=\"300\" height=\"135\" src=\"https:\/\/effective-art.com\/wp-content\/uploads\/2023\/06\/2023_05_31_Aufbau_Documenta_Halle_Kassel-11-300x135.jpg\" class=\"attachment-medium size-medium\" alt=\"\" srcset=\"https:\/\/effective-art.com\/wp-content\/uploads\/2023\/06\/2023_05_31_Aufbau_Documenta_Halle_Kassel-11-300x135.jpg 300w, https:\/\/effective-art.com\/wp-content\/uploads\/2023\/06\/2023_05_31_Aufbau_Documenta_Halle_Kassel-11-1024x462.jpg 1024w, https:\/\/effective-art.com\/wp-content\/uploads\/2023\/06\/2023_05_31_Aufbau_Documenta_Halle_Kassel-11-768x346.jpg 768w, https:\/\/effective-art.com\/wp-content\/uploads\/2023\/06\/2023_05_31_Aufbau_Documenta_Halle_Kassel-11-1536x693.jpg 1536w, https:\/\/effective-art.com\/wp-content\/uploads\/2023\/06\/2023_05_31_Aufbau_Documenta_Halle_Kassel-11-540x244.jpg 540w, https:\/\/effective-art.com\/wp-content\/uploads\/2023\/06\/2023_05_31_Aufbau_Documenta_Halle_Kassel-11-1080x487.jpg 1080w, https:\/\/effective-art.com\/wp-content\/uploads\/2023\/06\/2023_05_31_Aufbau_Documenta_Halle_Kassel-11.jpg 1958w\" sizes=\"(max-width: 300px) 100vw, 300px\" style=\"width:100%;height:45.1%;max-width:1958px;\" \/><\/a>\n\t\t\t<\/div><\/figure>\n\t\t<\/div>\n\t\t<\/div>\n\t\t\t\t\t\t<\/div>\n\t\t\t\t<\/div>\n\t\t\t\t\t<\/div>\n\t\t<\/div>\n\t\t\t\t\t<\/div>\n\t\t<\/section>\n\t\t\t\t<section class=\"elementor-section elementor-top-section elementor-element elementor-element-ca91eaf elementor-section-boxed elementor-section-height-default elementor-section-height-default\" data-id=\"ca91eaf\" data-element_type=\"section\" data-e-type=\"section\">\n\t\t\t\t\t\t<div class=\"elementor-container elementor-column-gap-default\">\n\t\t\t\t\t<div class=\"elementor-column elementor-col-50 elementor-top-column elementor-element elementor-element-0f76ace\" data-id=\"0f76ace\" data-element_type=\"column\" data-e-type=\"column\">\n\t\t\t<div class=\"elementor-widget-wrap elementor-element-populated\">\n\t\t\t\t\t\t<div class=\"elementor-element elementor-element-ead4a0f elementor-widget-divider--view-line elementor-widget elementor-widget-divider\" data-id=\"ead4a0f\" data-element_type=\"widget\" data-e-type=\"widget\" data-widget_type=\"divider.default\">\n\t\t\t\t<div class=\"elementor-widget-container\">\n\t\t\t\t\t\t\t<div class=\"elementor-divider\">\n\t\t\t<span class=\"elementor-divider-separator\">\n\t\t\t\t\t\t<\/span>\n\t\t<\/div>\n\t\t\t\t\t\t<\/div>\n\t\t\t\t<\/div>\n\t\t\t\t<div class=\"elementor-element elementor-element-da3f0b3 elementor-widget elementor-widget-text-editor\" data-id=\"da3f0b3\" data-element_type=\"widget\" data-e-type=\"widget\" data-widget_type=\"text-editor.default\">\n\t\t\t\t<div class=\"elementor-widget-container\">\n\t\t\t\t\t\t\t\t\t<p>Liebfrauenkirche . Sinnbild . Zeitenwandel<\/p><p>HNA vom 17. April 2023<br \/>Bericht von Karl-Hermann V\u00f6lker<br \/>&#8222;Steckbriefe nach dem Bildersturm&#8220;<\/p>\t\t\t\t\t\t\t\t<\/div>\n\t\t\t\t<\/div>\n\t\t\t\t\t<\/div>\n\t\t<\/div>\n\t\t\t\t<div class=\"elementor-column elementor-col-50 elementor-top-column elementor-element elementor-element-2fbd967\" data-id=\"2fbd967\" data-element_type=\"column\" data-e-type=\"column\">\n\t\t\t<div class=\"elementor-widget-wrap elementor-element-populated\">\n\t\t\t\t\t\t<div class=\"elementor-element elementor-element-22429de elementor-widget-divider--view-line elementor-widget elementor-widget-divider\" data-id=\"22429de\" data-element_type=\"widget\" data-e-type=\"widget\" data-widget_type=\"divider.default\">\n\t\t\t\t<div class=\"elementor-widget-container\">\n\t\t\t\t\t\t\t<div class=\"elementor-divider\">\n\t\t\t<span class=\"elementor-divider-separator\">\n\t\t\t\t\t\t<\/span>\n\t\t<\/div>\n\t\t\t\t\t\t<\/div>\n\t\t\t\t<\/div>\n\t\t\t\t<div class=\"elementor-element elementor-element-ab27b62 gallery-spacing-custom elementor-widget elementor-widget-image-gallery\" data-id=\"ab27b62\" data-element_type=\"widget\" data-e-type=\"widget\" data-widget_type=\"image-gallery.default\">\n\t\t\t\t<div class=\"elementor-widget-container\">\n\t\t\t\t\t\t\t<div class=\"elementor-image-gallery\">\n\t\t\t<div id='gallery-28' class='gallery galleryid-12 gallery-columns-1 gallery-size-1536x1536'><figure class='gallery-item'>\n\t\t\t<div class='gallery-icon portrait'>\n\t\t\t\t<a data-elementor-open-lightbox=\"yes\" data-elementor-lightbox-slideshow=\"ab27b62\" data-elementor-lightbox-title=\"Ausstellung Liebfrauenkirche-Sinnbild-Zeitenwandel Zeitungsbericht von Karl-Hermann Voelker mit einem Foto der f\u00fcnf K\u00fcnstler\" data-e-action-hash=\"#elementor-action%3Aaction%3Dlightbox%26settings%3DeyJpZCI6MTg0LCJ1cmwiOiJodHRwczpcL1wvZWZmZWN0aXZlLWFydC5jb21cL3dwLWNvbnRlbnRcL3VwbG9hZHNcLzIwMjNcLzA2XC9hdXNzdGVsbHVuZy1saWViZnJhdWVua2lyY2hlLXNpbm5iaWxkLXplaXRlbndhbmRlbC1mcmFua2VuYmVyZy16ZWl0dW5nc2JlcmljaHQuanBnIiwic2xpZGVzaG93IjoiYWIyN2I2MiJ9\" href='https:\/\/effective-art.com\/wp-content\/uploads\/2023\/06\/ausstellung-liebfrauenkirche-sinnbild-zeitenwandel-frankenberg-zeitungsbericht.jpg'><img loading=\"lazy\" decoding=\"async\" width=\"830\" height=\"986\" src=\"https:\/\/effective-art.com\/wp-content\/uploads\/2023\/06\/ausstellung-liebfrauenkirche-sinnbild-zeitenwandel-frankenberg-zeitungsbericht.jpg\" class=\"attachment-1536x1536 size-1536x1536\" alt=\"liebfrauenkirche-sinnbild-zeitenwandel-ausstellung-frankenberg-zeitungsbericht\" srcset=\"https:\/\/effective-art.com\/wp-content\/uploads\/2023\/06\/ausstellung-liebfrauenkirche-sinnbild-zeitenwandel-frankenberg-zeitungsbericht.jpg 830w, https:\/\/effective-art.com\/wp-content\/uploads\/2023\/06\/ausstellung-liebfrauenkirche-sinnbild-zeitenwandel-frankenberg-zeitungsbericht-253x300.jpg 253w, https:\/\/effective-art.com\/wp-content\/uploads\/2023\/06\/ausstellung-liebfrauenkirche-sinnbild-zeitenwandel-frankenberg-zeitungsbericht-768x912.jpg 768w, https:\/\/effective-art.com\/wp-content\/uploads\/2023\/06\/ausstellung-liebfrauenkirche-sinnbild-zeitenwandel-frankenberg-zeitungsbericht-540x641.jpg 540w\" sizes=\"(max-width: 830px) 100vw, 830px\" style=\"width:100%;height:118.8%;max-width:830px;\" \/><\/a>\n\t\t\t<\/div><\/figure>\n\t\t<\/div>\n\t\t<\/div>\n\t\t\t\t\t\t<\/div>\n\t\t\t\t<\/div>\n\t\t\t\t\t<\/div>\n\t\t<\/div>\n\t\t\t\t\t<\/div>\n\t\t<\/section>\n\t\t\t\t<section class=\"elementor-section elementor-top-section elementor-element elementor-element-6515a46 elementor-section-boxed elementor-section-height-default elementor-section-height-default\" data-id=\"6515a46\" data-element_type=\"section\" data-e-type=\"section\">\n\t\t\t\t\t\t<div class=\"elementor-container elementor-column-gap-default\">\n\t\t\t\t\t<div class=\"elementor-column elementor-col-50 elementor-top-column elementor-element elementor-element-718ab95\" data-id=\"718ab95\" data-element_type=\"column\" data-e-type=\"column\">\n\t\t\t<div class=\"elementor-widget-wrap elementor-element-populated\">\n\t\t\t\t\t\t<div class=\"elementor-element elementor-element-2a34f9d elementor-widget-divider--view-line elementor-widget elementor-widget-divider\" data-id=\"2a34f9d\" data-element_type=\"widget\" data-e-type=\"widget\" data-widget_type=\"divider.default\">\n\t\t\t\t<div class=\"elementor-widget-container\">\n\t\t\t\t\t\t\t<div class=\"elementor-divider\">\n\t\t\t<span class=\"elementor-divider-separator\">\n\t\t\t\t\t\t<\/span>\n\t\t<\/div>\n\t\t\t\t\t\t<\/div>\n\t\t\t\t<\/div>\n\t\t\t\t<div class=\"elementor-element elementor-element-d29b6bf elementor-widget elementor-widget-text-editor\" data-id=\"d29b6bf\" data-element_type=\"widget\" data-e-type=\"widget\" data-widget_type=\"text-editor.default\">\n\t\t\t\t<div class=\"elementor-widget-container\">\n\t\t\t\t\t\t\t\t\t<p>Liebfrauenkirche . Sinnbild . Zeitenwandel<\/p><p>15. April bis 23. Juni 2023<br \/>Haus am Geismarer Tor, Frankenberg (Eder)<\/p><p>Hildegard Schwarz (Cyanotypie) &#8211; Ralf M\u00fcller (Skulpturen) &#8211; Gerold Engel (Fotodokumentation) &#8211; Iris Hoffmann (Linoldruck) &#8211; Lothar Finger (Restaurierung) &#8211; Sabine Reyer (Malerei, Objekte)<\/p>\t\t\t\t\t\t\t\t<\/div>\n\t\t\t\t<\/div>\n\t\t\t\t\t<\/div>\n\t\t<\/div>\n\t\t\t\t<div class=\"elementor-column elementor-col-50 elementor-top-column elementor-element elementor-element-72852b0\" data-id=\"72852b0\" data-element_type=\"column\" data-e-type=\"column\">\n\t\t\t<div class=\"elementor-widget-wrap elementor-element-populated\">\n\t\t\t\t\t\t<div class=\"elementor-element elementor-element-8a4f809 elementor-widget-divider--view-line elementor-widget elementor-widget-divider\" data-id=\"8a4f809\" data-element_type=\"widget\" data-e-type=\"widget\" data-widget_type=\"divider.default\">\n\t\t\t\t<div class=\"elementor-widget-container\">\n\t\t\t\t\t\t\t<div class=\"elementor-divider\">\n\t\t\t<span class=\"elementor-divider-separator\">\n\t\t\t\t\t\t<\/span>\n\t\t<\/div>\n\t\t\t\t\t\t<\/div>\n\t\t\t\t<\/div>\n\t\t\t\t<div class=\"elementor-element elementor-element-3e178a7 gallery-spacing-custom elementor-widget elementor-widget-image-gallery\" data-id=\"3e178a7\" data-element_type=\"widget\" data-e-type=\"widget\" data-widget_type=\"image-gallery.default\">\n\t\t\t\t<div class=\"elementor-widget-container\">\n\t\t\t\t\t\t\t<div class=\"elementor-image-gallery\">\n\t\t\t<div id='gallery-29' class='gallery galleryid-12 gallery-columns-1 gallery-size-1536x1536'><figure class='gallery-item'>\n\t\t\t<div class='gallery-icon landscape'>\n\t\t\t\t<a data-elementor-open-lightbox=\"yes\" data-elementor-lightbox-slideshow=\"3e178a7\" data-elementor-lightbox-title=\"Plakat f\u00fcr die Ausstellung-Liebfrauenkirche-Sinnbild-Zeitenwandel in Frankenberg\" data-e-action-hash=\"#elementor-action%3Aaction%3Dlightbox%26settings%3DeyJpZCI6MTgyLCJ1cmwiOiJodHRwczpcL1wvZWZmZWN0aXZlLWFydC5jb21cL3dwLWNvbnRlbnRcL3VwbG9hZHNcLzIwMjNcLzA2XC9hdXNzdGVsbHVuZy1saWViZnJhdWVua2lyY2hlLWZyYW5rZW5iZXJnLXNhYmluZS1yZXllci5qcGciLCJzbGlkZXNob3ciOiIzZTE3OGE3In0%3D\" href='https:\/\/effective-art.com\/wp-content\/uploads\/2023\/06\/ausstellung-liebfrauenkirche-frankenberg-sabine-reyer.jpg'><img loading=\"lazy\" decoding=\"async\" width=\"1536\" height=\"1197\" src=\"https:\/\/effective-art.com\/wp-content\/uploads\/2023\/06\/ausstellung-liebfrauenkirche-frankenberg-sabine-reyer-1536x1197.jpg\" class=\"attachment-1536x1536 size-1536x1536\" alt=\"Plakat f\u00fcr die Ausstellung Liebfrauenkirche-Sinnbild-Zeitenwandel in Frankenberg\" srcset=\"https:\/\/effective-art.com\/wp-content\/uploads\/2023\/06\/ausstellung-liebfrauenkirche-frankenberg-sabine-reyer-1536x1197.jpg 1536w, https:\/\/effective-art.com\/wp-content\/uploads\/2023\/06\/ausstellung-liebfrauenkirche-frankenberg-sabine-reyer-300x234.jpg 300w, https:\/\/effective-art.com\/wp-content\/uploads\/2023\/06\/ausstellung-liebfrauenkirche-frankenberg-sabine-reyer-1024x798.jpg 1024w, https:\/\/effective-art.com\/wp-content\/uploads\/2023\/06\/ausstellung-liebfrauenkirche-frankenberg-sabine-reyer-768x598.jpg 768w, https:\/\/effective-art.com\/wp-content\/uploads\/2023\/06\/ausstellung-liebfrauenkirche-frankenberg-sabine-reyer-540x421.jpg 540w, https:\/\/effective-art.com\/wp-content\/uploads\/2023\/06\/ausstellung-liebfrauenkirche-frankenberg-sabine-reyer-1080x842.jpg 1080w, https:\/\/effective-art.com\/wp-content\/uploads\/2023\/06\/ausstellung-liebfrauenkirche-frankenberg-sabine-reyer.jpg 1920w\" sizes=\"(max-width: 1536px) 100vw, 1536px\" style=\"width:100%;height:77.92%;max-width:1920px;\" \/><\/a>\n\t\t\t<\/div><\/figure><figure class='gallery-item'>\n\t\t\t<div class='gallery-icon landscape'>\n\t\t\t\t<a data-elementor-open-lightbox=\"yes\" data-elementor-lightbox-slideshow=\"3e178a7\" data-elementor-lightbox-title=\"Einladungskarte f\u00fcr die Ausstellung-Liebfrauenkirche-Sinnbild-Zeitenwandel in Frankenberg\" data-e-action-hash=\"#elementor-action%3Aaction%3Dlightbox%26settings%3DeyJpZCI6MTgzLCJ1cmwiOiJodHRwczpcL1wvZWZmZWN0aXZlLWFydC5jb21cL3dwLWNvbnRlbnRcL3VwbG9hZHNcLzIwMjNcLzA2XC9hdXNzdGVsbHVuZy1saWViZnJhdWVua2lyY2hlLWZyYW5rZW5iZXJnLXNhYmluZS1yZXllci1FZWlubGFkdW5nLmpwZyIsInNsaWRlc2hvdyI6IjNlMTc4YTcifQ%3D%3D\" href='https:\/\/effective-art.com\/wp-content\/uploads\/2023\/06\/ausstellung-liebfrauenkirche-frankenberg-sabine-reyer-Eeinladung.jpg'><img loading=\"lazy\" decoding=\"async\" width=\"1200\" height=\"1169\" src=\"https:\/\/effective-art.com\/wp-content\/uploads\/2023\/06\/ausstellung-liebfrauenkirche-frankenberg-sabine-reyer-Eeinladung.jpg\" class=\"attachment-1536x1536 size-1536x1536\" alt=\"Ausstellung Liebfrauenkirche-Sinnbild-Zeitenwandel in Frankenberg\" srcset=\"https:\/\/effective-art.com\/wp-content\/uploads\/2023\/06\/ausstellung-liebfrauenkirche-frankenberg-sabine-reyer-Eeinladung.jpg 1200w, https:\/\/effective-art.com\/wp-content\/uploads\/2023\/06\/ausstellung-liebfrauenkirche-frankenberg-sabine-reyer-Eeinladung-300x292.jpg 300w, https:\/\/effective-art.com\/wp-content\/uploads\/2023\/06\/ausstellung-liebfrauenkirche-frankenberg-sabine-reyer-Eeinladung-1024x998.jpg 1024w, https:\/\/effective-art.com\/wp-content\/uploads\/2023\/06\/ausstellung-liebfrauenkirche-frankenberg-sabine-reyer-Eeinladung-768x748.jpg 768w, https:\/\/effective-art.com\/wp-content\/uploads\/2023\/06\/ausstellung-liebfrauenkirche-frankenberg-sabine-reyer-Eeinladung-540x526.jpg 540w, https:\/\/effective-art.com\/wp-content\/uploads\/2023\/06\/ausstellung-liebfrauenkirche-frankenberg-sabine-reyer-Eeinladung-1080x1052.jpg 1080w\" sizes=\"(max-width: 1200px) 100vw, 1200px\" style=\"width:100%;height:97.42%;max-width:1200px;\" \/><\/a>\n\t\t\t<\/div><\/figure>\n\t\t<\/div>\n\t\t<\/div>\n\t\t\t\t\t\t<\/div>\n\t\t\t\t<\/div>\n\t\t\t\t\t<\/div>\n\t\t<\/div>\n\t\t\t\t\t<\/div>\n\t\t<\/section>\n\t\t\t\t<section class=\"elementor-section elementor-top-section elementor-element elementor-element-a17dcc8 elementor-section-boxed elementor-section-height-default elementor-section-height-default\" data-id=\"a17dcc8\" data-element_type=\"section\" data-e-type=\"section\">\n\t\t\t\t\t\t<div class=\"elementor-container elementor-column-gap-default\">\n\t\t\t\t\t<div class=\"elementor-column elementor-col-50 elementor-top-column elementor-element elementor-element-c479bc1\" data-id=\"c479bc1\" data-element_type=\"column\" data-e-type=\"column\">\n\t\t\t<div class=\"elementor-widget-wrap elementor-element-populated\">\n\t\t\t\t\t\t<div class=\"elementor-element elementor-element-216d122 elementor-widget-divider--view-line elementor-widget elementor-widget-divider\" data-id=\"216d122\" data-element_type=\"widget\" data-e-type=\"widget\" data-widget_type=\"divider.default\">\n\t\t\t\t<div class=\"elementor-widget-container\">\n\t\t\t\t\t\t\t<div class=\"elementor-divider\">\n\t\t\t<span class=\"elementor-divider-separator\">\n\t\t\t\t\t\t<\/span>\n\t\t<\/div>\n\t\t\t\t\t\t<\/div>\n\t\t\t\t<\/div>\n\t\t\t\t<div class=\"elementor-element elementor-element-0224667 elementor-widget elementor-widget-text-editor\" data-id=\"0224667\" data-element_type=\"widget\" data-e-type=\"widget\" data-widget_type=\"text-editor.default\">\n\t\t\t\t<div class=\"elementor-widget-container\">\n\t\t\t\t\t\t\t\t\t<p>Kunstfrieden<br \/>Gemeinschaftsausstellung von 21 K\u00fcnstler:innen zum Zeitgeschehen<\/p><p>Alles wird sch\u00f6n &#8211; Kunst und Kultur e.V.<br \/>Friedrich-Naumann-Str. 27 und 32<br \/>Hamburg<\/p><p>Vernissage: 6. November 2022, 12 bis 18 Uhr<br \/>Laufzeit: 6. bis 18. November 2022<\/p>\t\t\t\t\t\t\t\t<\/div>\n\t\t\t\t<\/div>\n\t\t\t\t\t<\/div>\n\t\t<\/div>\n\t\t\t\t<div class=\"elementor-column elementor-col-50 elementor-top-column elementor-element elementor-element-a6a31f4\" data-id=\"a6a31f4\" data-element_type=\"column\" data-e-type=\"column\">\n\t\t\t<div class=\"elementor-widget-wrap elementor-element-populated\">\n\t\t\t\t\t\t<div class=\"elementor-element elementor-element-6aaefb1 elementor-widget-divider--view-line elementor-widget elementor-widget-divider\" data-id=\"6aaefb1\" data-element_type=\"widget\" data-e-type=\"widget\" data-widget_type=\"divider.default\">\n\t\t\t\t<div class=\"elementor-widget-container\">\n\t\t\t\t\t\t\t<div class=\"elementor-divider\">\n\t\t\t<span class=\"elementor-divider-separator\">\n\t\t\t\t\t\t<\/span>\n\t\t<\/div>\n\t\t\t\t\t\t<\/div>\n\t\t\t\t<\/div>\n\t\t\t\t<div class=\"elementor-element elementor-element-444de59 elementor-widget elementor-widget-image\" data-id=\"444de59\" data-element_type=\"widget\" data-e-type=\"widget\" data-widget_type=\"image.default\">\n\t\t\t\t<div class=\"elementor-widget-container\">\n\t\t\t\t\t\t\t\t\t\t\t\t\t\t\t<img loading=\"lazy\" decoding=\"async\" width=\"973\" height=\"1479\" src=\"https:\/\/effective-art.com\/wp-content\/uploads\/2023\/06\/sabine-reyer-kuss.jpg\" class=\"attachment-1536x1536 size-1536x1536 wp-image-185\" alt=\"Plakat f\u00fcr Ausstellung Kunstfrieden im Alles wird sch\u00f6n Kunst und Kultur e.V. mit dem Bild Kuss von Sabine Reyer\" srcset=\"https:\/\/effective-art.com\/wp-content\/uploads\/2023\/06\/sabine-reyer-kuss.jpg 973w, https:\/\/effective-art.com\/wp-content\/uploads\/2023\/06\/sabine-reyer-kuss-197x300.jpg 197w, https:\/\/effective-art.com\/wp-content\/uploads\/2023\/06\/sabine-reyer-kuss-674x1024.jpg 674w, https:\/\/effective-art.com\/wp-content\/uploads\/2023\/06\/sabine-reyer-kuss-768x1167.jpg 768w, https:\/\/effective-art.com\/wp-content\/uploads\/2023\/06\/sabine-reyer-kuss-540x821.jpg 540w\" sizes=\"(max-width: 973px) 100vw, 973px\" style=\"width:100%;height:152%;max-width:973px\" \/>\t\t\t\t\t\t\t\t\t\t\t\t\t\t\t<\/div>\n\t\t\t\t<\/div>\n\t\t\t\t\t<\/div>\n\t\t<\/div>\n\t\t\t\t\t<\/div>\n\t\t<\/section>\n\t\t\t\t<section class=\"elementor-section elementor-top-section elementor-element elementor-element-382c0c4 elementor-section-boxed elementor-section-height-default elementor-section-height-default\" data-id=\"382c0c4\" data-element_type=\"section\" data-e-type=\"section\">\n\t\t\t\t\t\t<div class=\"elementor-container elementor-column-gap-default\">\n\t\t\t\t\t<div class=\"elementor-column elementor-col-50 elementor-top-column elementor-element elementor-element-acfec7b\" data-id=\"acfec7b\" data-element_type=\"column\" data-e-type=\"column\">\n\t\t\t<div class=\"elementor-widget-wrap elementor-element-populated\">\n\t\t\t\t\t\t<div class=\"elementor-element elementor-element-3c8bebe elementor-widget-divider--view-line elementor-widget elementor-widget-divider\" data-id=\"3c8bebe\" data-element_type=\"widget\" data-e-type=\"widget\" data-widget_type=\"divider.default\">\n\t\t\t\t<div class=\"elementor-widget-container\">\n\t\t\t\t\t\t\t<div class=\"elementor-divider\">\n\t\t\t<span class=\"elementor-divider-separator\">\n\t\t\t\t\t\t<\/span>\n\t\t<\/div>\n\t\t\t\t\t\t<\/div>\n\t\t\t\t<\/div>\n\t\t\t\t<div class=\"elementor-element elementor-element-6619662 elementor-widget elementor-widget-text-editor\" data-id=\"6619662\" data-element_type=\"widget\" data-e-type=\"widget\" data-widget_type=\"text-editor.default\">\n\t\t\t\t<div class=\"elementor-widget-container\">\n\t\t\t\t\t\t\t\t\t<p>Philipp Soldan Projekt<\/p><p>HNA vom 11. August 2022<br \/>Bericht von Karl-Hermann V\u00f6lker<br \/>&#8222;Farbig wie die Renaissance &#8211; K\u00fcnstler ziehen positive Bilanz&#8220;<\/p>\t\t\t\t\t\t\t\t<\/div>\n\t\t\t\t<\/div>\n\t\t\t\t\t<\/div>\n\t\t<\/div>\n\t\t\t\t<div class=\"elementor-column elementor-col-50 elementor-top-column elementor-element elementor-element-da34bdf\" data-id=\"da34bdf\" data-element_type=\"column\" data-e-type=\"column\">\n\t\t\t<div class=\"elementor-widget-wrap elementor-element-populated\">\n\t\t\t\t\t\t<div class=\"elementor-element elementor-element-71d8acf elementor-widget-divider--view-line elementor-widget elementor-widget-divider\" data-id=\"71d8acf\" data-element_type=\"widget\" data-e-type=\"widget\" data-widget_type=\"divider.default\">\n\t\t\t\t<div class=\"elementor-widget-container\">\n\t\t\t\t\t\t\t<div class=\"elementor-divider\">\n\t\t\t<span class=\"elementor-divider-separator\">\n\t\t\t\t\t\t<\/span>\n\t\t<\/div>\n\t\t\t\t\t\t<\/div>\n\t\t\t\t<\/div>\n\t\t\t\t<div class=\"elementor-element elementor-element-50f7022 gallery-spacing-custom elementor-widget elementor-widget-image-gallery\" data-id=\"50f7022\" data-element_type=\"widget\" data-e-type=\"widget\" data-widget_type=\"image-gallery.default\">\n\t\t\t\t<div class=\"elementor-widget-container\">\n\t\t\t\t\t\t\t<div class=\"elementor-image-gallery\">\n\t\t\t<div id='gallery-30' class='gallery galleryid-12 gallery-columns-1 gallery-size-1536x1536'><figure class='gallery-item'>\n\t\t\t<div class='gallery-icon portrait'>\n\t\t\t\t<a data-elementor-open-lightbox=\"yes\" data-elementor-lightbox-slideshow=\"50f7022\" data-e-action-hash=\"#elementor-action%3Aaction%3Dlightbox%26settings%3DeyJpZCI6MjA2LCJ1cmwiOiJodHRwczpcL1wvZWZmZWN0aXZlLWFydC5jb21cL3dwLWNvbnRlbnRcL3VwbG9hZHNcLzIwMjNcLzA2XC9waGlsaXBwLXNvbGRhbi1hdXNzdGVsbHVuZy1mcmFua2VuYmVyZy1wb3NpdGl2ZS1iaWxhbnouanBnIiwic2xpZGVzaG93IjoiNTBmNzAyMiJ9\" href='https:\/\/effective-art.com\/wp-content\/uploads\/2023\/06\/philipp-soldan-ausstellung-frankenberg-positive-bilanz.jpg'><img loading=\"lazy\" decoding=\"async\" width=\"804\" height=\"855\" src=\"https:\/\/effective-art.com\/wp-content\/uploads\/2023\/06\/philipp-soldan-ausstellung-frankenberg-positive-bilanz.jpg\" class=\"attachment-1536x1536 size-1536x1536\" alt=\"\" srcset=\"https:\/\/effective-art.com\/wp-content\/uploads\/2023\/06\/philipp-soldan-ausstellung-frankenberg-positive-bilanz.jpg 804w, https:\/\/effective-art.com\/wp-content\/uploads\/2023\/06\/philipp-soldan-ausstellung-frankenberg-positive-bilanz-282x300.jpg 282w, https:\/\/effective-art.com\/wp-content\/uploads\/2023\/06\/philipp-soldan-ausstellung-frankenberg-positive-bilanz-768x817.jpg 768w, https:\/\/effective-art.com\/wp-content\/uploads\/2023\/06\/philipp-soldan-ausstellung-frankenberg-positive-bilanz-540x574.jpg 540w\" sizes=\"(max-width: 804px) 100vw, 804px\" style=\"width:100%;height:106.34%;max-width:804px;\" \/><\/a>\n\t\t\t<\/div><\/figure>\n\t\t<\/div>\n\t\t<\/div>\n\t\t\t\t\t\t<\/div>\n\t\t\t\t<\/div>\n\t\t\t\t\t<\/div>\n\t\t<\/div>\n\t\t\t\t\t<\/div>\n\t\t<\/section>\n\t\t\t\t<section class=\"elementor-section elementor-top-section elementor-element elementor-element-eb4b4b2 elementor-section-boxed elementor-section-height-default elementor-section-height-default\" data-id=\"eb4b4b2\" data-element_type=\"section\" data-e-type=\"section\">\n\t\t\t\t\t\t<div class=\"elementor-container elementor-column-gap-default\">\n\t\t\t\t\t<div class=\"elementor-column elementor-col-50 elementor-top-column elementor-element elementor-element-268c05f\" data-id=\"268c05f\" data-element_type=\"column\" data-e-type=\"column\">\n\t\t\t<div class=\"elementor-widget-wrap elementor-element-populated\">\n\t\t\t\t\t\t<div class=\"elementor-element elementor-element-98e0e1f elementor-widget-divider--view-line elementor-widget elementor-widget-divider\" data-id=\"98e0e1f\" data-element_type=\"widget\" data-e-type=\"widget\" data-widget_type=\"divider.default\">\n\t\t\t\t<div class=\"elementor-widget-container\">\n\t\t\t\t\t\t\t<div class=\"elementor-divider\">\n\t\t\t<span class=\"elementor-divider-separator\">\n\t\t\t\t\t\t<\/span>\n\t\t<\/div>\n\t\t\t\t\t\t<\/div>\n\t\t\t\t<\/div>\n\t\t\t\t<div class=\"elementor-element elementor-element-94984cc elementor-widget elementor-widget-text-editor\" data-id=\"94984cc\" data-element_type=\"widget\" data-e-type=\"widget\" data-widget_type=\"text-editor.default\">\n\t\t\t\t<div class=\"elementor-widget-container\">\n\t\t\t\t\t\t\t\t\t<p>Philipp Soldan Projekt<\/p><p>HNA vom 16. Mai 2022<br \/>Bericht von Karl-Hermann V\u00f6lker zur Ausstellungser\u00f6ffnung<br \/>&#8222;Gro\u00dfe B\u00fchne f\u00fcr Philipp Soldan&#8220;<\/p>\t\t\t\t\t\t\t\t<\/div>\n\t\t\t\t<\/div>\n\t\t\t\t\t<\/div>\n\t\t<\/div>\n\t\t\t\t<div class=\"elementor-column elementor-col-50 elementor-top-column elementor-element elementor-element-85509d8\" data-id=\"85509d8\" data-element_type=\"column\" data-e-type=\"column\">\n\t\t\t<div class=\"elementor-widget-wrap elementor-element-populated\">\n\t\t\t\t\t\t<div class=\"elementor-element elementor-element-34f238c elementor-widget-divider--view-line elementor-widget elementor-widget-divider\" data-id=\"34f238c\" data-element_type=\"widget\" data-e-type=\"widget\" data-widget_type=\"divider.default\">\n\t\t\t\t<div class=\"elementor-widget-container\">\n\t\t\t\t\t\t\t<div class=\"elementor-divider\">\n\t\t\t<span class=\"elementor-divider-separator\">\n\t\t\t\t\t\t<\/span>\n\t\t<\/div>\n\t\t\t\t\t\t<\/div>\n\t\t\t\t<\/div>\n\t\t\t\t<div class=\"elementor-element elementor-element-d98c107 gallery-spacing-custom elementor-widget elementor-widget-image-gallery\" data-id=\"d98c107\" data-element_type=\"widget\" data-e-type=\"widget\" data-widget_type=\"image-gallery.default\">\n\t\t\t\t<div class=\"elementor-widget-container\">\n\t\t\t\t\t\t\t<div class=\"elementor-image-gallery\">\n\t\t\t<div id='gallery-31' class='gallery galleryid-12 gallery-columns-1 gallery-size-1536x1536'><figure class='gallery-item'>\n\t\t\t<div class='gallery-icon landscape'>\n\t\t\t\t<a data-elementor-open-lightbox=\"yes\" data-elementor-lightbox-slideshow=\"d98c107\" data-e-action-hash=\"#elementor-action%3Aaction%3Dlightbox%26settings%3DeyJpZCI6MTg2LCJ1cmwiOiJodHRwczpcL1wvZWZmZWN0aXZlLWFydC5jb21cL3dwLWNvbnRlbnRcL3VwbG9hZHNcLzIwMjNcLzA2XC9hdXNzdGVsbHVuZy1waGlsaXBwLXNvbGRhbi1mcmFua2VuYmVyZy16ZWl0dW5nc2JlcmljaHQtZXJvZWZmbnVuZy0xLXNhYmluZS1yZXllci1zY2FsZWQuanBnIiwic2xpZGVzaG93IjoiZDk4YzEwNyJ9\" href='https:\/\/effective-art.com\/wp-content\/uploads\/2023\/06\/ausstellung-philipp-soldan-frankenberg-zeitungsbericht-eroeffnung-1-sabine-reyer-scaled.jpg'><img loading=\"lazy\" decoding=\"async\" width=\"1536\" height=\"1307\" src=\"https:\/\/effective-art.com\/wp-content\/uploads\/2023\/06\/ausstellung-philipp-soldan-frankenberg-zeitungsbericht-eroeffnung-1-sabine-reyer-1536x1307.jpg\" class=\"attachment-1536x1536 size-1536x1536\" alt=\"\" srcset=\"https:\/\/effective-art.com\/wp-content\/uploads\/2023\/06\/ausstellung-philipp-soldan-frankenberg-zeitungsbericht-eroeffnung-1-sabine-reyer-1536x1307.jpg 1536w, https:\/\/effective-art.com\/wp-content\/uploads\/2023\/06\/ausstellung-philipp-soldan-frankenberg-zeitungsbericht-eroeffnung-1-sabine-reyer-300x255.jpg 300w, https:\/\/effective-art.com\/wp-content\/uploads\/2023\/06\/ausstellung-philipp-soldan-frankenberg-zeitungsbericht-eroeffnung-1-sabine-reyer-1024x871.jpg 1024w, https:\/\/effective-art.com\/wp-content\/uploads\/2023\/06\/ausstellung-philipp-soldan-frankenberg-zeitungsbericht-eroeffnung-1-sabine-reyer-768x653.jpg 768w, https:\/\/effective-art.com\/wp-content\/uploads\/2023\/06\/ausstellung-philipp-soldan-frankenberg-zeitungsbericht-eroeffnung-1-sabine-reyer-2048x1742.jpg 2048w, https:\/\/effective-art.com\/wp-content\/uploads\/2023\/06\/ausstellung-philipp-soldan-frankenberg-zeitungsbericht-eroeffnung-1-sabine-reyer-540x459.jpg 540w, https:\/\/effective-art.com\/wp-content\/uploads\/2023\/06\/ausstellung-philipp-soldan-frankenberg-zeitungsbericht-eroeffnung-1-sabine-reyer-1080x919.jpg 1080w, https:\/\/effective-art.com\/wp-content\/uploads\/2023\/06\/ausstellung-philipp-soldan-frankenberg-zeitungsbericht-eroeffnung-1-sabine-reyer-1980x1684.jpg 1980w\" sizes=\"(max-width: 1536px) 100vw, 1536px\" style=\"width:100%;height:85.08%;max-width:2560px;\" \/><\/a>\n\t\t\t<\/div><\/figure>\n\t\t<\/div>\n\t\t<\/div>\n\t\t\t\t\t\t<\/div>\n\t\t\t\t<\/div>\n\t\t\t\t\t<\/div>\n\t\t<\/div>\n\t\t\t\t\t<\/div>\n\t\t<\/section>\n\t\t\t\t<section class=\"elementor-section elementor-top-section elementor-element elementor-element-adb1154 elementor-section-boxed elementor-section-height-default elementor-section-height-default\" data-id=\"adb1154\" data-element_type=\"section\" data-e-type=\"section\">\n\t\t\t\t\t\t<div class=\"elementor-container elementor-column-gap-default\">\n\t\t\t\t\t<div class=\"elementor-column elementor-col-50 elementor-top-column elementor-element elementor-element-60372d9\" data-id=\"60372d9\" data-element_type=\"column\" data-e-type=\"column\">\n\t\t\t<div class=\"elementor-widget-wrap elementor-element-populated\">\n\t\t\t\t\t\t<div class=\"elementor-element elementor-element-3f792dc elementor-widget-divider--view-line elementor-widget elementor-widget-divider\" data-id=\"3f792dc\" data-element_type=\"widget\" data-e-type=\"widget\" data-widget_type=\"divider.default\">\n\t\t\t\t<div class=\"elementor-widget-container\">\n\t\t\t\t\t\t\t<div class=\"elementor-divider\">\n\t\t\t<span class=\"elementor-divider-separator\">\n\t\t\t\t\t\t<\/span>\n\t\t<\/div>\n\t\t\t\t\t\t<\/div>\n\t\t\t\t<\/div>\n\t\t\t\t<div class=\"elementor-element elementor-element-1c0dd11 elementor-widget elementor-widget-text-editor\" data-id=\"1c0dd11\" data-element_type=\"widget\" data-e-type=\"widget\" data-widget_type=\"text-editor.default\">\n\t\t\t\t<div class=\"elementor-widget-container\">\n\t\t\t\t\t\t\t\t\t<p>Philipp Soldan Projekt<\/p><p>14. Mai bis 24. Juli 2022<\/p><p>Museum im Kloster und Haus am Geismarer Tor,<br \/>Frankenberg (Eder)<\/p><p>Vernissage am 14. Mai 2022 um 14 Uhr<\/p>\t\t\t\t\t\t\t\t<\/div>\n\t\t\t\t<\/div>\n\t\t\t\t\t<\/div>\n\t\t<\/div>\n\t\t\t\t<div class=\"elementor-column elementor-col-50 elementor-top-column elementor-element elementor-element-f770b8d\" data-id=\"f770b8d\" data-element_type=\"column\" data-e-type=\"column\">\n\t\t\t<div class=\"elementor-widget-wrap elementor-element-populated\">\n\t\t\t\t\t\t<div class=\"elementor-element elementor-element-28fc1f0 elementor-widget-divider--view-line elementor-widget elementor-widget-divider\" data-id=\"28fc1f0\" data-element_type=\"widget\" data-e-type=\"widget\" data-widget_type=\"divider.default\">\n\t\t\t\t<div class=\"elementor-widget-container\">\n\t\t\t\t\t\t\t<div class=\"elementor-divider\">\n\t\t\t<span class=\"elementor-divider-separator\">\n\t\t\t\t\t\t<\/span>\n\t\t<\/div>\n\t\t\t\t\t\t<\/div>\n\t\t\t\t<\/div>\n\t\t\t\t<div class=\"elementor-element elementor-element-5e04e65 elementor-widget elementor-widget-image-gallery\" data-id=\"5e04e65\" data-element_type=\"widget\" data-e-type=\"widget\" data-widget_type=\"image-gallery.default\">\n\t\t\t\t<div class=\"elementor-widget-container\">\n\t\t\t\t\t\t\t<div class=\"elementor-image-gallery\">\n\t\t\t<div id='gallery-32' class='gallery galleryid-12 gallery-columns-1 gallery-size-large'><figure class='gallery-item'>\n\t\t\t<div class='gallery-icon portrait'>\n\t\t\t\t<a data-elementor-open-lightbox=\"yes\" data-elementor-lightbox-slideshow=\"5e04e65\" data-elementor-lightbox-title=\"Einladungskarte zur Philipp Soldan Ausstellung in Frankenberg mit Bildcollage\" data-e-action-hash=\"#elementor-action%3Aaction%3Dlightbox%26settings%3DeyJpZCI6MTg3LCJ1cmwiOiJodHRwczpcL1wvZWZmZWN0aXZlLWFydC5jb21cL3dwLWNvbnRlbnRcL3VwbG9hZHNcLzIwMjNcLzA2XC9hdXNzdGVsbHVuZy1waGlsaXBwLXNvbGRhbi1mcmFua2VuYmVyZy0yLXNhYmluZS1yZXllci5qcGciLCJzbGlkZXNob3ciOiI1ZTA0ZTY1In0%3D\" href='https:\/\/effective-art.com\/wp-content\/uploads\/2023\/06\/ausstellung-philipp-soldan-frankenberg-2-sabine-reyer.jpg'><img loading=\"lazy\" decoding=\"async\" width=\"750\" height=\"793\" src=\"https:\/\/effective-art.com\/wp-content\/uploads\/2023\/06\/ausstellung-philipp-soldan-frankenberg-2-sabine-reyer-969x1024.jpg\" class=\"attachment-large size-large\" alt=\"philipp-soldan-ausstellung-frankenberg-sabine-reyer\" srcset=\"https:\/\/effective-art.com\/wp-content\/uploads\/2023\/06\/ausstellung-philipp-soldan-frankenberg-2-sabine-reyer-969x1024.jpg 969w, https:\/\/effective-art.com\/wp-content\/uploads\/2023\/06\/ausstellung-philipp-soldan-frankenberg-2-sabine-reyer-284x300.jpg 284w, https:\/\/effective-art.com\/wp-content\/uploads\/2023\/06\/ausstellung-philipp-soldan-frankenberg-2-sabine-reyer-768x811.jpg 768w, https:\/\/effective-art.com\/wp-content\/uploads\/2023\/06\/ausstellung-philipp-soldan-frankenberg-2-sabine-reyer-1454x1536.jpg 1454w, https:\/\/effective-art.com\/wp-content\/uploads\/2023\/06\/ausstellung-philipp-soldan-frankenberg-2-sabine-reyer-1939x2048.jpg 1939w, https:\/\/effective-art.com\/wp-content\/uploads\/2023\/06\/ausstellung-philipp-soldan-frankenberg-2-sabine-reyer-540x570.jpg 540w, https:\/\/effective-art.com\/wp-content\/uploads\/2023\/06\/ausstellung-philipp-soldan-frankenberg-2-sabine-reyer-1080x1141.jpg 1080w, https:\/\/effective-art.com\/wp-content\/uploads\/2023\/06\/ausstellung-philipp-soldan-frankenberg-2-sabine-reyer-1980x2092.jpg 1980w\" sizes=\"(max-width: 750px) 100vw, 750px\" style=\"width:100%;height:105.64%;max-width:2341px;\" \/><\/a>\n\t\t\t<\/div><\/figure>\n\t\t<\/div>\n\t\t<\/div>\n\t\t\t\t\t\t<\/div>\n\t\t\t\t<\/div>\n\t\t\t\t\t<\/div>\n\t\t<\/div>\n\t\t\t\t\t<\/div>\n\t\t<\/section>\n\t\t\t\t<section class=\"elementor-section elementor-top-section elementor-element elementor-element-d620cf1 elementor-section-boxed elementor-section-height-default elementor-section-height-default\" data-id=\"d620cf1\" data-element_type=\"section\" data-e-type=\"section\">\n\t\t\t\t\t\t<div class=\"elementor-container elementor-column-gap-default\">\n\t\t\t\t\t<div class=\"elementor-column elementor-col-50 elementor-top-column elementor-element elementor-element-daf7982\" data-id=\"daf7982\" data-element_type=\"column\" data-e-type=\"column\">\n\t\t\t<div class=\"elementor-widget-wrap elementor-element-populated\">\n\t\t\t\t\t\t<div class=\"elementor-element elementor-element-3451c07 elementor-widget-divider--view-line elementor-widget elementor-widget-divider\" data-id=\"3451c07\" data-element_type=\"widget\" data-e-type=\"widget\" data-widget_type=\"divider.default\">\n\t\t\t\t<div class=\"elementor-widget-container\">\n\t\t\t\t\t\t\t<div class=\"elementor-divider\">\n\t\t\t<span class=\"elementor-divider-separator\">\n\t\t\t\t\t\t<\/span>\n\t\t<\/div>\n\t\t\t\t\t\t<\/div>\n\t\t\t\t<\/div>\n\t\t\t\t<div class=\"elementor-element elementor-element-99a48c0 elementor-widget elementor-widget-text-editor\" data-id=\"99a48c0\" data-element_type=\"widget\" data-e-type=\"widget\" data-widget_type=\"text-editor.default\">\n\t\t\t\t<div class=\"elementor-widget-container\">\n\t\t\t\t\t\t\t\t\t<p>\u201emitleib &amp; seele\u201c<br \/>Kunstausstellung zur Passionszeit<\/p><p>2. M\u00e4rz bis 12. April 2022<\/p><p>Lutherische Pfarrkirche St. Marien, Marburg<\/p><p>HNA vom 6. M\u00e4rz 2022 <br \/>Bericht von Karl-Hermann V\u00f6lker<br \/>&#8222;Mitleiden mit Leib und Seele&#8220;<\/p>\t\t\t\t\t\t\t\t<\/div>\n\t\t\t\t<\/div>\n\t\t\t\t\t<\/div>\n\t\t<\/div>\n\t\t\t\t<div class=\"elementor-column elementor-col-50 elementor-top-column elementor-element elementor-element-8a0b9f8\" data-id=\"8a0b9f8\" data-element_type=\"column\" data-e-type=\"column\">\n\t\t\t<div class=\"elementor-widget-wrap elementor-element-populated\">\n\t\t\t\t\t\t<div class=\"elementor-element elementor-element-6c2feec elementor-widget-divider--view-line elementor-widget elementor-widget-divider\" data-id=\"6c2feec\" data-element_type=\"widget\" data-e-type=\"widget\" data-widget_type=\"divider.default\">\n\t\t\t\t<div class=\"elementor-widget-container\">\n\t\t\t\t\t\t\t<div class=\"elementor-divider\">\n\t\t\t<span class=\"elementor-divider-separator\">\n\t\t\t\t\t\t<\/span>\n\t\t<\/div>\n\t\t\t\t\t\t<\/div>\n\t\t\t\t<\/div>\n\t\t\t\t<div class=\"elementor-element elementor-element-320a183 gallery-spacing-custom elementor-widget elementor-widget-image-gallery\" data-id=\"320a183\" data-element_type=\"widget\" data-e-type=\"widget\" data-widget_type=\"image-gallery.default\">\n\t\t\t\t<div class=\"elementor-widget-container\">\n\t\t\t\t\t\t\t<div class=\"elementor-image-gallery\">\n\t\t\t<div id='gallery-33' class='gallery galleryid-12 gallery-columns-1 gallery-size-1536x1536'><figure class='gallery-item'>\n\t\t\t<div class='gallery-icon portrait'>\n\t\t\t\t<a data-elementor-open-lightbox=\"yes\" data-elementor-lightbox-slideshow=\"320a183\" data-elementor-lightbox-title=\"Zeitungsbericht zur Ausstellung mit leib und seele der K\u00fcnstlerin Sabine Reyer mit einem Foto der K\u00fcnstlerin Sabine Reyer vor einem ihrer Gem\u00e4lde zusammen mit Michael Lapp\" data-e-action-hash=\"#elementor-action%3Aaction%3Dlightbox%26settings%3DeyJpZCI6MjE2LCJ1cmwiOiJodHRwczpcL1wvZWZmZWN0aXZlLWFydC5jb21cL3dwLWNvbnRlbnRcL3VwbG9hZHNcLzIwMjNcLzA2XC9zYWJpbmUtcmV5ZXItYXVzc3RlbGx1bmctbWFyYnVyZy1taXQtbGVpYi11bmQtc2VlbGUtZnJhbmtlbmJlcmdlci16ZWl0dW5nLWhuYS5qcGciLCJzbGlkZXNob3ciOiIzMjBhMTgzIn0%3D\" href='https:\/\/effective-art.com\/wp-content\/uploads\/2023\/06\/sabine-reyer-ausstellung-marburg-mit-leib-und-seele-frankenberger-zeitung-hna.jpg'><img loading=\"lazy\" decoding=\"async\" width=\"950\" height=\"1496\" src=\"https:\/\/effective-art.com\/wp-content\/uploads\/2023\/06\/sabine-reyer-ausstellung-marburg-mit-leib-und-seele-frankenberger-zeitung-hna.jpg\" class=\"attachment-1536x1536 size-1536x1536\" alt=\"sabine-reyer-ausstellung-marburg-mit leib-und-seele-frankenberger-zeitung-hna\" srcset=\"https:\/\/effective-art.com\/wp-content\/uploads\/2023\/06\/sabine-reyer-ausstellung-marburg-mit-leib-und-seele-frankenberger-zeitung-hna.jpg 950w, https:\/\/effective-art.com\/wp-content\/uploads\/2023\/06\/sabine-reyer-ausstellung-marburg-mit-leib-und-seele-frankenberger-zeitung-hna-191x300.jpg 191w, https:\/\/effective-art.com\/wp-content\/uploads\/2023\/06\/sabine-reyer-ausstellung-marburg-mit-leib-und-seele-frankenberger-zeitung-hna-650x1024.jpg 650w, https:\/\/effective-art.com\/wp-content\/uploads\/2023\/06\/sabine-reyer-ausstellung-marburg-mit-leib-und-seele-frankenberger-zeitung-hna-768x1209.jpg 768w, https:\/\/effective-art.com\/wp-content\/uploads\/2023\/06\/sabine-reyer-ausstellung-marburg-mit-leib-und-seele-frankenberger-zeitung-hna-540x850.jpg 540w\" sizes=\"(max-width: 950px) 100vw, 950px\" style=\"width:100%;height:157.47%;max-width:950px;\" \/><\/a>\n\t\t\t<\/div><\/figure>\n\t\t<\/div>\n\t\t<\/div>\n\t\t\t\t\t\t<\/div>\n\t\t\t\t<\/div>\n\t\t\t\t\t<\/div>\n\t\t<\/div>\n\t\t\t\t\t<\/div>\n\t\t<\/section>\n\t\t\t\t<section class=\"elementor-section elementor-top-section elementor-element elementor-element-a90d045 elementor-section-boxed elementor-section-height-default elementor-section-height-default\" data-id=\"a90d045\" data-element_type=\"section\" data-e-type=\"section\">\n\t\t\t\t\t\t<div class=\"elementor-container elementor-column-gap-default\">\n\t\t\t\t\t<div class=\"elementor-column elementor-col-50 elementor-top-column elementor-element elementor-element-650580c\" data-id=\"650580c\" data-element_type=\"column\" data-e-type=\"column\">\n\t\t\t<div class=\"elementor-widget-wrap elementor-element-populated\">\n\t\t\t\t\t\t<div class=\"elementor-element elementor-element-fbf9e21 elementor-widget-divider--view-line elementor-widget elementor-widget-divider\" data-id=\"fbf9e21\" data-element_type=\"widget\" data-e-type=\"widget\" data-widget_type=\"divider.default\">\n\t\t\t\t<div class=\"elementor-widget-container\">\n\t\t\t\t\t\t\t<div class=\"elementor-divider\">\n\t\t\t<span class=\"elementor-divider-separator\">\n\t\t\t\t\t\t<\/span>\n\t\t<\/div>\n\t\t\t\t\t\t<\/div>\n\t\t\t\t<\/div>\n\t\t\t\t<div class=\"elementor-element elementor-element-1a38bab elementor-widget elementor-widget-text-editor\" data-id=\"1a38bab\" data-element_type=\"widget\" data-e-type=\"widget\" data-widget_type=\"text-editor.default\">\n\t\t\t\t<div class=\"elementor-widget-container\">\n\t\t\t\t\t\t\t\t\t<p>\u201emitleib &amp; seele\u201c<br \/>Kunstausstellung zur Passionszeit<\/p><p>2. M\u00e4rz bis 12. April 2022<\/p><p>Lutherische Pfarrkirche St. Marien, Marburg<\/p><p>Oberhessische Presse vom 4. M\u00e4rz 2022 <br \/>Bericht von Uwe Badouin<br \/>&#8222;Vom Paradies zur Demokratie&#8220;<\/p>\t\t\t\t\t\t\t\t<\/div>\n\t\t\t\t<\/div>\n\t\t\t\t\t<\/div>\n\t\t<\/div>\n\t\t\t\t<div class=\"elementor-column elementor-col-50 elementor-top-column elementor-element elementor-element-defeff9\" data-id=\"defeff9\" data-element_type=\"column\" data-e-type=\"column\">\n\t\t\t<div class=\"elementor-widget-wrap elementor-element-populated\">\n\t\t\t\t\t\t<div class=\"elementor-element elementor-element-b95050c elementor-widget-divider--view-line elementor-widget elementor-widget-divider\" data-id=\"b95050c\" data-element_type=\"widget\" data-e-type=\"widget\" data-widget_type=\"divider.default\">\n\t\t\t\t<div class=\"elementor-widget-container\">\n\t\t\t\t\t\t\t<div class=\"elementor-divider\">\n\t\t\t<span class=\"elementor-divider-separator\">\n\t\t\t\t\t\t<\/span>\n\t\t<\/div>\n\t\t\t\t\t\t<\/div>\n\t\t\t\t<\/div>\n\t\t\t\t<div class=\"elementor-element elementor-element-e9078f4 gallery-spacing-custom elementor-widget elementor-widget-image-gallery\" data-id=\"e9078f4\" data-element_type=\"widget\" data-e-type=\"widget\" data-widget_type=\"image-gallery.default\">\n\t\t\t\t<div class=\"elementor-widget-container\">\n\t\t\t\t\t\t\t<div class=\"elementor-image-gallery\">\n\t\t\t<div id='gallery-34' class='gallery galleryid-12 gallery-columns-1 gallery-size-1536x1536'><figure class='gallery-item'>\n\t\t\t<div class='gallery-icon portrait'>\n\t\t\t\t<a data-elementor-open-lightbox=\"yes\" data-elementor-lightbox-slideshow=\"e9078f4\" data-elementor-lightbox-title=\"Zeitungsbericht von Uwe Badouin zur Ausstellung mit Leib und Seele der K\u00fcnstlerin Sabine Reyer mit einem Foto der K\u00fcnstlerin Sabine Reyer vor drei ihrer Gem\u00e4lde\" data-e-action-hash=\"#elementor-action%3Aaction%3Dlightbox%26settings%3DeyJpZCI6MjExLCJ1cmwiOiJodHRwczpcL1wvZWZmZWN0aXZlLWFydC5jb21cL3dwLWNvbnRlbnRcL3VwbG9hZHNcLzIwMjNcLzA2XC9zYWJpbmUtcmV5ZXItYXVzc3RlbGx1bmctbWFyYnVyZy1taXQtbGVpYi11bmQtc2VlbGUtb2Jlcmhlc3Npc2NoZS1wcmVzc2UuanBnIiwic2xpZGVzaG93IjoiZTkwNzhmNCJ9\" href='https:\/\/effective-art.com\/wp-content\/uploads\/2023\/06\/sabine-reyer-ausstellung-marburg-mit-leib-und-seele-oberhessische-presse.jpg'><img loading=\"lazy\" decoding=\"async\" width=\"1390\" height=\"1419\" src=\"https:\/\/effective-art.com\/wp-content\/uploads\/2023\/06\/sabine-reyer-ausstellung-marburg-mit-leib-und-seele-oberhessische-presse.jpg\" class=\"attachment-1536x1536 size-1536x1536\" alt=\"sabine-reyer-bilderausstellung-marburg-mit leib-und-seele-oberhessische-presse\" srcset=\"https:\/\/effective-art.com\/wp-content\/uploads\/2023\/06\/sabine-reyer-ausstellung-marburg-mit-leib-und-seele-oberhessische-presse.jpg 1390w, https:\/\/effective-art.com\/wp-content\/uploads\/2023\/06\/sabine-reyer-ausstellung-marburg-mit-leib-und-seele-oberhessische-presse-294x300.jpg 294w, https:\/\/effective-art.com\/wp-content\/uploads\/2023\/06\/sabine-reyer-ausstellung-marburg-mit-leib-und-seele-oberhessische-presse-1003x1024.jpg 1003w, https:\/\/effective-art.com\/wp-content\/uploads\/2023\/06\/sabine-reyer-ausstellung-marburg-mit-leib-und-seele-oberhessische-presse-768x784.jpg 768w, https:\/\/effective-art.com\/wp-content\/uploads\/2023\/06\/sabine-reyer-ausstellung-marburg-mit-leib-und-seele-oberhessische-presse-540x551.jpg 540w, https:\/\/effective-art.com\/wp-content\/uploads\/2023\/06\/sabine-reyer-ausstellung-marburg-mit-leib-und-seele-oberhessische-presse-1080x1103.jpg 1080w\" sizes=\"(max-width: 1390px) 100vw, 1390px\" style=\"width:100%;height:102.09%;max-width:1390px;\" \/><\/a>\n\t\t\t<\/div><\/figure>\n\t\t<\/div>\n\t\t<\/div>\n\t\t\t\t\t\t<\/div>\n\t\t\t\t<\/div>\n\t\t\t\t\t<\/div>\n\t\t<\/div>\n\t\t\t\t\t<\/div>\n\t\t<\/section>\n\t\t\t\t<section class=\"elementor-section elementor-top-section elementor-element elementor-element-a154320 elementor-section-boxed elementor-section-height-default elementor-section-height-default\" data-id=\"a154320\" data-element_type=\"section\" data-e-type=\"section\">\n\t\t\t\t\t\t<div class=\"elementor-container elementor-column-gap-default\">\n\t\t\t\t\t<div class=\"elementor-column elementor-col-50 elementor-top-column elementor-element elementor-element-07e8929\" data-id=\"07e8929\" data-element_type=\"column\" data-e-type=\"column\">\n\t\t\t<div class=\"elementor-widget-wrap elementor-element-populated\">\n\t\t\t\t\t\t<div class=\"elementor-element elementor-element-e22d286 elementor-widget-divider--view-line elementor-widget elementor-widget-divider\" data-id=\"e22d286\" data-element_type=\"widget\" data-e-type=\"widget\" data-widget_type=\"divider.default\">\n\t\t\t\t<div class=\"elementor-widget-container\">\n\t\t\t\t\t\t\t<div class=\"elementor-divider\">\n\t\t\t<span class=\"elementor-divider-separator\">\n\t\t\t\t\t\t<\/span>\n\t\t<\/div>\n\t\t\t\t\t\t<\/div>\n\t\t\t\t<\/div>\n\t\t\t\t<div class=\"elementor-element elementor-element-a689b97 elementor-widget elementor-widget-text-editor\" data-id=\"a689b97\" data-element_type=\"widget\" data-e-type=\"widget\" data-widget_type=\"text-editor.default\">\n\t\t\t\t<div class=\"elementor-widget-container\">\n\t\t\t\t\t\t\t\t\t<p>Philipp Soldan Projekt<\/p><p>Museum im Kloster und Haus am Geismarer Tor, Frankenberg<\/p><p>HNA vom 27. Januar 2022, Bericht von J\u00f6rg Paulus<br \/>&#8222;Soldan als Kunstprojekt&#8220;<\/p>\t\t\t\t\t\t\t\t<\/div>\n\t\t\t\t<\/div>\n\t\t\t\t\t<\/div>\n\t\t<\/div>\n\t\t\t\t<div class=\"elementor-column elementor-col-50 elementor-top-column elementor-element elementor-element-d208f91\" data-id=\"d208f91\" data-element_type=\"column\" data-e-type=\"column\">\n\t\t\t<div class=\"elementor-widget-wrap elementor-element-populated\">\n\t\t\t\t\t\t<div class=\"elementor-element elementor-element-81b8fcf elementor-widget-divider--view-line elementor-widget elementor-widget-divider\" data-id=\"81b8fcf\" data-element_type=\"widget\" data-e-type=\"widget\" data-widget_type=\"divider.default\">\n\t\t\t\t<div class=\"elementor-widget-container\">\n\t\t\t\t\t\t\t<div class=\"elementor-divider\">\n\t\t\t<span class=\"elementor-divider-separator\">\n\t\t\t\t\t\t<\/span>\n\t\t<\/div>\n\t\t\t\t\t\t<\/div>\n\t\t\t\t<\/div>\n\t\t\t\t<div class=\"elementor-element elementor-element-a4129ef gallery-spacing-custom elementor-widget elementor-widget-image-gallery\" data-id=\"a4129ef\" data-element_type=\"widget\" data-e-type=\"widget\" data-widget_type=\"image-gallery.default\">\n\t\t\t\t<div class=\"elementor-widget-container\">\n\t\t\t\t\t\t\t<div class=\"elementor-image-gallery\">\n\t\t\t<div id='gallery-35' class='gallery galleryid-12 gallery-columns-1 gallery-size-1536x1536'><figure class='gallery-item'>\n\t\t\t<div class='gallery-icon portrait'>\n\t\t\t\t<a data-elementor-open-lightbox=\"yes\" data-elementor-lightbox-slideshow=\"a4129ef\" data-e-action-hash=\"#elementor-action%3Aaction%3Dlightbox%26settings%3DeyJpZCI6MTg4LCJ1cmwiOiJodHRwczpcL1wvZWZmZWN0aXZlLWFydC5jb21cL3dwLWNvbnRlbnRcL3VwbG9hZHNcLzIwMjNcLzA2XC9hdXNzdGVsbHVuZy1waGlsaXBwLXNvbGRhbi1mcmFua2VuYmVyZy1zYWJpbmUtcmV5ZXIuanBnIiwic2xpZGVzaG93IjoiYTQxMjllZiJ9\" href='https:\/\/effective-art.com\/wp-content\/uploads\/2023\/06\/ausstellung-philipp-soldan-frankenberg-sabine-reyer.jpg'><img loading=\"lazy\" decoding=\"async\" width=\"833\" height=\"859\" src=\"https:\/\/effective-art.com\/wp-content\/uploads\/2023\/06\/ausstellung-philipp-soldan-frankenberg-sabine-reyer.jpg\" class=\"attachment-1536x1536 size-1536x1536\" alt=\"\" srcset=\"https:\/\/effective-art.com\/wp-content\/uploads\/2023\/06\/ausstellung-philipp-soldan-frankenberg-sabine-reyer.jpg 833w, https:\/\/effective-art.com\/wp-content\/uploads\/2023\/06\/ausstellung-philipp-soldan-frankenberg-sabine-reyer-291x300.jpg 291w, https:\/\/effective-art.com\/wp-content\/uploads\/2023\/06\/ausstellung-philipp-soldan-frankenberg-sabine-reyer-768x792.jpg 768w, https:\/\/effective-art.com\/wp-content\/uploads\/2023\/06\/ausstellung-philipp-soldan-frankenberg-sabine-reyer-540x557.jpg 540w\" sizes=\"(max-width: 833px) 100vw, 833px\" style=\"width:100%;height:103.12%;max-width:833px;\" \/><\/a>\n\t\t\t<\/div><\/figure>\n\t\t<\/div>\n\t\t<\/div>\n\t\t\t\t\t\t<\/div>\n\t\t\t\t<\/div>\n\t\t\t\t\t<\/div>\n\t\t<\/div>\n\t\t\t\t\t<\/div>\n\t\t<\/section>\n\t\t\t\t<section class=\"elementor-section elementor-top-section elementor-element elementor-element-25d307f elementor-section-boxed elementor-section-height-default elementor-section-height-default\" data-id=\"25d307f\" data-element_type=\"section\" data-e-type=\"section\">\n\t\t\t\t\t\t<div class=\"elementor-container elementor-column-gap-default\">\n\t\t\t\t\t<div class=\"elementor-column elementor-col-50 elementor-top-column elementor-element elementor-element-24cef3b\" data-id=\"24cef3b\" data-element_type=\"column\" data-e-type=\"column\">\n\t\t\t<div class=\"elementor-widget-wrap elementor-element-populated\">\n\t\t\t\t\t\t<div class=\"elementor-element elementor-element-60efbd7 elementor-widget-divider--view-line elementor-widget elementor-widget-divider\" data-id=\"60efbd7\" data-element_type=\"widget\" data-e-type=\"widget\" data-widget_type=\"divider.default\">\n\t\t\t\t<div class=\"elementor-widget-container\">\n\t\t\t\t\t\t\t<div class=\"elementor-divider\">\n\t\t\t<span class=\"elementor-divider-separator\">\n\t\t\t\t\t\t<\/span>\n\t\t<\/div>\n\t\t\t\t\t\t<\/div>\n\t\t\t\t<\/div>\n\t\t\t\t<div class=\"elementor-element elementor-element-973e40b elementor-widget elementor-widget-text-editor\" data-id=\"973e40b\" data-element_type=\"widget\" data-e-type=\"widget\" data-widget_type=\"text-editor.default\">\n\t\t\t\t<div class=\"elementor-widget-container\">\n\t\t\t\t\t\t\t\t\t<p>Unter dem Sp\u00fclsaum<\/p><p>FRISCHER WIND <br \/>Magazin f\u00fcr Heide, B\u00fcsum und Umgebung, Juli 2019<br \/>&#8222;Ausstellung in der Museumsinsel&#8220;<\/p>\t\t\t\t\t\t\t\t<\/div>\n\t\t\t\t<\/div>\n\t\t\t\t\t<\/div>\n\t\t<\/div>\n\t\t\t\t<div class=\"elementor-column elementor-col-50 elementor-top-column elementor-element elementor-element-f5b5465\" data-id=\"f5b5465\" data-element_type=\"column\" data-e-type=\"column\">\n\t\t\t<div class=\"elementor-widget-wrap elementor-element-populated\">\n\t\t\t\t\t\t<div class=\"elementor-element elementor-element-adf939c elementor-widget-divider--view-line elementor-widget elementor-widget-divider\" data-id=\"adf939c\" data-element_type=\"widget\" data-e-type=\"widget\" data-widget_type=\"divider.default\">\n\t\t\t\t<div class=\"elementor-widget-container\">\n\t\t\t\t\t\t\t<div class=\"elementor-divider\">\n\t\t\t<span class=\"elementor-divider-separator\">\n\t\t\t\t\t\t<\/span>\n\t\t<\/div>\n\t\t\t\t\t\t<\/div>\n\t\t\t\t<\/div>\n\t\t\t\t<div class=\"elementor-element elementor-element-08f5820 gallery-spacing-custom elementor-widget elementor-widget-image-gallery\" data-id=\"08f5820\" data-element_type=\"widget\" data-e-type=\"widget\" data-widget_type=\"image-gallery.default\">\n\t\t\t\t<div class=\"elementor-widget-container\">\n\t\t\t\t\t\t\t<div class=\"elementor-image-gallery\">\n\t\t\t<div id='gallery-36' class='gallery galleryid-12 gallery-columns-1 gallery-size-1536x1536'><figure class='gallery-item'>\n\t\t\t<div class='gallery-icon landscape'>\n\t\t\t\t<a data-elementor-open-lightbox=\"yes\" data-elementor-lightbox-slideshow=\"08f5820\" data-elementor-lightbox-title=\"Ank\u00fcndigung der Ausstellung Unter dem Sp\u00fclsaum in dem Magazin Frischer Wind mit zwei Fotos mit einer Kunst Installation mit Axt und Stofftieren von der K\u00fcnstlerin Sabine Reyer \" data-e-action-hash=\"#elementor-action%3Aaction%3Dlightbox%26settings%3DeyJpZCI6MjI5LCJ1cmwiOiJodHRwczpcL1wvZWZmZWN0aXZlLWFydC5jb21cL3dwLWNvbnRlbnRcL3VwbG9hZHNcLzIwMjNcLzA2XC9zYWJpbmUtcmV5ZXIta3Vuc3R2ZXJlaW4taGVpZGUtNS5qcGciLCJzbGlkZXNob3ciOiIwOGY1ODIwIn0%3D\" href='https:\/\/effective-art.com\/wp-content\/uploads\/2023\/06\/sabine-reyer-kunstverein-heide-5.jpg'><img loading=\"lazy\" decoding=\"async\" width=\"1536\" height=\"1358\" src=\"https:\/\/effective-art.com\/wp-content\/uploads\/2023\/06\/sabine-reyer-kunstverein-heide-5-1536x1358.jpg\" class=\"attachment-1536x1536 size-1536x1536\" alt=\"\" srcset=\"https:\/\/effective-art.com\/wp-content\/uploads\/2023\/06\/sabine-reyer-kunstverein-heide-5-1536x1358.jpg 1536w, https:\/\/effective-art.com\/wp-content\/uploads\/2023\/06\/sabine-reyer-kunstverein-heide-5-300x265.jpg 300w, https:\/\/effective-art.com\/wp-content\/uploads\/2023\/06\/sabine-reyer-kunstverein-heide-5-1024x905.jpg 1024w, https:\/\/effective-art.com\/wp-content\/uploads\/2023\/06\/sabine-reyer-kunstverein-heide-5-768x679.jpg 768w, https:\/\/effective-art.com\/wp-content\/uploads\/2023\/06\/sabine-reyer-kunstverein-heide-5-2048x1810.jpg 2048w, https:\/\/effective-art.com\/wp-content\/uploads\/2023\/06\/sabine-reyer-kunstverein-heide-5-540x477.jpg 540w, https:\/\/effective-art.com\/wp-content\/uploads\/2023\/06\/sabine-reyer-kunstverein-heide-5-1080x955.jpg 1080w, https:\/\/effective-art.com\/wp-content\/uploads\/2023\/06\/sabine-reyer-kunstverein-heide-5-1980x1750.jpg 1980w\" sizes=\"(max-width: 1536px) 100vw, 1536px\" style=\"width:100%;height:88.39%;max-width:2447px;\" \/><\/a>\n\t\t\t<\/div><\/figure>\n\t\t<\/div>\n\t\t<\/div>\n\t\t\t\t\t\t<\/div>\n\t\t\t\t<\/div>\n\t\t\t\t\t<\/div>\n\t\t<\/div>\n\t\t\t\t\t<\/div>\n\t\t<\/section>\n\t\t\t\t<section class=\"elementor-section elementor-top-section elementor-element elementor-element-93c240c elementor-section-boxed elementor-section-height-default elementor-section-height-default\" data-id=\"93c240c\" data-element_type=\"section\" data-e-type=\"section\">\n\t\t\t\t\t\t<div class=\"elementor-container elementor-column-gap-default\">\n\t\t\t\t\t<div class=\"elementor-column elementor-col-50 elementor-top-column elementor-element elementor-element-43621f1\" data-id=\"43621f1\" data-element_type=\"column\" data-e-type=\"column\">\n\t\t\t<div class=\"elementor-widget-wrap elementor-element-populated\">\n\t\t\t\t\t\t<div class=\"elementor-element elementor-element-0644650 elementor-widget-divider--view-line elementor-widget elementor-widget-divider\" data-id=\"0644650\" data-element_type=\"widget\" data-e-type=\"widget\" data-widget_type=\"divider.default\">\n\t\t\t\t<div class=\"elementor-widget-container\">\n\t\t\t\t\t\t\t<div class=\"elementor-divider\">\n\t\t\t<span class=\"elementor-divider-separator\">\n\t\t\t\t\t\t<\/span>\n\t\t<\/div>\n\t\t\t\t\t\t<\/div>\n\t\t\t\t<\/div>\n\t\t\t\t<div class=\"elementor-element elementor-element-e9630c9 elementor-widget elementor-widget-text-editor\" data-id=\"e9630c9\" data-element_type=\"widget\" data-e-type=\"widget\" data-widget_type=\"text-editor.default\">\n\t\t\t\t<div class=\"elementor-widget-container\">\n\t\t\t\t\t\t\t\t\t<p>Unter dem Sp\u00fclsaum<\/p><p>Dithmarscher Landeszeitung vom 12. Juli 2019<br \/>&#8222;Die Gedanken sind frei&#8220;<\/p>\t\t\t\t\t\t\t\t<\/div>\n\t\t\t\t<\/div>\n\t\t\t\t\t<\/div>\n\t\t<\/div>\n\t\t\t\t<div class=\"elementor-column elementor-col-50 elementor-top-column elementor-element elementor-element-35caf71\" data-id=\"35caf71\" data-element_type=\"column\" data-e-type=\"column\">\n\t\t\t<div class=\"elementor-widget-wrap elementor-element-populated\">\n\t\t\t\t\t\t<div class=\"elementor-element elementor-element-e16781c elementor-widget-divider--view-line elementor-widget elementor-widget-divider\" data-id=\"e16781c\" data-element_type=\"widget\" data-e-type=\"widget\" data-widget_type=\"divider.default\">\n\t\t\t\t<div class=\"elementor-widget-container\">\n\t\t\t\t\t\t\t<div class=\"elementor-divider\">\n\t\t\t<span class=\"elementor-divider-separator\">\n\t\t\t\t\t\t<\/span>\n\t\t<\/div>\n\t\t\t\t\t\t<\/div>\n\t\t\t\t<\/div>\n\t\t\t\t<div class=\"elementor-element elementor-element-a913723 gallery-spacing-custom elementor-widget elementor-widget-image-gallery\" data-id=\"a913723\" data-element_type=\"widget\" data-e-type=\"widget\" data-widget_type=\"image-gallery.default\">\n\t\t\t\t<div class=\"elementor-widget-container\">\n\t\t\t\t\t\t\t<div class=\"elementor-image-gallery\">\n\t\t\t<div id='gallery-37' class='gallery galleryid-12 gallery-columns-1 gallery-size-2048x2048'><figure class='gallery-item'>\n\t\t\t<div class='gallery-icon portrait'>\n\t\t\t\t<a data-elementor-open-lightbox=\"yes\" data-elementor-lightbox-slideshow=\"a913723\" data-e-action-hash=\"#elementor-action%3Aaction%3Dlightbox%26settings%3DeyJpZCI6MjMzLCJ1cmwiOiJodHRwczpcL1wvZWZmZWN0aXZlLWFydC5jb21cL3dwLWNvbnRlbnRcL3VwbG9hZHNcLzIwMjNcLzA2XC9zYWJpbmUtcmV5ZXIta3Vuc3R2ZXJlaW4taGVpZGUtNC1zY2FsZWQuanBnIiwic2xpZGVzaG93IjoiYTkxMzcyMyJ9\" href='https:\/\/effective-art.com\/wp-content\/uploads\/2023\/06\/sabine-reyer-kunstverein-heide-4-scaled.jpg'><img loading=\"lazy\" decoding=\"async\" width=\"1968\" height=\"2048\" src=\"https:\/\/effective-art.com\/wp-content\/uploads\/2023\/06\/sabine-reyer-kunstverein-heide-4-1968x2048.jpg\" class=\"attachment-2048x2048 size-2048x2048\" alt=\"\" srcset=\"https:\/\/effective-art.com\/wp-content\/uploads\/2023\/06\/sabine-reyer-kunstverein-heide-4-1968x2048.jpg 1968w, https:\/\/effective-art.com\/wp-content\/uploads\/2023\/06\/sabine-reyer-kunstverein-heide-4-288x300.jpg 288w, https:\/\/effective-art.com\/wp-content\/uploads\/2023\/06\/sabine-reyer-kunstverein-heide-4-984x1024.jpg 984w, https:\/\/effective-art.com\/wp-content\/uploads\/2023\/06\/sabine-reyer-kunstverein-heide-4-768x799.jpg 768w, https:\/\/effective-art.com\/wp-content\/uploads\/2023\/06\/sabine-reyer-kunstverein-heide-4-1476x1536.jpg 1476w, https:\/\/effective-art.com\/wp-content\/uploads\/2023\/06\/sabine-reyer-kunstverein-heide-4-540x562.jpg 540w, https:\/\/effective-art.com\/wp-content\/uploads\/2023\/06\/sabine-reyer-kunstverein-heide-4-1080x1124.jpg 1080w, https:\/\/effective-art.com\/wp-content\/uploads\/2023\/06\/sabine-reyer-kunstverein-heide-4-1980x2060.jpg 1980w\" sizes=\"(max-width: 1968px) 100vw, 1968px\" style=\"width:100%;height:104.07%;max-width:2460px;\" \/><\/a>\n\t\t\t<\/div><\/figure>\n\t\t<\/div>\n\t\t<\/div>\n\t\t\t\t\t\t<\/div>\n\t\t\t\t<\/div>\n\t\t\t\t\t<\/div>\n\t\t<\/div>\n\t\t\t\t\t<\/div>\n\t\t<\/section>\n\t\t\t\t<section class=\"elementor-section elementor-top-section elementor-element elementor-element-e1aa928 elementor-section-boxed elementor-section-height-default elementor-section-height-default\" data-id=\"e1aa928\" data-element_type=\"section\" data-e-type=\"section\">\n\t\t\t\t\t\t<div class=\"elementor-container elementor-column-gap-default\">\n\t\t\t\t\t<div class=\"elementor-column elementor-col-50 elementor-top-column elementor-element elementor-element-8b0847d\" data-id=\"8b0847d\" data-element_type=\"column\" data-e-type=\"column\">\n\t\t\t<div class=\"elementor-widget-wrap elementor-element-populated\">\n\t\t\t\t\t\t<div class=\"elementor-element elementor-element-bfdcc1d elementor-widget-divider--view-line elementor-widget elementor-widget-divider\" data-id=\"bfdcc1d\" data-element_type=\"widget\" data-e-type=\"widget\" data-widget_type=\"divider.default\">\n\t\t\t\t<div class=\"elementor-widget-container\">\n\t\t\t\t\t\t\t<div class=\"elementor-divider\">\n\t\t\t<span class=\"elementor-divider-separator\">\n\t\t\t\t\t\t<\/span>\n\t\t<\/div>\n\t\t\t\t\t\t<\/div>\n\t\t\t\t<\/div>\n\t\t\t\t<div class=\"elementor-element elementor-element-fd2122b elementor-widget elementor-widget-text-editor\" data-id=\"fd2122b\" data-element_type=\"widget\" data-e-type=\"widget\" data-widget_type=\"text-editor.default\">\n\t\t\t\t<div class=\"elementor-widget-container\">\n\t\t\t\t\t\t\t\t\t<p>Unter dem Sp\u00fclsaum<\/p><p>14. Juli bis 4. August 2019<br \/>Kunstverein Heide e.V., Museumsinsel L\u00fcttenheid 40, Heide<\/p><p>Sabine Reyer und Hadi Kn\u00fctel<\/p>\t\t\t\t\t\t\t\t<\/div>\n\t\t\t\t<\/div>\n\t\t\t\t\t<\/div>\n\t\t<\/div>\n\t\t\t\t<div class=\"elementor-column elementor-col-50 elementor-top-column elementor-element elementor-element-1ee3a02\" data-id=\"1ee3a02\" data-element_type=\"column\" data-e-type=\"column\">\n\t\t\t<div class=\"elementor-widget-wrap elementor-element-populated\">\n\t\t\t\t\t\t<div class=\"elementor-element elementor-element-3919481 elementor-widget-divider--view-line elementor-widget elementor-widget-divider\" data-id=\"3919481\" data-element_type=\"widget\" data-e-type=\"widget\" data-widget_type=\"divider.default\">\n\t\t\t\t<div class=\"elementor-widget-container\">\n\t\t\t\t\t\t\t<div class=\"elementor-divider\">\n\t\t\t<span class=\"elementor-divider-separator\">\n\t\t\t\t\t\t<\/span>\n\t\t<\/div>\n\t\t\t\t\t\t<\/div>\n\t\t\t\t<\/div>\n\t\t\t\t<div class=\"elementor-element elementor-element-dfc6cf5 gallery-spacing-custom elementor-widget elementor-widget-image-gallery\" data-id=\"dfc6cf5\" data-element_type=\"widget\" data-e-type=\"widget\" data-widget_type=\"image-gallery.default\">\n\t\t\t\t<div class=\"elementor-widget-container\">\n\t\t\t\t\t\t\t<div class=\"elementor-image-gallery\">\n\t\t\t<div id='gallery-38' class='gallery galleryid-12 gallery-columns-1 gallery-size-1536x1536'><figure class='gallery-item'>\n\t\t\t<div class='gallery-icon portrait'>\n\t\t\t\t<a data-elementor-open-lightbox=\"yes\" data-elementor-lightbox-slideshow=\"dfc6cf5\" data-elementor-lightbox-title=\"Einladungskarte zur Ausstellung Unter dem Sp\u00fclsaum im Kunstverein Heide mit zwei Fotos von Arbeiten der K\u00fcnstlerin Sabine Reyer , eine Axt mit Stofftieren und des K\u00fcnstlers Hadi Kn\u00fctel, ein Bild mit Fischen\" data-e-action-hash=\"#elementor-action%3Aaction%3Dlightbox%26settings%3DeyJpZCI6MjQxLCJ1cmwiOiJodHRwczpcL1wvZWZmZWN0aXZlLWFydC5jb21cL3dwLWNvbnRlbnRcL3VwbG9hZHNcLzIwMjNcLzA2XC9zYWJpbmUtcmV5ZXIta3Vuc3R2ZXJlaW4taGVpZGUtMS5qcGciLCJzbGlkZXNob3ciOiJkZmM2Y2Y1In0%3D\" href='https:\/\/effective-art.com\/wp-content\/uploads\/2023\/06\/sabine-reyer-kunstverein-heide-1.jpg'><img loading=\"lazy\" decoding=\"async\" width=\"1087\" height=\"1536\" src=\"https:\/\/effective-art.com\/wp-content\/uploads\/2023\/06\/sabine-reyer-kunstverein-heide-1-1087x1536.jpg\" class=\"attachment-1536x1536 size-1536x1536\" alt=\"\" srcset=\"https:\/\/effective-art.com\/wp-content\/uploads\/2023\/06\/sabine-reyer-kunstverein-heide-1-1087x1536.jpg 1087w, https:\/\/effective-art.com\/wp-content\/uploads\/2023\/06\/sabine-reyer-kunstverein-heide-1-212x300.jpg 212w, https:\/\/effective-art.com\/wp-content\/uploads\/2023\/06\/sabine-reyer-kunstverein-heide-1-725x1024.jpg 725w, https:\/\/effective-art.com\/wp-content\/uploads\/2023\/06\/sabine-reyer-kunstverein-heide-1-768x1085.jpg 768w, https:\/\/effective-art.com\/wp-content\/uploads\/2023\/06\/sabine-reyer-kunstverein-heide-1-540x763.jpg 540w, https:\/\/effective-art.com\/wp-content\/uploads\/2023\/06\/sabine-reyer-kunstverein-heide-1-1080x1526.jpg 1080w, https:\/\/effective-art.com\/wp-content\/uploads\/2023\/06\/sabine-reyer-kunstverein-heide-1.jpg 1416w\" sizes=\"(max-width: 1087px) 100vw, 1087px\" style=\"width:100%;height:141.31%;max-width:1416px;\" \/><\/a>\n\t\t\t<\/div><\/figure><figure class='gallery-item'>\n\t\t\t<div class='gallery-icon landscape'>\n\t\t\t\t<a data-elementor-open-lightbox=\"yes\" data-elementor-lightbox-slideshow=\"dfc6cf5\" data-elementor-lightbox-title=\"Einladungskarte zur Ausstellung Unter dem Sp\u00fclsaum im Kunstverein Heide mit Text\" data-e-action-hash=\"#elementor-action%3Aaction%3Dlightbox%26settings%3DeyJpZCI6MjQyLCJ1cmwiOiJodHRwczpcL1wvZWZmZWN0aXZlLWFydC5jb21cL3dwLWNvbnRlbnRcL3VwbG9hZHNcLzIwMjNcLzA2XC9zYWJpbmUtcmV5ZXIta3Vuc3R2ZXJlaW4taGVpZGUtMi5qcGciLCJzbGlkZXNob3ciOiJkZmM2Y2Y1In0%3D\" href='https:\/\/effective-art.com\/wp-content\/uploads\/2023\/06\/sabine-reyer-kunstverein-heide-2.jpg'><img loading=\"lazy\" decoding=\"async\" width=\"1536\" height=\"1096\" src=\"https:\/\/effective-art.com\/wp-content\/uploads\/2023\/06\/sabine-reyer-kunstverein-heide-2-1536x1096.jpg\" class=\"attachment-1536x1536 size-1536x1536\" alt=\"\" srcset=\"https:\/\/effective-art.com\/wp-content\/uploads\/2023\/06\/sabine-reyer-kunstverein-heide-2-1536x1096.jpg 1536w, https:\/\/effective-art.com\/wp-content\/uploads\/2023\/06\/sabine-reyer-kunstverein-heide-2-300x214.jpg 300w, https:\/\/effective-art.com\/wp-content\/uploads\/2023\/06\/sabine-reyer-kunstverein-heide-2-1024x730.jpg 1024w, https:\/\/effective-art.com\/wp-content\/uploads\/2023\/06\/sabine-reyer-kunstverein-heide-2-768x548.jpg 768w, https:\/\/effective-art.com\/wp-content\/uploads\/2023\/06\/sabine-reyer-kunstverein-heide-2-540x385.jpg 540w, https:\/\/effective-art.com\/wp-content\/uploads\/2023\/06\/sabine-reyer-kunstverein-heide-2-1080x770.jpg 1080w, https:\/\/effective-art.com\/wp-content\/uploads\/2023\/06\/sabine-reyer-kunstverein-heide-2.jpg 1772w\" sizes=\"(max-width: 1536px) 100vw, 1536px\" style=\"width:100%;height:71.33%;max-width:1772px;\" \/><\/a>\n\t\t\t<\/div><\/figure><figure class='gallery-item'>\n\t\t\t<div class='gallery-icon landscape'>\n\t\t\t\t<a data-elementor-open-lightbox=\"yes\" data-elementor-lightbox-slideshow=\"dfc6cf5\" data-elementor-lightbox-title=\"Plakat zur Ausstellung Unter dem Sp\u00fclsaum im Kunstverein Heide mit zwei Fotos von Arbeiten der K\u00fcnstlerin Sabine Reyer , eine Axt und des K\u00fcnstlers Hadi Kn\u00fctel, ein Bild mit Fischen\" data-e-action-hash=\"#elementor-action%3Aaction%3Dlightbox%26settings%3DeyJpZCI6MjQzLCJ1cmwiOiJodHRwczpcL1wvZWZmZWN0aXZlLWFydC5jb21cL3dwLWNvbnRlbnRcL3VwbG9hZHNcLzIwMjNcLzA2XC9zYWJpbmUtcmV5ZXIta3Vuc3R2ZXJlaW4taGVpZGUtMy5qcGciLCJzbGlkZXNob3ciOiJkZmM2Y2Y1In0%3D\" href='https:\/\/effective-art.com\/wp-content\/uploads\/2023\/06\/sabine-reyer-kunstverein-heide-3.jpg'><img loading=\"lazy\" decoding=\"async\" width=\"1536\" height=\"1096\" src=\"https:\/\/effective-art.com\/wp-content\/uploads\/2023\/06\/sabine-reyer-kunstverein-heide-3-1536x1096.jpg\" class=\"attachment-1536x1536 size-1536x1536\" alt=\"\" srcset=\"https:\/\/effective-art.com\/wp-content\/uploads\/2023\/06\/sabine-reyer-kunstverein-heide-3-1536x1096.jpg 1536w, https:\/\/effective-art.com\/wp-content\/uploads\/2023\/06\/sabine-reyer-kunstverein-heide-3-300x214.jpg 300w, https:\/\/effective-art.com\/wp-content\/uploads\/2023\/06\/sabine-reyer-kunstverein-heide-3-1024x730.jpg 1024w, https:\/\/effective-art.com\/wp-content\/uploads\/2023\/06\/sabine-reyer-kunstverein-heide-3-768x548.jpg 768w, https:\/\/effective-art.com\/wp-content\/uploads\/2023\/06\/sabine-reyer-kunstverein-heide-3-540x385.jpg 540w, https:\/\/effective-art.com\/wp-content\/uploads\/2023\/06\/sabine-reyer-kunstverein-heide-3-1080x770.jpg 1080w, https:\/\/effective-art.com\/wp-content\/uploads\/2023\/06\/sabine-reyer-kunstverein-heide-3.jpg 1772w\" sizes=\"(max-width: 1536px) 100vw, 1536px\" style=\"width:100%;height:71.33%;max-width:1772px;\" \/><\/a>\n\t\t\t<\/div><\/figure>\n\t\t<\/div>\n\t\t<\/div>\n\t\t\t\t\t\t<\/div>\n\t\t\t\t<\/div>\n\t\t\t\t\t<\/div>\n\t\t<\/div>\n\t\t\t\t\t<\/div>\n\t\t<\/section>\n\t\t\t\t<section class=\"elementor-section elementor-top-section elementor-element elementor-element-6470f0f elementor-section-boxed elementor-section-height-default elementor-section-height-default\" data-id=\"6470f0f\" data-element_type=\"section\" data-e-type=\"section\">\n\t\t\t\t\t\t<div class=\"elementor-container elementor-column-gap-default\">\n\t\t\t\t\t<div class=\"elementor-column elementor-col-50 elementor-top-column elementor-element elementor-element-d022801\" data-id=\"d022801\" data-element_type=\"column\" data-e-type=\"column\">\n\t\t\t<div class=\"elementor-widget-wrap elementor-element-populated\">\n\t\t\t\t\t\t<div class=\"elementor-element elementor-element-dfb4014 elementor-widget-divider--view-line elementor-widget elementor-widget-divider\" data-id=\"dfb4014\" data-element_type=\"widget\" data-e-type=\"widget\" data-widget_type=\"divider.default\">\n\t\t\t\t<div class=\"elementor-widget-container\">\n\t\t\t\t\t\t\t<div class=\"elementor-divider\">\n\t\t\t<span class=\"elementor-divider-separator\">\n\t\t\t\t\t\t<\/span>\n\t\t<\/div>\n\t\t\t\t\t\t<\/div>\n\t\t\t\t<\/div>\n\t\t\t\t<div class=\"elementor-element elementor-element-f94894a elementor-widget elementor-widget-text-editor\" data-id=\"f94894a\" data-element_type=\"widget\" data-e-type=\"widget\" data-widget_type=\"text-editor.default\">\n\t\t\t\t<div class=\"elementor-widget-container\">\n\t\t\t\t\t\t\t\t\t<p>!BILDUNG<br \/>Eine Ausstellung des BBK (Berufsverband Bildender K\u00fcnstlerinnen und K\u00fcnstler) Kassel<\/p><p>HNA vom 12. Oktober 2019<br \/>Bericht von Andreas Gebhardt<\/p>\t\t\t\t\t\t\t\t<\/div>\n\t\t\t\t<\/div>\n\t\t\t\t\t<\/div>\n\t\t<\/div>\n\t\t\t\t<div class=\"elementor-column elementor-col-50 elementor-top-column elementor-element elementor-element-f9e6a65\" data-id=\"f9e6a65\" data-element_type=\"column\" data-e-type=\"column\">\n\t\t\t<div class=\"elementor-widget-wrap elementor-element-populated\">\n\t\t\t\t\t\t<div class=\"elementor-element elementor-element-852b1eb elementor-widget-divider--view-line elementor-widget elementor-widget-divider\" data-id=\"852b1eb\" data-element_type=\"widget\" data-e-type=\"widget\" data-widget_type=\"divider.default\">\n\t\t\t\t<div class=\"elementor-widget-container\">\n\t\t\t\t\t\t\t<div class=\"elementor-divider\">\n\t\t\t<span class=\"elementor-divider-separator\">\n\t\t\t\t\t\t<\/span>\n\t\t<\/div>\n\t\t\t\t\t\t<\/div>\n\t\t\t\t<\/div>\n\t\t\t\t<div class=\"elementor-element elementor-element-58c6633 gallery-spacing-custom elementor-widget elementor-widget-image-gallery\" data-id=\"58c6633\" data-element_type=\"widget\" data-e-type=\"widget\" data-widget_type=\"image-gallery.default\">\n\t\t\t\t<div class=\"elementor-widget-container\">\n\t\t\t\t\t\t\t<div class=\"elementor-image-gallery\">\n\t\t\t<div id='gallery-39' class='gallery galleryid-12 gallery-columns-1 gallery-size-1536x1536'><figure class='gallery-item'>\n\t\t\t<div class='gallery-icon landscape'>\n\t\t\t\t<a data-elementor-open-lightbox=\"yes\" data-elementor-lightbox-slideshow=\"58c6633\" data-e-action-hash=\"#elementor-action%3Aaction%3Dlightbox%26settings%3DeyJpZCI6MjczLCJ1cmwiOiJodHRwczpcL1wvZWZmZWN0aXZlLWFydC5jb21cL3dwLWNvbnRlbnRcL3VwbG9hZHNcLzIwMjNcLzA2XC8yMDE5LTEwLTEyLUhOQS5qcGciLCJzbGlkZXNob3ciOiI1OGM2NjMzIn0%3D\" href='https:\/\/effective-art.com\/wp-content\/uploads\/2023\/06\/2019-10-12-HNA.jpg'><img loading=\"lazy\" decoding=\"async\" width=\"1536\" height=\"1467\" src=\"https:\/\/effective-art.com\/wp-content\/uploads\/2023\/06\/2019-10-12-HNA-1536x1467.jpg\" class=\"attachment-1536x1536 size-1536x1536\" alt=\"\" srcset=\"https:\/\/effective-art.com\/wp-content\/uploads\/2023\/06\/2019-10-12-HNA-1536x1467.jpg 1536w, https:\/\/effective-art.com\/wp-content\/uploads\/2023\/06\/2019-10-12-HNA-300x287.jpg 300w, https:\/\/effective-art.com\/wp-content\/uploads\/2023\/06\/2019-10-12-HNA-1024x978.jpg 1024w, https:\/\/effective-art.com\/wp-content\/uploads\/2023\/06\/2019-10-12-HNA-768x734.jpg 768w, https:\/\/effective-art.com\/wp-content\/uploads\/2023\/06\/2019-10-12-HNA-540x516.jpg 540w, https:\/\/effective-art.com\/wp-content\/uploads\/2023\/06\/2019-10-12-HNA-1080x1032.jpg 1080w, https:\/\/effective-art.com\/wp-content\/uploads\/2023\/06\/2019-10-12-HNA.jpg 1771w\" sizes=\"(max-width: 1536px) 100vw, 1536px\" style=\"width:100%;height:95.54%;max-width:1771px;\" \/><\/a>\n\t\t\t<\/div><\/figure>\n\t\t<\/div>\n\t\t<\/div>\n\t\t\t\t\t\t<\/div>\n\t\t\t\t<\/div>\n\t\t\t\t\t<\/div>\n\t\t<\/div>\n\t\t\t\t\t<\/div>\n\t\t<\/section>\n\t\t\t\t<section class=\"elementor-section elementor-top-section elementor-element elementor-element-3ec3364 elementor-section-boxed elementor-section-height-default elementor-section-height-default\" data-id=\"3ec3364\" data-element_type=\"section\" data-e-type=\"section\">\n\t\t\t\t\t\t<div class=\"elementor-container elementor-column-gap-default\">\n\t\t\t\t\t<div class=\"elementor-column elementor-col-50 elementor-top-column elementor-element elementor-element-bd0d21a\" data-id=\"bd0d21a\" data-element_type=\"column\" data-e-type=\"column\">\n\t\t\t<div class=\"elementor-widget-wrap elementor-element-populated\">\n\t\t\t\t\t\t<div class=\"elementor-element elementor-element-c378016 elementor-widget-divider--view-line elementor-widget elementor-widget-divider\" data-id=\"c378016\" data-element_type=\"widget\" data-e-type=\"widget\" data-widget_type=\"divider.default\">\n\t\t\t\t<div class=\"elementor-widget-container\">\n\t\t\t\t\t\t\t<div class=\"elementor-divider\">\n\t\t\t<span class=\"elementor-divider-separator\">\n\t\t\t\t\t\t<\/span>\n\t\t<\/div>\n\t\t\t\t\t\t<\/div>\n\t\t\t\t<\/div>\n\t\t\t\t<div class=\"elementor-element elementor-element-5ac7f2f elementor-widget elementor-widget-text-editor\" data-id=\"5ac7f2f\" data-element_type=\"widget\" data-e-type=\"widget\" data-widget_type=\"text-editor.default\">\n\t\t\t\t<div class=\"elementor-widget-container\">\n\t\t\t\t\t\t\t\t\t<p>!BILDUNG<br \/>Eine Ausstellung des BBK (Berufsverband Bildender K\u00fcnstlerinnen und K\u00fcnstler) Kassel<\/p><p>Er\u00f6ffnung: 21. September\u00a0 2019<br \/>Reinhardswaldschule Fuldatal<\/p>\t\t\t\t\t\t\t\t<\/div>\n\t\t\t\t<\/div>\n\t\t\t\t\t<\/div>\n\t\t<\/div>\n\t\t\t\t<div class=\"elementor-column elementor-col-50 elementor-top-column elementor-element elementor-element-362059e\" data-id=\"362059e\" data-element_type=\"column\" data-e-type=\"column\">\n\t\t\t<div class=\"elementor-widget-wrap elementor-element-populated\">\n\t\t\t\t\t\t<div class=\"elementor-element elementor-element-3d0a872 elementor-widget-divider--view-line elementor-widget elementor-widget-divider\" data-id=\"3d0a872\" data-element_type=\"widget\" data-e-type=\"widget\" data-widget_type=\"divider.default\">\n\t\t\t\t<div class=\"elementor-widget-container\">\n\t\t\t\t\t\t\t<div class=\"elementor-divider\">\n\t\t\t<span class=\"elementor-divider-separator\">\n\t\t\t\t\t\t<\/span>\n\t\t<\/div>\n\t\t\t\t\t\t<\/div>\n\t\t\t\t<\/div>\n\t\t\t\t<div class=\"elementor-element elementor-element-9d44553 gallery-spacing-custom elementor-widget elementor-widget-image-gallery\" data-id=\"9d44553\" data-element_type=\"widget\" data-e-type=\"widget\" data-widget_type=\"image-gallery.default\">\n\t\t\t\t<div class=\"elementor-widget-container\">\n\t\t\t\t\t\t\t<div class=\"elementor-image-gallery\">\n\t\t\t<div id='gallery-40' class='gallery galleryid-12 gallery-columns-3 gallery-size-thumbnail'><figure class='gallery-item'>\n\t\t\t<div class='gallery-icon landscape'>\n\t\t\t\t<a data-elementor-open-lightbox=\"yes\" data-elementor-lightbox-slideshow=\"9d44553\" data-elementor-lightbox-title=\"Foto von der Ausstellungser\u00f6ffnung mit vielen Menschen die gekommen sind\" data-e-action-hash=\"#elementor-action%3Aaction%3Dlightbox%26settings%3DeyJpZCI6MjY3LCJ1cmwiOiJodHRwczpcL1wvZWZmZWN0aXZlLWFydC5jb21cL3dwLWNvbnRlbnRcL3VwbG9hZHNcLzIwMjNcLzA2XC9zYWJpbmUtcmV5ZXItdmVybmlzc2FnZS0xLmpwZyIsInNsaWRlc2hvdyI6IjlkNDQ1NTMifQ%3D%3D\" href='https:\/\/effective-art.com\/wp-content\/uploads\/2023\/06\/sabine-reyer-vernissage-1.jpg'><img loading=\"lazy\" decoding=\"async\" width=\"150\" height=\"150\" src=\"https:\/\/effective-art.com\/wp-content\/uploads\/2023\/06\/sabine-reyer-vernissage-1-150x150.jpg\" class=\"attachment-thumbnail size-thumbnail\" alt=\"\" style=\"width:100%;height:75%;max-width:1920px;\" \/><\/a>\n\t\t\t<\/div><\/figure><figure class='gallery-item'>\n\t\t\t<div class='gallery-icon landscape'>\n\t\t\t\t<a data-elementor-open-lightbox=\"yes\" data-elementor-lightbox-slideshow=\"9d44553\" data-elementor-lightbox-title=\"Foto von der Ausstellungser\u00f6ffnung mit vielen Menschen die gekommen sind\" data-e-action-hash=\"#elementor-action%3Aaction%3Dlightbox%26settings%3DeyJpZCI6MjY4LCJ1cmwiOiJodHRwczpcL1wvZWZmZWN0aXZlLWFydC5jb21cL3dwLWNvbnRlbnRcL3VwbG9hZHNcLzIwMjNcLzA2XC9zYWJpbmUtcmV5ZXItdmVybmlzc2FnZS0yLmpwZyIsInNsaWRlc2hvdyI6IjlkNDQ1NTMifQ%3D%3D\" href='https:\/\/effective-art.com\/wp-content\/uploads\/2023\/06\/sabine-reyer-vernissage-2.jpg'><img loading=\"lazy\" decoding=\"async\" width=\"150\" height=\"150\" src=\"https:\/\/effective-art.com\/wp-content\/uploads\/2023\/06\/sabine-reyer-vernissage-2-150x150.jpg\" class=\"attachment-thumbnail size-thumbnail\" alt=\"\" style=\"width:100%;height:75%;max-width:1920px;\" \/><\/a>\n\t\t\t<\/div><\/figure><figure class='gallery-item'>\n\t\t\t<div class='gallery-icon landscape'>\n\t\t\t\t<a data-elementor-open-lightbox=\"yes\" data-elementor-lightbox-slideshow=\"9d44553\" data-elementor-lightbox-title=\"Foto von der Ausstellungser\u00f6ffnung mit vielen Menschen die gekommen sind\" data-e-action-hash=\"#elementor-action%3Aaction%3Dlightbox%26settings%3DeyJpZCI6MjY5LCJ1cmwiOiJodHRwczpcL1wvZWZmZWN0aXZlLWFydC5jb21cL3dwLWNvbnRlbnRcL3VwbG9hZHNcLzIwMjNcLzA2XC9zYWJpbmUtcmV5ZXItdmVybmlzc2FnZS0zLmpwZyIsInNsaWRlc2hvdyI6IjlkNDQ1NTMifQ%3D%3D\" href='https:\/\/effective-art.com\/wp-content\/uploads\/2023\/06\/sabine-reyer-vernissage-3.jpg'><img loading=\"lazy\" decoding=\"async\" width=\"150\" height=\"150\" src=\"https:\/\/effective-art.com\/wp-content\/uploads\/2023\/06\/sabine-reyer-vernissage-3-150x150.jpg\" class=\"attachment-thumbnail size-thumbnail\" alt=\"\" style=\"width:100%;height:75%;max-width:1920px;\" \/><\/a>\n\t\t\t<\/div><\/figure><figure class='gallery-item'>\n\t\t\t<div class='gallery-icon landscape'>\n\t\t\t\t<a data-elementor-open-lightbox=\"yes\" data-elementor-lightbox-slideshow=\"9d44553\" data-elementor-lightbox-title=\"Foto von der Ausstellungser\u00f6ffnung mit vielen Menschen die gekommen sind\" data-e-action-hash=\"#elementor-action%3Aaction%3Dlightbox%26settings%3DeyJpZCI6MjcwLCJ1cmwiOiJodHRwczpcL1wvZWZmZWN0aXZlLWFydC5jb21cL3dwLWNvbnRlbnRcL3VwbG9hZHNcLzIwMjNcLzA2XC9zYWJpbmUtcmV5ZXItdmVybmlzc2FnZS00LmpwZyIsInNsaWRlc2hvdyI6IjlkNDQ1NTMifQ%3D%3D\" href='https:\/\/effective-art.com\/wp-content\/uploads\/2023\/06\/sabine-reyer-vernissage-4.jpg'><img loading=\"lazy\" decoding=\"async\" width=\"150\" height=\"150\" src=\"https:\/\/effective-art.com\/wp-content\/uploads\/2023\/06\/sabine-reyer-vernissage-4-150x150.jpg\" class=\"attachment-thumbnail size-thumbnail\" alt=\"\" style=\"width:100%;height:75%;max-width:1920px;\" \/><\/a>\n\t\t\t<\/div><\/figure><figure class='gallery-item'>\n\t\t\t<div class='gallery-icon landscape'>\n\t\t\t\t<a data-elementor-open-lightbox=\"yes\" data-elementor-lightbox-slideshow=\"9d44553\" data-elementor-lightbox-title=\"Foto von der Ausstellungser\u00f6ffnung mit vielen Menschen die gekommen sind\" data-e-action-hash=\"#elementor-action%3Aaction%3Dlightbox%26settings%3DeyJpZCI6MjcxLCJ1cmwiOiJodHRwczpcL1wvZWZmZWN0aXZlLWFydC5jb21cL3dwLWNvbnRlbnRcL3VwbG9hZHNcLzIwMjNcLzA2XC9zYWJpbmUtcmV5ZXItdmVybmlzc2FnZS01LmpwZyIsInNsaWRlc2hvdyI6IjlkNDQ1NTMifQ%3D%3D\" href='https:\/\/effective-art.com\/wp-content\/uploads\/2023\/06\/sabine-reyer-vernissage-5.jpg'><img loading=\"lazy\" decoding=\"async\" width=\"150\" height=\"150\" src=\"https:\/\/effective-art.com\/wp-content\/uploads\/2023\/06\/sabine-reyer-vernissage-5-150x150.jpg\" class=\"attachment-thumbnail size-thumbnail\" alt=\"\" style=\"width:100%;height:75%;max-width:1920px;\" \/><\/a>\n\t\t\t<\/div><\/figure><figure class='gallery-item'>\n\t\t\t<div class='gallery-icon landscape'>\n\t\t\t\t<a data-elementor-open-lightbox=\"yes\" data-elementor-lightbox-slideshow=\"9d44553\" data-elementor-lightbox-title=\"Foto von der Ausstellungser\u00f6ffnung mit vielen Menschen die gekommen sind\" data-e-action-hash=\"#elementor-action%3Aaction%3Dlightbox%26settings%3DeyJpZCI6MjcyLCJ1cmwiOiJodHRwczpcL1wvZWZmZWN0aXZlLWFydC5jb21cL3dwLWNvbnRlbnRcL3VwbG9hZHNcLzIwMjNcLzA2XC9zYWJpbmUtcmV5ZXItdmVybmlzc2FnZS02LmpwZyIsInNsaWRlc2hvdyI6IjlkNDQ1NTMifQ%3D%3D\" href='https:\/\/effective-art.com\/wp-content\/uploads\/2023\/06\/sabine-reyer-vernissage-6.jpg'><img loading=\"lazy\" decoding=\"async\" width=\"150\" height=\"150\" src=\"https:\/\/effective-art.com\/wp-content\/uploads\/2023\/06\/sabine-reyer-vernissage-6-150x150.jpg\" class=\"attachment-thumbnail size-thumbnail\" alt=\"\" style=\"width:100%;height:75%;max-width:1920px;\" \/><\/a>\n\t\t\t<\/div><\/figure>\n\t\t<\/div>\n\t\t<\/div>\n\t\t\t\t\t\t<\/div>\n\t\t\t\t<\/div>\n\t\t\t\t\t<\/div>\n\t\t<\/div>\n\t\t\t\t\t<\/div>\n\t\t<\/section>\n\t\t\t\t<section class=\"elementor-section elementor-top-section elementor-element elementor-element-64e1028 elementor-section-boxed elementor-section-height-default elementor-section-height-default\" data-id=\"64e1028\" data-element_type=\"section\" data-e-type=\"section\">\n\t\t\t\t\t\t<div class=\"elementor-container elementor-column-gap-default\">\n\t\t\t\t\t<div class=\"elementor-column elementor-col-50 elementor-top-column elementor-element elementor-element-ffa10b1\" data-id=\"ffa10b1\" data-element_type=\"column\" data-e-type=\"column\">\n\t\t\t<div class=\"elementor-widget-wrap elementor-element-populated\">\n\t\t\t\t\t\t<div class=\"elementor-element elementor-element-bbb490e elementor-widget-divider--view-line elementor-widget elementor-widget-divider\" data-id=\"bbb490e\" data-element_type=\"widget\" data-e-type=\"widget\" data-widget_type=\"divider.default\">\n\t\t\t\t<div class=\"elementor-widget-container\">\n\t\t\t\t\t\t\t<div class=\"elementor-divider\">\n\t\t\t<span class=\"elementor-divider-separator\">\n\t\t\t\t\t\t<\/span>\n\t\t<\/div>\n\t\t\t\t\t\t<\/div>\n\t\t\t\t<\/div>\n\t\t\t\t<div class=\"elementor-element elementor-element-036d17c elementor-widget elementor-widget-text-editor\" data-id=\"036d17c\" data-element_type=\"widget\" data-e-type=\"widget\" data-widget_type=\"text-editor.default\">\n\t\t\t\t<div class=\"elementor-widget-container\">\n\t\t\t\t\t\t\t\t\t<p>!BILDUNG<br \/>Eine Ausstellung des BBK (Berufsverband Bildender K\u00fcnstlerinnen und K\u00fcnstler) Kassel<\/p><p>21. September bis 3 November 2019<br \/>Reinhardswaldschule Fuldatal<\/p><p>Claudia Arndt, Ilka Christof, K.F. G\u00fcnther, Hildegard Jaekel, <br \/>EJ Kuhnert, Ruth Lahrmann, Hella Meyer-Alber, <br \/>Jean Boskja Missler, Sabine Reyer<\/p>\t\t\t\t\t\t\t\t<\/div>\n\t\t\t\t<\/div>\n\t\t\t\t\t<\/div>\n\t\t<\/div>\n\t\t\t\t<div class=\"elementor-column elementor-col-50 elementor-top-column elementor-element elementor-element-a4c93d1\" data-id=\"a4c93d1\" data-element_type=\"column\" data-e-type=\"column\">\n\t\t\t<div class=\"elementor-widget-wrap elementor-element-populated\">\n\t\t\t\t\t\t<div class=\"elementor-element elementor-element-ec64a19 elementor-widget-divider--view-line elementor-widget elementor-widget-divider\" data-id=\"ec64a19\" data-element_type=\"widget\" data-e-type=\"widget\" data-widget_type=\"divider.default\">\n\t\t\t\t<div class=\"elementor-widget-container\">\n\t\t\t\t\t\t\t<div class=\"elementor-divider\">\n\t\t\t<span class=\"elementor-divider-separator\">\n\t\t\t\t\t\t<\/span>\n\t\t<\/div>\n\t\t\t\t\t\t<\/div>\n\t\t\t\t<\/div>\n\t\t\t\t<div class=\"elementor-element elementor-element-ff2c8d3 gallery-spacing-custom elementor-widget elementor-widget-image-gallery\" data-id=\"ff2c8d3\" data-element_type=\"widget\" data-e-type=\"widget\" data-widget_type=\"image-gallery.default\">\n\t\t\t\t<div class=\"elementor-widget-container\">\n\t\t\t\t\t\t\t<div class=\"elementor-image-gallery\">\n\t\t\t<div id='gallery-41' class='gallery galleryid-12 gallery-columns-2 gallery-size-1536x1536'><figure class='gallery-item'>\n\t\t\t<div class='gallery-icon portrait'>\n\t\t\t\t<a data-elementor-open-lightbox=\"yes\" data-elementor-lightbox-slideshow=\"ff2c8d3\" data-e-action-hash=\"#elementor-action%3Aaction%3Dlightbox%26settings%3DeyJpZCI6MjUxLCJ1cmwiOiJodHRwczpcL1wvZWZmZWN0aXZlLWFydC5jb21cL3dwLWNvbnRlbnRcL3VwbG9hZHNcLzIwMjNcLzA2XC9zYWJpbmUtcmV5ZXItYXVzc3RlbGx1bmctMS5qcGciLCJzbGlkZXNob3ciOiJmZjJjOGQzIn0%3D\" href='https:\/\/effective-art.com\/wp-content\/uploads\/2023\/06\/sabine-reyer-ausstellung-1.jpg'><img loading=\"lazy\" decoding=\"async\" width=\"1048\" height=\"1496\" src=\"https:\/\/effective-art.com\/wp-content\/uploads\/2023\/06\/sabine-reyer-ausstellung-1.jpg\" class=\"attachment-1536x1536 size-1536x1536\" alt=\"\" srcset=\"https:\/\/effective-art.com\/wp-content\/uploads\/2023\/06\/sabine-reyer-ausstellung-1.jpg 1048w, https:\/\/effective-art.com\/wp-content\/uploads\/2023\/06\/sabine-reyer-ausstellung-1-210x300.jpg 210w, https:\/\/effective-art.com\/wp-content\/uploads\/2023\/06\/sabine-reyer-ausstellung-1-717x1024.jpg 717w, https:\/\/effective-art.com\/wp-content\/uploads\/2023\/06\/sabine-reyer-ausstellung-1-768x1096.jpg 768w, https:\/\/effective-art.com\/wp-content\/uploads\/2023\/06\/sabine-reyer-ausstellung-1-540x771.jpg 540w\" sizes=\"(max-width: 1048px) 100vw, 1048px\" style=\"width:100%;height:142.75%;max-width:1048px;\" \/><\/a>\n\t\t\t<\/div><\/figure><figure class='gallery-item'>\n\t\t\t<div class='gallery-icon portrait'>\n\t\t\t\t<a data-elementor-open-lightbox=\"yes\" data-elementor-lightbox-slideshow=\"ff2c8d3\" data-e-action-hash=\"#elementor-action%3Aaction%3Dlightbox%26settings%3DeyJpZCI6MjUyLCJ1cmwiOiJodHRwczpcL1wvZWZmZWN0aXZlLWFydC5jb21cL3dwLWNvbnRlbnRcL3VwbG9hZHNcLzIwMjNcLzA2XC9zYWJpbmUtcmV5ZXItYXVzc3RlbGx1bmctMi5qcGciLCJzbGlkZXNob3ciOiJmZjJjOGQzIn0%3D\" data-elementor-lightbox-title=\"Einladungskarte zur Ausstellung Bildung mit der K\u00fcnstlerin Sabine Reyer ohne Foto\" href='https:\/\/effective-art.com\/wp-content\/uploads\/2023\/06\/sabine-reyer-ausstellung-2.jpg'><img loading=\"lazy\" decoding=\"async\" width=\"1393\" height=\"1496\" src=\"https:\/\/effective-art.com\/wp-content\/uploads\/2023\/06\/sabine-reyer-ausstellung-2.jpg\" class=\"attachment-1536x1536 size-1536x1536\" alt=\"\" srcset=\"https:\/\/effective-art.com\/wp-content\/uploads\/2023\/06\/sabine-reyer-ausstellung-2.jpg 1393w, https:\/\/effective-art.com\/wp-content\/uploads\/2023\/06\/sabine-reyer-ausstellung-2-279x300.jpg 279w, https:\/\/effective-art.com\/wp-content\/uploads\/2023\/06\/sabine-reyer-ausstellung-2-953x1024.jpg 953w, https:\/\/effective-art.com\/wp-content\/uploads\/2023\/06\/sabine-reyer-ausstellung-2-768x825.jpg 768w, https:\/\/effective-art.com\/wp-content\/uploads\/2023\/06\/sabine-reyer-ausstellung-2-540x580.jpg 540w, https:\/\/effective-art.com\/wp-content\/uploads\/2023\/06\/sabine-reyer-ausstellung-2-1080x1160.jpg 1080w\" sizes=\"(max-width: 1393px) 100vw, 1393px\" style=\"width:100%;height:107.39%;max-width:1393px;\" \/><\/a>\n\t\t\t<\/div><\/figure>\n\t\t<\/div>\n\t\t<\/div>\n\t\t\t\t\t\t<\/div>\n\t\t\t\t<\/div>\n\t\t\t\t\t<\/div>\n\t\t<\/div>\n\t\t\t\t\t<\/div>\n\t\t<\/section>\n\t\t\t\t<section class=\"elementor-section elementor-top-section elementor-element elementor-element-d4e137b elementor-section-boxed elementor-section-height-default elementor-section-height-default\" data-id=\"d4e137b\" data-element_type=\"section\" data-e-type=\"section\">\n\t\t\t\t\t\t<div class=\"elementor-container elementor-column-gap-default\">\n\t\t\t\t\t<div class=\"elementor-column elementor-col-50 elementor-top-column elementor-element elementor-element-b425f8a\" data-id=\"b425f8a\" data-element_type=\"column\" data-e-type=\"column\">\n\t\t\t<div class=\"elementor-widget-wrap elementor-element-populated\">\n\t\t\t\t\t\t<div class=\"elementor-element elementor-element-dad47be elementor-widget-divider--view-line elementor-widget elementor-widget-divider\" data-id=\"dad47be\" data-element_type=\"widget\" data-e-type=\"widget\" data-widget_type=\"divider.default\">\n\t\t\t\t<div class=\"elementor-widget-container\">\n\t\t\t\t\t\t\t<div class=\"elementor-divider\">\n\t\t\t<span class=\"elementor-divider-separator\">\n\t\t\t\t\t\t<\/span>\n\t\t<\/div>\n\t\t\t\t\t\t<\/div>\n\t\t\t\t<\/div>\n\t\t\t\t<div class=\"elementor-element elementor-element-6387059 elementor-widget elementor-widget-text-editor\" data-id=\"6387059\" data-element_type=\"widget\" data-e-type=\"widget\" data-widget_type=\"text-editor.default\">\n\t\t\t\t<div class=\"elementor-widget-container\">\n\t\t\t\t\t\t\t\t\t<p>!BILDUNG<br \/>Eine Ausstellung des BBK (Berufsverband Bildender K\u00fcnstlerinnen und K\u00fcnstler) Kassel<\/p><p>21. September bis 3 November 2019<br \/>Reinhardswaldschule Fuldatal<\/p><p>Aufbau der Ausstellung<\/p>\t\t\t\t\t\t\t\t<\/div>\n\t\t\t\t<\/div>\n\t\t\t\t\t<\/div>\n\t\t<\/div>\n\t\t\t\t<div class=\"elementor-column elementor-col-50 elementor-top-column elementor-element elementor-element-4a0e09b\" data-id=\"4a0e09b\" data-element_type=\"column\" data-e-type=\"column\">\n\t\t\t<div class=\"elementor-widget-wrap elementor-element-populated\">\n\t\t\t\t\t\t<div class=\"elementor-element elementor-element-db39303 elementor-widget-divider--view-line elementor-widget elementor-widget-divider\" data-id=\"db39303\" data-element_type=\"widget\" data-e-type=\"widget\" data-widget_type=\"divider.default\">\n\t\t\t\t<div class=\"elementor-widget-container\">\n\t\t\t\t\t\t\t<div class=\"elementor-divider\">\n\t\t\t<span class=\"elementor-divider-separator\">\n\t\t\t\t\t\t<\/span>\n\t\t<\/div>\n\t\t\t\t\t\t<\/div>\n\t\t\t\t<\/div>\n\t\t\t\t<div class=\"elementor-element elementor-element-4d5e5f5 gallery-spacing-custom elementor-widget elementor-widget-image-gallery\" data-id=\"4d5e5f5\" data-element_type=\"widget\" data-e-type=\"widget\" data-widget_type=\"image-gallery.default\">\n\t\t\t\t<div class=\"elementor-widget-container\">\n\t\t\t\t\t\t\t<div class=\"elementor-image-gallery\">\n\t\t\t<div id='gallery-42' class='gallery galleryid-12 gallery-columns-2 gallery-size-medium'><figure class='gallery-item'>\n\t\t\t<div class='gallery-icon landscape'>\n\t\t\t\t<a data-elementor-open-lightbox=\"yes\" data-elementor-lightbox-slideshow=\"4d5e5f5\" data-elementor-lightbox-title=\"Das Foto zeigt die  K\u00fcnstlerin Sabine Reyer beim Aufbau ihrer Installation mit dem Titel Einklang und Eigenart bestehend aus  10 Betonquadern mit beweglichen Stelen die in einer mit roten Stoff umh\u00fcllten Kugel enden.\" data-e-action-hash=\"#elementor-action%3Aaction%3Dlightbox%26settings%3DeyJpZCI6MjU4LCJ1cmwiOiJodHRwczpcL1wvZWZmZWN0aXZlLWFydC5jb21cL3dwLWNvbnRlbnRcL3VwbG9hZHNcLzIwMjNcLzA2XC9zYWJpbmUtcmV5ZXIta3VlbnN0bGVyaW4tMS5qcGciLCJzbGlkZXNob3ciOiI0ZDVlNWY1In0%3D\" href='https:\/\/effective-art.com\/wp-content\/uploads\/2023\/06\/sabine-reyer-kuenstlerin-1.jpg'><img loading=\"lazy\" decoding=\"async\" width=\"300\" height=\"200\" src=\"https:\/\/effective-art.com\/wp-content\/uploads\/2023\/06\/sabine-reyer-kuenstlerin-1-300x200.jpg\" class=\"attachment-medium size-medium\" alt=\"\" srcset=\"https:\/\/effective-art.com\/wp-content\/uploads\/2023\/06\/sabine-reyer-kuenstlerin-1-300x200.jpg 300w, https:\/\/effective-art.com\/wp-content\/uploads\/2023\/06\/sabine-reyer-kuenstlerin-1-1024x683.jpg 1024w, https:\/\/effective-art.com\/wp-content\/uploads\/2023\/06\/sabine-reyer-kuenstlerin-1-768x512.jpg 768w, https:\/\/effective-art.com\/wp-content\/uploads\/2023\/06\/sabine-reyer-kuenstlerin-1-1536x1025.jpg 1536w, https:\/\/effective-art.com\/wp-content\/uploads\/2023\/06\/sabine-reyer-kuenstlerin-1-540x360.jpg 540w, https:\/\/effective-art.com\/wp-content\/uploads\/2023\/06\/sabine-reyer-kuenstlerin-1-1080x721.jpg 1080w, https:\/\/effective-art.com\/wp-content\/uploads\/2023\/06\/sabine-reyer-kuenstlerin-1.jpg 1920w\" sizes=\"(max-width: 300px) 100vw, 300px\" style=\"width:100%;height:66.72%;max-width:1920px;\" \/><\/a>\n\t\t\t<\/div><\/figure><figure class='gallery-item'>\n\t\t\t<div class='gallery-icon landscape'>\n\t\t\t\t<a data-elementor-open-lightbox=\"yes\" data-elementor-lightbox-slideshow=\"4d5e5f5\" data-elementor-lightbox-title=\"Das Foto zeigt die  K\u00fcnstlerin Sabine Reyer beim Aufbau ihrer Installation mit dem Titel Einklang und Eigenart bestehend aus  10 Betonquadern mit beweglichen Stelen die in einer mit roten Stoff umh\u00fcllten Kugel enden.\" data-e-action-hash=\"#elementor-action%3Aaction%3Dlightbox%26settings%3DeyJpZCI6MjU5LCJ1cmwiOiJodHRwczpcL1wvZWZmZWN0aXZlLWFydC5jb21cL3dwLWNvbnRlbnRcL3VwbG9hZHNcLzIwMjNcLzA2XC9zYWJpbmUtcmV5ZXIta3VlbnN0bGVyaW4tMi5qcGciLCJzbGlkZXNob3ciOiI0ZDVlNWY1In0%3D\" href='https:\/\/effective-art.com\/wp-content\/uploads\/2023\/06\/sabine-reyer-kuenstlerin-2.jpg'><img loading=\"lazy\" decoding=\"async\" width=\"300\" height=\"200\" src=\"https:\/\/effective-art.com\/wp-content\/uploads\/2023\/06\/sabine-reyer-kuenstlerin-2-300x200.jpg\" class=\"attachment-medium size-medium\" alt=\"\" srcset=\"https:\/\/effective-art.com\/wp-content\/uploads\/2023\/06\/sabine-reyer-kuenstlerin-2-300x200.jpg 300w, https:\/\/effective-art.com\/wp-content\/uploads\/2023\/06\/sabine-reyer-kuenstlerin-2-1024x683.jpg 1024w, https:\/\/effective-art.com\/wp-content\/uploads\/2023\/06\/sabine-reyer-kuenstlerin-2-768x512.jpg 768w, https:\/\/effective-art.com\/wp-content\/uploads\/2023\/06\/sabine-reyer-kuenstlerin-2-1536x1025.jpg 1536w, https:\/\/effective-art.com\/wp-content\/uploads\/2023\/06\/sabine-reyer-kuenstlerin-2-540x360.jpg 540w, https:\/\/effective-art.com\/wp-content\/uploads\/2023\/06\/sabine-reyer-kuenstlerin-2-1080x721.jpg 1080w, https:\/\/effective-art.com\/wp-content\/uploads\/2023\/06\/sabine-reyer-kuenstlerin-2.jpg 1920w\" sizes=\"(max-width: 300px) 100vw, 300px\" style=\"width:100%;height:66.72%;max-width:1920px;\" \/><\/a>\n\t\t\t<\/div><\/figure><figure class='gallery-item'>\n\t\t\t<div class='gallery-icon landscape'>\n\t\t\t\t<a data-elementor-open-lightbox=\"yes\" data-elementor-lightbox-slideshow=\"4d5e5f5\" data-elementor-lightbox-title=\"Das Foto zeigt die  K\u00fcnstlerin Sabine Reyer beim Aufbau ihrer Installation mit dem Titel Einklang und Eigenart bestehend aus  10 Betonquadern mit beweglichen Stelen die in einer mit roten Stoff umh\u00fcllten Kugel enden.\" data-e-action-hash=\"#elementor-action%3Aaction%3Dlightbox%26settings%3DeyJpZCI6MjYwLCJ1cmwiOiJodHRwczpcL1wvZWZmZWN0aXZlLWFydC5jb21cL3dwLWNvbnRlbnRcL3VwbG9hZHNcLzIwMjNcLzA2XC9zYWJpbmUtcmV5ZXIta3VlbnN0bGVyaW4tMy5qcGciLCJzbGlkZXNob3ciOiI0ZDVlNWY1In0%3D\" href='https:\/\/effective-art.com\/wp-content\/uploads\/2023\/06\/sabine-reyer-kuenstlerin-3.jpg'><img loading=\"lazy\" decoding=\"async\" width=\"300\" height=\"200\" src=\"https:\/\/effective-art.com\/wp-content\/uploads\/2023\/06\/sabine-reyer-kuenstlerin-3-300x200.jpg\" class=\"attachment-medium size-medium\" alt=\"\" srcset=\"https:\/\/effective-art.com\/wp-content\/uploads\/2023\/06\/sabine-reyer-kuenstlerin-3-300x200.jpg 300w, https:\/\/effective-art.com\/wp-content\/uploads\/2023\/06\/sabine-reyer-kuenstlerin-3-1024x683.jpg 1024w, https:\/\/effective-art.com\/wp-content\/uploads\/2023\/06\/sabine-reyer-kuenstlerin-3-768x512.jpg 768w, https:\/\/effective-art.com\/wp-content\/uploads\/2023\/06\/sabine-reyer-kuenstlerin-3-1536x1025.jpg 1536w, https:\/\/effective-art.com\/wp-content\/uploads\/2023\/06\/sabine-reyer-kuenstlerin-3-540x360.jpg 540w, https:\/\/effective-art.com\/wp-content\/uploads\/2023\/06\/sabine-reyer-kuenstlerin-3-1080x721.jpg 1080w, https:\/\/effective-art.com\/wp-content\/uploads\/2023\/06\/sabine-reyer-kuenstlerin-3.jpg 1920w\" sizes=\"(max-width: 300px) 100vw, 300px\" style=\"width:100%;height:66.72%;max-width:1920px;\" \/><\/a>\n\t\t\t<\/div><\/figure><figure class='gallery-item'>\n\t\t\t<div class='gallery-icon landscape'>\n\t\t\t\t<a data-elementor-open-lightbox=\"yes\" data-elementor-lightbox-slideshow=\"4d5e5f5\" data-elementor-lightbox-title=\"Das Foto zeigt die Installation Einklang und Eigenart der K\u00fcnstlerin Sabine Reyer 10 Betonquader mit beweglichen Stelen die in einer mit roten Stoff umh\u00fcllten Kugel enden.\" data-e-action-hash=\"#elementor-action%3Aaction%3Dlightbox%26settings%3DeyJpZCI6MjYxLCJ1cmwiOiJodHRwczpcL1wvZWZmZWN0aXZlLWFydC5jb21cL3dwLWNvbnRlbnRcL3VwbG9hZHNcLzIwMjNcLzA2XC9zYWJpbmUtcmV5ZXIta3VlbnN0bGVyaW4tNC5qcGciLCJzbGlkZXNob3ciOiI0ZDVlNWY1In0%3D\" href='https:\/\/effective-art.com\/wp-content\/uploads\/2023\/06\/sabine-reyer-kuenstlerin-4.jpg'><img loading=\"lazy\" decoding=\"async\" width=\"300\" height=\"200\" src=\"https:\/\/effective-art.com\/wp-content\/uploads\/2023\/06\/sabine-reyer-kuenstlerin-4-300x200.jpg\" class=\"attachment-medium size-medium\" alt=\"\" srcset=\"https:\/\/effective-art.com\/wp-content\/uploads\/2023\/06\/sabine-reyer-kuenstlerin-4-300x200.jpg 300w, https:\/\/effective-art.com\/wp-content\/uploads\/2023\/06\/sabine-reyer-kuenstlerin-4-1024x683.jpg 1024w, https:\/\/effective-art.com\/wp-content\/uploads\/2023\/06\/sabine-reyer-kuenstlerin-4-768x512.jpg 768w, https:\/\/effective-art.com\/wp-content\/uploads\/2023\/06\/sabine-reyer-kuenstlerin-4-1536x1025.jpg 1536w, https:\/\/effective-art.com\/wp-content\/uploads\/2023\/06\/sabine-reyer-kuenstlerin-4-540x360.jpg 540w, https:\/\/effective-art.com\/wp-content\/uploads\/2023\/06\/sabine-reyer-kuenstlerin-4-1080x721.jpg 1080w, https:\/\/effective-art.com\/wp-content\/uploads\/2023\/06\/sabine-reyer-kuenstlerin-4.jpg 1920w\" sizes=\"(max-width: 300px) 100vw, 300px\" style=\"width:100%;height:66.72%;max-width:1920px;\" \/><\/a>\n\t\t\t<\/div><\/figure>\n\t\t<\/div>\n\t\t<\/div>\n\t\t\t\t\t\t<\/div>\n\t\t\t\t<\/div>\n\t\t\t\t\t<\/div>\n\t\t<\/div>\n\t\t\t\t\t<\/div>\n\t\t<\/section>\n\t\t\t\t<section class=\"elementor-section elementor-top-section elementor-element elementor-element-95d7013 elementor-section-boxed elementor-section-height-default elementor-section-height-default\" data-id=\"95d7013\" data-element_type=\"section\" data-e-type=\"section\">\n\t\t\t\t\t\t<div class=\"elementor-container elementor-column-gap-default\">\n\t\t\t\t\t<div class=\"elementor-column elementor-col-100 elementor-top-column elementor-element elementor-element-8370d54\" data-id=\"8370d54\" data-element_type=\"column\" data-e-type=\"column\">\n\t\t\t<div class=\"elementor-widget-wrap elementor-element-populated\">\n\t\t\t\t\t\t<div class=\"elementor-element elementor-element-7093c51 elementor-widget-divider--view-line elementor-widget elementor-widget-divider\" data-id=\"7093c51\" data-element_type=\"widget\" data-e-type=\"widget\" data-widget_type=\"divider.default\">\n\t\t\t\t<div class=\"elementor-widget-container\">\n\t\t\t\t\t\t\t<div class=\"elementor-divider\">\n\t\t\t<span class=\"elementor-divider-separator\">\n\t\t\t\t\t\t<\/span>\n\t\t<\/div>\n\t\t\t\t\t\t<\/div>\n\t\t\t\t<\/div>\n\t\t\t\t\t<\/div>\n\t\t<\/div>\n\t\t\t\t\t<\/div>\n\t\t<\/section>\n\t\t\t\t<\/div>\n\t\t","protected":false},"excerpt":{"rendered":"<p>&#8222;Tierisch gut&#8220; \u00a0 31. Januarbis 15. M\u00e4rz 2026 Ausstellungser\u00f6ffnung am 31. Januar um 14 Uhr \u00a0 Kunst und RaumDerkere Str. 1059929 Brilon \u00a0 Die Macht der Hirsche &#8211; Sabine Reyer &#8222;Magie und Ritual&#8220; 13. Kunstpreis der Bernd und Gisela Rosenheim-Stiftung 29. November 2025 bis 8. Januar 2026 Haus der Stadtgeschichte &#8211; Museum Offenbach,Herrnstra\u00dfe 61, 63065&hellip; <a class=\"more-link\" href=\"https:\/\/effective-art.com\/?page_id=12\"><span class=\"screen-reader-text\">Aktuell<\/span> weiterlesen<\/a><\/p>\n","protected":false},"author":1,"featured_media":0,"parent":0,"menu_order":0,"comment_status":"closed","ping_status":"closed","template":"","meta":{"_coblocks_attr":"Georgia","_coblocks_dimensions":"","_coblocks_responsive_height":"","_coblocks_accordion_ie_support":"","footnotes":""},"class_list":["post-12","page","type-page","status-publish","hentry","entry"],"_links":{"self":[{"href":"https:\/\/effective-art.com\/index.php?rest_route=\/wp\/v2\/pages\/12","targetHints":{"allow":["GET"]}}],"collection":[{"href":"https:\/\/effective-art.com\/index.php?rest_route=\/wp\/v2\/pages"}],"about":[{"href":"https:\/\/effective-art.com\/index.php?rest_route=\/wp\/v2\/types\/page"}],"author":[{"embeddable":true,"href":"https:\/\/effective-art.com\/index.php?rest_route=\/wp\/v2\/users\/1"}],"replies":[{"embeddable":true,"href":"https:\/\/effective-art.com\/index.php?rest_route=%2Fwp%2Fv2%2Fcomments&post=12"}],"version-history":[{"count":336,"href":"https:\/\/effective-art.com\/index.php?rest_route=\/wp\/v2\/pages\/12\/revisions"}],"predecessor-version":[{"id":1349,"href":"https:\/\/effective-art.com\/index.php?rest_route=\/wp\/v2\/pages\/12\/revisions\/1349"}],"wp:attachment":[{"href":"https:\/\/effective-art.com\/index.php?rest_route=%2Fwp%2Fv2%2Fmedia&parent=12"}],"curies":[{"name":"wp","href":"https:\/\/api.w.org\/{rel}","templated":true}]}}